{"id":9780,"date":"2018-12-17T16:49:30","date_gmt":"2018-12-17T16:49:30","guid":{"rendered":"https:\/\/www.seguiremoshaciendohistoria.gob.mx\/?page_id=9780"},"modified":"2025-01-29T22:08:31","modified_gmt":"2025-01-29T22:08:31","slug":"xii-informacion-en-version-publica-de-las-declaraciones-patrimoniales","status":"publish","type":"page","link":"https:\/\/www.fresnillo.gob.mx\/transparencia\/siapasf\/articulo-39\/xii-informacion-en-version-publica-de-las-declaraciones-patrimoniales\/","title":{"rendered":"XII. Informaci\u00f3n en versi\u00f3n p\u00fablica de las Declaraciones Patrimoniales"},"content":{"rendered":"<div class=\"wpb-content-wrapper\"><p>[vc_row][vc_column][vc_tta_tabs style=\u00bbmodern\u00bb shape=\u00bbround\u00bb color=\u00bbblue\u00bb alignment=\u00bbcenter\u00bb active_section=\u00bb1&#8243; no_fill_content_area=\u00bbtrue\u00bb title=\u00bbDECLARACIONES PATRIMONIALES\u00bb][vc_tta_section i_icon_fontawesome=\u00bb\u00bb add_icon=\u00bbtrue\u00bb title=\u00bb2017&#8243; tab_id=\u00bb1560967736354-720cd55a-5a79&#8243;][vc_column_text]<\/p>\n<ul>\n<li><span style=\"color: #3366ff;\"><strong><a style=\"color: #3366ff;\" href=\"https:\/\/www.fresnillo.gob.mx\/wp-content\/uploads\/2018\/12\/dulce_maria_alvarado_campa.pdf\">Dulce Mar\u00eda Alvarado Campa<\/a><\/strong><\/span><\/li>\n<li><span style=\"color: #3366ff;\"><strong><a style=\"color: #3366ff;\" href=\"https:\/\/www.fresnillo.gob.mx\/wp-content\/uploads\/2018\/12\/gabriela_marquez_rocha.pdf\">Gabriela_M\u00e1rquez_Rocha<\/a><\/strong><\/span><\/li>\n<li><span style=\"color: #3366ff;\"><strong><a style=\"color: #3366ff;\" href=\"https:\/\/www.fresnillo.gob.mx\/wp-content\/uploads\/2018\/12\/gerardo_campos_nunez.pdf\">Gerardo Campos Nu\u00f1ez<\/a><\/strong><\/span><\/li>\n<li><span style=\"color: #3366ff;\"><strong><a style=\"color: #3366ff;\" href=\"https:\/\/www.fresnillo.gob.mx\/wp-content\/uploads\/2018\/12\/humberto_mariano_salas_torres.pdf\">Humberto_Mariano Salas Torres<\/a><\/strong><\/span><\/li>\n<li><span style=\"color: #3366ff;\"><strong><a style=\"color: #3366ff;\" href=\"https:\/\/www.fresnillo.gob.mx\/wp-content\/uploads\/2018\/12\/juan_carlos_laredo_ramos.pdf\">Juan Carlos Laredo Ramos<\/a><\/strong><\/span><\/li>\n<li><span style=\"color: #3366ff;\"><strong><a style=\"color: #3366ff;\" href=\"https:\/\/www.fresnillo.gob.mx\/wp-content\/uploads\/2018\/12\/juan_manuel_morales_zavala.pdf\">Juan Manuel Morales Zavala<\/a><\/strong><\/span><\/li>\n<li><span style=\"color: #3366ff;\"><strong><a style=\"color: #3366ff;\" href=\"https:\/\/www.fresnillo.gob.mx\/wp-content\/uploads\/2018\/12\/laura_elena_luna_santacruz-1.pdf\">Laura Elena Luna Santacruz<\/a><\/strong><\/span><\/li>\n<li><span style=\"color: #3366ff;\"><strong><a style=\"color: #3366ff;\" href=\"https:\/\/www.fresnillo.gob.mx\/wp-content\/uploads\/2018\/12\/luis_eduardo_pereyra_flores.pdf\">Luis Eduardo Pereyra Flores<\/a><\/strong><\/span><\/li>\n<li><span style=\"color: #3366ff;\"><strong><a style=\"color: #3366ff;\" href=\"https:\/\/www.fresnillo.gob.mx\/wp-content\/uploads\/2018\/12\/luis_pereyra_esparza.pdf\">Luis Pereyra Esparza<\/a><\/strong><\/span><\/li>\n<li><span style=\"color: #3366ff;\"><strong><a style=\"color: #3366ff;\" href=\"https:\/\/www.fresnillo.gob.mx\/wp-content\/uploads\/2018\/12\/ma_del_reffugio_mota_gaeta.pdf\">Ma. del Refugio Mota Gaeta<\/a><\/strong><\/span><\/li>\n<li><span style=\"color: #3366ff;\"><strong><a style=\"color: #3366ff;\" href=\"https:\/\/www.fresnillo.gob.mx\/wp-content\/uploads\/2018\/12\/ma_del_refugio_galvan_cervantes.pdf\">Ma. del Refugio Galv\u00e1n Cervantes<\/a><\/strong><\/span><\/li>\n<li><span style=\"color: #3366ff;\"><strong><a style=\"color: #3366ff;\" href=\"https:\/\/www.fresnillo.gob.mx\/wp-content\/uploads\/2018\/12\/manuel_lomeli_magallanes.pdf\">Manuel Lomel\u00ed Magallanes<\/a><\/strong><\/span><\/li>\n<li><span style=\"color: #3366ff;\"><strong><a style=\"color: #3366ff;\" href=\"https:\/\/www.fresnillo.gob.mx\/wp-content\/uploads\/2018\/12\/maria_elena_avila_garcia.pdf\">Mar\u00eda Elena Avila Garc\u00eda<\/a><\/strong><\/span><\/li>\n<li><span style=\"color: #3366ff;\"><strong><a style=\"color: #3366ff;\" href=\"https:\/\/www.fresnillo.gob.mx\/wp-content\/uploads\/2018\/12\/mayra_lopez_galvan.pdf\">Mayra L\u00f3pez Galv\u00e1n<\/a><\/strong><\/span><\/li>\n<li><span style=\"color: #3366ff;\"><strong><a style=\"color: #3366ff;\" href=\"https:\/\/www.fresnillo.gob.mx\/wp-content\/uploads\/2018\/12\/noe_macias_solis.pdf\">Noe Mac\u00edas Sol\u00eds<\/a><\/strong><\/span><\/li>\n<li><span style=\"color: #3366ff;\"><strong><a style=\"color: #3366ff;\" href=\"https:\/\/www.fresnillo.gob.mx\/wp-content\/uploads\/2018\/12\/oscar_arturo_quinones_carrillo.pdf\">Oscar Arturo Qui\u00f1ones Carrillo<\/a><\/strong><\/span><\/li>\n<li><span style=\"color: #3366ff;\"><strong><a style=\"color: #3366ff;\" href=\"https:\/\/www.fresnillo.gob.mx\/wp-content\/uploads\/2018\/12\/rafael_valenzuela_rodriguez.pdf\">Rafael Valenzuela Rodr\u00edguez<\/a><\/strong><\/span><\/li>\n<li><span style=\"color: #3366ff;\"><strong><a style=\"color: #3366ff;\" href=\"https:\/\/www.fresnillo.gob.mx\/wp-content\/uploads\/2018\/12\/ramiro_rodriguez.pdf\">Ramiro Rodr\u00edguez<\/a><\/strong><\/span><\/li>\n<li><span style=\"color: #3366ff;\"><strong><a style=\"color: #3366ff;\" href=\"https:\/\/www.fresnillo.gob.mx\/wp-content\/uploads\/2018\/12\/ricardo_velasco_sanchez.pdf\">Ricardo Velasco S\u00e1nchez<\/a><\/strong><\/span><\/li>\n<li><span style=\"color: #3366ff;\"><strong><a style=\"color: #3366ff;\" href=\"https:\/\/www.fresnillo.gob.mx\/wp-content\/uploads\/2018\/12\/rogelio_beltran_cazares.pdf\">Rogelio Beltran Cazares<\/a><\/strong><\/span><\/li>\n<\/ul>\n<p>[\/vc_column_text][\/vc_tta_section][vc_tta_section title=\u00bb2018&#8243; tab_id=\u00bb1613415874439-88a4ae0a-ba21&#8243;][vc_column_text]<\/p>\n<ul>\n<li><span style=\"color: #3366ff;\"><strong><a style=\"color: #3366ff;\" href=\"https:\/\/www.fresnillo.gob.mx\/wp-content\/uploads\/2019\/07\/Oficio-de-respuesta-de-declaraciones-patrimoniales-2018.pdf\">Oficio de respuesta de declaraciones patrimoniales 2018<\/a><\/strong><\/span><\/li>\n<\/ul>\n<p>[\/vc_column_text][\/vc_tta_section][vc_tta_section title=\u00bb2019&#8243; tab_id=\u00bb1613415907710-43a33f09-52f0&#8243;][vc_column_text]<\/p>\n<ul>\n<li><span style=\"color: #3366ff;\"><strong><a style=\"color: #3366ff;\" href=\"https:\/\/www.fresnillo.gob.mx\/wp-content\/uploads\/2019\/07\/Oficio-de-respuesta-de-declaraciones-patrimoniales-2018.pdf\">Oficio de respuesta de declaraciones patrimoniales 2019-2021<\/a><\/strong><\/span><\/li>\n<\/ul>\n<p>[\/vc_column_text][\/vc_tta_section][vc_tta_section title=\u00bb2020&#8243; tab_id=\u00bb1613415928582-ea35635c-fa58&#8243;][vc_column_text]<\/p>\n<ul>\n<li><span style=\"color: #3366ff;\"><strong><a style=\"color: #3366ff;\" href=\"https:\/\/www.fresnillo.gob.mx\/wp-content\/uploads\/2019\/07\/Oficio-de-respuesta-de-declaraciones-patrimoniales-2018.pdf\">Oficio de respuesta de declaraciones patrimoniales 2019-2021<\/a><\/strong><\/span><\/li>\n<\/ul>\n<p>[\/vc_column_text][\/vc_tta_section][vc_tta_section title=\u00bb2021&#8243; tab_id=\u00bb1613415946104-280ab8a5-18eb\u00bb][vc_column_text]<\/p>\n<ul>\n<li><span style=\"color: #3366ff;\"><strong><a style=\"color: #3366ff;\" href=\"https:\/\/www.fresnillo.gob.mx\/wp-content\/uploads\/2019\/07\/Oficio-de-respuesta-de-declaraciones-patrimoniales-2018.pdf\">Oficio de respuesta de declaraciones patrimoniales 2019-2021<\/a><\/strong><\/span><\/li>\n<\/ul>\n<ol>\n<li><span style=\"color: #3366ff;\"><strong><a style=\"color: #3366ff;\" href=\"https:\/\/www.fresnillo.gob.mx\/wp-content\/uploads\/2021\/07\/1.-Aguilera-Marrufo-Rodrigo.pdf\">Aguilera Marrufo Rodrigo<\/a><\/strong><\/span><\/li>\n<li><span style=\"color: #3366ff;\"><strong><a style=\"color: #3366ff;\" href=\"https:\/\/www.fresnillo.gob.mx\/wp-content\/uploads\/2021\/07\/2.-Alaniz-Martinez-Manuel-Arturo.pdf\">Alaniz Mart\u00ednez Manuel Arturo<\/a><\/strong><\/span><\/li>\n<li><span style=\"color: #3366ff;\"><strong><a style=\"color: #3366ff;\" href=\"https:\/\/www.fresnillo.gob.mx\/wp-content\/uploads\/2021\/07\/3.-Alvarado-Camarillo-Brenda-Esmeralda.pdf\">Alvarado Camarillo Brenda Esmeralda<\/a><\/strong><\/span><\/li>\n<li><span style=\"color: #3366ff;\"><strong><a style=\"color: #3366ff;\" href=\"https:\/\/www.fresnillo.gob.mx\/wp-content\/uploads\/2021\/07\/4.-Alvarado-Rodriguez-Ana-Ma.-Trinidad.pdf\">Alvarado Rodr\u00edguez Ana Ma. Trinidad<\/a><\/strong><\/span><\/li>\n<li><span style=\"color: #3366ff;\"><strong><a style=\"color: #3366ff;\" href=\"https:\/\/www.fresnillo.gob.mx\/wp-content\/uploads\/2021\/07\/5.-Alvarez-Guerrero-Brenda-Carolina.pdf\">\u00c1lvarez Guerrero Brenda Carolina<\/a><\/strong><\/span><\/li>\n<li><span style=\"color: #3366ff;\"><strong><a style=\"color: #3366ff;\" href=\"https:\/\/www.fresnillo.gob.mx\/wp-content\/uploads\/2021\/07\/6.-Alvarez-Laderos-Gumaro.pdf\">\u00c1lvarez Landeros Gumaro<\/a><\/strong><\/span><\/li>\n<li><span style=\"color: #3366ff;\"><strong><a style=\"color: #3366ff;\" href=\"https:\/\/www.fresnillo.gob.mx\/wp-content\/uploads\/2021\/07\/7.-Alvarez-Soto-Selene-Iveth.pdf\">\u00c1lvarez Soto Selene Iveth<\/a><\/strong><\/span><\/li>\n<li><span style=\"color: #3366ff;\"><strong><a style=\"color: #3366ff;\" href=\"https:\/\/www.fresnillo.gob.mx\/wp-content\/uploads\/2021\/07\/8.-Arellano-Chihuahua-Miguel.pdf\">Arellano Chihuahua Miguel<\/a><\/strong><\/span><\/li>\n<li><span style=\"color: #3366ff;\"><strong><a style=\"color: #3366ff;\" href=\"https:\/\/www.fresnillo.gob.mx\/wp-content\/uploads\/2021\/07\/9.-Arias-Camacho-Pedro.pdf\">Arias Camacho Pedro<\/a><\/strong><\/span><\/li>\n<li><span style=\"color: #3366ff;\"><strong><a style=\"color: #3366ff;\" href=\"https:\/\/www.fresnillo.gob.mx\/wp-content\/uploads\/2021\/07\/10.-Arias-Cardona-Rosibel.pdf\"> Arias Cardona Rosibel<\/a><\/strong><\/span><\/li>\n<li><span style=\"color: #3366ff;\"><strong><a style=\"color: #3366ff;\" href=\"https:\/\/www.fresnillo.gob.mx\/wp-content\/uploads\/2021\/07\/11.-Arredondo-Vaquera-Antonio.pdf\">Arredondo Vaquera Antonio<\/a><\/strong><\/span><\/li>\n<li><span style=\"color: #3366ff;\"><strong><a style=\"color: #3366ff;\" href=\"https:\/\/www.fresnillo.gob.mx\/wp-content\/uploads\/2021\/07\/12.-Avila-Barrientos-Octavio-Rene.pdf\">\u00c1vila Barrientos Octavio Ren\u00e9<\/a><\/strong><\/span><\/li>\n<li><span style=\"color: #3366ff;\"><strong><a style=\"color: #3366ff;\" href=\"https:\/\/www.fresnillo.gob.mx\/wp-content\/uploads\/2021\/07\/13.-Avila-Garcia-Maria-Elena.pdf\">\u00c1vila Garc\u00eda Mar\u00eda Elena<\/a><\/strong><\/span><\/li>\n<li><span style=\"color: #3366ff;\"><strong><a style=\"color: #3366ff;\" href=\"https:\/\/www.fresnillo.gob.mx\/wp-content\/uploads\/2021\/07\/14.-Baltazar-Carranza-Erick-Hernan.pdf\">Baltazar Carranza Erick Hern\u00e1n<\/a><\/strong><\/span><\/li>\n<li><span style=\"color: #3366ff;\"><strong><a style=\"color: #3366ff;\" href=\"https:\/\/www.fresnillo.gob.mx\/wp-content\/uploads\/2021\/07\/15.-Barajas-de-la-Rosa-Elizabeth.pdf\">Barajas de la Rosa Elizabeth<\/a><\/strong><\/span><\/li>\n<li><span style=\"color: #3366ff;\"><strong><a style=\"color: #3366ff;\" href=\"https:\/\/www.fresnillo.gob.mx\/wp-content\/uploads\/2021\/07\/17.-Caldera-Valtierra-Anacleto-Manuel.pdf\">Caldera Valtierra Anacleto Manuel<\/a><\/strong><\/span><\/li>\n<li><span style=\"color: #3366ff;\"><strong><a style=\"color: #3366ff;\" href=\"https:\/\/www.fresnillo.gob.mx\/wp-content\/uploads\/2021\/07\/18.-Caldera-Valtierra-Fernando.pdf\">Caldera Valtierra Fernando<\/a><\/strong><\/span><\/li>\n<li><span style=\"color: #3366ff;\"><strong><a style=\"color: #3366ff;\" href=\"https:\/\/www.fresnillo.gob.mx\/wp-content\/uploads\/2021\/07\/19.-Caldera-Valtierra-J.-Primitivo.pdf\">Caldera Valtierra J. Primitivo<\/a><\/strong><\/span><\/li>\n<li><span style=\"color: #3366ff;\"><a style=\"color: #3366ff;\" href=\"https:\/\/www.fresnillo.gob.mx\/wp-content\/uploads\/2021\/07\/20.-Campos-Nunez-Gerardo.pdf\"><span style=\"color: #3366ff;\"><b>Campos <\/b><\/span><span style=\"color: #3366ff;\"><b>N\u00fa\u00f1ez<\/b><\/span><span style=\"color: #3366ff;\"><b>\u00a0Gerardo<\/b><\/span><\/a><\/span><\/li>\n<li><span style=\"color: #3366ff;\"><strong><a style=\"color: #3366ff;\" href=\"https:\/\/www.fresnillo.gob.mx\/wp-content\/uploads\/2021\/07\/21.-Cardona-Rodriguez-Manuel.pdf\">Cardona Rodr\u00edguez Manuel<\/a><\/strong><\/span><\/li>\n<li><span style=\"color: #3366ff;\"><strong><a style=\"color: #3366ff;\" href=\"https:\/\/www.fresnillo.gob.mx\/wp-content\/uploads\/2021\/07\/22.-Carrillo-Blanco-Miriam-Yolanda.pdf\">Carrillo Blanco Miriam Yolanda<\/a><\/strong><\/span><\/li>\n<li><span style=\"color: #3366ff;\"><strong><a style=\"color: #3366ff;\" href=\"https:\/\/www.fresnillo.gob.mx\/wp-content\/uploads\/2021\/07\/23.-Casarez-Espinoza-Prisciliano.pdf\">C\u00e1sarez Espinoza Prisciliano<\/a><\/strong><\/span><\/li>\n<li><span style=\"color: #3366ff;\"><strong><a style=\"color: #3366ff;\" href=\"https:\/\/www.fresnillo.gob.mx\/wp-content\/uploads\/2021\/07\/24.-Casas-Avila-Jose-Guillermo.pdf\">Casas \u00c1vila Jos\u00e9 Guillermo<\/a><\/strong><\/span><\/li>\n<li><span style=\"color: #3366ff;\"><strong><a style=\"color: #3366ff;\" href=\"https:\/\/www.fresnillo.gob.mx\/wp-content\/uploads\/2021\/07\/25.-Castorena-Lopez-Alfredo.pdf\">Castorena L\u00f3pez Alfredo<\/a><\/strong><\/span><\/li>\n<li><span style=\"color: #3366ff;\"><strong><a style=\"color: #3366ff;\" href=\"https:\/\/www.fresnillo.gob.mx\/wp-content\/uploads\/2021\/07\/26.-Castorena-Lopez-Ricardo.pdf\">Castorena L\u00f3pez Ricardo<\/a><\/strong><\/span><\/li>\n<li><span style=\"color: #3366ff;\"><strong><a style=\"color: #3366ff;\" href=\"https:\/\/www.fresnillo.gob.mx\/wp-content\/uploads\/2021\/07\/27.-Castorena-Segovia-Joel-Alfredo.pdf\">Castorena Segovia Joel Alfredo<\/a><\/strong><\/span><\/li>\n<li><span style=\"color: #3366ff;\"><strong><a style=\"color: #3366ff;\" href=\"https:\/\/www.fresnillo.gob.mx\/wp-content\/uploads\/2021\/07\/28.-Ceballos-Flores-Juan-Jose.pdf\">Ceballos Flores Juan Jos\u00e9<\/a><\/strong><\/span><\/li>\n<li><span style=\"color: #3366ff;\"><strong><a style=\"color: #3366ff;\" href=\"https:\/\/www.fresnillo.gob.mx\/wp-content\/uploads\/2021\/07\/29.-Chairez-Rodriguez-Arturo.pdf\">Chairez Rodr\u00edguez Arturo<\/a><\/strong><\/span><\/li>\n<li><span style=\"color: #3366ff;\"><strong><a style=\"color: #3366ff;\" href=\"https:\/\/www.fresnillo.gob.mx\/wp-content\/uploads\/2021\/07\/30.-Cid-Garcia-Adriana.pdf\">Cid Garc\u00eda Adriana<\/a><\/strong><\/span><\/li>\n<li><span style=\"color: #3366ff;\"><strong><a style=\"color: #3366ff;\" href=\"https:\/\/www.fresnillo.gob.mx\/wp-content\/uploads\/2021\/07\/31.-Collazo-Salas-Jorge-Luis.pdf\">Collazo Salas Jorge Luis<\/a><\/strong><\/span><\/li>\n<li><span style=\"color: #3366ff;\"><strong><a style=\"color: #3366ff;\" href=\"https:\/\/www.fresnillo.gob.mx\/wp-content\/uploads\/2021\/07\/32.-Cortes-Navarro-Pedro.pdf\">Cort\u00e9s Navarro Pedro<\/a><\/strong><\/span><\/li>\n<li><span style=\"color: #3366ff;\"><strong><a style=\"color: #3366ff;\" href=\"https:\/\/www.fresnillo.gob.mx\/wp-content\/uploads\/2021\/07\/33.-Cruz-Hernandez-Alejandro.pdf\">Cruz Hern\u00e1ndez Alejandro<\/a><\/strong><\/span><\/li>\n<li><span style=\"color: #3366ff;\"><a style=\"color: #3366ff;\" href=\"https:\/\/www.fresnillo.gob.mx\/wp-content\/uploads\/2021\/07\/34.-Cruz-Lopez-Jose-Matilde.pdf\"><span style=\"color: #3366ff;\"><b>Cruz L\u00f3pez <\/b><\/span><span style=\"color: #3366ff;\"><b>Jos\u00e9<\/b><\/span><span style=\"color: #3366ff;\"><b>\u00a0Matilde<\/b><\/span><\/a><\/span><\/li>\n<li><span style=\"color: #3366ff;\"><strong><a style=\"color: #3366ff;\" href=\"https:\/\/www.fresnillo.gob.mx\/wp-content\/uploads\/2021\/07\/35.-De-Leon-Pinales-Adriana.pdf\">De Le\u00f3n Pinales Adriana<\/a><\/strong><\/span><\/li>\n<li><span style=\"color: #3366ff;\"><strong><a style=\"color: #3366ff;\" href=\"https:\/\/www.fresnillo.gob.mx\/wp-content\/uploads\/2021\/07\/36.-Del-Muro-Macias-Rosalba.pdf\">Del Muro Mac\u00edas Rosalba<\/a><\/strong><\/span><\/li>\n<li><span style=\"color: #3366ff;\"><strong><a style=\"color: #3366ff;\" href=\"https:\/\/www.fresnillo.gob.mx\/wp-content\/uploads\/2021\/07\/37.-Delgado-Pacheco-Miguel-Angel.pdf\">Delgado Pacheco Miguel\u00a0<\/a><\/strong><\/span><span style=\"color: #3366ff;\"><b><u>\u00c1ngel<\/u><\/b><\/span><\/li>\n<li><span style=\"color: #3366ff;\"><strong><a style=\"color: #3366ff;\" href=\"https:\/\/www.fresnillo.gob.mx\/wp-content\/uploads\/2021\/07\/38.-Diaz-Lopez-Ma.-Elena.pdf\">D\u00edaz L\u00f3pez Ma. Elena<\/a><\/strong><\/span><\/li>\n<li><span style=\"color: #3366ff;\"><strong><a style=\"color: #3366ff;\" href=\"https:\/\/www.fresnillo.gob.mx\/wp-content\/uploads\/2021\/07\/39.-Dominguez-Ortega-Jorge-Alberto.pdf\">Dom\u00ednguez Ortega Jorge Alberto<\/a><\/strong><\/span><\/li>\n<li><span style=\"color: #3366ff;\"><strong><a style=\"color: #3366ff;\" href=\"https:\/\/www.fresnillo.gob.mx\/wp-content\/uploads\/2021\/07\/40.-Elizalde-Torres-Ma.-Guadalupe.pdf\">Elizalde Torres Ma. Guadalupe<\/a><\/strong><\/span><\/li>\n<li><span style=\"color: #3366ff;\"><a style=\"color: #3366ff;\" href=\"https:\/\/www.fresnillo.gob.mx\/wp-content\/uploads\/2021\/07\/41.-Escobar-Ibarra-Jose-Luis.pdf\"><span style=\"color: #3366ff;\"><b>Escobar Ibarra <\/b><\/span><span style=\"color: #3366ff;\"><b>Jos\u00e9<\/b><\/span><span style=\"color: #3366ff;\"><b>\u00a0Luis<\/b><\/span><\/a><\/span><\/li>\n<li><span style=\"color: #3366ff;\"><strong><a style=\"color: #3366ff;\" href=\"https:\/\/www.fresnillo.gob.mx\/wp-content\/uploads\/2021\/07\/42.-Escobedo-Hernandez-Felipe-de-Jesus.pdf\">Escobedo Hern\u00e1ndez Felipe de Jes\u00fas<\/a><\/strong><\/span><\/li>\n<li><span style=\"color: #3366ff;\"><strong><a style=\"color: #3366ff;\" href=\"https:\/\/www.fresnillo.gob.mx\/wp-content\/uploads\/2021\/07\/43.-Esparza-Munoz-Zacarias.pdf\">Esparza Mu\u00f1oz Zacar\u00edas<\/a><\/strong><\/span><\/li>\n<li><span style=\"color: #3366ff;\"><strong><a style=\"color: #3366ff;\" href=\"https:\/\/www.fresnillo.gob.mx\/wp-content\/uploads\/2021\/07\/44.-Espinoza-Garcia-Juan-Jose.pdf\">Espinoza Garc\u00eda Juan Jos\u00e9<\/a><\/strong><\/span><\/li>\n<li><span style=\"color: #3366ff;\"><strong><a style=\"color: #3366ff;\" href=\"https:\/\/www.fresnillo.gob.mx\/wp-content\/uploads\/2021\/07\/45.-Fernandez-Roman-Dulce-Maria.pdf\">Fern\u00e1ndez Rom\u00e1n Dulce Mar\u00eda<\/a><\/strong><\/span><\/li>\n<li><span style=\"color: #3366ff;\"><strong><a style=\"color: #3366ff;\" href=\"https:\/\/www.fresnillo.gob.mx\/wp-content\/uploads\/2021\/07\/46.-Flores-Dorado-Francisco.pdf\">Flores Dorado Francisco<\/a><\/strong><\/span><\/li>\n<li><span style=\"color: #3366ff;\"><strong><a style=\"color: #3366ff;\" href=\"https:\/\/www.fresnillo.gob.mx\/wp-content\/uploads\/2021\/07\/47.-Franco-Maldonado-Rodolfo.pdf\">Franco Maldonado Rodolfo<\/a><\/strong><\/span><\/li>\n<li><span style=\"color: #3366ff;\"><strong><a style=\"color: #3366ff;\" href=\"https:\/\/www.fresnillo.gob.mx\/wp-content\/uploads\/2021\/07\/48.-Galvan-Cervantes-Ma.-del-Refugio.pdf\">Galv\u00e1n Cervantes Ma. del Refugio<\/a><\/strong><\/span><\/li>\n<li><span style=\"color: #3366ff;\"><strong><a style=\"color: #3366ff;\" href=\"https:\/\/www.fresnillo.gob.mx\/wp-content\/uploads\/2021\/07\/49.-Galvan-Fuentes-Guadalupe.pdf\">Galv\u00e1n Fuentes Guadalupe<\/a><\/strong><\/span><\/li>\n<li><span style=\"color: #3366ff;\"><strong><a style=\"color: #3366ff;\" href=\"https:\/\/www.fresnillo.gob.mx\/wp-content\/uploads\/2021\/07\/50.-Galvan-Jimenez-Jesus.pdf\">Galv\u00e1n Jim\u00e9nez Jes\u00fas<\/a><\/strong><\/span><\/li>\n<li><span style=\"color: #3366ff;\"><strong><a style=\"color: #3366ff;\" href=\"https:\/\/www.fresnillo.gob.mx\/wp-content\/uploads\/2021\/07\/51.-Garcia-Lozano-Irving-Manuel.pdf\">Garc\u00eda Lozano Irving Manuel<\/a><\/strong><\/span><\/li>\n<li><span style=\"color: #3366ff;\"><strong><a style=\"color: #3366ff;\" href=\"https:\/\/www.fresnillo.gob.mx\/wp-content\/uploads\/2021\/07\/52.-Garcia-Martinez-Ma.-de-Jesus.pdf\">Garc\u00eda Mart\u00ednez Ma. de Jes\u00fas<\/a><\/strong><\/span><\/li>\n<li><span style=\"color: #3366ff;\"><strong><a style=\"color: #3366ff;\" href=\"https:\/\/www.fresnillo.gob.mx\/wp-content\/uploads\/2021\/07\/53.-Garcia-Nery-Juana-Maria.pdf\">Garc\u00eda Nery Juana Mar\u00eda<\/a><\/strong><\/span><\/li>\n<li><span style=\"color: #3366ff;\"><strong><a style=\"color: #3366ff;\" href=\"https:\/\/www.fresnillo.gob.mx\/wp-content\/uploads\/2021\/07\/54.-Gaucin-Hernandez-Ma.-de-la-Luz.pdf\">Gauc\u00edn Hern\u00e1ndez Ma. de la Luz<\/a><\/strong><\/span><\/li>\n<li><span style=\"color: #3366ff;\"><strong><a style=\"color: #3366ff;\" href=\"https:\/\/www.fresnillo.gob.mx\/wp-content\/uploads\/2021\/07\/55.-Gaytan-del-Rio-Martha.pdf\">Gayt\u00e1n del R\u00edo Martha<\/a><\/strong><\/span><\/li>\n<li><span style=\"color: #3366ff;\"><strong><a style=\"color: #3366ff;\" href=\"https:\/\/www.fresnillo.gob.mx\/wp-content\/uploads\/2021\/07\/56.-Gaytan-Morales-Martin.pdf\">Gayt\u00e1n Morales Mart\u00edn<\/a><\/strong><\/span><\/li>\n<li><span style=\"color: #3366ff;\"><strong><a style=\"color: #3366ff;\" href=\"https:\/\/www.fresnillo.gob.mx\/wp-content\/uploads\/2021\/07\/57.-Gonzalez-Bernal-Marco-Antonio.pdf\">Gonz\u00e1lez Bernal Marco Antonio<\/a><\/strong><\/span><\/li>\n<li><span style=\"color: #3366ff;\"><strong><a style=\"color: #3366ff;\" href=\"https:\/\/www.fresnillo.gob.mx\/wp-content\/uploads\/2021\/07\/58.-Gonzalez-Luevano-Manuel.pdf\">Gonz\u00e1lez Lu\u00e9vano Manuel<\/a><\/strong><\/span><\/li>\n<li><span style=\"color: #3366ff;\"><strong><a style=\"color: #3366ff;\" href=\"https:\/\/www.fresnillo.gob.mx\/wp-content\/uploads\/2021\/07\/59.-Gonzalez-Tapia-Teodoro.pdf\">Gonz\u00e1lez Tapia Teodoro<\/a><\/strong><\/span><\/li>\n<li><span style=\"color: #3366ff;\"><strong><a style=\"color: #3366ff;\" href=\"https:\/\/www.fresnillo.gob.mx\/wp-content\/uploads\/2021\/07\/60.-Gordoa-Rocha-Maria-de-la-Luz.pdf\">Gordoa Rocha Mar\u00eda de la Luz<\/a><\/strong><\/span><\/li>\n<li><span style=\"color: #3366ff;\"><strong><a style=\"color: #3366ff;\" href=\"https:\/\/www.fresnillo.gob.mx\/wp-content\/uploads\/2021\/07\/61.-Gutierrez-Castro-Arturo.pdf\">Guti\u00e9rrez Castro Arturo<\/a><\/strong><\/span><\/li>\n<li><span style=\"color: #3366ff;\"><strong><a style=\"color: #3366ff;\" href=\"https:\/\/www.fresnillo.gob.mx\/wp-content\/uploads\/2021\/07\/62.-Gutierrez-Valdez-Luis-Eduardo.pdf\">Guti\u00e9rrez Vald\u00e9z Luis Eduardo<\/a><\/strong><\/span><\/li>\n<li><span style=\"color: #3366ff;\"><strong><a style=\"color: #3366ff;\" href=\"https:\/\/www.fresnillo.gob.mx\/wp-content\/uploads\/2021\/07\/63.-Gutierrez-Amaro-Antonio.pdf\">Guti\u00e9rrez Amaro Antonio<\/a><\/strong><\/span><\/li>\n<li><span style=\"color: #3366ff;\"><a style=\"color: #3366ff;\" href=\"https:\/\/www.fresnillo.gob.mx\/wp-content\/uploads\/2021\/07\/64.-Guzman-Banuelos-Angel-Humberto.pdf\"><span style=\"color: #3366ff;\"><b>Guzm\u00e1n Ba\u00f1uelos <\/b><\/span><span style=\"color: #3366ff;\"><b>\u00c1ngel<\/b><\/span><span style=\"color: #3366ff;\"><b>\u00a0Humberto<\/b><\/span><\/a><\/span><\/li>\n<li><span style=\"color: #3366ff;\"><strong><a style=\"color: #3366ff;\" href=\"https:\/\/www.fresnillo.gob.mx\/wp-content\/uploads\/2021\/07\/65.-Hernandez-Devora-Jose-Luis.pdf\">Hern\u00e1ndez D\u00e9vora Jos\u00e9 Luis<\/a><\/strong><\/span><\/li>\n<li><span style=\"color: #3366ff;\"><strong><a style=\"color: #3366ff;\" href=\"https:\/\/www.fresnillo.gob.mx\/wp-content\/uploads\/2021\/07\/66.-Hernandez-Gonzalez-Fatima-Elizabeth.pdf\">Hern\u00e1ndez Gonz\u00e1lez F\u00e1tima Elizabeth<\/a><\/strong><\/span><\/li>\n<li><span style=\"color: #3366ff;\"><strong><a style=\"color: #3366ff;\" href=\"https:\/\/www.fresnillo.gob.mx\/wp-content\/uploads\/2021\/07\/67.-Hernandez-Vazquez-Patricia.pdf\">Hern\u00e1ndez V\u00e1zquez Patricia<\/a><\/strong><\/span><\/li>\n<li><span style=\"color: #3366ff;\"><strong><a style=\"color: #3366ff;\" href=\"https:\/\/www.fresnillo.gob.mx\/wp-content\/uploads\/2021\/07\/68.-Herrera-Arellano-Leonardo-Cutberto.pdf\">Herrera Arellano Leonardo Cutberto<\/a><\/strong><\/span><\/li>\n<li><span style=\"color: #3366ff;\"><strong><a style=\"color: #3366ff;\" href=\"https:\/\/www.fresnillo.gob.mx\/wp-content\/uploads\/2021\/07\/69.-Herrera-Arroyo-Jorge-Enrique.pdf\">Herrera Arroyo Jorge Enrique<\/a><\/strong><\/span><\/li>\n<li><span style=\"color: #3366ff;\"><strong><a style=\"color: #3366ff;\" href=\"https:\/\/www.fresnillo.gob.mx\/wp-content\/uploads\/2021\/07\/70.-Ibarra-Almanza-Cesar.pdf\">Ibarra Almanza C\u00e9sar<\/a><\/strong><\/span><\/li>\n<li><span style=\"color: #3366ff;\"><strong><a style=\"color: #3366ff;\" href=\"https:\/\/www.fresnillo.gob.mx\/wp-content\/uploads\/2021\/07\/71.-Ibarra-Lopez-Sergio.pdf\">Ibarra L\u00f3pez Sergio<\/a><\/strong><\/span><\/li>\n<li><span style=\"color: #3366ff;\"><strong><a style=\"color: #3366ff;\" href=\"https:\/\/www.fresnillo.gob.mx\/wp-content\/uploads\/2021\/07\/72.-Jara-Montellano-Rodolfo.pdf\">Jara Montellano Rodolfo<\/a><\/strong><\/span><\/li>\n<li><span style=\"color: #3366ff;\"><strong><a style=\"color: #3366ff;\" href=\"https:\/\/www.fresnillo.gob.mx\/wp-content\/uploads\/2021\/07\/73.-Jasso-Flores-Rafael.pdf\">Jasso Flores Rafael<\/a><\/strong><\/span><\/li>\n<li><span style=\"color: #3366ff;\"><strong><a style=\"color: #3366ff;\" href=\"https:\/\/www.fresnillo.gob.mx\/wp-content\/uploads\/2021\/07\/74.-Jimenez-Campos-Ma.-del-Carmen.pdf\">Jim\u00e9nez Campos Ma. del Carmen<\/a><\/strong><\/span><\/li>\n<li><span style=\"color: #3366ff;\"><strong><a style=\"color: #3366ff;\" href=\"https:\/\/www.fresnillo.gob.mx\/wp-content\/uploads\/2021\/07\/75.-Jimenez-Chavez-Ruben.pdf\">Jim\u00e9nez Ch\u00e1vez Rub\u00e9n<\/a><\/strong><\/span><\/li>\n<li><span style=\"color: #3366ff;\"><strong><a style=\"color: #3366ff;\" href=\"https:\/\/www.fresnillo.gob.mx\/wp-content\/uploads\/2021\/07\/76.-Jimenez-Contreras-Miguel-Angel.pdf\">Jim\u00e9nez Contreras Miguel\u00a0<\/a><\/strong><\/span><span style=\"color: #3366ff;\"><b><u>\u00c1ngel<\/u><\/b><\/span><\/li>\n<li><span style=\"color: #3366ff;\"><strong><a style=\"color: #3366ff;\" href=\"https:\/\/www.fresnillo.gob.mx\/wp-content\/uploads\/2021\/07\/77.-Jimenez-Pitones-Sergio.pdf\">Jim\u00e9nez Pitones Sergio<\/a><\/strong><\/span><\/li>\n<li><span style=\"color: #3366ff;\"><strong><a style=\"color: #3366ff;\" href=\"https:\/\/www.fresnillo.gob.mx\/wp-content\/uploads\/2021\/07\/78.-Juarez-Aldaba-Rosa-Maria.pdf\">Ju\u00e1rez Aldaba Rosa Mar\u00eda<\/a><\/strong><\/span><\/li>\n<li><span style=\"color: #3366ff;\"><strong><a style=\"color: #3366ff;\" href=\"https:\/\/www.fresnillo.gob.mx\/wp-content\/uploads\/2021\/07\/79.-Lara-Rayzola-Julio-Cesar.pdf\">Lara Rayzola Julio C\u00e9sar<\/a><\/strong><\/span><\/li>\n<li><span style=\"color: #3366ff;\"><strong><a style=\"color: #3366ff;\" href=\"https:\/\/www.fresnillo.gob.mx\/wp-content\/uploads\/2021\/07\/80.-Laredo-Ramos-Juan-Carlos.pdf\">Laredo Ramos Juan Carlos<\/a><\/strong><\/span><\/li>\n<li><span style=\"color: #3366ff;\"><strong><a style=\"color: #3366ff;\" href=\"https:\/\/www.fresnillo.gob.mx\/wp-content\/uploads\/2021\/07\/81.-Lomeli-Magallanes-Manuel.pdf\">Lomel\u00ed Magallanes Manuel<\/a><\/strong><\/span><\/li>\n<li><span style=\"color: #3366ff;\"><strong><a style=\"color: #3366ff;\" href=\"https:\/\/www.fresnillo.gob.mx\/wp-content\/uploads\/2021\/07\/82.-Lopez-Gamez-J.-Jesus.pdf\">L\u00f3pez G\u00e1mez J. Jes\u00fas<\/a><\/strong><\/span><\/li>\n<li><span style=\"color: #3366ff;\"><strong><a style=\"color: #3366ff;\" href=\"https:\/\/www.fresnillo.gob.mx\/wp-content\/uploads\/2021\/07\/83.-Lopez-Santos-Carolina.pdf\">L\u00f3pez Santos Carolina<\/a><\/strong><\/span><\/li>\n<li><span style=\"color: #3366ff;\"><strong><a style=\"color: #3366ff;\" href=\"https:\/\/www.fresnillo.gob.mx\/wp-content\/uploads\/2021\/07\/84.-Luna-Santacruz-Laura-Elena.pdf\">Luna Santacruz Laura Elena<\/a><\/strong><\/span><\/li>\n<li><span style=\"color: #3366ff;\"><strong><a style=\"color: #3366ff;\" href=\"https:\/\/www.fresnillo.gob.mx\/wp-content\/uploads\/2021\/07\/85.-Luna-Vazquez-Gabriela.pdf\">Luna V\u00e1zquez Gabriela<\/a><\/strong><\/span><\/li>\n<li><span style=\"color: #3366ff;\"><strong><a style=\"color: #3366ff;\" href=\"https:\/\/www.fresnillo.gob.mx\/wp-content\/uploads\/2021\/07\/86.-Magallanes-Avila-Cristina-Auristela.pdf\">Magallanes Avila Cristina Auristela<\/a><\/strong><\/span><\/li>\n<li><span style=\"color: #3366ff;\"><strong><a style=\"color: #3366ff;\" href=\"https:\/\/www.fresnillo.gob.mx\/wp-content\/uploads\/2021\/07\/87.-Maldonado-Diaz-Jorge-David.pdf\">Maldonado D\u00edaz Jorge David<\/a><\/strong><\/span><\/li>\n<li><span style=\"color: #3366ff;\"><strong><a style=\"color: #3366ff;\" href=\"https:\/\/www.fresnillo.gob.mx\/wp-content\/uploads\/2021\/07\/88.-Maldonado-Sanchez-Rosa-Maria.pdf\">Maldonado S\u00e1nchez Rosa Mar\u00eda<\/a><\/strong><\/span><\/li>\n<li><span style=\"color: #3366ff;\"><strong><a style=\"color: #3366ff;\" href=\"https:\/\/www.fresnillo.gob.mx\/wp-content\/uploads\/2021\/07\/89.-Marquez-Rocha-Gabriela.pdf\">M\u00e1rquez Rocha Gabriela<\/a><\/strong><\/span><\/li>\n<li><span style=\"color: #3366ff;\"><strong><a style=\"color: #3366ff;\" href=\"https:\/\/www.fresnillo.gob.mx\/wp-content\/uploads\/2021\/07\/90.-Marquez-Valtierra-Rafael.pdf\"> M\u00e1rquez Valtierra Rafael<\/a><\/strong><\/span><\/li>\n<li><span style=\"color: #3366ff;\"><strong><a style=\"color: #3366ff;\" href=\"https:\/\/www.fresnillo.gob.mx\/wp-content\/uploads\/2021\/07\/91.-Martinez-Alonso-Erica.pdf\">Mart\u00ednez Alonso Erica<\/a><\/strong><\/span><\/li>\n<li><span style=\"color: #3366ff;\"><strong><a style=\"color: #3366ff;\" href=\"https:\/\/www.fresnillo.gob.mx\/wp-content\/uploads\/2021\/07\/92.-Martinez-Jaramillo-Ricardo-Guadalupe.pdf\">Mart\u00ednez Jaramillo Ricardo Guadalupe<\/a><\/strong><\/span><\/li>\n<li><span style=\"color: #3366ff;\"><strong><a style=\"color: #3366ff;\" href=\"https:\/\/www.fresnillo.gob.mx\/wp-content\/uploads\/2021\/07\/93.-Martinez-Martinez-J.-Guadalupe.pdf\">Mart\u00ednez Mart\u00ednez J. Guadalupe<\/a><\/strong><\/span><\/li>\n<li><span style=\"color: #3366ff;\"><strong><a style=\"color: #3366ff;\" href=\"https:\/\/www.fresnillo.gob.mx\/wp-content\/uploads\/2021\/07\/94.-Medina-Ruiz-Joaquin.pdf\">Medina Ruiz Joaqu\u00edn<\/a><\/strong><\/span><\/li>\n<li><span style=\"color: #3366ff;\"><strong><a style=\"color: #3366ff;\" href=\"https:\/\/www.fresnillo.gob.mx\/wp-content\/uploads\/2021\/07\/95.-Medrano-Omar.pdf\">Medrano Omar<\/a><\/strong><\/span><\/li>\n<li><span style=\"color: #3366ff;\"><strong><a style=\"color: #3366ff;\" href=\"https:\/\/www.fresnillo.gob.mx\/wp-content\/uploads\/2021\/07\/96.-Menchaca-Vaquera-Gloria.pdf\">Menchaca Vaquera Gloria<\/a><\/strong><\/span><\/li>\n<li><span style=\"color: #3366ff;\"><strong><a style=\"color: #3366ff;\" href=\"https:\/\/www.fresnillo.gob.mx\/wp-content\/uploads\/2021\/07\/97.-Mendoza-Ledesma-Dulce-Denisse.pdf\">Mendoza Ledesma Dulce Denisse<\/a><\/strong><\/span><\/li>\n<li><span style=\"color: #3366ff;\"><strong><a style=\"color: #3366ff;\" href=\"https:\/\/www.fresnillo.gob.mx\/wp-content\/uploads\/2021\/07\/98.-Mendoza-Perales-Esteban.pdf\">Mendoza Perales Esteban<\/a><\/strong><\/span><\/li>\n<li><span style=\"color: #3366ff;\"><strong><a style=\"color: #3366ff;\" href=\"https:\/\/www.fresnillo.gob.mx\/wp-content\/uploads\/2021\/07\/99.-Meza-Menchaca-Diana-Odette.pdf\">Meza Menchaca Diana Odette<\/a><\/strong><\/span><\/li>\n<li><span style=\"color: #3366ff;\"><strong><a style=\"color: #3366ff;\" href=\"https:\/\/www.fresnillo.gob.mx\/wp-content\/uploads\/2021\/07\/100.-Meza-Torres-Anabel.pdf\">Meza Torres Anabel<\/a><\/strong><\/span><\/li>\n<li><span style=\"color: #3366ff;\"><strong><a style=\"color: #3366ff;\" href=\"https:\/\/www.fresnillo.gob.mx\/wp-content\/uploads\/2021\/07\/101.-Monreal-Herrera-Argery-Emmanuel.pdf\"> Monreal Herrera Argery Emmanuel<\/a><\/strong><\/span><\/li>\n<li><span style=\"color: #3366ff;\"><strong><a style=\"color: #3366ff;\" href=\"https:\/\/www.fresnillo.gob.mx\/wp-content\/uploads\/2021\/07\/102.-Monreal-Martinez-Andres-Ismael.pdf\"> Monreal Mart\u00ednez Andr\u00e9s Ismael<\/a><\/strong><\/span><\/li>\n<li><span style=\"color: #3366ff;\"><strong><a style=\"color: #3366ff;\" href=\"https:\/\/www.fresnillo.gob.mx\/wp-content\/uploads\/2021\/07\/103.-Monreal-Moreno-Saul.pdf\"> Monreal Moreno Sa\u00fal<\/a><\/strong><\/span><\/li>\n<li><span style=\"color: #3366ff;\"><a style=\"color: #3366ff;\" href=\"https:\/\/www.fresnillo.gob.mx\/wp-content\/uploads\/2021\/07\/104.-Morales-Avila-Blanca-Esthela.pdf\"><span style=\"color: #3366ff;\"><b>Morales <\/b><\/span><span style=\"color: #3366ff;\"><b>\u00c1vila<\/b><\/span><span style=\"color: #3366ff;\"><b>\u00a0Blanca Esthela<\/b><\/span><\/a><\/span><\/li>\n<li><span style=\"color: #3366ff;\"><strong><a style=\"color: #3366ff;\" href=\"https:\/\/www.fresnillo.gob.mx\/wp-content\/uploads\/2021\/07\/105.-Morales-Zavala-Juan-Manuel.pdf\"> Morales Zavala Juan Manuel<\/a><\/strong><\/span><\/li>\n<li><span style=\"color: #3366ff;\"><strong><a style=\"color: #3366ff;\" href=\"https:\/\/www.fresnillo.gob.mx\/wp-content\/uploads\/2021\/07\/106.-Munoz-Macias-Sergio.pdf\"> Mu\u00f1oz Mac\u00edas Sergio<\/a><\/strong><\/span><\/li>\n<li><span style=\"color: #3366ff;\"><strong><a style=\"color: #3366ff;\" href=\"https:\/\/www.fresnillo.gob.mx\/wp-content\/uploads\/2021\/07\/107.-Munoz-Mena-Maria-Liliana.pdf\">Mu\u00f1oz Mena Mar\u00eda Liliana<\/a><\/strong><\/span><\/li>\n<li><span style=\"color: #3366ff;\"><strong><a style=\"color: #3366ff;\" href=\"https:\/\/www.fresnillo.gob.mx\/wp-content\/uploads\/2021\/07\/108.-Munoz-Nieto-Maricela.pdf\">Mu\u00f1oz Nieto Maricela<\/a><\/strong><\/span><\/li>\n<li><span style=\"color: #3366ff;\"><strong><a style=\"color: #3366ff;\" href=\"https:\/\/www.fresnillo.gob.mx\/wp-content\/uploads\/2021\/07\/109.-Navarrete-Hernandez-Miguel-Angel.pdf\">Navarrete Hern\u00e1ndez Miguel Angel<\/a><\/strong><\/span><\/li>\n<li><span style=\"color: #3366ff;\"><strong><a style=\"color: #3366ff;\" href=\"https:\/\/www.fresnillo.gob.mx\/wp-content\/uploads\/2021\/07\/110.-Navarro-Alvarado-Daniela.pdf\">Navarro Alvarado Daniela<\/a><\/strong><\/span><\/li>\n<li><span style=\"color: #3366ff;\"><strong><a style=\"color: #3366ff;\" href=\"https:\/\/www.fresnillo.gob.mx\/wp-content\/uploads\/2021\/07\/111.-Nicolat-Gracia-Elizabeth.pdf\">Nicolat Gracia Elizabeth<\/a><\/strong><\/span><\/li>\n<li><span style=\"color: #3366ff;\"><strong><a style=\"color: #3366ff;\" href=\"https:\/\/www.fresnillo.gob.mx\/wp-content\/uploads\/2021\/07\/112.-Ojeda-Cruz-Jorge.pdf\">Ojeda Cruz Jorge<\/a><\/strong><\/span><\/li>\n<li><span style=\"color: #3366ff;\"><strong><a style=\"color: #3366ff;\" href=\"https:\/\/www.fresnillo.gob.mx\/wp-content\/uploads\/2021\/07\/113.-Olivarez-Ramos-Noe.pdf\">Olivarez Ramos Noe<\/a><\/strong><\/span><\/li>\n<li><span style=\"color: #3366ff;\"><strong><a style=\"color: #3366ff;\" href=\"https:\/\/www.fresnillo.gob.mx\/wp-content\/uploads\/2021\/07\/114.-Ornelas-Ortiz-Adriana-Jazmin.pdf\">Ornelas Ortiz Adriana Jazmin<\/a><\/strong><\/span><\/li>\n<li><span style=\"color: #3366ff;\"><strong><a style=\"color: #3366ff;\" href=\"https:\/\/www.fresnillo.gob.mx\/wp-content\/uploads\/2021\/07\/115.-Ortega-Juarez-Biriviana.pdf\">Ortega Ju\u00e1rez Biriviana<\/a><\/strong><\/span><\/li>\n<li><span style=\"color: #3366ff;\"><strong><a style=\"color: #3366ff;\" href=\"https:\/\/www.fresnillo.gob.mx\/wp-content\/uploads\/2021\/07\/116.-Ovalle-Rodriguez-Julio-Cesar.pdf\">Ovalle Rodr\u00edguez Julio C\u00e9sar<\/a><\/strong><\/span><\/li>\n<li><span style=\"color: #3366ff;\"><strong><a style=\"color: #3366ff;\" href=\"https:\/\/www.fresnillo.gob.mx\/wp-content\/uploads\/2021\/07\/117.-Pacheco-Lazalde-Fidel.pdf\">Pacheco Lazalde Fidel<\/a><\/strong><\/span><\/li>\n<li><span style=\"color: #3366ff;\"><strong><a style=\"color: #3366ff;\" href=\"https:\/\/www.fresnillo.gob.mx\/wp-content\/uploads\/2021\/07\/118.-Palacios-Hernandez-Claudia-Isabel.pdf\">Palacios Hern\u00e1ndez Claudia Isabel<\/a><\/strong><\/span><\/li>\n<li><span style=\"color: #3366ff;\"><strong><a style=\"color: #3366ff;\" href=\"https:\/\/www.fresnillo.gob.mx\/wp-content\/uploads\/2021\/07\/119.-Perez-Perez-Alejandra.pdf\">P\u00e9rez P\u00e9rez Alejandra<\/a><\/strong><\/span><\/li>\n<li><span style=\"color: #3366ff;\"><strong><a style=\"color: #3366ff;\" href=\"https:\/\/www.fresnillo.gob.mx\/wp-content\/uploads\/2021\/07\/120.-Pichardo-Martinez-Diego.pdf\">Pichardo Mart\u00ednez Diego<\/a><\/strong><\/span><\/li>\n<li><span style=\"color: #3366ff;\"><strong><a style=\"color: #3366ff;\" href=\"https:\/\/www.fresnillo.gob.mx\/wp-content\/uploads\/2021\/07\/121.-Quintanar-Luna-Carlos.pdf\">Quintanar Luna Carlos<\/a><\/strong><\/span><\/li>\n<li><span style=\"color: #3366ff;\"><strong><a style=\"color: #3366ff;\" href=\"https:\/\/www.fresnillo.gob.mx\/wp-content\/uploads\/2021\/07\/122.-Quinones-Carrillo-Oscar-Arturo.pdf\">Qui\u00f1ones Carrillo Oscar Arturo<\/a><\/strong><\/span><\/li>\n<li><span style=\"color: #3366ff;\"><a style=\"color: #3366ff;\" href=\"https:\/\/www.fresnillo.gob.mx\/wp-content\/uploads\/2021\/07\/16.-Barrios-Gracia-Eduardo-Manuel.pdf\"><span style=\"color: #3366ff;\"><b>Ramos <\/b><\/span><span style=\"color: #3366ff;\"><b>Gracia<\/b><\/span><span style=\"color: #3366ff;\"><b>\u00a0Eduardo Manuel<\/b><\/span><\/a><\/span><\/li>\n<li><span style=\"color: #3366ff;\"><strong><a style=\"color: #3366ff;\" href=\"https:\/\/www.fresnillo.gob.mx\/wp-content\/uploads\/2021\/07\/123.-Rangel-Perez-David.pdf\">Rangel P\u00e9rez David<\/a><\/strong><\/span><\/li>\n<li><span style=\"color: #3366ff;\"><strong><a style=\"color: #3366ff;\" href=\"https:\/\/www.fresnillo.gob.mx\/wp-content\/uploads\/2021\/07\/124.-Rivas-Hernandez-Luis-Alfonso.pdf\">Rivas Hern\u00e1ndez Luis Alfonso<\/a><\/strong><\/span><\/li>\n<li><span style=\"color: #3366ff;\"><strong><a style=\"color: #3366ff;\" href=\"https:\/\/www.fresnillo.gob.mx\/wp-content\/uploads\/2021\/07\/125.-Rivera-Solis-M-Guadalupe.pdf\">Rivera Sol\u00eds M Guadalupe<\/a><\/strong><\/span><\/li>\n<li><span style=\"color: #3366ff;\"><strong><a style=\"color: #3366ff;\" href=\"https:\/\/www.fresnillo.gob.mx\/wp-content\/uploads\/2021\/07\/126.-Rodarte-Bernal-Eril-Alfredo.pdf\">Rodarte Bernal Erik Alfredo<\/a><\/strong><\/span><\/li>\n<li><span style=\"color: #3366ff;\"><strong><a style=\"color: #3366ff;\" href=\"https:\/\/www.fresnillo.gob.mx\/wp-content\/uploads\/2021\/07\/127.-Rodarte-Ramirez-Claudia-Isela.pdf\">Rodarte Ram\u00edrez Claudia Isela<\/a><\/strong><\/span><\/li>\n<li><span style=\"color: #3366ff;\"><strong><a style=\"color: #3366ff;\" href=\"https:\/\/www.fresnillo.gob.mx\/wp-content\/uploads\/2021\/07\/128.-Rodriguez-Beltran-Ma.-de-Jesus.pdf\">Rodr\u00edguez Beltr\u00e1n Ma. de Jes\u00fas<\/a><\/strong><\/span><\/li>\n<li><span style=\"color: #3366ff;\"><strong><a style=\"color: #3366ff;\" href=\"https:\/\/www.fresnillo.gob.mx\/wp-content\/uploads\/2021\/07\/129.-Rodriguez-Francisco-Javier.pdf\">Rodr\u00edguez Francisco Javier<\/a><\/strong><\/span><\/li>\n<li><span style=\"color: #3366ff;\"><strong><a style=\"color: #3366ff;\" href=\"https:\/\/www.fresnillo.gob.mx\/wp-content\/uploads\/2021\/07\/130.-Rodriguez-Martinez-Hector.pdf\">Rodr\u00edguez Mart\u00ednez H\u00e9ctor<\/a><\/strong><\/span><\/li>\n<li><span style=\"color: #3366ff;\"><strong><a style=\"color: #3366ff;\" href=\"https:\/\/www.fresnillo.gob.mx\/wp-content\/uploads\/2021\/07\/131.-Rodriguez-Ramirez-Carlos-Alejandro.pdf\">Rodr\u00edguez Ram\u00edrez Carlos Alejandro<\/a><\/strong><\/span><\/li>\n<li><span style=\"color: #3366ff;\"><span style=\"color: #3366ff;\"><b><u>Rodr\u00edguez<\/u><\/b><\/span><a style=\"color: #3366ff;\" href=\"https:\/\/www.fresnillo.gob.mx\/wp-content\/uploads\/2021\/07\/132.-Rodriguez-Ramiro.pdf\"> Ramiro<\/a><\/span><\/li>\n<li><span style=\"color: #3366ff;\"><strong><a style=\"color: #3366ff;\" href=\"https:\/\/www.fresnillo.gob.mx\/wp-content\/uploads\/2021\/07\/133.-Rodriguez-Rodriguez-Raquel.pdf\">Rodr\u00edguez Rodr\u00edguez Raquel<\/a><\/strong><\/span><\/li>\n<li><span style=\"color: #3366ff;\"><strong><a style=\"color: #3366ff;\" href=\"https:\/\/www.fresnillo.gob.mx\/wp-content\/uploads\/2021\/07\/134.-Rojas-Santacruz-Ma.-Santos.pdf\">Rojas Santacruz Ma. Santos<\/a><\/strong><\/span><\/li>\n<li><span style=\"color: #3366ff;\"><strong><a style=\"color: #3366ff;\" href=\"https:\/\/www.fresnillo.gob.mx\/wp-content\/uploads\/2021\/07\/135.-Roman-Tania-Selene.pdf\">Rom\u00e1n Tania Selene<\/a><\/strong><\/span><\/li>\n<li><span style=\"color: #3366ff;\"><strong><a style=\"color: #3366ff;\" href=\"https:\/\/www.fresnillo.gob.mx\/wp-content\/uploads\/2021\/07\/136.-Roman-Trancoso-Alan-Adrian.pdf\">Rom\u00e1n Trancoso Alan Adri\u00e1n<\/a><\/strong><\/span><\/li>\n<li><span style=\"color: #3366ff;\"><strong><a style=\"color: #3366ff;\" href=\"https:\/\/www.fresnillo.gob.mx\/wp-content\/uploads\/2021\/07\/137.-Rosales-Galvan-Pedro-Antonio.pdf\">Rosales Galv\u00e1n Pedro Antonio<\/a><\/strong><\/span><\/li>\n<li><span style=\"color: #3366ff;\"><strong><a style=\"color: #3366ff;\" href=\"https:\/\/www.fresnillo.gob.mx\/wp-content\/uploads\/2021\/07\/138.-Salas-Torres-Humberto-Mariano.pdf\">Salas Torres Humberto Mariano<\/a><\/strong><\/span><\/li>\n<li><span style=\"color: #3366ff;\"><strong><a style=\"color: #3366ff;\" href=\"https:\/\/www.fresnillo.gob.mx\/wp-content\/uploads\/2021\/07\/139.-Salazar-Silva-David.pdf\">Salazar Silva David<\/a><\/strong><\/span><\/li>\n<li><span style=\"color: #3366ff;\"><strong><a style=\"color: #3366ff;\" href=\"https:\/\/www.fresnillo.gob.mx\/wp-content\/uploads\/2021\/07\/140.-Sanchez-Rodriguez-Mario.pdf\">S\u00e1nchez Rodr\u00edguez Mario<\/a><\/strong><\/span><\/li>\n<li><span style=\"color: #3366ff;\"><strong><a style=\"color: #3366ff;\" href=\"https:\/\/www.fresnillo.gob.mx\/wp-content\/uploads\/2021\/07\/141.-Santos-Hernandez-Miguel.pdf\">Santos Hern\u00e1ndez Miguel<\/a><\/strong><\/span><\/li>\n<li><span style=\"color: #3366ff;\"><strong><a style=\"color: #3366ff;\" href=\"https:\/\/www.fresnillo.gob.mx\/wp-content\/uploads\/2021\/07\/142.-Sauceda-Delgado-Ana-Alicia.pdf\">Sauceda Delgado Ana Alicia<\/a><\/strong><\/span><\/li>\n<li><span style=\"color: #3366ff;\"><strong><a style=\"color: #3366ff;\" href=\"https:\/\/www.fresnillo.gob.mx\/wp-content\/uploads\/2021\/07\/143.-Sauceda-Lopez-Hilda-Gabriela.pdf\">Sauceda L\u00f3pez Hilda Gabriela<\/a><\/strong><\/span><\/li>\n<li><span style=\"color: #3366ff;\"><strong><a style=\"color: #3366ff;\" href=\"https:\/\/www.fresnillo.gob.mx\/wp-content\/uploads\/2021\/07\/144.-Segovia-Pedroza-Miguel-Hugo.pdf\">Segovia Pedroza Miguel Hugo<\/a><\/strong><\/span><\/li>\n<li><span style=\"color: #3366ff;\"><strong><a style=\"color: #3366ff;\" href=\"https:\/\/www.fresnillo.gob.mx\/wp-content\/uploads\/2021\/07\/145.-Segovia-Pedroza-Oscar-Daniel.pdf\">Segovia Pedroza Oscar Daniel<\/a><\/strong><\/span><\/li>\n<li><span style=\"color: #3366ff;\"><strong><a style=\"color: #3366ff;\" href=\"https:\/\/www.fresnillo.gob.mx\/wp-content\/uploads\/2021\/07\/146.-Solis-Hernandez-Salvador.pdf\">Sol\u00eds Hern\u00e1ndez Salvador<\/a><\/strong><\/span><\/li>\n<li><span style=\"color: #3366ff;\"><strong><a style=\"color: #3366ff;\" href=\"https:\/\/www.fresnillo.gob.mx\/wp-content\/uploads\/2021\/07\/147.-Solis-Morales-Rodrigo.pdf\">Solis Morales Rodrigo<\/a><\/strong><\/span><\/li>\n<li><span style=\"color: #3366ff;\"><strong><a style=\"color: #3366ff;\" href=\"https:\/\/www.fresnillo.gob.mx\/wp-content\/uploads\/2021\/07\/148.-Sosa-Rojas-Manuela.pdf\">Sosa Rojas Manuela<\/a><\/strong><\/span><\/li>\n<li><span style=\"color: #3366ff;\"><strong><a style=\"color: #3366ff;\" href=\"https:\/\/www.fresnillo.gob.mx\/wp-content\/uploads\/2021\/07\/149.-Soto-Reyes-Cruz.pdf\">Soto Reyes Cruz<\/a><\/strong><\/span><\/li>\n<li><span style=\"color: #3366ff;\"><strong><a style=\"color: #3366ff;\" href=\"https:\/\/www.fresnillo.gob.mx\/wp-content\/uploads\/2021\/07\/150.-Torres-Cervantes-Guadalupe.pdf\">Torres Cervantes Guadalupe<\/a><\/strong><\/span><\/li>\n<li><span style=\"color: #3366ff;\"><strong><a style=\"color: #3366ff;\" href=\"https:\/\/www.fresnillo.gob.mx\/wp-content\/uploads\/2021\/07\/151.-Torres-Ramirez-Ismael.pdf\">Torres Ram\u00edrez Ismael<\/a><\/strong><\/span><\/li>\n<li><span style=\"color: #3366ff;\"><strong><a style=\"color: #3366ff;\" href=\"https:\/\/www.fresnillo.gob.mx\/wp-content\/uploads\/2021\/07\/152.-Torres-Ramirez-J.-Jesus.pdf\">Torres Ram\u00edrez J. Jes\u00fas<\/a><\/strong><\/span><\/li>\n<li><span style=\"color: #3366ff;\"><strong><a style=\"color: #3366ff;\" href=\"https:\/\/www.fresnillo.gob.mx\/wp-content\/uploads\/2021\/07\/153.-Trejo-Ramirez-Manuela.pdf\">Trejo Ram\u00edrez Manuela<\/a><\/strong><\/span><\/li>\n<li><span style=\"color: #3366ff;\"><strong><a style=\"color: #3366ff;\" href=\"https:\/\/www.fresnillo.gob.mx\/wp-content\/uploads\/2021\/07\/154.-Trinidad-Bocanegra-Rigoberto.pdf\">Trinidad Bocanegra Rigoberto<\/a><\/strong><\/span><\/li>\n<li><span style=\"color: #3366ff;\"><strong><a style=\"color: #3366ff;\" href=\"https:\/\/www.fresnillo.gob.mx\/wp-content\/uploads\/2021\/07\/155.-Uribe-Romero-Guadalupe-de-Jesus.pdf\">Uribe Romero Guadalupe de Jes\u00fas<\/a><\/strong><\/span><\/li>\n<li><span style=\"color: #3366ff;\"><strong><a style=\"color: #3366ff;\" href=\"https:\/\/www.fresnillo.gob.mx\/wp-content\/uploads\/2021\/07\/156.-Valdez-Castaneda-Raymundo-Jorge.pdf\">Vald\u00e9z Casta\u00f1eda Raymundo Jorge<\/a><\/strong><\/span><\/li>\n<li><span style=\"color: #3366ff;\"><strong><a style=\"color: #3366ff;\" href=\"https:\/\/www.fresnillo.gob.mx\/wp-content\/uploads\/2021\/07\/157.-Valdez-Reyes-Francisco-Javier.pdf\">Vald\u00e9z Reyes Francisco Javier<\/a><\/strong><\/span><\/li>\n<li><span style=\"color: #3366ff;\"><strong><a style=\"color: #3366ff;\" href=\"https:\/\/www.fresnillo.gob.mx\/wp-content\/uploads\/2021\/07\/158.-Vanegas-Meza-Belem-Marcela.pdf\">Vanegas Meza Belem Marcela<\/a><\/strong><\/span><\/li>\n<li><span style=\"color: #3366ff;\"><strong><a style=\"color: #3366ff;\" href=\"https:\/\/www.fresnillo.gob.mx\/wp-content\/uploads\/2021\/07\/159.-Vaquera-Murillo-Claudia-Veronica.pdf\">Vaquera Murillo Claudia Ver\u00f3nica<\/a><\/strong><\/span><\/li>\n<li><span style=\"color: #3366ff;\"><strong><a style=\"color: #3366ff;\" href=\"https:\/\/www.fresnillo.gob.mx\/wp-content\/uploads\/2021\/07\/160.-Vargas-Cruz-Sonia-Liber.pdf\">Vargas Cruz Sonia Liber<\/a><\/strong><\/span><\/li>\n<li><span style=\"color: #3366ff;\"><strong><a style=\"color: #3366ff;\" href=\"https:\/\/www.fresnillo.gob.mx\/wp-content\/uploads\/2021\/07\/161.-Vazquez-Uribe-Benito.pdf\">V\u00e1zquez Uribe Benito<\/a><\/strong><\/span><\/li>\n<li><span style=\"color: #3366ff;\"><strong><a style=\"color: #3366ff;\" href=\"https:\/\/www.fresnillo.gob.mx\/wp-content\/uploads\/2021\/07\/162.-Velasco-Sanchez-Ricardo.pdf\">Velasco S\u00e1nchez Ricardo<\/a><\/strong><\/span><\/li>\n<li><span style=\"color: #3366ff;\"><strong><a style=\"color: #3366ff;\" href=\"https:\/\/www.fresnillo.gob.mx\/wp-content\/uploads\/2021\/07\/163.-Villalobos-Rivas-Paulina-ALejandra.pdf\">Villalobos Rivas Paulina ALejandra<\/a><\/strong><\/span><\/li>\n<li><span style=\"color: #3366ff;\"><strong><a style=\"color: #3366ff;\" href=\"https:\/\/www.fresnillo.gob.mx\/wp-content\/uploads\/2021\/07\/164.-Zepeda-Gomez-Roberto.pdf\">Zepeda G\u00f3mez Roberto<\/a><\/strong><\/span><\/li>\n<\/ol>\n<p>[\/vc_column_text][\/vc_tta_section][vc_tta_section title=\u00bb2022&#8243; tab_id=\u00bb1646751248835-5fd5302e-bf43&#8243;][vc_column_text]<span style=\"color: #3366ff;\"><strong><a style=\"color: #3366ff;\" href=\"https:\/\/www.fresnillo.gob.mx\/wp-content\/uploads\/2019\/07\/Oficio-de-respuesta-de-declaraciones-patrimoniales-2018.pdf\">Oficio de respuesta de declaraciones patrimoniales 2021-2022<\/a><\/strong><\/span><\/p>\n<ul>\n<li><a href=\"https:\/\/www.fresnillo.gob.mx\/wp-content\/uploads\/2022\/07\/1.-Medrano-Omar-1.pdf\">1.- Medrano Omar<\/a><\/li>\n<li><a href=\"https:\/\/www.fresnillo.gob.mx\/wp-content\/uploads\/2022\/07\/2.-Aguilera-Marrufo-Rodrigo-1.pdf\">2.- Aguilera Marrufo Rodrigo<\/a><\/li>\n<li><a href=\"https:\/\/www.fresnillo.gob.mx\/wp-content\/uploads\/2022\/07\/3.-Alaniz-Macias-Arturo-1.pdf\">3.- Alaniz Macias Arturo<\/a><\/li>\n<li><a href=\"https:\/\/www.fresnillo.gob.mx\/wp-content\/uploads\/2022\/07\/4.-Alaniz-Martinez-Manuel-Arturo-1.pdf\">4.- Alaniz Mart\u00ednez Manuel Arturo<\/a><\/li>\n<li><a href=\"https:\/\/www.fresnillo.gob.mx\/wp-content\/uploads\/2022\/07\/5.-Alvarado-CamarilloBrenda-Esmeralda-1.pdf\">5.- Alvarado CamarilloBrenda Esmeralda<\/a><\/li>\n<li><a href=\"https:\/\/www.fresnillo.gob.mx\/wp-content\/uploads\/2022\/07\/6.-Alvarado-Rodriguez-Ana-Ma.-Trinidad-1.pdf\">6.- Alvarado Rodr\u00edguez Ana Ma. Trinidad<\/a><\/li>\n<li><a href=\"https:\/\/www.fresnillo.gob.mx\/wp-content\/uploads\/2022\/07\/7.-Alvarez-Guerrero-Brenda-Carolina-1.pdf\">7.- Alvarez Guerrero Brenda Carolina<\/a><\/li>\n<li><a href=\"https:\/\/www.fresnillo.gob.mx\/wp-content\/uploads\/2022\/07\/8.-Alvarez-Landeros-Gumaro-1.pdf\">8.- Alvarez Landeros Gumaro<\/a><\/li>\n<li><a href=\"https:\/\/www.fresnillo.gob.mx\/wp-content\/uploads\/2022\/07\/9.-Alvarez-Soto-Selene-Iveth-1.pdf\">9.- Alvarez Soto Selene Iveth<\/a><\/li>\n<li><a href=\"https:\/\/www.fresnillo.gob.mx\/wp-content\/uploads\/2022\/07\/10.-Aarellano-Chihuahua-Miguel-1.pdf\">10.- Aarellano Chihuahua Miguel<\/a><\/li>\n<li><a href=\"https:\/\/www.fresnillo.gob.mx\/wp-content\/uploads\/2022\/07\/11.-Arias-Camacho-Pedro-1.pdf\">11.- Arias Camacho Pedro<\/a><\/li>\n<li><a href=\"https:\/\/www.fresnillo.gob.mx\/wp-content\/uploads\/2022\/07\/12.-Arias-Cardona-Rosibel-1.pdf\">12.- Arias Cardona Rosibel<\/a><\/li>\n<li><a href=\"https:\/\/www.fresnillo.gob.mx\/wp-content\/uploads\/2022\/07\/13.-Arredondo-Vaquera-Antonio-1.pdf\">13.- Arredondo Vaquera Antonio<\/a><\/li>\n<li><a href=\"https:\/\/www.fresnillo.gob.mx\/wp-content\/uploads\/2022\/07\/14.-Avila-Barrientos-Octavio-Rene-1.pdf\">14.- Avila Barrientos Octavio Ren\u00e9<\/a><\/li>\n<li><a href=\"https:\/\/www.fresnillo.gob.mx\/wp-content\/uploads\/2022\/07\/15.-Avila-Garcia-Maria-Elena-1.pdf\">15.- Avila Garc\u00eda Mar\u00eda Elena<\/a><\/li>\n<li><a href=\"https:\/\/www.fresnillo.gob.mx\/wp-content\/uploads\/2022\/07\/16.-Baltazar-Carranza-Erick-Hernan-1.pdf\">16.- Baltazar Carranza Erick Hern\u00e1n<\/a><\/li>\n<li><a href=\"https:\/\/www.fresnillo.gob.mx\/wp-content\/uploads\/2022\/07\/17.-Barajas-De-La-Rosa-Elizabeth-1.pdf\">17.- Barajas De La Rosa Elizabeth<\/a><\/li>\n<li><a href=\"https:\/\/www.fresnillo.gob.mx\/wp-content\/uploads\/2022\/07\/18.-Caldera-Valtierra-Anacleto-Manuel-1.pdf\">18.- Caldera Valtierra Anacleto Manuel<\/a><\/li>\n<li><a href=\"https:\/\/www.fresnillo.gob.mx\/wp-content\/uploads\/2022\/07\/19.-Caldera-Valtierra-Fernando-1.pdf\">19.- Caldera Valtierra Fernando<\/a><\/li>\n<li><a href=\"https:\/\/www.fresnillo.gob.mx\/wp-content\/uploads\/2022\/07\/20.-Caldera-Valtierra-J.-Primitivo-1.pdf\">20.- Caldera Valtierra J. Primitivo<\/a><\/li>\n<li><a href=\"https:\/\/www.fresnillo.gob.mx\/wp-content\/uploads\/2022\/07\/21.-Campos-Nunez-Gerardo-1.pdf\">21.- Campos N\u00fa\u00f1ez Gerardo<\/a><\/li>\n<li><a href=\"https:\/\/www.fresnillo.gob.mx\/wp-content\/uploads\/2022\/07\/22.-Cardona-Rodriguez-Manuel-1.pdf\">22.- Cardona Rodr\u00edguez Manuel<\/a><\/li>\n<li><a href=\"https:\/\/www.fresnillo.gob.mx\/wp-content\/uploads\/2022\/07\/23.-Carrillo-Blanco-Miriam-Yolanda-1.pdf\">23.- Carrillo Blanco Miriam Yolanda<\/a><\/li>\n<li><a href=\"https:\/\/www.fresnillo.gob.mx\/wp-content\/uploads\/2022\/07\/24.-Casarez-Espinoza-Prisciliano-1.pdf\">24.- C\u00e1sarez Espinoza Prisciliano<\/a><\/li>\n<li><a href=\"https:\/\/www.fresnillo.gob.mx\/wp-content\/uploads\/2022\/07\/25.-Casas-Avila-Jose-Guillermo-1.pdf\">25.- Casas Avila Jos\u00e9 Guillermo<\/a><\/li>\n<li><a href=\"https:\/\/www.fresnillo.gob.mx\/wp-content\/uploads\/2022\/07\/26.-Castorena-Lopez-Alfredo-1.pdf\">26.- Castorena L\u00f3pez Alfredo<\/a><\/li>\n<li><a href=\"https:\/\/www.fresnillo.gob.mx\/wp-content\/uploads\/2022\/07\/27.-Castorena-Lopez-Ricardo-1.pdf\">27.- Castorena L\u00f3pez Ricardo<\/a><\/li>\n<li><a href=\"https:\/\/www.fresnillo.gob.mx\/wp-content\/uploads\/2022\/07\/29.-Chairez-Rodriguez-Arturo-1.pdf\">29.- Chairez Rodr\u00edguez Arturo<\/a><\/li>\n<li><a href=\"https:\/\/www.fresnillo.gob.mx\/wp-content\/uploads\/2022\/07\/30.-Cid-Garcia-Adriana-1.pdf\">30.- Cid Garc\u00eda Adriana<\/a><\/li>\n<li><a href=\"https:\/\/www.fresnillo.gob.mx\/wp-content\/uploads\/2022\/07\/31.-Collazo-Salas-Jorge-Luis-1.pdf\">31.- Collazo Salas Jorge Luis<\/a><\/li>\n<li><a href=\"https:\/\/www.fresnillo.gob.mx\/wp-content\/uploads\/2022\/07\/32.-Cortes-Navarro-Pedro-1.pdf\">32.- Cortes Navarro Pedro<\/a><\/li>\n<li><a href=\"https:\/\/www.fresnillo.gob.mx\/wp-content\/uploads\/2022\/07\/33.-Cruz-Hernandez-Alejandro-1.pdf\">33.- Cruz Hern\u00e1ndez Alejandro<\/a><\/li>\n<li><a href=\"https:\/\/www.fresnillo.gob.mx\/wp-content\/uploads\/2022\/07\/34.-Cruz-Lopez-Jose-Matilde-1.pdf\">34.- Cruz L\u00f3pez Jos\u00e9 Matilde<\/a><\/li>\n<li><a href=\"https:\/\/www.fresnillo.gob.mx\/wp-content\/uploads\/2022\/07\/35.-De-Leon-Pinales-Adriana-1.pdf\">35.- De Le\u00f3n Pinales Adriana<\/a><\/li>\n<li><a href=\"https:\/\/www.fresnillo.gob.mx\/wp-content\/uploads\/2022\/07\/36.-Del-Muro-Macias-Rosalba-1.pdf\">36.- Del Muro Mac\u00edas Rosalba<\/a><\/li>\n<li><a href=\"https:\/\/www.fresnillo.gob.mx\/wp-content\/uploads\/2022\/07\/37.-Delgado-Pacheco-Miguel-Angel-1.pdf\">37.- Delgado Pacheco Miguel Angel<\/a><\/li>\n<li><a href=\"https:\/\/www.fresnillo.gob.mx\/wp-content\/uploads\/2022\/07\/38.-Diaz-Lopez-M.-Elena-1.pdf\">38.- D\u00edaz L\u00f3pez M. Elena<\/a><\/li>\n<li><a href=\"https:\/\/www.fresnillo.gob.mx\/wp-content\/uploads\/2022\/07\/39.-Dominguez-Ortega-Jorge-Alberto-1.pdf\">39.- Dom\u00ednguez Ortega Jorge Alberto<\/a><\/li>\n<li><a href=\"https:\/\/www.fresnillo.gob.mx\/wp-content\/uploads\/2022\/07\/40.-Elizalde-Torres-Maria-Guadalupe-1.pdf\">40.- Elizalde Torres Mar\u00eda Guadalupe<\/a><\/li>\n<li><a href=\"https:\/\/www.fresnillo.gob.mx\/wp-content\/uploads\/2022\/07\/41._-Escobar-Ibarra-Jose-Luis-1.pdf\">41._ Escobar Ibarra Jos\u00e9 Luis<\/a><\/li>\n<li><a href=\"https:\/\/www.fresnillo.gob.mx\/wp-content\/uploads\/2022\/07\/42.-Escobedo-Hernandez-Felipe-De-Jesus-1.pdf\">42.- Escobedo Hern\u00e1ndez Felipe De Jes\u00fas<\/a><\/li>\n<li><a href=\"https:\/\/www.fresnillo.gob.mx\/wp-content\/uploads\/2022\/07\/43.-Esparza-Munoz-Zacarias-1.pdf\">43.- Esparza Mu\u00f1oz Zacar\u00edas<\/a><\/li>\n<li><a href=\"https:\/\/www.fresnillo.gob.mx\/wp-content\/uploads\/2022\/07\/44.-Espinoza-Garcia-Juan-Jose-1.pdf\">44.- Espinoza Garc\u00eda Juan Jos\u00e9<\/a><\/li>\n<li><a href=\"https:\/\/www.fresnillo.gob.mx\/wp-content\/uploads\/2022\/07\/45.-Fernandez-Roman-Dulce-Maria-1.pdf\">45.- Fern\u00e1ndez Rom\u00e1n Dulce Mar\u00eda<\/a><\/li>\n<li><a href=\"https:\/\/www.fresnillo.gob.mx\/wp-content\/uploads\/2022\/07\/46.-Flores-Dorado-Francisco-1.pdf\">46.- Flores Dorado Francisco<\/a><\/li>\n<li><a href=\"https:\/\/www.fresnillo.gob.mx\/wp-content\/uploads\/2022\/07\/47.-Franco-Maldonado-Rodolfo-1.pdf\">47.- Franco Maldonado Rodolfo<\/a><\/li>\n<li><a href=\"https:\/\/www.fresnillo.gob.mx\/wp-content\/uploads\/2022\/07\/48.-Galvan-Cervantes-Ma.-Del-Refugio-1.pdf\">48.- Galv\u00e1n Cervantes Ma. Del Refugio<\/a><\/li>\n<li><a href=\"https:\/\/www.fresnillo.gob.mx\/wp-content\/uploads\/2022\/07\/49.-Galvan-Jimenez-Jesus-1.pdf\">49.- Galv\u00e1n Jim\u00e9nez Jes\u00fas<\/a><\/li>\n<li><a href=\"https:\/\/www.fresnillo.gob.mx\/wp-content\/uploads\/2022\/07\/50.-Galvaz-Fuentes-Guadalupe-1.pdf\">50.- G\u00e1lvaz Fuentes Guadalupe<\/a><\/li>\n<li><a href=\"https:\/\/www.fresnillo.gob.mx\/wp-content\/uploads\/2022\/07\/51.-Garcia-Lozano-Irving-Manuel-1.pdf\">51.- Garc\u00eda Lozano Irving Manuel<\/a><\/li>\n<li><a href=\"https:\/\/www.fresnillo.gob.mx\/wp-content\/uploads\/2022\/07\/52.-Garcia-Martinez-Ma.-de-Jesus-1.pdf\">52.- Garc\u00eda Mart\u00ednez Ma. de Jes\u00fas<\/a><\/li>\n<li><a href=\"https:\/\/www.fresnillo.gob.mx\/wp-content\/uploads\/2022\/07\/53.-Garcia-Nery-Juana-Maria-1.pdf\">53.- Garc\u00eda Nery Juana Mar\u00eda<\/a><\/li>\n<li><a href=\"https:\/\/www.fresnillo.gob.mx\/wp-content\/uploads\/2022\/07\/54.-Gaucin-Hernandez-Ma.-de-la-Luz-1.pdf\">54.- Gaucin Hern\u00e1ndez Ma. de la Luz<\/a><\/li>\n<li><a href=\"https:\/\/www.fresnillo.gob.mx\/wp-content\/uploads\/2022\/07\/55.-Gaytan-Del-Rio-Martha-1.pdf\">55.- Gayt\u00e1n Del Rio Martha<\/a><\/li>\n<li><a href=\"https:\/\/www.fresnillo.gob.mx\/wp-content\/uploads\/2022\/07\/56.-Gaytan-Morales-Martin-1.pdf\">56.- Gayt\u00e1n Morales Martin<\/a><\/li>\n<li><a href=\"https:\/\/www.fresnillo.gob.mx\/wp-content\/uploads\/2022\/07\/57.-Gonzalez-Bernal-Marco-Antonio-1.pdf\">57.- Gonz\u00e1lez Bernal Marco Antonio<\/a><\/li>\n<li><a href=\"https:\/\/www.fresnillo.gob.mx\/wp-content\/uploads\/2022\/07\/58.-Gonzalez-Tapia-Teodoro-1.pdf\">58.- Gonz\u00e1lez Tapia Teodoro<\/a><\/li>\n<li><a href=\"https:\/\/www.fresnillo.gob.mx\/wp-content\/uploads\/2022\/07\/59.-Gonzalez-Luevano-Manuel-1.pdf\">59.- Gonz\u00e1lez Luevano Manuel<\/a><\/li>\n<li><a href=\"https:\/\/www.fresnillo.gob.mx\/wp-content\/uploads\/2022\/07\/60.-Gordoa-Rocha-Maria-de-la-Luz-1.pdf\">60.- Gordoa Rocha Mar\u00eda de la Luz<\/a><\/li>\n<li><a href=\"https:\/\/www.fresnillo.gob.mx\/wp-content\/uploads\/2022\/07\/61.-Guerrero-Salas-Norma-1.pdf\">61.- Guerrero Salas Norma<\/a><\/li>\n<li><a href=\"https:\/\/www.fresnillo.gob.mx\/wp-content\/uploads\/2022\/07\/62.-Gutierrez-Amaro-Antonio-1.pdf\">62.- Guti\u00e9rrez Amaro Antonio<\/a><\/li>\n<li><a href=\"https:\/\/www.fresnillo.gob.mx\/wp-content\/uploads\/2022\/07\/63.-Gutierrez-Castro-Arturo-1.pdf\">63.- Guti\u00e9rrez Castro Arturo<\/a><\/li>\n<li><a href=\"https:\/\/www.fresnillo.gob.mx\/wp-content\/uploads\/2022\/07\/64.-Hernandez-Gonzalez-Fatima-Elizabeh-1.pdf\">64.- Hern\u00e1ndez Gonz\u00e1lez Fatima Elizabeh<\/a><\/li>\n<li><a href=\"https:\/\/www.fresnillo.gob.mx\/wp-content\/uploads\/2022\/07\/65.-Hernandez-Devora-Jose-Luis-1.pdf\">65.- Hern\u00e1ndez Devora Jos\u00e9 Luis<\/a><\/li>\n<li><a href=\"https:\/\/www.fresnillo.gob.mx\/wp-content\/uploads\/2022\/07\/66.-Hernandez-Miguel-Santos-1.pdf\">66.- Hern\u00e1ndez Miguel Santos<\/a><\/li>\n<li><a href=\"https:\/\/www.fresnillo.gob.mx\/wp-content\/uploads\/2022\/07\/67.-Hernandez-Vazquez-Patricia-1.pdf\">67.- Hern\u00e1ndez V\u00e1zquez Patricia<\/a><\/li>\n<li><a href=\"https:\/\/www.fresnillo.gob.mx\/wp-content\/uploads\/2022\/07\/68.-Herrera-Arellano-Leonardo-Cutberto-1.pdf\">68.- Herrera Arellano Leonardo Cutberto<\/a><\/li>\n<li><a href=\"https:\/\/www.fresnillo.gob.mx\/wp-content\/uploads\/2022\/07\/69.-Ibarra-Almanza-Cesar-1.pdf\">69.- Ibarra Almanza Cesar<\/a><\/li>\n<li><a href=\"https:\/\/www.fresnillo.gob.mx\/wp-content\/uploads\/2022\/07\/70.-Ibarra-Lopez-Sergio-1.pdf\">70.- Ibarra L\u00f3pez Sergio<\/a><\/li>\n<li><a href=\"https:\/\/www.fresnillo.gob.mx\/wp-content\/uploads\/2022\/07\/71.-Jara-Montellano-Rodolfo-1.pdf\">71.- Jara Montellano Rodolfo<\/a><\/li>\n<li><a href=\"https:\/\/www.fresnillo.gob.mx\/wp-content\/uploads\/2022\/07\/72.-Jasso-Flores-Rafael-1.pdf\">72.- Jasso Flores Rafael<\/a><\/li>\n<li><a href=\"https:\/\/www.fresnillo.gob.mx\/wp-content\/uploads\/2022\/07\/73.-Jimenez-Campos-Ma-del-Carmen-1.pdf\">73.- Jim\u00e9nez Campos Ma del Carmen<\/a><\/li>\n<li><a href=\"https:\/\/www.fresnillo.gob.mx\/wp-content\/uploads\/2022\/07\/74.-Jimenez-Chavez-Ruben-1.pdf\">74.- Jim\u00e9nez Ch\u00e1vez Rub\u00e9n<\/a><\/li>\n<li><a href=\"https:\/\/www.fresnillo.gob.mx\/wp-content\/uploads\/2022\/07\/75.-Jimenez-Contreras-Miguel-Angel-1.pdf\">75.- Jim\u00e9nez Contreras Miguel Angel<\/a><\/li>\n<li><a href=\"https:\/\/www.fresnillo.gob.mx\/wp-content\/uploads\/2022\/07\/76.-Jimenez-Pitones-Sergio-1.pdf\">76.- Jim\u00e9nez Pitones Sergio<\/a><\/li>\n<li><a href=\"https:\/\/www.fresnillo.gob.mx\/wp-content\/uploads\/2022\/07\/77.-Juarez-Aldaba-Rosa-Maria-1.pdf\">77.- Ju\u00e1rez Aldaba Rosa Mar\u00eda<\/a><\/li>\n<li><a href=\"https:\/\/www.fresnillo.gob.mx\/wp-content\/uploads\/2022\/07\/78.-Lara-Rayzola-Julio-Cesar-1.pdf\">78.- Lara Rayzola Julio Cesar<\/a><\/li>\n<li><a href=\"https:\/\/www.fresnillo.gob.mx\/wp-content\/uploads\/2022\/07\/79.-Laredo-Ramos-Juan-Carlos-1.pdf\">79.- Laredo Ramos Juan Carlos<\/a><\/li>\n<li><a href=\"https:\/\/www.fresnillo.gob.mx\/wp-content\/uploads\/2022\/07\/80.-Loera-Lopez-Juan-Manuel-1.pdf\">80.- Loera L\u00f3pez Juan Manuel<\/a><\/li>\n<li><a href=\"https:\/\/www.fresnillo.gob.mx\/wp-content\/uploads\/2022\/07\/81.-Lomeli-Magallanes-Manuel-1.pdf\">81.- Lomeli Magallanes Manuel<\/a><\/li>\n<li><a href=\"https:\/\/www.fresnillo.gob.mx\/wp-content\/uploads\/2022\/07\/82.-Lopez-Santos-Carolina-1.pdf\">82.- L\u00f3pez Santos Carolina<\/a><\/li>\n<li><a href=\"https:\/\/www.fresnillo.gob.mx\/wp-content\/uploads\/2022\/07\/83.-Luna-Santacruz-Laura-Elena-1.pdf\">83.- Luna Santacruz Laura Elena<\/a><\/li>\n<li><a href=\"https:\/\/www.fresnillo.gob.mx\/wp-content\/uploads\/2022\/07\/84.-Luna-Vasquez-Gabriela-1.pdf\">84.- Luna V\u00e1squez Gabriela<\/a><\/li>\n<li><a href=\"https:\/\/www.fresnillo.gob.mx\/wp-content\/uploads\/2022\/07\/85.-Magallanes-Avila-Cristina-Auristela-1.pdf\">85.- Magallanes Avila Cristina Auristela<\/a><\/li>\n<li><a href=\"https:\/\/www.fresnillo.gob.mx\/wp-content\/uploads\/2022\/07\/86.-Maldonado-Diaz-Jorge-David-1.pdf\">86.- Maldonado D\u00edaz Jorge David<\/a><\/li>\n<li><a href=\"https:\/\/www.fresnillo.gob.mx\/wp-content\/uploads\/2022\/07\/87.-Maldonado-Sanchez-Rosa-Maria-1.pdf\">87.- Maldonado S\u00e1nchez Rosa Mar\u00eda<\/a><\/li>\n<li><a href=\"https:\/\/www.fresnillo.gob.mx\/wp-content\/uploads\/2022\/07\/88.-Marquez-Rocha-Gabriela-1.pdf\">88.- M\u00e1rquez Rocha Gabriela<\/a><\/li>\n<li><a href=\"https:\/\/www.fresnillo.gob.mx\/wp-content\/uploads\/2022\/07\/89.-Marquez-Valtierra-Rafael-1.pdf\">89.- Marquez Valtierra Rafael<\/a><\/li>\n<li><a href=\"https:\/\/www.fresnillo.gob.mx\/wp-content\/uploads\/2022\/07\/90.-Martinez-Martinez-J.-Guadalupe-1.pdf\">90.- Mart\u00ednez Mart\u00ednez J. Guadalupe<\/a><\/li>\n<li><a href=\"https:\/\/www.fresnillo.gob.mx\/wp-content\/uploads\/2022\/07\/91.-Martinez-Alonso-Erica-1.pdf\">91.- Mart\u00ednez Alonso \u00c9rica<\/a><\/li>\n<li><a href=\"https:\/\/www.fresnillo.gob.mx\/wp-content\/uploads\/2022\/07\/92.-Martinez-Jaramillo-Ricardo-Guadalupe-1.pdf\">92.- Mart\u00ednez Jaramillo Ricardo Guadalupe<\/a><\/li>\n<li><a href=\"https:\/\/www.fresnillo.gob.mx\/wp-content\/uploads\/2022\/07\/93.-Medina-Ruiz-Joaquin-1.pdf\">93.- Medina Ruiz Joaqu\u00edn<\/a><\/li>\n<li><a href=\"https:\/\/www.fresnillo.gob.mx\/wp-content\/uploads\/2022\/07\/94.-Menchaca-Vaquera-Gloria-1.pdf\">94.- Menchaca Vaquera Gloria<\/a><\/li>\n<li><a href=\"https:\/\/www.fresnillo.gob.mx\/wp-content\/uploads\/2022\/07\/95.-Mendoza-Ledesma-Dulce-Denisse-1.pdf\">95.- Mendoza Ledesma Dulce Denisse<\/a><\/li>\n<li><a href=\"https:\/\/www.fresnillo.gob.mx\/wp-content\/uploads\/2022\/07\/96.-Mendoza-Perales-Esteban-1.pdf\">96.- Mendoza Perales Esteban<\/a><\/li>\n<li><a href=\"https:\/\/www.fresnillo.gob.mx\/wp-content\/uploads\/2022\/07\/97.-Meza-Menchaca-Diana-Odette-1.pdf\">97.- Meza Menchaca Diana Odette<\/a><\/li>\n<li><a href=\"https:\/\/www.fresnillo.gob.mx\/wp-content\/uploads\/2022\/07\/98.-Meza-Torres-Anabel-1.pdf\">98.- Meza Torres Anabel<\/a><\/li>\n<li><a href=\"https:\/\/www.fresnillo.gob.mx\/wp-content\/uploads\/2022\/07\/99.-Monreal-Herrera-Arjery-Emmanuel-1.pdf\">99.- Monreal Herrera Arjery Emmanuel<\/a><\/li>\n<li><a href=\"https:\/\/www.fresnillo.gob.mx\/wp-content\/uploads\/2022\/07\/100.-Monreal-Martinez-Andres-Ismael-1.pdf\">100.- Monreal Mart\u00ednez Andr\u00e9s Ismael<\/a><\/li>\n<li><a href=\"https:\/\/www.fresnillo.gob.mx\/wp-content\/uploads\/2022\/07\/101.-Monreal-Moreno-Saul-1.pdf\">101.- Monreal Moreno Sa\u00fal<\/a><\/li>\n<li><a href=\"https:\/\/www.fresnillo.gob.mx\/wp-content\/uploads\/2022\/07\/102.-Morales-Avila-Blanca-Esthela-1.pdf\">102.- Morales Avila Blanca Esthela<\/a><\/li>\n<li><a href=\"https:\/\/www.fresnillo.gob.mx\/wp-content\/uploads\/2022\/07\/103.-Morales-Zavala-Juan-Manuel-1.pdf\">103.- Morales Zavala Juan Manuel<\/a><\/li>\n<li><a href=\"https:\/\/www.fresnillo.gob.mx\/wp-content\/uploads\/2022\/07\/104.-Munoz-Mena-Maria-Liliana-1.pdf\">104.- Mu\u00f1oz Mena Mar\u00eda Liliana<\/a><\/li>\n<li><a href=\"https:\/\/www.fresnillo.gob.mx\/wp-content\/uploads\/2022\/07\/105.-Munoz-Nieto-Maricela-1.pdf\">105.- Mu\u00f1oz Nieto Maricela<\/a><\/li>\n<li><a href=\"https:\/\/www.fresnillo.gob.mx\/wp-content\/uploads\/2022\/07\/106.-Navarrete-Hernandez-Miguel-Angel-1.pdf\">106.- Navarrete Hern\u00e1ndez Miguel Angel<\/a><\/li>\n<li><a href=\"https:\/\/www.fresnillo.gob.mx\/wp-content\/uploads\/2022\/07\/107.-Navarro-Alvarado-Daniela-1.pdf\">107.- Navarro Alvarado Daniela<\/a><\/li>\n<li><a href=\"https:\/\/www.fresnillo.gob.mx\/wp-content\/uploads\/2022\/07\/108.-Nicolat-Gracia-Elizabeth-1.pdf\">108.- Nicolat Gracia Elizabeth<\/a><\/li>\n<li><a href=\"https:\/\/www.fresnillo.gob.mx\/wp-content\/uploads\/2022\/07\/109.-Ojeda-Cruz-Jorge-1.pdf\">109.- Ojeda Cruz Jorge<\/a><\/li>\n<li><a href=\"https:\/\/www.fresnillo.gob.mx\/wp-content\/uploads\/2022\/07\/110.-Ornelas-Ortiz-Adriana-Jazmin-1.pdf\">110.- Ornelas Ortiz Adriana Jazmin<\/a><\/li>\n<li><a href=\"https:\/\/www.fresnillo.gob.mx\/wp-content\/uploads\/2022\/07\/111.-Ortega-Juarez-Biriviana-1.pdf\">111.- Ortega Ju\u00e1rez Biriviana<\/a><\/li>\n<li><a href=\"https:\/\/www.fresnillo.gob.mx\/wp-content\/uploads\/2022\/07\/112.-Ovalle-Rodriguez-Julio-Cesar-1.pdf\">112.- Ovalle Rodr\u00edguez Julio Cesar<\/a><\/li>\n<li><a href=\"https:\/\/www.fresnillo.gob.mx\/wp-content\/uploads\/2022\/07\/113.-Pacheco-Lazalde-Fidel-1.pdf\">113.- Pacheco Lazalde Fidel<\/a><\/li>\n<li><a href=\"https:\/\/www.fresnillo.gob.mx\/wp-content\/uploads\/2022\/07\/114.-Palacios-Hernandez-Claudia-Isabel-1.pdf\">114.- Palacios Hern\u00e1ndez Claudia Isabel<\/a><\/li>\n<li><a href=\"https:\/\/www.fresnillo.gob.mx\/wp-content\/uploads\/2022\/07\/115.-Perez-Perez-Alejandra-1.pdf\">115.- P\u00e9rez P\u00e9rez Alejandra<\/a><\/li>\n<li><a href=\"https:\/\/www.fresnillo.gob.mx\/wp-content\/uploads\/2022\/07\/116.-Pichardo-Martinez-Diego-1.pdf\">116.- Pichardo Mart\u00ednez Diego<\/a><\/li>\n<li><a href=\"https:\/\/www.fresnillo.gob.mx\/wp-content\/uploads\/2022\/07\/117.-Quintar-Luna-Carlos-1.pdf\">117.- Quintar Luna Carlos<\/a><\/li>\n<li><a href=\"https:\/\/www.fresnillo.gob.mx\/wp-content\/uploads\/2022\/07\/118.-Quinones-Carrillo-Oscar-Arturo-1.pdf\">118.- Qui\u00f1ones Carrillo Oscar Arturo<\/a><\/li>\n<li><a href=\"https:\/\/www.fresnillo.gob.mx\/wp-content\/uploads\/2022\/07\/119.-Ramos-Gracia-Eduardo-Manuel-1.pdf\">119.- Ramos Gracia Eduardo Manuel<\/a><\/li>\n<li><a href=\"https:\/\/www.fresnillo.gob.mx\/wp-content\/uploads\/2022\/07\/120.-Rangel-Perez-David-1.pdf\">120.- Rangel Perez David<\/a><\/li>\n<li><a href=\"https:\/\/www.fresnillo.gob.mx\/wp-content\/uploads\/2022\/07\/121.-Rivas-Hernandez-Luis-Alfonso-1.pdf\">121.- Rivas Hern\u00e1ndez Luis Alfonso<\/a><\/li>\n<li><a href=\"https:\/\/www.fresnillo.gob.mx\/wp-content\/uploads\/2022\/07\/122.-Rivera-Solis-M.-Guadalupe-1.pdf\">122.- Rivera Solis M. Guadalupe<\/a><\/li>\n<li><a href=\"https:\/\/www.fresnillo.gob.mx\/wp-content\/uploads\/2022\/07\/123.-Rodarte-Bernal-Erik-Alfredo-1.pdf\">123.- Rodarte Bernal Erik Alfredo<\/a><\/li>\n<li><a href=\"https:\/\/www.fresnillo.gob.mx\/wp-content\/uploads\/2022\/07\/124.-Rodarte-Ramirez-Claudia-Isela-1.pdf\">124.- Rodarte Ram\u00edrez Claudia Isela<\/a><\/li>\n<li><a href=\"https:\/\/www.fresnillo.gob.mx\/wp-content\/uploads\/2022\/07\/125.-Rodriguez-Beltran-Ma.-de-Jesus-1.pdf\">125.- Rodr\u00edguez Beltran Ma. de Jes\u00fas<\/a><\/li>\n<li><a href=\"https:\/\/www.fresnillo.gob.mx\/wp-content\/uploads\/2022\/07\/126.-Rodriguez-Francisco-Javier-1.pdf\">126.- Rodr\u00edguez Francisco Javier<\/a><\/li>\n<li><a href=\"https:\/\/www.fresnillo.gob.mx\/wp-content\/uploads\/2022\/07\/127.-Rodriguez-Ramiro-1.pdf\">127.- Rodr\u00edguez Ramiro<\/a><\/li>\n<li><a href=\"https:\/\/www.fresnillo.gob.mx\/wp-content\/uploads\/2022\/07\/128.-Rodriguez-Martinez-Hector-1.pdf\">128.- Rodr\u00edguez Mart\u00ednez H\u00e9ctor<\/a><\/li>\n<li><a href=\"https:\/\/www.fresnillo.gob.mx\/wp-content\/uploads\/2022\/07\/129.-Rodriguez-Ramirez-Carlos-Alejandro-1.pdf\">129.- Rodr\u00edguez Ram\u00edrez Carlos Alejandro<\/a><\/li>\n<li><a href=\"https:\/\/www.fresnillo.gob.mx\/wp-content\/uploads\/2022\/07\/130.-Rodriguez-Rodriguez-Raquel-1.pdf\">130.- Rodr\u00edguez Rodr\u00edguez Raquel<\/a><\/li>\n<li><a href=\"https:\/\/www.fresnillo.gob.mx\/wp-content\/uploads\/2022\/07\/131.-Rojas-Santacruz-Ma.-Santos-1.pdf\">131.- Rojas Santacruz Ma. Santos<\/a><\/li>\n<li><a href=\"https:\/\/www.fresnillo.gob.mx\/wp-content\/uploads\/2022\/07\/132.-Roman-Tania-Selene-1.pdf\">132.- Rom\u00e1n Tania Selene<\/a><\/li>\n<li><a href=\"https:\/\/www.fresnillo.gob.mx\/wp-content\/uploads\/2022\/07\/133.-Roman-Troncoso-Alan-Adrian-1.pdf\">133.- Rom\u00e1n Troncoso Alan Adri\u00e1n<\/a><\/li>\n<li><a href=\"https:\/\/www.fresnillo.gob.mx\/wp-content\/uploads\/2022\/07\/134.-Rosales-Galvan-Pedro-Antonio-1.pdf\">134.- Rosales Galv\u00e1n Pedro Antonio<\/a><\/li>\n<li><a href=\"https:\/\/www.fresnillo.gob.mx\/wp-content\/uploads\/2022\/07\/135.-Salas-Torres-Humberto-Mariano-1.pdf\">135.- Salas Torres Humberto Mariano<\/a><\/li>\n<li><a href=\"https:\/\/www.fresnillo.gob.mx\/wp-content\/uploads\/2022\/07\/136.-Salazar-Silva-David-1.pdf\">136.- Salazar Silva David<\/a><\/li>\n<li><a href=\"https:\/\/www.fresnillo.gob.mx\/wp-content\/uploads\/2022\/07\/137.-Sanchez-Rodriguez-Mario-1.pdf\">137.- S\u00e1nchez Rodr\u00edguez Mario<\/a><\/li>\n<li><a href=\"https:\/\/www.fresnillo.gob.mx\/wp-content\/uploads\/2022\/07\/138.-Sauceda-Delgado-Ana-Alicia-1.pdf\">138.- Sauceda Delgado Ana Alicia<\/a><\/li>\n<li><a href=\"https:\/\/www.fresnillo.gob.mx\/wp-content\/uploads\/2022\/07\/139.-Sauceda-Lopez-Hilda-Gabriela-1.pdf\">139.- Sauceda L\u00f3pez Hilda Gabriela<\/a><\/li>\n<li><a href=\"https:\/\/www.fresnillo.gob.mx\/wp-content\/uploads\/2022\/07\/140.-Segovia-Pedroza-Miguel-Hugo-1.pdf\">140.- Segovia Pedroza Miguel Hugo<\/a><\/li>\n<li><a href=\"https:\/\/www.fresnillo.gob.mx\/wp-content\/uploads\/2022\/07\/141.-Segovia-Pedroza-Oscar-Daniel-1.pdf\">141.- Segovia Pedroza Oscar Daniel<\/a><\/li>\n<li><a href=\"https:\/\/www.fresnillo.gob.mx\/wp-content\/uploads\/2022\/07\/142.-Solis-Morales-Rodrigo-1.pdf\">142.- Sol\u00eds Morales Rodrigo<\/a><\/li>\n<li><a href=\"https:\/\/www.fresnillo.gob.mx\/wp-content\/uploads\/2022\/07\/143.-Sosa-Rojas-Manuela-1.pdf\">143.- Sosa Rojas Manuela<\/a><\/li>\n<li><a href=\"https:\/\/www.fresnillo.gob.mx\/wp-content\/uploads\/2022\/07\/144.-Soto-Reyes-Cruz-1.pdf\">144.- Soto Reyes Cruz<\/a><\/li>\n<li><a href=\"https:\/\/www.fresnillo.gob.mx\/wp-content\/uploads\/2022\/07\/145.-Torres-Cervantes-Guadalupe-1.pdf\">145.- Torres Cervantes Guadalupe<\/a><\/li>\n<li><a href=\"https:\/\/www.fresnillo.gob.mx\/wp-content\/uploads\/2022\/07\/146.-Torres-Ramirez-Ismael-1.pdf\">146.- Torres Ram\u00edrez Ismael<\/a><\/li>\n<li><a href=\"https:\/\/www.fresnillo.gob.mx\/wp-content\/uploads\/2022\/07\/147.-Torres-Ramirez-J.-Jesus-1.pdf\">147.- Torres Ram\u00edrez J. Jes\u00fas<\/a><\/li>\n<li><a href=\"https:\/\/www.fresnillo.gob.mx\/wp-content\/uploads\/2022\/07\/148.-Trejo-Ramirez-Manuela-1.pdf\">148.- Trejo Ram\u00edrez Manuela<\/a><\/li>\n<li><a href=\"https:\/\/www.fresnillo.gob.mx\/wp-content\/uploads\/2022\/07\/149.-Trinidad-Bocanegra-Rigoberto-1.pdf\">149.- Trinidad Bocanegra Rigoberto<\/a><\/li>\n<li><a href=\"https:\/\/www.fresnillo.gob.mx\/wp-content\/uploads\/2022\/07\/150.-Uribe-Romero-Guadalupe-de-Jesus-1.pdf\">150.- Uribe Romero Guadalupe de Jes\u00fas<\/a><\/li>\n<li><a href=\"https:\/\/www.fresnillo.gob.mx\/wp-content\/uploads\/2022\/07\/151.-Valdez-Castaneda-Raymundo-Jorge-1.pdf\">151.- Valdez Casta\u00f1eda Raymundo Jorge<\/a><\/li>\n<li><a href=\"https:\/\/www.fresnillo.gob.mx\/wp-content\/uploads\/2022\/07\/152.-Valdez-Reyes-Francisco-Javier-1.pdf\">152.- Valdez Reyes Francisco Javier<\/a><\/li>\n<li><a href=\"https:\/\/www.fresnillo.gob.mx\/wp-content\/uploads\/2022\/07\/153.-Vanegas-Meza-Belem-Marcela-1.pdf\">153.- Vanegas Meza Belem Marcela<\/a><\/li>\n<li><a href=\"https:\/\/www.fresnillo.gob.mx\/wp-content\/uploads\/2022\/07\/154.-Vaquera-Murillo-Claudia-Veronica-1.pdf\">154.- Vaquera Murillo Claudia Ver\u00f3nica<\/a><\/li>\n<li><a href=\"https:\/\/www.fresnillo.gob.mx\/wp-content\/uploads\/2022\/07\/155.-Vargas-Cruz-Sonia-Liber-1.pdf\">155.- Vargas Cruz Sonia Liber<\/a><\/li>\n<li><a href=\"https:\/\/www.fresnillo.gob.mx\/wp-content\/uploads\/2022\/07\/156.-Vazquez-Uribe-Benito-1.pdf\">156.- V\u00e1zquez Uribe Benito<\/a><\/li>\n<li><a href=\"https:\/\/www.fresnillo.gob.mx\/wp-content\/uploads\/2022\/07\/157.-Velasco-Sanchez-Ricardo-1.pdf\">157.- Velasco S\u00e1nchez Ricardo<\/a><\/li>\n<li><a href=\"https:\/\/www.fresnillo.gob.mx\/wp-content\/uploads\/2022\/07\/158.-Villalobos-Rivas-Paulina-Alejandra-1.pdf\">158.- Villalobos Rivas Paulina Alejandra<\/a><\/li>\n<li><a href=\"https:\/\/www.fresnillo.gob.mx\/wp-content\/uploads\/2022\/07\/159.-Zepeda-Gomez-Roberto-1.pdf\">159.- Zepeda G\u00f3mez Roberto<\/a><\/li>\n<li><a href=\"https:\/\/www.fresnillo.gob.mx\/wp-content\/uploads\/2022\/07\/160.-Solis-Hernandez-Salvador-1.pdf\">160.- Solis Hern\u00e1ndez Salvador<\/a><\/li>\n<li><a href=\"https:\/\/www.fresnillo.gob.mx\/wp-content\/uploads\/2022\/07\/161.-Gutierrez-Valdez-Luis-Eduardo-1.pdf\">161.- Gutierrez Valdez Luis Eduardo<\/a><\/li>\n<li><a href=\"https:\/\/www.fresnillo.gob.mx\/wp-content\/uploads\/2022\/07\/162.-Rodarte-Gamboa-Ana-Maria-1.pdf\">162.- Rodarte Gamboa Ana Mar\u00eda<\/a><\/li>\n<li><a href=\"https:\/\/www.fresnillo.gob.mx\/wp-content\/uploads\/2022\/07\/163.-Gonzalez-Marroquin-Ilse-Raquel-1.pdf\">163.- Gonzalez Marroquin Ilse Raquel<\/a><\/li>\n<li><\/li>\n<li><span style=\"color: #3366ff;\"><strong><a style=\"color: #3366ff;\" href=\"https:\/\/www.fresnillo.gob.mx\/wp-content\/uploads\/2019\/07\/Oficio-de-respuesta-de-declaraciones-patrimoniales-2018.pdf\">Oficio de respuesta de declaraciones patrimoniales 2019-2021<\/a><\/strong><\/span><\/li>\n<\/ul>\n<ol>\n<li><span style=\"color: #3366ff;\"><strong><a style=\"color: #3366ff;\" href=\"https:\/\/www.fresnillo.gob.mx\/wp-content\/uploads\/2021\/07\/1.-Aguilera-Marrufo-Rodrigo.pdf\">Aguilera Marrufo Rodrigo<\/a><\/strong><\/span><\/li>\n<li><span style=\"color: #3366ff;\"><strong><a style=\"color: #3366ff;\" href=\"https:\/\/www.fresnillo.gob.mx\/wp-content\/uploads\/2021\/07\/2.-Alaniz-Martinez-Manuel-Arturo.pdf\">Alaniz Mart\u00ednez Manuel Arturo<\/a><\/strong><\/span><\/li>\n<li><span style=\"color: #3366ff;\"><strong><a style=\"color: #3366ff;\" href=\"https:\/\/www.fresnillo.gob.mx\/wp-content\/uploads\/2021\/07\/3.-Alvarado-Camarillo-Brenda-Esmeralda.pdf\">Alvarado Camarillo Brenda Esmeralda<\/a><\/strong><\/span><\/li>\n<li><span style=\"color: #3366ff;\"><strong><a style=\"color: #3366ff;\" href=\"https:\/\/www.fresnillo.gob.mx\/wp-content\/uploads\/2021\/07\/4.-Alvarado-Rodriguez-Ana-Ma.-Trinidad.pdf\">Alvarado Rodr\u00edguez Ana Ma. Trinidad<\/a><\/strong><\/span><\/li>\n<li><span style=\"color: #3366ff;\"><strong><a style=\"color: #3366ff;\" href=\"https:\/\/www.fresnillo.gob.mx\/wp-content\/uploads\/2021\/07\/5.-Alvarez-Guerrero-Brenda-Carolina.pdf\">\u00c1lvarez Guerrero Brenda Carolina<\/a><\/strong><\/span><\/li>\n<li><span style=\"color: #3366ff;\"><strong><a style=\"color: #3366ff;\" href=\"https:\/\/www.fresnillo.gob.mx\/wp-content\/uploads\/2021\/07\/6.-Alvarez-Laderos-Gumaro.pdf\">\u00c1lvarez Landeros Gumaro<\/a><\/strong><\/span><\/li>\n<li><span style=\"color: #3366ff;\"><strong><a style=\"color: #3366ff;\" href=\"https:\/\/www.fresnillo.gob.mx\/wp-content\/uploads\/2021\/07\/7.-Alvarez-Soto-Selene-Iveth.pdf\">\u00c1lvarez Soto Selene Iveth<\/a><\/strong><\/span><\/li>\n<li><span style=\"color: #3366ff;\"><strong><a style=\"color: #3366ff;\" href=\"https:\/\/www.fresnillo.gob.mx\/wp-content\/uploads\/2021\/07\/8.-Arellano-Chihuahua-Miguel.pdf\">Arellano Chihuahua Miguel<\/a><\/strong><\/span><\/li>\n<li><span style=\"color: #3366ff;\"><strong><a style=\"color: #3366ff;\" href=\"https:\/\/www.fresnillo.gob.mx\/wp-content\/uploads\/2021\/07\/9.-Arias-Camacho-Pedro.pdf\">Arias Camacho Pedro<\/a><\/strong><\/span><\/li>\n<li><span style=\"color: #3366ff;\"><strong><a style=\"color: #3366ff;\" href=\"https:\/\/www.fresnillo.gob.mx\/wp-content\/uploads\/2021\/07\/10.-Arias-Cardona-Rosibel.pdf\"> Arias Cardona Rosibel<\/a><\/strong><\/span><\/li>\n<li><span style=\"color: #3366ff;\"><strong><a style=\"color: #3366ff;\" href=\"https:\/\/www.fresnillo.gob.mx\/wp-content\/uploads\/2021\/07\/11.-Arredondo-Vaquera-Antonio.pdf\">Arredondo Vaquera Antonio<\/a><\/strong><\/span><\/li>\n<li><span style=\"color: #3366ff;\"><strong><a style=\"color: #3366ff;\" href=\"https:\/\/www.fresnillo.gob.mx\/wp-content\/uploads\/2021\/07\/12.-Avila-Barrientos-Octavio-Rene.pdf\">\u00c1vila Barrientos Octavio Ren\u00e9<\/a><\/strong><\/span><\/li>\n<li><span style=\"color: #3366ff;\"><strong><a style=\"color: #3366ff;\" href=\"https:\/\/www.fresnillo.gob.mx\/wp-content\/uploads\/2021\/07\/13.-Avila-Garcia-Maria-Elena.pdf\">\u00c1vila Garc\u00eda Mar\u00eda Elena<\/a><\/strong><\/span><\/li>\n<li><span style=\"color: #3366ff;\"><strong><a style=\"color: #3366ff;\" href=\"https:\/\/www.fresnillo.gob.mx\/wp-content\/uploads\/2021\/07\/14.-Baltazar-Carranza-Erick-Hernan.pdf\">Baltazar Carranza Erick Hern\u00e1n<\/a><\/strong><\/span><\/li>\n<li><span style=\"color: #3366ff;\"><strong><a style=\"color: #3366ff;\" href=\"https:\/\/www.fresnillo.gob.mx\/wp-content\/uploads\/2021\/07\/15.-Barajas-de-la-Rosa-Elizabeth.pdf\">Barajas de la Rosa Elizabeth<\/a><\/strong><\/span><\/li>\n<li><span style=\"color: #3366ff;\"><strong><a style=\"color: #3366ff;\" href=\"https:\/\/www.fresnillo.gob.mx\/wp-content\/uploads\/2021\/07\/17.-Caldera-Valtierra-Anacleto-Manuel.pdf\">Caldera Valtierra Anacleto Manuel<\/a><\/strong><\/span><\/li>\n<li><span style=\"color: #3366ff;\"><strong><a style=\"color: #3366ff;\" href=\"https:\/\/www.fresnillo.gob.mx\/wp-content\/uploads\/2021\/07\/18.-Caldera-Valtierra-Fernando.pdf\">Caldera Valtierra Fernando<\/a><\/strong><\/span><\/li>\n<li><span style=\"color: #3366ff;\"><strong><a style=\"color: #3366ff;\" href=\"https:\/\/www.fresnillo.gob.mx\/wp-content\/uploads\/2021\/07\/19.-Caldera-Valtierra-J.-Primitivo.pdf\">Caldera Valtierra J. Primitivo<\/a><\/strong><\/span><\/li>\n<li><span style=\"color: #3366ff;\"><a style=\"color: #3366ff;\" href=\"https:\/\/www.fresnillo.gob.mx\/wp-content\/uploads\/2021\/07\/20.-Campos-Nunez-Gerardo.pdf\"><b>Campos <\/b><b>N\u00fa\u00f1ez<\/b><b>\u00a0Gerardo<\/b><\/a><\/span><\/li>\n<li><span style=\"color: #3366ff;\"><strong><a style=\"color: #3366ff;\" href=\"https:\/\/www.fresnillo.gob.mx\/wp-content\/uploads\/2021\/07\/21.-Cardona-Rodriguez-Manuel.pdf\">Cardona Rodr\u00edguez Manuel<\/a><\/strong><\/span><\/li>\n<li><span style=\"color: #3366ff;\"><strong><a style=\"color: #3366ff;\" href=\"https:\/\/www.fresnillo.gob.mx\/wp-content\/uploads\/2021\/07\/22.-Carrillo-Blanco-Miriam-Yolanda.pdf\">Carrillo Blanco Miriam Yolanda<\/a><\/strong><\/span><\/li>\n<li><span style=\"color: #3366ff;\"><strong><a style=\"color: #3366ff;\" href=\"https:\/\/www.fresnillo.gob.mx\/wp-content\/uploads\/2021\/07\/23.-Casarez-Espinoza-Prisciliano.pdf\">C\u00e1sarez Espinoza Prisciliano<\/a><\/strong><\/span><\/li>\n<li><span style=\"color: #3366ff;\"><strong><a style=\"color: #3366ff;\" href=\"https:\/\/www.fresnillo.gob.mx\/wp-content\/uploads\/2021\/07\/24.-Casas-Avila-Jose-Guillermo.pdf\">Casas \u00c1vila Jos\u00e9 Guillermo<\/a><\/strong><\/span><\/li>\n<li><span style=\"color: #3366ff;\"><strong><a style=\"color: #3366ff;\" href=\"https:\/\/www.fresnillo.gob.mx\/wp-content\/uploads\/2021\/07\/25.-Castorena-Lopez-Alfredo.pdf\">Castorena L\u00f3pez Alfredo<\/a><\/strong><\/span><\/li>\n<li><span style=\"color: #3366ff;\"><strong><a style=\"color: #3366ff;\" href=\"https:\/\/www.fresnillo.gob.mx\/wp-content\/uploads\/2021\/07\/26.-Castorena-Lopez-Ricardo.pdf\">Castorena L\u00f3pez Ricardo<\/a><\/strong><\/span><\/li>\n<li><span style=\"color: #3366ff;\"><strong><a style=\"color: #3366ff;\" href=\"https:\/\/www.fresnillo.gob.mx\/wp-content\/uploads\/2021\/07\/27.-Castorena-Segovia-Joel-Alfredo.pdf\">Castorena Segovia Joel Alfredo<\/a><\/strong><\/span><\/li>\n<li><span style=\"color: #3366ff;\"><strong><a style=\"color: #3366ff;\" href=\"https:\/\/www.fresnillo.gob.mx\/wp-content\/uploads\/2021\/07\/28.-Ceballos-Flores-Juan-Jose.pdf\">Ceballos Flores Juan Jos\u00e9<\/a><\/strong><\/span><\/li>\n<li><span style=\"color: #3366ff;\"><strong><a style=\"color: #3366ff;\" href=\"https:\/\/www.fresnillo.gob.mx\/wp-content\/uploads\/2021\/07\/29.-Chairez-Rodriguez-Arturo.pdf\">Chairez Rodr\u00edguez Arturo<\/a><\/strong><\/span><\/li>\n<li><span style=\"color: #3366ff;\"><strong><a style=\"color: #3366ff;\" href=\"https:\/\/www.fresnillo.gob.mx\/wp-content\/uploads\/2021\/07\/30.-Cid-Garcia-Adriana.pdf\">Cid Garc\u00eda Adriana<\/a><\/strong><\/span><\/li>\n<li><span style=\"color: #3366ff;\"><strong><a style=\"color: #3366ff;\" href=\"https:\/\/www.fresnillo.gob.mx\/wp-content\/uploads\/2021\/07\/31.-Collazo-Salas-Jorge-Luis.pdf\">Collazo Salas Jorge Luis<\/a><\/strong><\/span><\/li>\n<li><span style=\"color: #3366ff;\"><strong><a style=\"color: #3366ff;\" href=\"https:\/\/www.fresnillo.gob.mx\/wp-content\/uploads\/2021\/07\/32.-Cortes-Navarro-Pedro.pdf\">Cort\u00e9s Navarro Pedro<\/a><\/strong><\/span><\/li>\n<li><span style=\"color: #3366ff;\"><strong><a style=\"color: #3366ff;\" href=\"https:\/\/www.fresnillo.gob.mx\/wp-content\/uploads\/2021\/07\/33.-Cruz-Hernandez-Alejandro.pdf\">Cruz Hern\u00e1ndez Alejandro<\/a><\/strong><\/span><\/li>\n<li><span style=\"color: #3366ff;\"><a style=\"color: #3366ff;\" href=\"https:\/\/www.fresnillo.gob.mx\/wp-content\/uploads\/2021\/07\/34.-Cruz-Lopez-Jose-Matilde.pdf\"><b>Cruz L\u00f3pez <\/b><b>Jos\u00e9<\/b><b>\u00a0Matilde<\/b><\/a><\/span><\/li>\n<li><span style=\"color: #3366ff;\"><strong><a style=\"color: #3366ff;\" href=\"https:\/\/www.fresnillo.gob.mx\/wp-content\/uploads\/2021\/07\/35.-De-Leon-Pinales-Adriana.pdf\">De Le\u00f3n Pinales Adriana<\/a><\/strong><\/span><\/li>\n<li><span style=\"color: #3366ff;\"><strong><a style=\"color: #3366ff;\" href=\"https:\/\/www.fresnillo.gob.mx\/wp-content\/uploads\/2021\/07\/36.-Del-Muro-Macias-Rosalba.pdf\">Del Muro Mac\u00edas Rosalba<\/a><\/strong><\/span><\/li>\n<li><span style=\"color: #3366ff;\"><strong><a style=\"color: #3366ff;\" href=\"https:\/\/www.fresnillo.gob.mx\/wp-content\/uploads\/2021\/07\/37.-Delgado-Pacheco-Miguel-Angel.pdf\">Delgado Pacheco Miguel\u00a0<\/a><\/strong><\/span><span style=\"color: #3366ff;\"><b><u>\u00c1ngel<\/u><\/b><\/span><\/li>\n<li><span style=\"color: #3366ff;\"><strong><a style=\"color: #3366ff;\" href=\"https:\/\/www.fresnillo.gob.mx\/wp-content\/uploads\/2021\/07\/38.-Diaz-Lopez-Ma.-Elena.pdf\">D\u00edaz L\u00f3pez Ma. Elena<\/a><\/strong><\/span><\/li>\n<li><span style=\"color: #3366ff;\"><strong><a style=\"color: #3366ff;\" href=\"https:\/\/www.fresnillo.gob.mx\/wp-content\/uploads\/2021\/07\/39.-Dominguez-Ortega-Jorge-Alberto.pdf\">Dom\u00ednguez Ortega Jorge Alberto<\/a><\/strong><\/span><\/li>\n<li><span style=\"color: #3366ff;\"><strong><a style=\"color: #3366ff;\" href=\"https:\/\/www.fresnillo.gob.mx\/wp-content\/uploads\/2021\/07\/40.-Elizalde-Torres-Ma.-Guadalupe.pdf\">Elizalde Torres Maria Guadalupe<\/a><\/strong><\/span><\/li>\n<li><span style=\"color: #3366ff;\"><a style=\"color: #3366ff;\" href=\"https:\/\/www.fresnillo.gob.mx\/wp-content\/uploads\/2021\/07\/41.-Escobar-Ibarra-Jose-Luis.pdf\"><b>Escobar Ibarra <\/b><b>Jos\u00e9<\/b><b>\u00a0Luis<\/b><\/a><\/span><\/li>\n<li><span style=\"color: #3366ff;\"><strong><a style=\"color: #3366ff;\" href=\"https:\/\/www.fresnillo.gob.mx\/wp-content\/uploads\/2021\/07\/42.-Escobedo-Hernandez-Felipe-de-Jesus.pdf\">Escobedo Hern\u00e1ndez Felipe de Jes\u00fas<\/a><\/strong><\/span><\/li>\n<li><span style=\"color: #3366ff;\"><strong><a style=\"color: #3366ff;\" href=\"https:\/\/www.fresnillo.gob.mx\/wp-content\/uploads\/2021\/07\/43.-Esparza-Munoz-Zacarias.pdf\">Esparza Mu\u00f1oz Zacar\u00edas<\/a><\/strong><\/span><\/li>\n<li><span style=\"color: #3366ff;\"><strong><a style=\"color: #3366ff;\" href=\"https:\/\/www.fresnillo.gob.mx\/wp-content\/uploads\/2021\/07\/44.-Espinoza-Garcia-Juan-Jose.pdf\">Espinoza Garc\u00eda Juan Jos\u00e9<\/a><\/strong><\/span><\/li>\n<li><span style=\"color: #3366ff;\"><strong><a style=\"color: #3366ff;\" href=\"https:\/\/www.fresnillo.gob.mx\/wp-content\/uploads\/2021\/07\/45.-Fernandez-Roman-Dulce-Maria.pdf\">Fern\u00e1ndez Rom\u00e1n Dulce Mar\u00eda<\/a><\/strong><\/span><\/li>\n<li><span style=\"color: #3366ff;\"><strong><a style=\"color: #3366ff;\" href=\"https:\/\/www.fresnillo.gob.mx\/wp-content\/uploads\/2021\/07\/46.-Flores-Dorado-Francisco.pdf\">Flores Dorado Francisco<\/a><\/strong><\/span><\/li>\n<li><span style=\"color: #3366ff;\"><strong><a style=\"color: #3366ff;\" href=\"https:\/\/www.fresnillo.gob.mx\/wp-content\/uploads\/2021\/07\/47.-Franco-Maldonado-Rodolfo.pdf\">Franco Maldonado Rodolfo<\/a><\/strong><\/span><\/li>\n<li><span style=\"color: #3366ff;\"><strong><a style=\"color: #3366ff;\" href=\"https:\/\/www.fresnillo.gob.mx\/wp-content\/uploads\/2021\/07\/48.-Galvan-Cervantes-Ma.-del-Refugio.pdf\">Galv\u00e1n Cervantes Ma. del Refugio<\/a><\/strong><\/span><\/li>\n<li><span style=\"color: #3366ff;\"><strong><a style=\"color: #3366ff;\" href=\"https:\/\/www.fresnillo.gob.mx\/wp-content\/uploads\/2021\/07\/49.-Galvan-Fuentes-Guadalupe.pdf\">Galv\u00e1n Fuentes Guadalupe<\/a><\/strong><\/span><\/li>\n<li><span style=\"color: #3366ff;\"><strong><a style=\"color: #3366ff;\" href=\"https:\/\/www.fresnillo.gob.mx\/wp-content\/uploads\/2021\/07\/50.-Galvan-Jimenez-Jesus.pdf\">Galv\u00e1n Jim\u00e9nez Jes\u00fas<\/a><\/strong><\/span><\/li>\n<li><span style=\"color: #3366ff;\"><strong><a style=\"color: #3366ff;\" href=\"https:\/\/www.fresnillo.gob.mx\/wp-content\/uploads\/2021\/07\/51.-Garcia-Lozano-Irving-Manuel.pdf\">Garc\u00eda Lozano Irving Manuel<\/a><\/strong><\/span><\/li>\n<li><span style=\"color: #3366ff;\"><strong><a style=\"color: #3366ff;\" href=\"https:\/\/www.fresnillo.gob.mx\/wp-content\/uploads\/2021\/07\/52.-Garcia-Martinez-Ma.-de-Jesus.pdf\">Garc\u00eda Mart\u00ednez Ma. de Jes\u00fas<\/a><\/strong><\/span><\/li>\n<li><span style=\"color: #3366ff;\"><strong><a style=\"color: #3366ff;\" href=\"https:\/\/www.fresnillo.gob.mx\/wp-content\/uploads\/2021\/07\/53.-Garcia-Nery-Juana-Maria.pdf\">Garc\u00eda Nery Juana Mar\u00eda<\/a><\/strong><\/span><\/li>\n<li><span style=\"color: #3366ff;\"><strong><a style=\"color: #3366ff;\" href=\"https:\/\/www.fresnillo.gob.mx\/wp-content\/uploads\/2021\/07\/54.-Gaucin-Hernandez-Ma.-de-la-Luz.pdf\">Gauc\u00edn Hern\u00e1ndez Ma. de la Luz<\/a><\/strong><\/span><\/li>\n<li><span style=\"color: #3366ff;\"><strong><a style=\"color: #3366ff;\" href=\"https:\/\/www.fresnillo.gob.mx\/wp-content\/uploads\/2021\/07\/55.-Gaytan-del-Rio-Martha.pdf\">Gayt\u00e1n del R\u00edo Martha<\/a><\/strong><\/span><\/li>\n<li><span style=\"color: #3366ff;\"><strong><a style=\"color: #3366ff;\" href=\"https:\/\/www.fresnillo.gob.mx\/wp-content\/uploads\/2021\/07\/56.-Gaytan-Morales-Martin.pdf\">Gayt\u00e1n Morales Mart\u00edn<\/a><\/strong><\/span><\/li>\n<li><span style=\"color: #3366ff;\"><strong><a style=\"color: #3366ff;\" href=\"https:\/\/www.fresnillo.gob.mx\/wp-content\/uploads\/2021\/07\/57.-Gonzalez-Bernal-Marco-Antonio.pdf\">Gonz\u00e1lez Bernal Marco Antonio<\/a><\/strong><\/span><\/li>\n<li><span style=\"color: #3366ff;\"><strong><a style=\"color: #3366ff;\" href=\"https:\/\/www.fresnillo.gob.mx\/wp-content\/uploads\/2021\/07\/58.-Gonzalez-Luevano-Manuel.pdf\">Gonz\u00e1lez Lu\u00e9vano Manuel<\/a><\/strong><\/span><\/li>\n<li><span style=\"color: #3366ff;\"><strong><a style=\"color: #3366ff;\" href=\"https:\/\/www.fresnillo.gob.mx\/wp-content\/uploads\/2021\/07\/59.-Gonzalez-Tapia-Teodoro.pdf\">Gonz\u00e1lez Tapia Teodoro<\/a><\/strong><\/span><\/li>\n<li><span style=\"color: #3366ff;\"><strong><a style=\"color: #3366ff;\" href=\"https:\/\/www.fresnillo.gob.mx\/wp-content\/uploads\/2021\/07\/60.-Gordoa-Rocha-Maria-de-la-Luz.pdf\">Gordoa Rocha Mar\u00eda de la Luz<\/a><\/strong><\/span><\/li>\n<li><span style=\"color: #3366ff;\"><strong><a style=\"color: #3366ff;\" href=\"https:\/\/www.fresnillo.gob.mx\/wp-content\/uploads\/2021\/07\/61.-Gutierrez-Castro-Arturo.pdf\">Guti\u00e9rrez Castro Arturo<\/a><\/strong><\/span><\/li>\n<li><span style=\"color: #3366ff;\"><strong><a style=\"color: #3366ff;\" href=\"https:\/\/www.fresnillo.gob.mx\/wp-content\/uploads\/2021\/07\/62.-Gutierrez-Valdez-Luis-Eduardo.pdf\">Guti\u00e9rrez Vald\u00e9z Luis Eduardo<\/a><\/strong><\/span><\/li>\n<li><span style=\"color: #3366ff;\"><strong><a style=\"color: #3366ff;\" href=\"https:\/\/www.fresnillo.gob.mx\/wp-content\/uploads\/2021\/07\/63.-Gutierrez-Amaro-Antonio.pdf\">Guti\u00e9rrez Amaro Antonio<\/a><\/strong><\/span><\/li>\n<li><span style=\"color: #3366ff;\"><a style=\"color: #3366ff;\" href=\"https:\/\/www.fresnillo.gob.mx\/wp-content\/uploads\/2021\/07\/64.-Guzman-Banuelos-Angel-Humberto.pdf\"><b>Guzm\u00e1n Ba\u00f1uelos <\/b><b>\u00c1ngel<\/b><b>\u00a0Humberto<\/b><\/a><\/span><\/li>\n<li><span style=\"color: #3366ff;\"><strong><a style=\"color: #3366ff;\" href=\"https:\/\/www.fresnillo.gob.mx\/wp-content\/uploads\/2021\/07\/65.-Hernandez-Devora-Jose-Luis.pdf\">Hern\u00e1ndez D\u00e9vora Jos\u00e9 Luis<\/a><\/strong><\/span><\/li>\n<li><span style=\"color: #3366ff;\"><strong><a style=\"color: #3366ff;\" href=\"https:\/\/www.fresnillo.gob.mx\/wp-content\/uploads\/2021\/07\/66.-Hernandez-Gonzalez-Fatima-Elizabeth.pdf\">Hern\u00e1ndez Gonz\u00e1lez F\u00e1tima Elizabeth<\/a><\/strong><\/span><\/li>\n<li><span style=\"color: #3366ff;\"><strong><a style=\"color: #3366ff;\" href=\"https:\/\/www.fresnillo.gob.mx\/wp-content\/uploads\/2021\/07\/67.-Hernandez-Vazquez-Patricia.pdf\">Hern\u00e1ndez V\u00e1zquez Patricia<\/a><\/strong><\/span><\/li>\n<li><span style=\"color: #3366ff;\"><strong><a style=\"color: #3366ff;\" href=\"https:\/\/www.fresnillo.gob.mx\/wp-content\/uploads\/2021\/07\/68.-Herrera-Arellano-Leonardo-Cutberto.pdf\">Herrera Arellano Leonardo Cutberto<\/a><\/strong><\/span><\/li>\n<li><span style=\"color: #3366ff;\"><strong><a style=\"color: #3366ff;\" href=\"https:\/\/www.fresnillo.gob.mx\/wp-content\/uploads\/2021\/07\/69.-Herrera-Arroyo-Jorge-Enrique.pdf\">Herrera Arroyo Jorge Enrique<\/a><\/strong><\/span><\/li>\n<li><span style=\"color: #3366ff;\"><strong><a style=\"color: #3366ff;\" href=\"https:\/\/www.fresnillo.gob.mx\/wp-content\/uploads\/2021\/07\/70.-Ibarra-Almanza-Cesar.pdf\">Ibarra Almanza C\u00e9sar<\/a><\/strong><\/span><\/li>\n<li><span style=\"color: #3366ff;\"><strong><a style=\"color: #3366ff;\" href=\"https:\/\/www.fresnillo.gob.mx\/wp-content\/uploads\/2021\/07\/71.-Ibarra-Lopez-Sergio.pdf\">Ibarra L\u00f3pez Sergio<\/a><\/strong><\/span><\/li>\n<li><span style=\"color: #3366ff;\"><strong><a style=\"color: #3366ff;\" href=\"https:\/\/www.fresnillo.gob.mx\/wp-content\/uploads\/2021\/07\/72.-Jara-Montellano-Rodolfo.pdf\">Jara Montellano Rodolfo<\/a><\/strong><\/span><\/li>\n<li><span style=\"color: #3366ff;\"><strong><a style=\"color: #3366ff;\" href=\"https:\/\/www.fresnillo.gob.mx\/wp-content\/uploads\/2021\/07\/73.-Jasso-Flores-Rafael.pdf\">Jasso Flores Rafael<\/a><\/strong><\/span><\/li>\n<li><span style=\"color: #3366ff;\"><strong><a style=\"color: #3366ff;\" href=\"https:\/\/www.fresnillo.gob.mx\/wp-content\/uploads\/2021\/07\/74.-Jimenez-Campos-Ma.-del-Carmen.pdf\">Jim\u00e9nez Campos Ma. del Carmen<\/a><\/strong><\/span><\/li>\n<li><span style=\"color: #3366ff;\"><strong><a style=\"color: #3366ff;\" href=\"https:\/\/www.fresnillo.gob.mx\/wp-content\/uploads\/2021\/07\/75.-Jimenez-Chavez-Ruben.pdf\">Jim\u00e9nez Ch\u00e1vez Rub\u00e9n<\/a><\/strong><\/span><\/li>\n<li><span style=\"color: #3366ff;\"><strong><a style=\"color: #3366ff;\" href=\"https:\/\/www.fresnillo.gob.mx\/wp-content\/uploads\/2021\/07\/76.-Jimenez-Contreras-Miguel-Angel.pdf\">Jim\u00e9nez Contreras Miguel\u00a0<\/a><\/strong><\/span><span style=\"color: #3366ff;\"><b><u>\u00c1ngel<\/u><\/b><\/span><\/li>\n<li><span style=\"color: #3366ff;\"><strong><a style=\"color: #3366ff;\" href=\"https:\/\/www.fresnillo.gob.mx\/wp-content\/uploads\/2021\/07\/77.-Jimenez-Pitones-Sergio.pdf\">Jim\u00e9nez Pitones Sergio<\/a><\/strong><\/span><\/li>\n<li><span style=\"color: #3366ff;\"><strong><a style=\"color: #3366ff;\" href=\"https:\/\/www.fresnillo.gob.mx\/wp-content\/uploads\/2021\/07\/78.-Juarez-Aldaba-Rosa-Maria.pdf\">Ju\u00e1rez Aldaba Rosa Mar\u00eda<\/a><\/strong><\/span><\/li>\n<li><span style=\"color: #3366ff;\"><strong><a style=\"color: #3366ff;\" href=\"https:\/\/www.fresnillo.gob.mx\/wp-content\/uploads\/2021\/07\/79.-Lara-Rayzola-Julio-Cesar.pdf\">Lara Rayzola Julio C\u00e9sar<\/a><\/strong><\/span><\/li>\n<li><span style=\"color: #3366ff;\"><strong><a style=\"color: #3366ff;\" href=\"https:\/\/www.fresnillo.gob.mx\/wp-content\/uploads\/2021\/07\/80.-Laredo-Ramos-Juan-Carlos.pdf\">Laredo Ramos Juan Carlos<\/a><\/strong><\/span><\/li>\n<li><span style=\"color: #3366ff;\"><strong>Loera L\u00f3pez Juan Manuel<\/strong><\/span><\/li>\n<li><span style=\"color: #3366ff;\"><strong><a style=\"color: #3366ff;\" href=\"https:\/\/www.fresnillo.gob.mx\/wp-content\/uploads\/2021\/07\/81.-Lomeli-Magallanes-Manuel.pdf\">Lomel\u00ed Magallanes Manuel<\/a><\/strong><\/span><\/li>\n<li><span style=\"color: #3366ff;\"><strong><a style=\"color: #3366ff;\" href=\"https:\/\/www.fresnillo.gob.mx\/wp-content\/uploads\/2021\/07\/82.-Lopez-Gamez-J.-Jesus.pdf\">L\u00f3pez G\u00e1mez J. Jes\u00fas<\/a><\/strong><\/span><\/li>\n<li><span style=\"color: #3366ff;\"><strong><a style=\"color: #3366ff;\" href=\"https:\/\/www.fresnillo.gob.mx\/wp-content\/uploads\/2021\/07\/83.-Lopez-Santos-Carolina.pdf\">L\u00f3pez Santos Carolina<\/a><\/strong><\/span><\/li>\n<li><span style=\"color: #3366ff;\"><strong><a style=\"color: #3366ff;\" href=\"https:\/\/www.fresnillo.gob.mx\/wp-content\/uploads\/2021\/07\/84.-Luna-Santacruz-Laura-Elena.pdf\">Luna Santacruz Laura Elena<\/a><\/strong><\/span><\/li>\n<li><span style=\"color: #3366ff;\"><strong><a style=\"color: #3366ff;\" href=\"https:\/\/www.fresnillo.gob.mx\/wp-content\/uploads\/2021\/07\/85.-Luna-Vazquez-Gabriela.pdf\">Luna V\u00e1zquez Gabriela<\/a><\/strong><\/span><\/li>\n<li><span style=\"color: #3366ff;\"><strong><a style=\"color: #3366ff;\" href=\"https:\/\/www.fresnillo.gob.mx\/wp-content\/uploads\/2021\/07\/86.-Magallanes-Avila-Cristina-Auristela.pdf\">Magallanes Avila Cristina Auristela<\/a><\/strong><\/span><\/li>\n<li><span style=\"color: #3366ff;\"><strong><a style=\"color: #3366ff;\" href=\"https:\/\/www.fresnillo.gob.mx\/wp-content\/uploads\/2021\/07\/87.-Maldonado-Diaz-Jorge-David.pdf\">Maldonado D\u00edaz Jorge David<\/a><\/strong><\/span><\/li>\n<li><span style=\"color: #3366ff;\"><strong><a style=\"color: #3366ff;\" href=\"https:\/\/www.fresnillo.gob.mx\/wp-content\/uploads\/2021\/07\/88.-Maldonado-Sanchez-Rosa-Maria.pdf\">Maldonado S\u00e1nchez Rosa Mar\u00eda<\/a><\/strong><\/span><\/li>\n<li><span style=\"color: #3366ff;\"><strong><a style=\"color: #3366ff;\" href=\"https:\/\/www.fresnillo.gob.mx\/wp-content\/uploads\/2021\/07\/89.-Marquez-Rocha-Gabriela.pdf\">M\u00e1rquez Rocha Gabriela<\/a><\/strong><\/span><\/li>\n<li><span style=\"color: #3366ff;\"><strong><a style=\"color: #3366ff;\" href=\"https:\/\/www.fresnillo.gob.mx\/wp-content\/uploads\/2021\/07\/90.-Marquez-Valtierra-Rafael.pdf\"> M\u00e1rquez Valtierra Rafael<\/a><\/strong><\/span><\/li>\n<li><span style=\"color: #3366ff;\"><strong><a style=\"color: #3366ff;\" href=\"https:\/\/www.fresnillo.gob.mx\/wp-content\/uploads\/2021\/07\/91.-Martinez-Alonso-Erica.pdf\">Mart\u00ednez Alonso Erica<\/a><\/strong><\/span><\/li>\n<li><span style=\"color: #3366ff;\"><strong><a style=\"color: #3366ff;\" href=\"https:\/\/www.fresnillo.gob.mx\/wp-content\/uploads\/2021\/07\/92.-Martinez-Jaramillo-Ricardo-Guadalupe.pdf\">Mart\u00ednez Jaramillo Ricardo Guadalupe<\/a><\/strong><\/span><\/li>\n<li><span style=\"color: #3366ff;\"><strong><a style=\"color: #3366ff;\" href=\"https:\/\/www.fresnillo.gob.mx\/wp-content\/uploads\/2021\/07\/93.-Martinez-Martinez-J.-Guadalupe.pdf\">Mart\u00ednez Mart\u00ednez J. Guadalupe<\/a><\/strong><\/span><\/li>\n<li><span style=\"color: #3366ff;\"><strong><a style=\"color: #3366ff;\" href=\"https:\/\/www.fresnillo.gob.mx\/wp-content\/uploads\/2021\/07\/94.-Medina-Ruiz-Joaquin.pdf\">Medina Ruiz Joaqu\u00edn<\/a><\/strong><\/span><\/li>\n<li><span style=\"color: #3366ff;\"><strong><a style=\"color: #3366ff;\" href=\"https:\/\/www.fresnillo.gob.mx\/wp-content\/uploads\/2021\/07\/95.-Medrano-Omar.pdf\">Medrano Omar<\/a><\/strong><\/span><\/li>\n<li><span style=\"color: #3366ff;\"><strong><a style=\"color: #3366ff;\" href=\"https:\/\/www.fresnillo.gob.mx\/wp-content\/uploads\/2021\/07\/96.-Menchaca-Vaquera-Gloria.pdf\">Menchaca Vaquera Gloria<\/a><\/strong><\/span><\/li>\n<li><span style=\"color: #3366ff;\"><strong><a style=\"color: #3366ff;\" href=\"https:\/\/www.fresnillo.gob.mx\/wp-content\/uploads\/2021\/07\/97.-Mendoza-Ledesma-Dulce-Denisse.pdf\">Mendoza Ledesma Dulce Denisse<\/a><\/strong><\/span><\/li>\n<li><span style=\"color: #3366ff;\"><strong><a style=\"color: #3366ff;\" href=\"https:\/\/www.fresnillo.gob.mx\/wp-content\/uploads\/2021\/07\/98.-Mendoza-Perales-Esteban.pdf\">Mendoza Perales Esteban<\/a><\/strong><\/span><\/li>\n<li><span style=\"color: #3366ff;\"><strong><a style=\"color: #3366ff;\" href=\"https:\/\/www.fresnillo.gob.mx\/wp-content\/uploads\/2021\/07\/99.-Meza-Menchaca-Diana-Odette.pdf\">Meza Menchaca Diana Odette<\/a><\/strong><\/span><\/li>\n<li><span style=\"color: #3366ff;\"><strong><a style=\"color: #3366ff;\" href=\"https:\/\/www.fresnillo.gob.mx\/wp-content\/uploads\/2021\/07\/100.-Meza-Torres-Anabel.pdf\">Meza Torres Anabel<\/a><\/strong><\/span><\/li>\n<li><span style=\"color: #3366ff;\"><strong><a style=\"color: #3366ff;\" href=\"https:\/\/www.fresnillo.gob.mx\/wp-content\/uploads\/2021\/07\/101.-Monreal-Herrera-Argery-Emmanuel.pdf\"> Monreal Herrera Argery Emmanuel<\/a><\/strong><\/span><\/li>\n<li><span style=\"color: #3366ff;\"><strong><a style=\"color: #3366ff;\" href=\"https:\/\/www.fresnillo.gob.mx\/wp-content\/uploads\/2021\/07\/102.-Monreal-Martinez-Andres-Ismael.pdf\"> Monreal Mart\u00ednez Andr\u00e9s Ismael<\/a><\/strong><\/span><\/li>\n<li><span style=\"color: #3366ff;\"><strong><a style=\"color: #3366ff;\" href=\"https:\/\/www.fresnillo.gob.mx\/wp-content\/uploads\/2021\/07\/103.-Monreal-Moreno-Saul.pdf\"> Monreal Moreno Sa\u00fal<\/a><\/strong><\/span><\/li>\n<li><span style=\"color: #3366ff;\"><a style=\"color: #3366ff;\" href=\"https:\/\/www.fresnillo.gob.mx\/wp-content\/uploads\/2021\/07\/104.-Morales-Avila-Blanca-Esthela.pdf\"><b>Morales <\/b><b>\u00c1vila<\/b><b>\u00a0Blanca Esthela<\/b><\/a><\/span><\/li>\n<li><span style=\"color: #3366ff;\"><strong><a style=\"color: #3366ff;\" href=\"https:\/\/www.fresnillo.gob.mx\/wp-content\/uploads\/2021\/07\/105.-Morales-Zavala-Juan-Manuel.pdf\"> Morales Zavala Juan Manuel<\/a><\/strong><\/span><\/li>\n<li><span style=\"color: #3366ff;\"><strong><a style=\"color: #3366ff;\" href=\"https:\/\/www.fresnillo.gob.mx\/wp-content\/uploads\/2021\/07\/106.-Munoz-Macias-Sergio.pdf\"> Mu\u00f1oz Mac\u00edas Sergio<\/a><\/strong><\/span><\/li>\n<li><span style=\"color: #3366ff;\"><strong><a style=\"color: #3366ff;\" href=\"https:\/\/www.fresnillo.gob.mx\/wp-content\/uploads\/2021\/07\/107.-Munoz-Mena-Maria-Liliana.pdf\">Mu\u00f1oz Mena Mar\u00eda Liliana<\/a><\/strong><\/span><\/li>\n<li><span style=\"color: #3366ff;\"><strong><a style=\"color: #3366ff;\" href=\"https:\/\/www.fresnillo.gob.mx\/wp-content\/uploads\/2021\/07\/108.-Munoz-Nieto-Maricela.pdf\">Mu\u00f1oz Nieto Maricela<\/a><\/strong><\/span><\/li>\n<li><span style=\"color: #3366ff;\"><strong><a style=\"color: #3366ff;\" href=\"https:\/\/www.fresnillo.gob.mx\/wp-content\/uploads\/2021\/07\/109.-Navarrete-Hernandez-Miguel-Angel.pdf\">Navarrete Hern\u00e1ndez Miguel Angel<\/a><\/strong><\/span><\/li>\n<li><span style=\"color: #3366ff;\"><strong><a style=\"color: #3366ff;\" href=\"https:\/\/www.fresnillo.gob.mx\/wp-content\/uploads\/2021\/07\/110.-Navarro-Alvarado-Daniela.pdf\">Navarro Alvarado Daniela<\/a><\/strong><\/span><\/li>\n<li><span style=\"color: #3366ff;\"><strong><a style=\"color: #3366ff;\" href=\"https:\/\/www.fresnillo.gob.mx\/wp-content\/uploads\/2021\/07\/111.-Nicolat-Gracia-Elizabeth.pdf\">Nicolat Gracia Elizabeth<\/a><\/strong><\/span><\/li>\n<li><span style=\"color: #3366ff;\"><strong><a style=\"color: #3366ff;\" href=\"https:\/\/www.fresnillo.gob.mx\/wp-content\/uploads\/2021\/07\/112.-Ojeda-Cruz-Jorge.pdf\">Ojeda Cruz Jorge<\/a><\/strong><\/span><\/li>\n<li><span style=\"color: #3366ff;\"><strong><a style=\"color: #3366ff;\" href=\"https:\/\/www.fresnillo.gob.mx\/wp-content\/uploads\/2021\/07\/113.-Olivarez-Ramos-Noe.pdf\">Olivarez Ramos Noe<\/a><\/strong><\/span><\/li>\n<li><span style=\"color: #3366ff;\"><strong><a style=\"color: #3366ff;\" href=\"https:\/\/www.fresnillo.gob.mx\/wp-content\/uploads\/2021\/07\/114.-Ornelas-Ortiz-Adriana-Jazmin.pdf\">Ornelas Ortiz Adriana Jazmin<\/a><\/strong><\/span><\/li>\n<li><span style=\"color: #3366ff;\"><strong><a style=\"color: #3366ff;\" href=\"https:\/\/www.fresnillo.gob.mx\/wp-content\/uploads\/2021\/07\/115.-Ortega-Juarez-Biriviana.pdf\">Ortega Ju\u00e1rez Biriviana<\/a><\/strong><\/span><\/li>\n<li><span style=\"color: #3366ff;\"><strong><a style=\"color: #3366ff;\" href=\"https:\/\/www.fresnillo.gob.mx\/wp-content\/uploads\/2021\/07\/116.-Ovalle-Rodriguez-Julio-Cesar.pdf\">Ovalle Rodr\u00edguez Julio C\u00e9sar<\/a><\/strong><\/span><\/li>\n<li><span style=\"color: #3366ff;\"><strong><a style=\"color: #3366ff;\" href=\"https:\/\/www.fresnillo.gob.mx\/wp-content\/uploads\/2021\/07\/117.-Pacheco-Lazalde-Fidel.pdf\">Pacheco Lazalde Fidel<\/a><\/strong><\/span><\/li>\n<li><span style=\"color: #3366ff;\"><strong><a style=\"color: #3366ff;\" href=\"https:\/\/www.fresnillo.gob.mx\/wp-content\/uploads\/2021\/07\/118.-Palacios-Hernandez-Claudia-Isabel.pdf\">Palacios Hern\u00e1ndez Claudia Isabel<\/a><\/strong><\/span><\/li>\n<li><span style=\"color: #3366ff;\"><strong><a style=\"color: #3366ff;\" href=\"https:\/\/www.fresnillo.gob.mx\/wp-content\/uploads\/2021\/07\/119.-Perez-Perez-Alejandra.pdf\">P\u00e9rez P\u00e9rez Alejandra<\/a><\/strong><\/span><\/li>\n<li><span style=\"color: #3366ff;\"><strong><a style=\"color: #3366ff;\" href=\"https:\/\/www.fresnillo.gob.mx\/wp-content\/uploads\/2021\/07\/120.-Pichardo-Martinez-Diego.pdf\">Pichardo Mart\u00ednez Diego<\/a><\/strong><\/span><\/li>\n<li><span style=\"color: #3366ff;\"><strong><a style=\"color: #3366ff;\" href=\"https:\/\/www.fresnillo.gob.mx\/wp-content\/uploads\/2021\/07\/121.-Quintanar-Luna-Carlos.pdf\">Quintanar Luna Carlos<\/a><\/strong><\/span><\/li>\n<li><span style=\"color: #3366ff;\"><strong><a style=\"color: #3366ff;\" href=\"https:\/\/www.fresnillo.gob.mx\/wp-content\/uploads\/2021\/07\/122.-Quinones-Carrillo-Oscar-Arturo.pdf\">Qui\u00f1ones Carrillo Oscar Arturo<\/a><\/strong><\/span><\/li>\n<li><span style=\"color: #3366ff;\"><a style=\"color: #3366ff;\" href=\"https:\/\/www.fresnillo.gob.mx\/wp-content\/uploads\/2021\/07\/16.-Barrios-Gracia-Eduardo-Manuel.pdf\"><b>Ramos <\/b><b>Gracia<\/b><b>\u00a0Eduardo Manuel<\/b><\/a><\/span><\/li>\n<li><span style=\"color: #3366ff;\"><strong><a style=\"color: #3366ff;\" href=\"https:\/\/www.fresnillo.gob.mx\/wp-content\/uploads\/2021\/07\/123.-Rangel-Perez-David.pdf\">Rangel P\u00e9rez David<\/a><\/strong><\/span><\/li>\n<li><span style=\"color: #3366ff;\"><strong><a style=\"color: #3366ff;\" href=\"https:\/\/www.fresnillo.gob.mx\/wp-content\/uploads\/2021\/07\/124.-Rivas-Hernandez-Luis-Alfonso.pdf\">Rivas Hern\u00e1ndez Luis Alfonso<\/a><\/strong><\/span><\/li>\n<li><span style=\"color: #3366ff;\"><strong><a style=\"color: #3366ff;\" href=\"https:\/\/www.fresnillo.gob.mx\/wp-content\/uploads\/2021\/07\/125.-Rivera-Solis-M-Guadalupe.pdf\">Rivera Sol\u00eds M Guadalupe<\/a><\/strong><\/span><\/li>\n<li><span style=\"color: #3366ff;\"><strong><a style=\"color: #3366ff;\" href=\"https:\/\/www.fresnillo.gob.mx\/wp-content\/uploads\/2021\/07\/126.-Rodarte-Bernal-Eril-Alfredo.pdf\">Rodarte Bernal Erik Alfredo<\/a><\/strong><\/span><\/li>\n<li><span style=\"color: #3366ff;\"><strong><a style=\"color: #3366ff;\" href=\"https:\/\/www.fresnillo.gob.mx\/wp-content\/uploads\/2021\/07\/127.-Rodarte-Ramirez-Claudia-Isela.pdf\">Rodarte Ram\u00edrez Claudia Isela<\/a><\/strong><\/span><\/li>\n<li><span style=\"color: #3366ff;\"><strong><a style=\"color: #3366ff;\" href=\"https:\/\/www.fresnillo.gob.mx\/wp-content\/uploads\/2021\/07\/128.-Rodriguez-Beltran-Ma.-de-Jesus.pdf\">Rodr\u00edguez Beltr\u00e1n Ma. de Jes\u00fas<\/a><\/strong><\/span><\/li>\n<li><span style=\"color: #3366ff;\"><strong><a style=\"color: #3366ff;\" href=\"https:\/\/www.fresnillo.gob.mx\/wp-content\/uploads\/2021\/07\/129.-Rodriguez-Francisco-Javier.pdf\">Rodr\u00edguez Francisco Javier<\/a><\/strong><\/span><\/li>\n<li><span style=\"color: #3366ff;\"><strong><a style=\"color: #3366ff;\" href=\"https:\/\/www.fresnillo.gob.mx\/wp-content\/uploads\/2021\/07\/130.-Rodriguez-Martinez-Hector.pdf\">Rodr\u00edguez Mart\u00ednez H\u00e9ctor<\/a><\/strong><\/span><\/li>\n<li><span style=\"color: #3366ff;\"><strong><a style=\"color: #3366ff;\" href=\"https:\/\/www.fresnillo.gob.mx\/wp-content\/uploads\/2021\/07\/131.-Rodriguez-Ramirez-Carlos-Alejandro.pdf\">Rodr\u00edguez Ram\u00edrez Carlos Alejandro<\/a><\/strong><\/span><\/li>\n<li><span style=\"color: #3366ff;\"><b><u>Rodr\u00edguez<\/u><\/b><a style=\"color: #3366ff;\" href=\"https:\/\/www.fresnillo.gob.mx\/wp-content\/uploads\/2021\/07\/132.-Rodriguez-Ramiro.pdf\"> Ramiro<\/a><\/span><\/li>\n<li><span style=\"color: #3366ff;\"><strong><a style=\"color: #3366ff;\" href=\"https:\/\/www.fresnillo.gob.mx\/wp-content\/uploads\/2021\/07\/133.-Rodriguez-Rodriguez-Raquel.pdf\">Rodr\u00edguez Rodr\u00edguez Raquel<\/a><\/strong><\/span><\/li>\n<li><span style=\"color: #3366ff;\"><strong><a style=\"color: #3366ff;\" href=\"https:\/\/www.fresnillo.gob.mx\/wp-content\/uploads\/2021\/07\/134.-Rojas-Santacruz-Ma.-Santos.pdf\">Rojas Santacruz Ma. Santos<\/a><\/strong><\/span><\/li>\n<li><span style=\"color: #3366ff;\"><strong><a style=\"color: #3366ff;\" href=\"https:\/\/www.fresnillo.gob.mx\/wp-content\/uploads\/2021\/07\/135.-Roman-Tania-Selene.pdf\">Rom\u00e1n Tania Selene<\/a><\/strong><\/span><\/li>\n<li><span style=\"color: #3366ff;\"><strong><a style=\"color: #3366ff;\" href=\"https:\/\/www.fresnillo.gob.mx\/wp-content\/uploads\/2021\/07\/136.-Roman-Trancoso-Alan-Adrian.pdf\">Rom\u00e1n Trancoso Alan Adri\u00e1n<\/a><\/strong><\/span><\/li>\n<li><span style=\"color: #3366ff;\"><strong><a style=\"color: #3366ff;\" href=\"https:\/\/www.fresnillo.gob.mx\/wp-content\/uploads\/2021\/07\/137.-Rosales-Galvan-Pedro-Antonio.pdf\">Rosales Galv\u00e1n Pedro Antonio<\/a><\/strong><\/span><\/li>\n<li><span style=\"color: #3366ff;\"><strong><a style=\"color: #3366ff;\" href=\"https:\/\/www.fresnillo.gob.mx\/wp-content\/uploads\/2021\/07\/138.-Salas-Torres-Humberto-Mariano.pdf\">Salas Torres Humberto Mariano<\/a><\/strong><\/span><\/li>\n<li><span style=\"color: #3366ff;\"><strong><a style=\"color: #3366ff;\" href=\"https:\/\/www.fresnillo.gob.mx\/wp-content\/uploads\/2021\/07\/139.-Salazar-Silva-David.pdf\">Salazar Silva David<\/a><\/strong><\/span><\/li>\n<li><span style=\"color: #3366ff;\"><strong><a style=\"color: #3366ff;\" href=\"https:\/\/www.fresnillo.gob.mx\/wp-content\/uploads\/2021\/07\/140.-Sanchez-Rodriguez-Mario.pdf\">S\u00e1nchez Rodr\u00edguez Mario<\/a><\/strong><\/span><\/li>\n<li><span style=\"color: #3366ff;\"><strong><a style=\"color: #3366ff;\" href=\"https:\/\/www.fresnillo.gob.mx\/wp-content\/uploads\/2021\/07\/141.-Santos-Hernandez-Miguel.pdf\">Santos Hern\u00e1ndez Miguel<\/a><\/strong><\/span><\/li>\n<li><span style=\"color: #3366ff;\"><strong><a style=\"color: #3366ff;\" href=\"https:\/\/www.fresnillo.gob.mx\/wp-content\/uploads\/2021\/07\/142.-Sauceda-Delgado-Ana-Alicia.pdf\">Sauceda Delgado Ana Alicia<\/a><\/strong><\/span><\/li>\n<li><span style=\"color: #3366ff;\"><strong><a style=\"color: #3366ff;\" href=\"https:\/\/www.fresnillo.gob.mx\/wp-content\/uploads\/2021\/07\/143.-Sauceda-Lopez-Hilda-Gabriela.pdf\">Sauceda L\u00f3pez Hilda Gabriela<\/a><\/strong><\/span><\/li>\n<li><span style=\"color: #3366ff;\"><strong><a style=\"color: #3366ff;\" href=\"https:\/\/www.fresnillo.gob.mx\/wp-content\/uploads\/2021\/07\/144.-Segovia-Pedroza-Miguel-Hugo.pdf\">Segovia Pedroza Miguel Hugo<\/a><\/strong><\/span><\/li>\n<li><span style=\"color: #3366ff;\"><strong><a style=\"color: #3366ff;\" href=\"https:\/\/www.fresnillo.gob.mx\/wp-content\/uploads\/2021\/07\/145.-Segovia-Pedroza-Oscar-Daniel.pdf\">Segovia Pedroza Oscar Daniel<\/a><\/strong><\/span><\/li>\n<li><span style=\"color: #3366ff;\"><strong><a style=\"color: #3366ff;\" href=\"https:\/\/www.fresnillo.gob.mx\/wp-content\/uploads\/2021\/07\/146.-Solis-Hernandez-Salvador.pdf\">Sol\u00eds Hern\u00e1ndez Salvador<\/a><\/strong><\/span><\/li>\n<li><span style=\"color: #3366ff;\"><strong><a style=\"color: #3366ff;\" href=\"https:\/\/www.fresnillo.gob.mx\/wp-content\/uploads\/2021\/07\/147.-Solis-Morales-Rodrigo.pdf\">Solis Morales Rodrigo<\/a><\/strong><\/span><\/li>\n<li><span style=\"color: #3366ff;\"><strong><a style=\"color: #3366ff;\" href=\"https:\/\/www.fresnillo.gob.mx\/wp-content\/uploads\/2021\/07\/148.-Sosa-Rojas-Manuela.pdf\">Sosa Rojas Manuela<\/a><\/strong><\/span><\/li>\n<li><span style=\"color: #3366ff;\"><strong><a style=\"color: #3366ff;\" href=\"https:\/\/www.fresnillo.gob.mx\/wp-content\/uploads\/2021\/07\/149.-Soto-Reyes-Cruz.pdf\">Soto Reyes Cruz<\/a><\/strong><\/span><\/li>\n<li><span style=\"color: #3366ff;\"><strong><a style=\"color: #3366ff;\" href=\"https:\/\/www.fresnillo.gob.mx\/wp-content\/uploads\/2021\/07\/150.-Torres-Cervantes-Guadalupe.pdf\">Torres Cervantes Guadalupe<\/a><\/strong><\/span><\/li>\n<li><span style=\"color: #3366ff;\"><strong><a style=\"color: #3366ff;\" href=\"https:\/\/www.fresnillo.gob.mx\/wp-content\/uploads\/2021\/07\/151.-Torres-Ramirez-Ismael.pdf\">Torres Ram\u00edrez Ismael<\/a><\/strong><\/span><\/li>\n<li><span style=\"color: #3366ff;\"><strong><a style=\"color: #3366ff;\" href=\"https:\/\/www.fresnillo.gob.mx\/wp-content\/uploads\/2021\/07\/152.-Torres-Ramirez-J.-Jesus.pdf\">Torres Ram\u00edrez J. Jes\u00fas<\/a><\/strong><\/span><\/li>\n<li><span style=\"color: #3366ff;\"><strong><a style=\"color: #3366ff;\" href=\"https:\/\/www.fresnillo.gob.mx\/wp-content\/uploads\/2021\/07\/153.-Trejo-Ramirez-Manuela.pdf\">Trejo Ram\u00edrez Manuela<\/a><\/strong><\/span><\/li>\n<li><span style=\"color: #3366ff;\"><strong><a style=\"color: #3366ff;\" href=\"https:\/\/www.fresnillo.gob.mx\/wp-content\/uploads\/2021\/07\/154.-Trinidad-Bocanegra-Rigoberto.pdf\">Trinidad Bocanegra Rigoberto<\/a><\/strong><\/span><\/li>\n<li><span style=\"color: #3366ff;\"><strong><a style=\"color: #3366ff;\" href=\"https:\/\/www.fresnillo.gob.mx\/wp-content\/uploads\/2021\/07\/155.-Uribe-Romero-Guadalupe-de-Jesus.pdf\">Uribe Romero Guadalupe de Jes\u00fas<\/a><\/strong><\/span><\/li>\n<li><span style=\"color: #3366ff;\"><strong><a style=\"color: #3366ff;\" href=\"https:\/\/www.fresnillo.gob.mx\/wp-content\/uploads\/2021\/07\/156.-Valdez-Castaneda-Raymundo-Jorge.pdf\">Vald\u00e9z Casta\u00f1eda Raymundo Jorge<\/a><\/strong><\/span><\/li>\n<li><span style=\"color: #3366ff;\"><strong><a style=\"color: #3366ff;\" href=\"https:\/\/www.fresnillo.gob.mx\/wp-content\/uploads\/2021\/07\/157.-Valdez-Reyes-Francisco-Javier.pdf\">Vald\u00e9z Reyes Francisco Javier<\/a><\/strong><\/span><\/li>\n<li><span style=\"color: #3366ff;\"><strong><a style=\"color: #3366ff;\" href=\"https:\/\/www.fresnillo.gob.mx\/wp-content\/uploads\/2021\/07\/158.-Vanegas-Meza-Belem-Marcela.pdf\">Vanegas Meza Belem Marcela<\/a><\/strong><\/span><\/li>\n<li><span style=\"color: #3366ff;\"><strong><a style=\"color: #3366ff;\" href=\"https:\/\/www.fresnillo.gob.mx\/wp-content\/uploads\/2021\/07\/159.-Vaquera-Murillo-Claudia-Veronica.pdf\">Vaquera Murillo Claudia Ver\u00f3nica<\/a><\/strong><\/span><\/li>\n<li><span style=\"color: #3366ff;\"><strong><a style=\"color: #3366ff;\" href=\"https:\/\/www.fresnillo.gob.mx\/wp-content\/uploads\/2021\/07\/160.-Vargas-Cruz-Sonia-Liber.pdf\">Vargas Cruz Sonia Liber<\/a><\/strong><\/span><\/li>\n<li><span style=\"color: #3366ff;\"><strong><a style=\"color: #3366ff;\" href=\"https:\/\/www.fresnillo.gob.mx\/wp-content\/uploads\/2021\/07\/161.-Vazquez-Uribe-Benito.pdf\">V\u00e1zquez Uribe Benito<\/a><\/strong><\/span><\/li>\n<li><span style=\"color: #3366ff;\"><strong><a style=\"color: #3366ff;\" href=\"https:\/\/www.fresnillo.gob.mx\/wp-content\/uploads\/2021\/07\/162.-Velasco-Sanchez-Ricardo.pdf\">Velasco S\u00e1nchez Ricardo<\/a><\/strong><\/span><\/li>\n<li><span style=\"color: #3366ff;\"><strong><a style=\"color: #3366ff;\" href=\"https:\/\/www.fresnillo.gob.mx\/wp-content\/uploads\/2021\/07\/163.-Villalobos-Rivas-Paulina-ALejandra.pdf\">Villalobos Rivas Paulina ALejandra<\/a><\/strong><\/span><\/li>\n<li><span style=\"color: #3366ff;\"><strong><a style=\"color: #3366ff;\" href=\"https:\/\/www.fresnillo.gob.mx\/wp-content\/uploads\/2021\/07\/164.-Zepeda-Gomez-Roberto.pdf\">Zepeda G\u00f3mez Roberto <\/a><\/strong><\/span><\/li>\n<\/ol>\n<p>[\/vc_column_text][\/vc_tta_section][vc_tta_section title=\u00bb2023&#8243; tab_id=\u00bb1681853103106-5a769711-bbc9&#8243;][vc_column_text]DECLARACION PATRIMONIAL INICIAL 2023<\/p>\n<p><a href=\"https:\/\/www.fresnillo.gob.mx\/wp-content\/uploads\/2023\/04\/DECLARACION-PAT-INICIAL-ABAD-CASTILLO-AMARO.pdf\">DECLARACI\u00d3N PAT INICIAL ABAD CASTILLO AMARO<\/a><\/p>\n<p><a href=\"https:\/\/www.fresnillo.gob.mx\/wp-content\/uploads\/2023\/04\/DECLARACION-PAT-INICIAL-CARLOS-CARRILLO-AGUIRRE.pdf\">DECLARACI\u00d3N PAT INICIAL CARLOS CARRILLO AGUIRRE<\/a><\/p>\n<p><a href=\"https:\/\/www.fresnillo.gob.mx\/wp-content\/uploads\/2023\/04\/DECLARACION-PAT-INICIAL-DULCE-TERESA-VAZQUEZ-RAMOS.pdf\">DECLARACI\u00d3N PAT INICIAL DULCE TERESA VAZQUEZ RAMOS<\/a><\/p>\n<p><a href=\"https:\/\/www.fresnillo.gob.mx\/wp-content\/uploads\/2023\/04\/DECLARACION-PAT-INICIAL-ISMAEL-HURTADO-SANCHEZ.pdf\">DECLARACI\u00d3N PAT INICIAL ISMAEL HURTADO SANCHEZ<\/a><\/p>\n<p><a href=\"https:\/\/www.fresnillo.gob.mx\/wp-content\/uploads\/2023\/04\/DECLARACION-PAT-INICIAL-JOSE-DE-JESUS-MEZA-PINEDO.pdf\">DECLARACI\u00d3N PAT INICIAL JOS\u00c9 DE JES\u00daS MEZA PINEDO<\/a><\/p>\n<p><a href=\"https:\/\/www.fresnillo.gob.mx\/wp-content\/uploads\/2023\/04\/DECLARACION-PAT-INICIAL-JUAN-JESUS-MARTINEZ-ARIAS.pdf\">DECLARACI\u00d3N PAT INICIAL JUAN JESUS MART\u00cdNEZ ARIAS<\/a><\/p>\n<p><a href=\"https:\/\/www.fresnillo.gob.mx\/wp-content\/uploads\/2023\/04\/DECLARACION-PAT-INICIAL-KEVIN-EDUARDO-MENCHACA-VAQUERA.pdf\">DECLARACI\u00d3N PAT INICIAL KEVIN EDUARDO MENCHACA VAQUERA<\/a><\/p>\n<p><a href=\"https:\/\/www.fresnillo.gob.mx\/wp-content\/uploads\/2023\/04\/DECLARACION-PAT-INICIAL-RAUL-MONREAL-MORENO.pdf\">DECLARACI\u00d3N PAT INICIAL RA\u00daL MONREAL MORENO<\/a><\/p>\n<p><a href=\"https:\/\/www.fresnillo.gob.mx\/wp-content\/uploads\/2023\/04\/DECLARACION-PAT-INICIAL-CARLOS-ALEJANDRO-RODRIGUEZ-RAMIREZ.pdf\">DECLARACI\u00d3N PAT INICIAL CARLOS ALEJANDRO RODR\u00cdGUEZ RAM\u00cdREZ<\/a><\/p>\n<p>DECLARACION PATRIMONIAL PRESENTADA DURANTE EL MES DE MAYO 2023<\/p>\n<p>&nbsp;<\/p>\n<p><a href=\"https:\/\/www.fresnillo.gob.mx\/wp-content\/uploads\/2023\/07\/1-ARTURO-ALANIZ-GARCIA-2.pdf\">1 ARTURO ALANIZ GARCIA<\/a><\/p>\n<p><a href=\"https:\/\/www.fresnillo.gob.mx\/wp-content\/uploads\/2023\/07\/2-MANUEL-ARTURO-ALANIZ-MARTINEZ-2.pdf\">2 MANUEL ARTURO ALANIZ MARTINEZ<\/a><\/p>\n<p><a href=\"https:\/\/www.fresnillo.gob.mx\/wp-content\/uploads\/2023\/07\/3-BRENDA-ESMERALDA-ALVARADO-CAMARILLO-2.pdf\">3 BRENDA ESMERALDA ALVARADO CAMARILLO<\/a><\/p>\n<p><a href=\"https:\/\/www.fresnillo.gob.mx\/wp-content\/uploads\/2023\/07\/4-ANA-MA.-TRINIDAD-ALVARADO-RODRIGUEZ-2.pdf\">4 ANA MA. TRINIDAD ALVARADO RODRIGUEZ<\/a><\/p>\n<p><a href=\"https:\/\/www.fresnillo.gob.mx\/wp-content\/uploads\/2023\/07\/5-GUMARO-ALVAREZ-LANDEROS-2.pdf\">5 GUMARO ALVAREZ LANDEROS<\/a><\/p>\n<p><a href=\"https:\/\/www.fresnillo.gob.mx\/wp-content\/uploads\/2023\/07\/6-SELENE-IVETHALVAREZ-SOTO-2.pdf\">6 SELENE IVETHALVAREZ SOTO<\/a><\/p>\n<p><a href=\"https:\/\/www.fresnillo.gob.mx\/wp-content\/uploads\/2023\/07\/7-MIGUEL-ARELLANO-CHIHUAHUA-2.pdf\">7 MIGUEL ARELLANO CHIHUAHUA<\/a><\/p>\n<p><a href=\"https:\/\/www.fresnillo.gob.mx\/wp-content\/uploads\/2023\/07\/8-PEDRO-ARIAS-CAMACHO-2.pdf\">8 PEDRO ARIAS CAMACHO<\/a><\/p>\n<p><a href=\"https:\/\/www.fresnillo.gob.mx\/wp-content\/uploads\/2023\/07\/9-ROSIBEL-ARIAS-CARMONA-2.pdf\">9 ROSIBEL ARIAS CARMONA<\/a><\/p>\n<p><a href=\"https:\/\/www.fresnillo.gob.mx\/wp-content\/uploads\/2023\/07\/10-OCTAVIO-RENE-AVILA-BARRIOS-2.pdf\">10 OCTAVIO RENE AVILA BARRIOS<\/a><\/p>\n<p><a href=\"https:\/\/www.fresnillo.gob.mx\/wp-content\/uploads\/2023\/07\/11-MARIA-ELENA-AVILA-GARCIA-2.pdf\">11 MARIA ELENA AVILA GARCIA<\/a><\/p>\n<p><a href=\"https:\/\/www.fresnillo.gob.mx\/wp-content\/uploads\/2023\/07\/12-ERICK-HERNAN-BALTAZAR-CARRANZA-2.pdf\">12 ERICK HERNAN BALTAZAR CARRANZA<\/a><\/p>\n<p><a href=\"https:\/\/www.fresnillo.gob.mx\/wp-content\/uploads\/2023\/07\/13-ELIZABETH-BARAJAS-DE-LA-ROSA-2.pdf\">13 ELIZABETH BARAJAS DE LA ROSA<\/a><\/p>\n<p><a href=\"https:\/\/www.fresnillo.gob.mx\/wp-content\/uploads\/2023\/07\/14-ANACLETO-MANUEL-CALDERA-VALTIERRA-2.pdf\">14 ANACLETO MANUEL CALDERA VALTIERRA<\/a><\/p>\n<p><a href=\"https:\/\/www.fresnillo.gob.mx\/wp-content\/uploads\/2023\/07\/15-FERNANDO-CALDERA-VALTIERRA-2.pdf\">15 FERNANDO CALDERA VALTIERRA<\/a><\/p>\n<p><a href=\"https:\/\/www.fresnillo.gob.mx\/wp-content\/uploads\/2023\/07\/16-J.-PRIMITIVO-CALDERA-VALTIERRA-2.pdf\">16 J. PRIMITIVO CALDERA VALTIERRA<\/a><\/p>\n<p><a href=\"https:\/\/www.fresnillo.gob.mx\/wp-content\/uploads\/2023\/07\/17-GERARDO-CAMPOS-NUNEZ-2.pdf\">17 GERARDO CAMPOS NU\u00d1EZ<\/a><\/p>\n<p><a href=\"https:\/\/www.fresnillo.gob.mx\/wp-content\/uploads\/2023\/07\/18-MANUEL-CARDONA-RODRIGUEZ-2.pdf\">18 MANUEL CARDONA RODRIGUEZ<\/a><\/p>\n<p><a href=\"https:\/\/www.fresnillo.gob.mx\/wp-content\/uploads\/2023\/07\/19-CARLOS-CARRILO-AGUIRRE-2.pdf\">19 CARLOS CARRILO AGUIRRE<\/a><\/p>\n<p><a href=\"https:\/\/www.fresnillo.gob.mx\/wp-content\/uploads\/2023\/07\/20-PRISCILIANO-CASAREZ-ESPINOZA-2.pdf\">20 PRISCILIANO CASAREZ ESPINOZA<\/a><\/p>\n<p><a href=\"https:\/\/www.fresnillo.gob.mx\/wp-content\/uploads\/2023\/07\/21-JOSE-GUILLERMO-CASAS-AVILA-2.pdf\">21 JOSE GUILLERMO CASAS AVILA<\/a><\/p>\n<p><a href=\"https:\/\/www.fresnillo.gob.mx\/wp-content\/uploads\/2023\/07\/22-ABAD-CASTILLO-AMARO-2.pdf\">22 ABAD CASTILLO AMARO<\/a><\/p>\n<p><a href=\"https:\/\/www.fresnillo.gob.mx\/wp-content\/uploads\/2023\/07\/23-ALFREDO-CASTORENA-LOPEZ-2.pdf\">23 ALFREDO CASTORENA LOPEZ<\/a><\/p>\n<p><a href=\"https:\/\/www.fresnillo.gob.mx\/wp-content\/uploads\/2023\/07\/24-RICARDO-CASTORENA-LOPEZ-2.pdf\">24 RICARDO CASTORENA LOPEZ<\/a><\/p>\n<p><a href=\"https:\/\/www.fresnillo.gob.mx\/wp-content\/uploads\/2023\/07\/25-ARTURO-CHAIREZ-RODRIGUEZ-2.pdf\">25 ARTURO CHAIREZ RODRIGUEZ<\/a><\/p>\n<p><a href=\"https:\/\/www.fresnillo.gob.mx\/wp-content\/uploads\/2023\/07\/26-ADRIANA-CID-GARCIA-2.pdf\">26 ADRIANA CID GARCIA<\/a><\/p>\n<p><a href=\"https:\/\/www.fresnillo.gob.mx\/wp-content\/uploads\/2023\/07\/27-JOSE-LUIS-COLLAZO-SALAS-2.pdf\">27 JOSE LUIS COLLAZO SALAS<\/a><\/p>\n<p><a href=\"https:\/\/www.fresnillo.gob.mx\/wp-content\/uploads\/2023\/07\/28-PEDRO-CORTES-NAVARRO-2.pdf\">28 PEDRO CORTES NAVARRO<\/a><\/p>\n<p><a href=\"https:\/\/www.fresnillo.gob.mx\/wp-content\/uploads\/2023\/07\/29-JOSE-MATILDE-CRUZ-LOPEZ-2.pdf\">29 JOSE MATILDE CRUZ LOPEZ<\/a><\/p>\n<p><a href=\"https:\/\/www.fresnillo.gob.mx\/wp-content\/uploads\/2023\/07\/30-ADRIANA-DE-LEON-PINALES-2.pdf\">30 ADRIANA DE LEON PINALES<\/a><\/p>\n<p><a href=\"https:\/\/www.fresnillo.gob.mx\/wp-content\/uploads\/2023\/07\/31-ROSALBA-DEL-MURO-MACIAS-2.pdf\">31 ROSALBA DEL MURO MACIAS<\/a><\/p>\n<p><a href=\"https:\/\/www.fresnillo.gob.mx\/wp-content\/uploads\/2023\/07\/32-MIGUEL-ANGEL-DELGADO-PACHECO-2.pdf\">32 MIGUEL ANGEL DELGADO PACHECO<\/a><\/p>\n<p><a href=\"https:\/\/www.fresnillo.gob.mx\/wp-content\/uploads\/2023\/07\/33-MARIA-ELENA-DIAZ-LOPEZ-2.pdf\">33 MARIA ELENA DIAZ LOPEZ<\/a><\/p>\n<p><a href=\"https:\/\/www.fresnillo.gob.mx\/wp-content\/uploads\/2023\/07\/34-JORGE-ALBERTO-DOMINGUEZ-ORTEGA.pdf\">34 JORGE ALBERTO DOMINGUEZ ORTEGA<\/a><\/p>\n<p><a href=\"https:\/\/www.fresnillo.gob.mx\/wp-content\/uploads\/2023\/07\/35-MARIA-GUADALUPE-ELIZALDE-TORRES-2.pdf\">35 MARIA GUADALUPE ELIZALDE TORRES<\/a><\/p>\n<p><a href=\"https:\/\/www.fresnillo.gob.mx\/wp-content\/uploads\/2023\/07\/36-JOSE-LUIS-ESCOBAR-IBARRA-2.pdf\">36 JOSE LUIS ESCOBAR IBARRA<\/a><\/p>\n<p><a href=\"https:\/\/www.fresnillo.gob.mx\/wp-content\/uploads\/2023\/07\/37-FELIPE-DE-JESUS-ESCOBEDO-HERNANDEZ.pdf\">37 FELIPE DE JESUS ESCOBEDO HERNANDEZ<\/a><\/p>\n<p><a href=\"https:\/\/www.fresnillo.gob.mx\/wp-content\/uploads\/2023\/07\/38-ZACARIAS-ESPARZA-MUNOZ-2.pdf\">38 ZACARIAS ESPARZA MU\u00d1OZ<\/a><\/p>\n<p><a href=\"https:\/\/www.fresnillo.gob.mx\/wp-content\/uploads\/2023\/07\/39-JUAN-JOSE-ESPINOZA-GARCIA-2.pdf\">39 JUAN JOSE ESPINOZA GARCIA<\/a><\/p>\n<p><a href=\"https:\/\/www.fresnillo.gob.mx\/wp-content\/uploads\/2023\/07\/40-DULCE-MARIA-FERNANDEZ-ROMAN-2.pdf\">40 DULCE MARIA FERNANDEZ ROMAN<\/a><\/p>\n<p><a href=\"https:\/\/www.fresnillo.gob.mx\/wp-content\/uploads\/2023\/07\/41-FRANCISCO-FLORES-DORADO-2.pdf\">41 FRANCISCO FLORES DORADO<\/a><\/p>\n<p><a href=\"https:\/\/www.fresnillo.gob.mx\/wp-content\/uploads\/2023\/07\/42-RODOLFO-FRANCO-MALDONADO-2.pdf\">42 RODOLFO FRANCO MALDONADO<\/a><\/p>\n<p><a href=\"https:\/\/www.fresnillo.gob.mx\/wp-content\/uploads\/2023\/07\/43-MA.-DEL-REFUGIO-GALVAN-CERVANTES-2.pdf\">43 MA. DEL REFUGIO GALVAN CERVANTES<\/a><\/p>\n<p><a href=\"https:\/\/www.fresnillo.gob.mx\/wp-content\/uploads\/2023\/07\/44-JESUS-GALVAN-JIMENEZ-2.pdf\">44 JESUS GALVAN JIMENEZ<\/a><\/p>\n<p><a href=\"https:\/\/www.fresnillo.gob.mx\/wp-content\/uploads\/2023\/07\/45-GUADALUPE-GALVEZ-FUENTES-2.pdf\">45 GUADALUPE GALVEZ FUENTES<\/a><\/p>\n<p><a href=\"https:\/\/www.fresnillo.gob.mx\/wp-content\/uploads\/2023\/07\/46-IRVING-MANUEL-GARCIA-LOZANO-2.pdf\">46 IRVING MANUEL GARCIA LOZANO<\/a><\/p>\n<p><a href=\"https:\/\/www.fresnillo.gob.mx\/wp-content\/uploads\/2023\/07\/47-MARIA-DE-JESUS-GARCIA-MARTINEZ-2.pdf\">47 MARIA DE JESUS GARCIA MARTINEZ<\/a><\/p>\n<p><a href=\"https:\/\/www.fresnillo.gob.mx\/wp-content\/uploads\/2023\/07\/48-JUANA-MARIA-GARCIA-NERY-2.pdf\">48 JUANA MARIA GARCIA NERY<\/a><\/p>\n<p><a href=\"https:\/\/www.fresnillo.gob.mx\/wp-content\/uploads\/2023\/07\/49-MARIA-DE-LA-LUZ-GAUCIN-HERNANDEZ-2.pdf\">49 MARIA DE LA LUZ GAUCIN HERNANDEZ<\/a><\/p>\n<p><a href=\"https:\/\/www.fresnillo.gob.mx\/wp-content\/uploads\/2023\/07\/50-MARTHA-GAYTAN-GARCIA-2.pdf\">50 MARTHA GAYTAN GARCIA<\/a><\/p>\n<p><a href=\"https:\/\/www.fresnillo.gob.mx\/wp-content\/uploads\/2023\/07\/51-MARTIN-GAYTAN-MORALES-2.pdf\">51 MARTIN GAYTAN MORALES<\/a><\/p>\n<p><a href=\"https:\/\/www.fresnillo.gob.mx\/wp-content\/uploads\/2023\/07\/52-MARCO-ANTONIO-GONZALEZ-BERNAL-2.pdf\">52 MARCO ANTONIO GONZALEZ BERNAL<\/a><\/p>\n<p><a href=\"https:\/\/www.fresnillo.gob.mx\/wp-content\/uploads\/2023\/07\/53-ILSE-RAQUEL-GONZALEZ-MARROQUIN.pdf\">53 ILSE RAQUEL GONZALEZ MARROQUIN<\/a><\/p>\n<p><a href=\"https:\/\/www.fresnillo.gob.mx\/wp-content\/uploads\/2023\/07\/54-TEODORO-GONZALEZ-TAPIA-2.pdf\">54 TEODORO GONZALEZ TAPIA<\/a><\/p>\n<p><a href=\"https:\/\/www.fresnillo.gob.mx\/wp-content\/uploads\/2023\/07\/55-MANUEL-GONZALEZ-LUEVANO-2.pdf\">55 MANUEL GONZALEZ LUEVANO<\/a><\/p>\n<p><a href=\"https:\/\/www.fresnillo.gob.mx\/wp-content\/uploads\/2023\/07\/56-MARIA-DE-LA-LUZ-GORDOA-ROCHA-2.pdf\">56 MARIA DE LA LUZ GORDOA ROCHA<\/a><\/p>\n<p><a href=\"https:\/\/www.fresnillo.gob.mx\/wp-content\/uploads\/2023\/07\/57-NORMA-GERRERO-SALAS-2.pdf\">57 NORMA GERRERO SALAS<\/a><\/p>\n<p><a href=\"https:\/\/www.fresnillo.gob.mx\/wp-content\/uploads\/2023\/07\/58-ANTONIOGUTIERREZ-AMARO-2.pdf\">58 ANTONIOGUTIERREZ AMARO<\/a><\/p>\n<p><a href=\"https:\/\/www.fresnillo.gob.mx\/wp-content\/uploads\/2023\/07\/59-ARTURO-GUTIERREZ-CASTRO-2.pdf\">59 ARTURO GUTIERREZ CASTRO<\/a><\/p>\n<p><a href=\"https:\/\/www.fresnillo.gob.mx\/wp-content\/uploads\/2023\/07\/60-JOSE-LUIS-HERNANDEZ-DEVORA-2.pdf\">60 JOSE LUIS HERNANDEZ DEVORA<\/a><\/p>\n<p><a href=\"https:\/\/www.fresnillo.gob.mx\/wp-content\/uploads\/2023\/07\/61-FATIMA-ELIZABETH-HERNANDEZ-GONZALEZ-2.pdf\">61 FATIMA ELIZABETH HERNANDEZ GONZALEZ<\/a><\/p>\n<p><a href=\"https:\/\/www.fresnillo.gob.mx\/wp-content\/uploads\/2023\/07\/62-SANTOS-HERNANDEZ-MIGUEL-2.pdf\">62 SANTOS HERNANDEZ MIGUEL<\/a><\/p>\n<p><a href=\"https:\/\/www.fresnillo.gob.mx\/wp-content\/uploads\/2023\/07\/63-PATRICIA-HERNANDEZ-VAZQUEZ-2.pdf\">63 PATRICIA HERNANDEZ VAZQUEZ<\/a><\/p>\n<p><a href=\"https:\/\/www.fresnillo.gob.mx\/wp-content\/uploads\/2023\/07\/64-LEONARDO-CUTBERTO-HERRERA-ARELLANO-2.pdf\">64 LEONARDO CUTBERTO HERRERA ARELLANO<\/a><\/p>\n<p><a href=\"https:\/\/www.fresnillo.gob.mx\/wp-content\/uploads\/2023\/07\/65-ISMAEL-HURTADO-SANCHEZ-2.pdf\">65 ISMAEL HURTADO SANCHEZ<\/a><\/p>\n<p><a href=\"https:\/\/www.fresnillo.gob.mx\/wp-content\/uploads\/2023\/07\/66-CESAR-IBARRA-ALMANZA-2.pdf\">66 CESAR IBARRA ALMANZA<\/a><\/p>\n<p><a href=\"https:\/\/www.fresnillo.gob.mx\/wp-content\/uploads\/2023\/07\/67-SERGIO-IBARRA-LOPEZ-2.pdf\">67 SERGIO IBARRA LOPEZ<\/a><\/p>\n<p><a href=\"https:\/\/www.fresnillo.gob.mx\/wp-content\/uploads\/2023\/07\/68-RODOLFO-JARA-MONTELLANO-2.pdf\">68 RODOLFO JARA MONTELLANO<\/a><\/p>\n<p><a href=\"https:\/\/www.fresnillo.gob.mx\/wp-content\/uploads\/2023\/07\/69-RAFAEL-JASSO-FLORES.pdf\">69 RAFAEL JASSO FLORES<\/a><\/p>\n<p><a href=\"https:\/\/www.fresnillo.gob.mx\/wp-content\/uploads\/2023\/07\/70-RUBEN-JIMENEZ-CHAVEZ-2.pdf\">70 RUBEN JIMENEZ CHAVEZ<\/a><\/p>\n<p><a href=\"https:\/\/www.fresnillo.gob.mx\/wp-content\/uploads\/2023\/07\/71-MARIA-DEL-CARMEN-JIMENEZ-CAMPOS-2.pdf\">71 MARIA DEL CARMEN JIMENEZ CAMPOS<\/a><\/p>\n<p><a href=\"https:\/\/www.fresnillo.gob.mx\/wp-content\/uploads\/2023\/07\/72-MIGUEL-ANGEL-JIMENEZ-CONTRERAS-2.pdf\">72 MIGUEL ANGEL JIMENEZ CONTRERAS<\/a><\/p>\n<p><a href=\"https:\/\/www.fresnillo.gob.mx\/wp-content\/uploads\/2023\/07\/73-SERGIO-JIMENEZ-PITONES-2.pdf\">73 SERGIO JIMENEZ PITONES<\/a><\/p>\n<p><a href=\"https:\/\/www.fresnillo.gob.mx\/wp-content\/uploads\/2023\/07\/74-ROSA-MARIA-JUAREZ-ALDABA-2.pdf\">74 ROSA MARIA JUAREZ ALDABA<\/a><\/p>\n<p><a href=\"https:\/\/www.fresnillo.gob.mx\/wp-content\/uploads\/2023\/07\/75-JULIO-CESAR-LARA-RAIZOLA-2.pdf\">75 JULIO CESAR LARA RAIZOLA<\/a><\/p>\n<p><a href=\"https:\/\/www.fresnillo.gob.mx\/wp-content\/uploads\/2023\/07\/76-JUAN-CARLOS-LAREDO-RAMOS-2.pdf\">76 JUAN CARLOS LAREDO RAMOS<\/a><\/p>\n<p><a href=\"https:\/\/www.fresnillo.gob.mx\/wp-content\/uploads\/2023\/07\/77-MAUEL-LOMELI-MAGALLANES-2.pdf\">77 MAUEL LOMELI MAGALLANES<\/a><\/p>\n<p><a href=\"https:\/\/www.fresnillo.gob.mx\/wp-content\/uploads\/2023\/07\/78-CAROLINA-LOPEZ-SANTOS-2.pdf\">78 CAROLINA LOPEZ SANTOS<\/a><\/p>\n<p><a href=\"https:\/\/www.fresnillo.gob.mx\/wp-content\/uploads\/2023\/07\/79-GAABRIELA-LUNA-VASQUEZ-2.pdf\">79 GAABRIELA LUNA VASQUEZ<\/a><\/p>\n<p><a href=\"https:\/\/www.fresnillo.gob.mx\/wp-content\/uploads\/2023\/07\/80-CRISTINA-AURISTELA-MAGALLANES-AVILA-2.pdf\">80 CRISTINA AURISTELA MAGALLANES AVILA<\/a><\/p>\n<p><a href=\"https:\/\/www.fresnillo.gob.mx\/wp-content\/uploads\/2023\/07\/81-JORGE-DAVID-MALDONADO-DIAZ-2.pdf\">81 JORGE DAVID MALDONADO DIAZ<\/a><\/p>\n<p><a href=\"https:\/\/www.fresnillo.gob.mx\/wp-content\/uploads\/2023\/07\/82-ROSA-MARIA-MALDONADO-SANCHEZ-2.pdf\">82 ROSA MARIA MALDONADO SANCHEZ<\/a><\/p>\n<p><a href=\"https:\/\/www.fresnillo.gob.mx\/wp-content\/uploads\/2023\/07\/83-GABRIELA-MARQUEZ-ROCHA-2.pdf\">83 GABRIELA MARQUEZ ROCHA<\/a><\/p>\n<p><a href=\"https:\/\/www.fresnillo.gob.mx\/wp-content\/uploads\/2023\/07\/84-RAFAEL-MARQUEZ-VALTIERRA-2.pdf\">84 RAFAEL MARQUEZ VALTIERRA<\/a><\/p>\n<p><a href=\"https:\/\/www.fresnillo.gob.mx\/wp-content\/uploads\/2023\/07\/85-JUAN-JESUS-MARTINEZ-ARIAS-2.pdf\">85 JUAN JESUS MARTINEZ ARIAS<\/a><\/p>\n<p><a href=\"https:\/\/www.fresnillo.gob.mx\/wp-content\/uploads\/2023\/07\/86-RICARDO-GUADALUPE-MARTINEZ-JARAMILLO-2.pdf\">86 RICARDO GUADALUPE MARTINEZ JARAMILLO<\/a><\/p>\n<p><a href=\"https:\/\/www.fresnillo.gob.mx\/wp-content\/uploads\/2023\/07\/87-J.-GUADALUPE-MARTINEZ-MARTINEZ-2.pdf\">87 J. GUADALUPE MARTINEZ MARTINEZ<\/a><\/p>\n<p><a href=\"https:\/\/www.fresnillo.gob.mx\/wp-content\/uploads\/2023\/07\/89-JOAQUIN-MEDINA-RUIZ-2.pdf\">89 JOAQUIN MEDINA RUIZ<\/a><\/p>\n<p><a href=\"https:\/\/www.fresnillo.gob.mx\/wp-content\/uploads\/2023\/07\/90-GLORIA-MENCHACA-VAQUERA-2.pdf\">90 GLORIA MENCHACA VAQUERA<\/a><\/p>\n<p><a href=\"https:\/\/www.fresnillo.gob.mx\/wp-content\/uploads\/2023\/07\/91-KEVIN-EDUARDO-MENCHACA-VAQUERA-2.pdf\">91 KEVIN EDUARDO MENCHACA VAQUERA<\/a><\/p>\n<p><a href=\"https:\/\/www.fresnillo.gob.mx\/wp-content\/uploads\/2023\/07\/92-DULCE-DENISSE-MENDOZA-LEDESMA-2.pdf\">92 DULCE DENISSE MENDOZA LEDESMA<\/a><\/p>\n<p><a href=\"https:\/\/www.fresnillo.gob.mx\/wp-content\/uploads\/2023\/07\/93-ESTEBAN-MENDOZA-PERALES-2.pdf\">93 ESTEBAN MENDOZA PERALES<\/a><\/p>\n<p><a href=\"https:\/\/www.fresnillo.gob.mx\/wp-content\/uploads\/2023\/07\/94-DIANA-ODETT-MEZA-MENCHACA-2.pdf\">94 DIANA ODETT MEZA MENCHACA<\/a><\/p>\n<p><a href=\"https:\/\/www.fresnillo.gob.mx\/wp-content\/uploads\/2023\/07\/95-JOSE-DE-JESUS-MEZA-PINEDO-2.pdf\">95 JOSE DE JESUS MEZA PINEDO<\/a><\/p>\n<p><a href=\"https:\/\/www.fresnillo.gob.mx\/wp-content\/uploads\/2023\/07\/96-ANABEL-MEZA-TORRES-2.pdf\">96 ANABEL MEZA TORRES<\/a><\/p>\n<p><a href=\"https:\/\/www.fresnillo.gob.mx\/wp-content\/uploads\/2023\/07\/97-ARJERY-EMMANUEL-MONREAL-HERRERA-2.pdf\">97 ARJERY EMMANUEL MONREAL HERRERA<\/a><\/p>\n<p><a href=\"https:\/\/www.fresnillo.gob.mx\/wp-content\/uploads\/2023\/07\/98-A-ANDRES-ISMAEL-MONREAL-MARTINEZ-2.pdf\">98 A ANDRES ISMAEL MONREAL MARTINEZ<\/a><\/p>\n<p><a href=\"https:\/\/www.fresnillo.gob.mx\/wp-content\/uploads\/2023\/07\/98-ANDRES-ISMAEL-MONREALMARTINEZ-2.pdf\">98 ANDRES ISMAEL MONREALMARTINEZ<\/a><\/p>\n<p><a href=\"https:\/\/www.fresnillo.gob.mx\/wp-content\/uploads\/2023\/07\/99-RAUL-MONREAL-MORENO-2.pdf\">99 RAUL MONREAL MORENO<\/a><\/p>\n<p><a href=\"https:\/\/www.fresnillo.gob.mx\/wp-content\/uploads\/2023\/07\/100-SAUL-MONREAL-MORENO-2.pdf\">100 SAUL MONREAL MORENO<\/a><\/p>\n<p><a href=\"https:\/\/www.fresnillo.gob.mx\/wp-content\/uploads\/2023\/07\/101-BLANCA-ESTHELA-MORALES-AVILA-2.pdf\">101 BLANCA ESTHELA MORALES AVILA<\/a><\/p>\n<p><a href=\"https:\/\/www.fresnillo.gob.mx\/wp-content\/uploads\/2023\/07\/102-JUAN-MANUEL-MORALES-ZAVALA.pdf\">102 JUAN MANUEL MORALES ZAVALA<\/a><\/p>\n<p><a href=\"https:\/\/www.fresnillo.gob.mx\/wp-content\/uploads\/2023\/07\/103-MARIA-LILIANA-MUNOZ-MENA-2.pdf\">103 MARIA LILIANA MU\u00d1OZ MENA<\/a><\/p>\n<p><a href=\"https:\/\/www.fresnillo.gob.mx\/wp-content\/uploads\/2023\/07\/104-MARICELA-MUNOZ-NIETO-2.pdf\">104 MARICELA MU\u00d1OZ NIETO<\/a><\/p>\n<p><a href=\"https:\/\/www.fresnillo.gob.mx\/wp-content\/uploads\/2023\/07\/105-MIGUEL-ANGEL-NAVARRETE-HERNANDEZ-2.pdf\">105 MIGUEL ANGEL NAVARRETE HERNANDEZ<\/a><\/p>\n<p><a href=\"https:\/\/www.fresnillo.gob.mx\/wp-content\/uploads\/2023\/07\/106-ALMA-DANIELA-NAVARRO-ALVARADO-2.pdf\">106 ALMA DANIELA NAVARRO ALVARADO<\/a><\/p>\n<p><a href=\"https:\/\/www.fresnillo.gob.mx\/wp-content\/uploads\/2023\/07\/107-ELIZABETH-NICOLAT-GARCIA-2.pdf\">107 ELIZABETH NICOLAT GARCIA<\/a><\/p>\n<p><a href=\"https:\/\/www.fresnillo.gob.mx\/wp-content\/uploads\/2023\/07\/108-JORGE-OJEDA-CRUZ-2.pdf\">108 JORGE OJEDA CRUZ<\/a><\/p>\n<p><a href=\"https:\/\/www.fresnillo.gob.mx\/wp-content\/uploads\/2023\/07\/109-BIRIVIANA-ORTEGA-JUAREZ-2.pdf\">109 BIRIVIANA ORTEGA JUAREZ<\/a><\/p>\n<p><a href=\"https:\/\/www.fresnillo.gob.mx\/wp-content\/uploads\/2023\/07\/110-JULIO-CESAR-OVALLE-RODRIGUEZ-2.pdf\">110 JULIO CESAR OVALLE RODRIGUEZ<\/a><\/p>\n<p><a href=\"https:\/\/www.fresnillo.gob.mx\/wp-content\/uploads\/2023\/07\/111-FIDEL-PACHECO-LAZALDE-2.pdf\">111 FIDEL PACHECO LAZALDE<\/a><\/p>\n<p><a href=\"https:\/\/www.fresnillo.gob.mx\/wp-content\/uploads\/2023\/07\/112-CLAUDIA-ISABEL-PALACIOS-HERNANDEZ-2.pdf\">112 CLAUDIA ISABEL PALACIOS HERNANDEZ<\/a><\/p>\n<p><a href=\"https:\/\/www.fresnillo.gob.mx\/wp-content\/uploads\/2023\/07\/113-ALEJANDRA-PEREZ-PEREZ-2.pdf\">113 ALEJANDRA PEREZ PEREZ<\/a><\/p>\n<p><a href=\"https:\/\/www.fresnillo.gob.mx\/wp-content\/uploads\/2023\/07\/114-DIEGO-PICHARDO-MARTINEZ-2.pdf\">114 DIEGO PICHARDO MARTINEZ<\/a><\/p>\n<p><a href=\"https:\/\/www.fresnillo.gob.mx\/wp-content\/uploads\/2023\/07\/115-CARLOS-QUINTANAR-LUNA-2.pdf\">115 CARLOS QUINTANAR LUNA<\/a><\/p>\n<p><a href=\"https:\/\/www.fresnillo.gob.mx\/wp-content\/uploads\/2023\/07\/116-OSCAR-ARTURO-QUINONES-CARRILLO.pdf\">116 OSCAR ARTURO QUI\u00d1ONES CARRILLO<\/a><\/p>\n<p><a href=\"https:\/\/www.fresnillo.gob.mx\/wp-content\/uploads\/2023\/07\/117-EDUARDO-MANUEL-RAMOS-GRACIA.pdf\">117 EDUARDO MANUEL RAMOS GRACIA<\/a><\/p>\n<p><a href=\"https:\/\/www.fresnillo.gob.mx\/wp-content\/uploads\/2023\/07\/118-DAVID-RANGEL-PEREZ-2.pdf\">118 DAVID RANGEL PEREZ<\/a><\/p>\n<p><a href=\"https:\/\/www.fresnillo.gob.mx\/wp-content\/uploads\/2023\/07\/119-LUIS-ALFONSO-RIVAS-HERNANDEZ-2.pdf\">119 LUIS ALFONSO RIVAS HERNANDEZ<\/a><\/p>\n<p><a href=\"https:\/\/www.fresnillo.gob.mx\/wp-content\/uploads\/2023\/07\/120-M.-GUADALUPE-RIVAS-SOLIS-2.pdf\">120 M. GUADALUPE RIVAS SOLIS<\/a><\/p>\n<p><a href=\"https:\/\/www.fresnillo.gob.mx\/wp-content\/uploads\/2023\/07\/121-ANA-MARIA-RODARTE-GAMBOA-2.pdf\">121 ANA MARIA RODARTE GAMBOA<\/a><\/p>\n<p><a href=\"https:\/\/www.fresnillo.gob.mx\/wp-content\/uploads\/2023\/07\/122-CLAUDIA-ISELA-RODARTE-RAMIREZ-2.pdf\">122 CLAUDIA ISELA RODARTE RAMIREZ<\/a><\/p>\n<p><a href=\"https:\/\/www.fresnillo.gob.mx\/wp-content\/uploads\/2023\/07\/123-FRANCISCO-JAVIER-RODRIGUEZ-2.pdf\">123 FRANCISCO JAVIER RODRIGUEZ<\/a><\/p>\n<p><a href=\"https:\/\/www.fresnillo.gob.mx\/wp-content\/uploads\/2023\/07\/124-RAMIRO-RODRIGUEZ.pdf\">124 RAMIRO RODRIGUEZ<\/a><\/p>\n<p><a href=\"https:\/\/www.fresnillo.gob.mx\/wp-content\/uploads\/2023\/07\/125-MA.-DE-JESUS-RODRIGUZ-BELTRAN-2.pdf\">125 MA. DE JESUS RODRIGUZ BELTRAN<\/a><\/p>\n<p><a href=\"https:\/\/www.fresnillo.gob.mx\/wp-content\/uploads\/2023\/07\/125-A-MA.-DE-JESUS-RODRIGUEZ-BELTRAN-2.pdf\">125-A MA. DE JESUS RODRIGUEZ BELTRAN<\/a><\/p>\n<p><a href=\"https:\/\/www.fresnillo.gob.mx\/wp-content\/uploads\/2023\/07\/126-HECTOR-RODRIGUEZ-MARTINEZ-2.pdf\">126 HECTOR RODRIGUEZ MARTINEZ<\/a><\/p>\n<p><a href=\"https:\/\/www.fresnillo.gob.mx\/wp-content\/uploads\/2023\/07\/127-CARLOS-ALEJANDRO-RODRIGUEZ-RAMIREZ-2.pdf\">127 CARLOS ALEJANDRO RODRIGUEZ RAMIREZ<\/a><\/p>\n<p><a href=\"https:\/\/www.fresnillo.gob.mx\/wp-content\/uploads\/2023\/07\/128-RAQUEL-RODRIGUEZ-RODRIGUEZ-2.pdf\">128 RAQUEL RODRIGUEZ RODRIGUEZ<\/a><\/p>\n<p><a href=\"https:\/\/www.fresnillo.gob.mx\/wp-content\/uploads\/2023\/07\/129-MA.-SANTOS-ROJAS-SANTACRUZ-2.pdf\">129 MA. SANTOS ROJAS SANTACRUZ<\/a><\/p>\n<p><a href=\"https:\/\/www.fresnillo.gob.mx\/wp-content\/uploads\/2023\/07\/130-TANIA-SELENE-ROMAN-2.pdf\">130 TANIA SELENE ROMAN<\/a><\/p>\n<p><a href=\"https:\/\/www.fresnillo.gob.mx\/wp-content\/uploads\/2023\/07\/131-ALAN-ADRIANA-ROMAN-TRANCOSO-2.pdf\">131 ALAN ADRIANA ROMAN TRANCOSO<\/a><\/p>\n<p><a href=\"https:\/\/www.fresnillo.gob.mx\/wp-content\/uploads\/2023\/07\/132-PEDRO-ANTONIO-ROSALES-GALVAN-2.pdf\">132 PEDRO ANTONIO ROSALES GALVAN<\/a><\/p>\n<p><a href=\"https:\/\/www.fresnillo.gob.mx\/wp-content\/uploads\/2023\/07\/133-HUMBERTO-MARIANO-SALAS-TORRES-2.pdf\">133 HUMBERTO MARIANO SALAS TORRES<\/a><\/p>\n<p><a href=\"https:\/\/www.fresnillo.gob.mx\/wp-content\/uploads\/2023\/07\/133-A-HUMBERTO-MARIANO-SALAS-TORRES-2.pdf\">133-A HUMBERTO MARIANO SALAS TORRES<\/a><\/p>\n<p><a href=\"https:\/\/www.fresnillo.gob.mx\/wp-content\/uploads\/2023\/07\/134-DAVID-SALAZAR-SILVA.pdf\">134 DAVID SALAZAR SILVA<\/a><\/p>\n<p><a href=\"https:\/\/www.fresnillo.gob.mx\/wp-content\/uploads\/2023\/07\/135-MARIO-SANCHEZ-RODRIGUEZ.pdf\">135 MARIO SANCHEZ RODRIGUEZ<\/a><\/p>\n<p><a href=\"https:\/\/www.fresnillo.gob.mx\/wp-content\/uploads\/2023\/07\/136-ANA-ALICIA-SAUCEDA-DELGADO-2.pdf\">136 ANA ALICIA SAUCEDA DELGADO<\/a><\/p>\n<p><a href=\"https:\/\/www.fresnillo.gob.mx\/wp-content\/uploads\/2023\/07\/137-HILDA-GABRIELA-SAUCEDA-LOPEZ-2.pdf\">137 HILDA GABRIELA SAUCEDA LOPEZ<\/a><\/p>\n<p><a href=\"https:\/\/www.fresnillo.gob.mx\/wp-content\/uploads\/2023\/07\/138-MIGUEL-HUGO-SEGOVIA-PEDROZA-2.pdf\">138 MIGUEL HUGO SEGOVIA PEDROZA<\/a><\/p>\n<p><a href=\"https:\/\/www.fresnillo.gob.mx\/wp-content\/uploads\/2023\/07\/139-OSCAR-DANIEL-SEGOVIA-PEDROZA-2.pdf\">139 OSCAR DANIEL SEGOVIA PEDROZA<\/a><\/p>\n<p><a href=\"https:\/\/www.fresnillo.gob.mx\/wp-content\/uploads\/2023\/07\/140-RODRIGO-SALIS-MORALES-2.pdf\">140 RODRIGO SALIS MORALES<\/a><\/p>\n<p><a href=\"https:\/\/www.fresnillo.gob.mx\/wp-content\/uploads\/2023\/07\/141-MANUELA-SOSA-ROJAS-2.pdf\">141 MANUELA SOSA ROJAS<\/a><\/p>\n<p>&nbsp;<\/p>\n<p><a href=\"https:\/\/www.fresnillo.gob.mx\/wp-content\/uploads\/2023\/07\/142-CRUZ-SOTO-REYES.pdf\">142 CRUZ SOTO REYES<\/a><\/p>\n<p><a href=\"https:\/\/www.fresnillo.gob.mx\/wp-content\/uploads\/2023\/07\/143-GUADALUPE-TORRES-CERVANTES-2.pdf\">143 GUADALUPE TORRES CERVANTES<\/a><\/p>\n<p><a href=\"https:\/\/www.fresnillo.gob.mx\/wp-content\/uploads\/2023\/07\/144-ISMAEL-TORRES-RAMIREZ-2.pdf\">144 ISMAEL TORRES RAMIREZ<\/a><\/p>\n<p><a href=\"https:\/\/www.fresnillo.gob.mx\/wp-content\/uploads\/2023\/07\/145-J.-JESUS-TORRES-RAMIREZ-2.pdf\">145 J. JESUS TORRES RAMIREZ<\/a><\/p>\n<p><a href=\"https:\/\/www.fresnillo.gob.mx\/wp-content\/uploads\/2023\/07\/146-RIGOBERTO-TRINIDAD-BOCANEGRA.pdf\">146 RIGOBERTO TRINIDAD BOCANEGRA<\/a><\/p>\n<p><a href=\"https:\/\/www.fresnillo.gob.mx\/wp-content\/uploads\/2023\/07\/147-GUADALUPE-DE-JESUS-URIBE-ROMERO-2.pdf\">147 GUADALUPE DE JESUS URIBE ROMERO<\/a><\/p>\n<p><a href=\"https:\/\/www.fresnillo.gob.mx\/wp-content\/uploads\/2023\/07\/148-RAYMUNDO-JORGE-VALDEZ-CASTANEDA-2.pdf\">148 RAYMUNDO JORGE VALDEZ CASTA\u00d1EDA<\/a><\/p>\n<p><a href=\"https:\/\/www.fresnillo.gob.mx\/wp-content\/uploads\/2023\/07\/149-FRANCISCO-JAVIER-VALDEZ-REYES-2.pdf\">149 FRANCISCO JAVIER VALDEZ REYES<\/a><\/p>\n<p><a href=\"https:\/\/www.fresnillo.gob.mx\/wp-content\/uploads\/2023\/07\/150-BELEM-MARELA-VANEGAS-MEZ-2.pdf\">150 BELEM MARELA VANEGAS MEZ<\/a><\/p>\n<p><a href=\"https:\/\/www.fresnillo.gob.mx\/wp-content\/uploads\/2023\/07\/151-CLAUDIA-VERONICA-VAQUERA-MURILLO-2.pdf\">151 CLAUDIA VERONICA VAQUERA MURILLO<\/a><\/p>\n<p><a href=\"https:\/\/www.fresnillo.gob.mx\/wp-content\/uploads\/2023\/07\/152-SONIA-LIVER-VARGAS-CRUZ-2.pdf\">152 SONIA LIVER VARGAS CRUZ<\/a><\/p>\n<p><a href=\"https:\/\/www.fresnillo.gob.mx\/wp-content\/uploads\/2023\/07\/153-DULCETERESA-VAZQUEZ-RAMOS-2.pdf\">153 DULCETERESA VAZQUEZ RAMOS<\/a><\/p>\n<p><a href=\"https:\/\/www.fresnillo.gob.mx\/wp-content\/uploads\/2023\/07\/154-BENITO-VAZQUEZ-URIBE.pdf\">154 BENITO VAZQUEZ URIBE<\/a><\/p>\n<p><a href=\"https:\/\/www.fresnillo.gob.mx\/wp-content\/uploads\/2023\/07\/155-RICARDO-VELASCO-SANCHEZ-2.pdf\">155 RICARDO VELASCO SANCHEZ<\/a><\/p>\n<p><a href=\"https:\/\/www.fresnillo.gob.mx\/wp-content\/uploads\/2023\/07\/156-PAULINA-ALEJANDRA-VILLALOBOS-RIVAS-2.pdf\">156 PAULINA ALEJANDRA VILLALOBOS RIVAS<\/a><\/p>\n<p><a href=\"https:\/\/www.fresnillo.gob.mx\/wp-content\/uploads\/2023\/07\/157-ROBERTO-ZEPEDA-GOMEZ-2.pdf\">157 ROBERTO ZEPEDA GOMEZ<\/a><\/p>\n<p><a href=\"https:\/\/www.fresnillo.gob.mx\/wp-content\/uploads\/2023\/07\/158-ARTURO-ALFONSO-DE-LA-ROSA-MONTELONGO-2.pdf\">158 ARTURO ALFONSO DE LA ROSA MONTELONGO<\/a><\/p>\n<p><a href=\"https:\/\/www.fresnillo.gob.mx\/wp-content\/uploads\/2023\/07\/159-ERICA-MARTINEZ-ALONSO-2.pdf\">159 ERICA MARTINEZ ALONSO<\/a><\/p>\n<p><a href=\"https:\/\/www.fresnillo.gob.mx\/wp-content\/uploads\/2023\/07\/160-J.-TRINIDAD-ARGOMANIZ-MARTINEZ-2.pdf\">160 J. TRINIDAD ARGOMANIZ MARTINEZ<\/a><\/p>\n<p><a href=\"https:\/\/www.fresnillo.gob.mx\/wp-content\/uploads\/2023\/07\/161-JOSE-MACIAS-BARRIOS-2.pdf\">161 JOSE MACIAS BARRIOS<\/a><\/p>\n<p><a href=\"https:\/\/www.fresnillo.gob.mx\/wp-content\/uploads\/2023\/07\/162-ALEJANDRO-CRUZ-HERNANDEZ-2.pdf\">162 ALEJANDRO CRUZ HERNANDEZ<\/a>[\/vc_column_text][\/vc_tta_section][vc_tta_section title=\u00bb2024&#8243; tab_id=\u00bb1720459158499-ae0cd84b-aded\u00bb][vc_column_text css=\u00bb\u00bb]OFICIO DE RECIBIDO DE LA DECLARACION PATRIMONIAL 2023<\/p>\n<p><a href=\"https:\/\/www.fresnillo.gob.mx\/wp-content\/uploads\/2024\/07\/1.-ARTURO-ALANIZ-MACIAS.pdf\">1.- ARTURO ALANIZ MACIAS<\/a><\/p>\n<p><a href=\"https:\/\/www.fresnillo.gob.mx\/wp-content\/uploads\/2024\/07\/2.-MANUEL-ARTURO-ALANIZ-MARTINEZ.pdf\">2.-MANUEL ARTURO ALANIZ MARTINEZ<\/a><\/p>\n<p><a href=\"https:\/\/www.fresnillo.gob.mx\/wp-content\/uploads\/2024\/07\/3.-BRENDA-ESMERALDA-ALVARADO-CAMARILLO.pdf\">3.- BRENDA ESMERALDA ALVARADO CAMARILLO<\/a><\/p>\n<p><a href=\"https:\/\/www.fresnillo.gob.mx\/wp-content\/uploads\/2024\/07\/4.-ANA-MA.-TRINIDAD-ALVARADO-RODRIGUEZ.pdf\">4.- ANA MA. TRINIDAD ALVARADO RODR\u00cdGUEZ<\/a><\/p>\n<p><a href=\"https:\/\/www.fresnillo.gob.mx\/wp-content\/uploads\/2024\/07\/5.-GUMARO-ALVAREZ-LANDEROS.pdf\">5.- GUMARO ALVAREZ LANDEROS<\/a><\/p>\n<p><a href=\"https:\/\/www.fresnillo.gob.mx\/wp-content\/uploads\/2024\/07\/6.-SELENE-IVETH-ALVAREZ-SOTO.pdf\">6.- SELENE IVETH \u00c1LVAREZ SOTO<\/a><\/p>\n<p><a href=\"https:\/\/www.fresnillo.gob.mx\/wp-content\/uploads\/2024\/07\/7.-MIGUEL-ARELLANO-CHIHUAHUA.pdf\">7.-MIGUEL ARELLANO CHIHUAHUA<\/a><\/p>\n<p><a href=\"https:\/\/www.fresnillo.gob.mx\/wp-content\/uploads\/2024\/07\/8.-PEDRO-ARIAS-CAMACHO.pdf\">8.- PEDRO ARIAS CAMACHO<\/a><\/p>\n<p><a href=\"https:\/\/www.fresnillo.gob.mx\/wp-content\/uploads\/2024\/07\/9.-ROSIBEL-ARIAS-CARDONA.pdf\">9.- ROSIBEL ARIAS CARDONA<\/a><\/p>\n<p><a href=\"https:\/\/www.fresnillo.gob.mx\/wp-content\/uploads\/2024\/07\/10.-OCTAVIO-RENE-AVILA-BARRIENTOS.pdf\">10.- OCTAVIO REN\u00c9 AVILA BARRIENTOS<\/a><\/p>\n<p><a href=\"https:\/\/www.fresnillo.gob.mx\/wp-content\/uploads\/2024\/07\/11.-MARIA-ELENA-AVILA-GARCIA.pdf\">11.- MARIA ELENA AVILA GARCIA<\/a><\/p>\n<p><a href=\"https:\/\/www.fresnillo.gob.mx\/wp-content\/uploads\/2024\/07\/12.-ERICK-HERNAN-BALTAZAR-CARRANZA.pdf\">12.- ERICK HERN\u00c1N BALTAZAR CARRANZA<\/a><\/p>\n<p><a href=\"https:\/\/www.fresnillo.gob.mx\/wp-content\/uploads\/2024\/07\/13.-ELIZABETH-BARAJAS-DE-LA-ROSA.pdf\">13.- ELIZABETH BARAJAS DE LA ROSA<\/a><\/p>\n<p><a href=\"https:\/\/www.fresnillo.gob.mx\/wp-content\/uploads\/2024\/07\/14.-ANACLETO-MANUEL-CALDERA-VALTIERRA.pdf\">14.- ANACLETO MANUEL CALDERA VALTIERRA<\/a><\/p>\n<p><a href=\"https:\/\/www.fresnillo.gob.mx\/wp-content\/uploads\/2024\/07\/15.-FERNANDO-CALDERA-VALTIERRA.pdf\">15.- FERNANDO CALDERA VALTIERRA<\/a><\/p>\n<p><a href=\"https:\/\/www.fresnillo.gob.mx\/wp-content\/uploads\/2024\/07\/16.-J.-PRIMITIVO-CALDERA-VALTIERRA.pdf\">16.- J. PRIMITIVO CALDERA VALTIERRA<\/a><\/p>\n<p><a href=\"https:\/\/www.fresnillo.gob.mx\/wp-content\/uploads\/2024\/07\/17.-GERARDO-CAMPOS-NUNEZ.pdf\">17.- GERARDO CAMPOS NU\u00d1EZ<\/a><\/p>\n<p><a href=\"https:\/\/www.fresnillo.gob.mx\/wp-content\/uploads\/2024\/07\/18.-MANUEL-CARDONA-RODRIGUEZ.pdf\">18.- MANUEL CARDONA RODRIGUEZ<\/a><\/p>\n<p><a href=\"https:\/\/www.fresnillo.gob.mx\/wp-content\/uploads\/2024\/07\/19.-CARLOS-CARRILLO-AGUIRRE.pdf\">19.- CARLOS CARRILLO AGUIRRE<\/a><\/p>\n<p><a href=\"https:\/\/www.fresnillo.gob.mx\/wp-content\/uploads\/2024\/07\/20.-PRISCILIANO-CASAREZ-ESPINOZA.pdf\">20.- PRISCILIANO C\u00c1SAREZ ESPINOZA<\/a><\/p>\n<p><a href=\"https:\/\/www.fresnillo.gob.mx\/wp-content\/uploads\/2024\/07\/21.-JOSE-GILLERMO-CASAS-AVILA.pdf\">21.- JOS\u00c9 GILLERMO CASAS AVILA<\/a><\/p>\n<p><a href=\"https:\/\/www.fresnillo.gob.mx\/wp-content\/uploads\/2024\/07\/22.-ABAD-CASTILLO-AMARO.pdf\">22.- ABAD CASTILLO AMARO<\/a><\/p>\n<p><a href=\"https:\/\/www.fresnillo.gob.mx\/wp-content\/uploads\/2024\/07\/23.-ALFREDO-CASTORENA-LOPEZ.pdf\">23.- ALFREDO CASTORENA L\u00d3PEZ<\/a><\/p>\n<p><a href=\"https:\/\/www.fresnillo.gob.mx\/wp-content\/uploads\/2024\/07\/24.-RICARDO-CASTORENA-LOPEZ.pdf\">24.- RICARDO CASTORENA L\u00d3PEZ<\/a><\/p>\n<p><a href=\"https:\/\/www.fresnillo.gob.mx\/wp-content\/uploads\/2024\/07\/25.-ARTURO-CHAIREZ-RODRIGUEZ.pdf\">25.- ARTURO CHAIREZ RODR\u00cdGUEZ<\/a><\/p>\n<p><a href=\"https:\/\/www.fresnillo.gob.mx\/wp-content\/uploads\/2024\/07\/26.-ADRIANA-CID-GARCIA.pdf\">26.- ADRIANA CID GARC\u00cdA<\/a><\/p>\n<p><a href=\"https:\/\/www.fresnillo.gob.mx\/wp-content\/uploads\/2024\/07\/27.-JORGE-LUIS-COLLAZO-SALAS.pdf\">27.- JORGE LUIS COLLAZO SALAS<\/a><\/p>\n<p><a href=\"https:\/\/www.fresnillo.gob.mx\/wp-content\/uploads\/2024\/07\/28.-PEDRO-CORTES-NAVARRO.pdf\">28.- PEDRO CORTES NAVARRO<\/a><\/p>\n<p><a href=\"https:\/\/www.fresnillo.gob.mx\/wp-content\/uploads\/2024\/07\/29.-JOSE-MATILDE-CRUZ-LOPEZ.pdf\">29.- JOS\u00c9 MATILDE CRUZ L\u00d3PEZ<\/a><\/p>\n<p><a href=\"https:\/\/www.fresnillo.gob.mx\/wp-content\/uploads\/2024\/07\/30.-ARTURO-ALFONSO-DE-LA-ROSA-MONTELONGO.pdf\">30.- ARTURO ALFONSO DE LA ROSA MONTELONGO<\/a><\/p>\n<p><a href=\"https:\/\/www.fresnillo.gob.mx\/wp-content\/uploads\/2024\/07\/31.-ADRIANA-DE-LEON-PINALES.pdf\">31.- ADRIANA DE LE\u00d3N PINALES<\/a><\/p>\n<p><a href=\"https:\/\/www.fresnillo.gob.mx\/wp-content\/uploads\/2024\/07\/32.-ROSALBA-DEL-MURO-MACIAS.pdf\">32.- ROSALBA DEL MURO MAC\u00cdAS<\/a><\/p>\n<p><a href=\"https:\/\/www.fresnillo.gob.mx\/wp-content\/uploads\/2024\/07\/33.-MIGUEL-ANGEL-DELGADO-PACHECO.pdf\">33.- MIGUEL ANGEL DELGADO PACHECO<\/a><\/p>\n<p><a href=\"https:\/\/www.fresnillo.gob.mx\/wp-content\/uploads\/2024\/07\/34.-MA.-ELENA-DIAZ-LOPEZ.pdf\">34.- MA. ELENA DIAZ LOPEZ<\/a><\/p>\n<p><a href=\"https:\/\/www.fresnillo.gob.mx\/wp-content\/uploads\/2024\/07\/35.-JORGE-ALBERTO-DOMINGUEZ-ORTEGA.pdf\">35.- JORGE ALBERTO DOM\u00cdNGUEZ ORTEGA<\/a><\/p>\n<p><a href=\"https:\/\/www.fresnillo.gob.mx\/wp-content\/uploads\/2024\/07\/36.-MARIA-GUADALUPE-ELIZALDE-TORRES.pdf\">36.- MARIA GUADALUPE ELIZALDE TORRES<\/a><\/p>\n<p><a href=\"https:\/\/www.fresnillo.gob.mx\/wp-content\/uploads\/2024\/07\/37.-JOSE-LUIS-ESCOBAR-IBARRA.pdf\">37.- JOS\u00c9 LUIS ESCOBAR IBARRA<\/a><\/p>\n<p><a href=\"https:\/\/www.fresnillo.gob.mx\/wp-content\/uploads\/2024\/07\/38.-FELIPE-DE-JESUS-ESCOBEDO-HERNANDEZ.pdf\">38.- FELIPE DE JESUS ESCOBEDO HERNANDEZ<\/a><\/p>\n<p><a href=\"https:\/\/www.fresnillo.gob.mx\/wp-content\/uploads\/2024\/07\/39.-ZACARIAS-ESPARZA-MUNOZ.pdf\">39.- ZACAR\u00cdAS ESPARZA MU\u00d1OZ<\/a><\/p>\n<p><a href=\"https:\/\/www.fresnillo.gob.mx\/wp-content\/uploads\/2024\/07\/40.-JUAN-JOSE-ESPINOZA-GARCIA.pdf\">40.- JUAN JOS\u00c9 ESPINOZA GARC\u00cdA<\/a><\/p>\n<p><a href=\"https:\/\/www.fresnillo.gob.mx\/wp-content\/uploads\/2024\/07\/41.-DULCE-MARIA-FERNANDEZ-ROMAN.pdf\">41.- DULCE MARIA FERNANDEZ ROMAN<\/a><\/p>\n<p><a href=\"https:\/\/www.fresnillo.gob.mx\/wp-content\/uploads\/2024\/07\/42.-FRANCISCO-FLORES-DORADO.pdf\">42.- FRANCISCO FLORES DORADO<\/a><\/p>\n<p><a href=\"https:\/\/www.fresnillo.gob.mx\/wp-content\/uploads\/2024\/07\/43.-RODOLFO-FRANCO-MALDONADO.pdf\">43.- RODOLFO FRANCO MALDONADO<\/a><\/p>\n<p><a href=\"https:\/\/www.fresnillo.gob.mx\/wp-content\/uploads\/2024\/07\/44.-MA.-DEL-REFUGIO-GALVAN-CERVANTES.pdf\">44.- MA. DEL REFUGIO GALV\u00c1N CERVANTES<\/a><\/p>\n<p><a href=\"https:\/\/www.fresnillo.gob.mx\/wp-content\/uploads\/2024\/07\/45.-JESUS-GALVAN-JIMENEZ.pdf\">45.- JES\u00daS GALV\u00c1N JIM\u00c9NEZ<\/a><\/p>\n<p><a href=\"https:\/\/www.fresnillo.gob.mx\/wp-content\/uploads\/2024\/07\/46.-GUADALUPE-GALVEZ-FUENTES.pdf\">46.- GUADALUPE G\u00c1LVEZ FUENTES<\/a><\/p>\n<p><a href=\"https:\/\/www.fresnillo.gob.mx\/wp-content\/uploads\/2024\/07\/47.-IRVING-MANUEL-GARCIA-LOZANO.pdf\">47.- IRVING MANUEL GARC\u00cdA LOZANO<\/a><\/p>\n<p><a href=\"https:\/\/www.fresnillo.gob.mx\/wp-content\/uploads\/2024\/07\/48.-MA.-DE-JESUS-GARCIA-MARTINEZ.pdf\">48.- MA. DE JES\u00daS GARC\u00cdA MART\u00cdNEZ<\/a><\/p>\n<p><a href=\"https:\/\/www.fresnillo.gob.mx\/wp-content\/uploads\/2024\/07\/49.-JUANA-MARIA-GARCIA-NERY.pdf\">49.- JUANA MAR\u00cdA GARC\u00cdA NERY<\/a><\/p>\n<p><a href=\"https:\/\/www.fresnillo.gob.mx\/wp-content\/uploads\/2024\/07\/50.-MA.-DE-LA-LUZ-GAUCIN-HERNANDEZ.pdf\">50.- MA. DE LA LUZ GAUCIN HERN\u00c1NDEZ<\/a><\/p>\n<p><a href=\"https:\/\/www.fresnillo.gob.mx\/wp-content\/uploads\/2024\/07\/51.-MARTHA-GAYTAN-DEL-RIO.pdf\">51.- MARTHA GAYT\u00c1N DEL RIO<\/a><\/p>\n<p><a href=\"https:\/\/www.fresnillo.gob.mx\/wp-content\/uploads\/2024\/07\/52.-MARTIN-GAYTAN-MORALES.pdf\">52.- MARTIN GAYTAN MORALES<\/a><\/p>\n<p><a href=\"https:\/\/www.fresnillo.gob.mx\/wp-content\/uploads\/2024\/07\/53.-MARCO-ANTONIO-GONZALEZ-BERNAL.pdf\">53.- MARCO ANTONIO GONZALEZ BERNAL<\/a><\/p>\n<p><a href=\"https:\/\/www.fresnillo.gob.mx\/wp-content\/uploads\/2024\/07\/54.-MANUEL-GONZALEZ-LUEVANO.pdf\">54.- MANUEL GONZ\u00c1LEZ LUEVANO<\/a><\/p>\n<p><a href=\"https:\/\/www.fresnillo.gob.mx\/wp-content\/uploads\/2024\/07\/55.-ILSE-RAQUEL-GONZALEZ-MARROQUIN.pdf\">55.- ILSE RAQUEL GONZ\u00c1LEZ MARROQU\u00cdN<\/a><\/p>\n<p><a href=\"https:\/\/www.fresnillo.gob.mx\/wp-content\/uploads\/2024\/07\/56.-TEODORO-GONZALEZ-TAPIA.pdf\">56.- TEODORO GONZALEZ TAPIA<\/a><\/p>\n<p><a href=\"https:\/\/www.fresnillo.gob.mx\/wp-content\/uploads\/2024\/07\/57.-MARIA-DE-LA-LUZ-GORDOA.pdf\">57.- MAR\u00cdA DE LA LUZ GORDOA<\/a><\/p>\n<p><a href=\"https:\/\/www.fresnillo.gob.mx\/wp-content\/uploads\/2024\/07\/58.-NORMA-GUERRERO-SALAS.pdf\">58.- NORMA GUERRERO SALAS<\/a><\/p>\n<p><a href=\"https:\/\/www.fresnillo.gob.mx\/wp-content\/uploads\/2024\/07\/59.-ANTONIO-GUTIERREZ-AMARO.pdf\">59.- ANTONIO GUTI\u00c9RREZ AMARO<\/a><\/p>\n<p><a href=\"https:\/\/www.fresnillo.gob.mx\/wp-content\/uploads\/2024\/07\/60.-ARTURO-GUTIERREZ-CASTRO.pdf\">60.- ARTURO GUTI\u00c9RREZ CASTRO<\/a><\/p>\n<p><a href=\"https:\/\/www.fresnillo.gob.mx\/wp-content\/uploads\/2024\/07\/61.-JOSE-LUIS-HERNANDEZ-DEVORA.pdf\">61.- JOS\u00c9 LUIS HERN\u00c1NDEZ DEVORA<\/a><\/p>\n<p><a href=\"https:\/\/www.fresnillo.gob.mx\/wp-content\/uploads\/2024\/07\/62.-FATIMA-ELIZABTH-HERNANDEZ-GONZALEZ.pdf\">62.- FATIMA ELIZABTH HERNANDEZ GONZALEZ<\/a><\/p>\n<p><a href=\"https:\/\/www.fresnillo.gob.mx\/wp-content\/uploads\/2024\/07\/63.-SANTOS-HERNANDEZ-MIGUEL.pdf\">63.- SANTOS HERN\u00c1NDEZ MIGUEL<\/a><\/p>\n<p><a href=\"https:\/\/www.fresnillo.gob.mx\/wp-content\/uploads\/2024\/07\/64.-PATRICIA-HERNANDEZ-VAZQUEZ.pdf\">64.- PATRICIA HERN\u00c1NDEZ V\u00c1ZQUEZ<\/a><\/p>\n<p><a href=\"https:\/\/www.fresnillo.gob.mx\/wp-content\/uploads\/2024\/07\/65.-LEONARDO-CUTBERTO-HERRERA-ARELLANO.pdf\">65.- LEONARDO CUTBERTO HERRERA ARELLANO<\/a><\/p>\n<p><a href=\"https:\/\/www.fresnillo.gob.mx\/wp-content\/uploads\/2024\/07\/66.-CESAR-IBARRA-ALMANZA.pdf\">66.- CESAR IBARRA ALMANZA<\/a><\/p>\n<p><a href=\"https:\/\/www.fresnillo.gob.mx\/wp-content\/uploads\/2024\/07\/67.-SERGIO-IBARRA-LOPEZ.pdf\">67.- SERGIO IBARRA L\u00d3PEZ<\/a><\/p>\n<p><a href=\"https:\/\/www.fresnillo.gob.mx\/wp-content\/uploads\/2024\/07\/68.-RODOLFO-JARA-MONTELLANO.pdf\">68.- RODOLFO JARA MONTELLANO<\/a><\/p>\n<p><a href=\"https:\/\/www.fresnillo.gob.mx\/wp-content\/uploads\/2024\/07\/69.-RAFAEL-JASSO-FLORES.pdf\">69.- RAFAEL JASSO FLORES<\/a><\/p>\n<p><a href=\"https:\/\/www.fresnillo.gob.mx\/wp-content\/uploads\/2024\/07\/70.-MA.-DEL-CARMEN-JIMENEZ-CAMPOS.pdf\">70.- MA. DEL CARMEN JIM\u00c9NEZ CAMPOS<\/a><\/p>\n<p><a href=\"https:\/\/www.fresnillo.gob.mx\/wp-content\/uploads\/2024\/07\/71.-RUBEN-JIMENEZ-CHAVEZ.pdf\">71.- RUB\u00c9N JIM\u00c9NEZ CH\u00c1VEZ<\/a><\/p>\n<p><a href=\"https:\/\/www.fresnillo.gob.mx\/wp-content\/uploads\/2024\/07\/72.-MIGUEL-ANGEL-JIMENENEZ-CONTRERAS.pdf\">72.-MIGUEL ANGEL JIMEN\u00c9NEZ CONTRERAS<\/a><\/p>\n<p><a href=\"https:\/\/www.fresnillo.gob.mx\/wp-content\/uploads\/2024\/07\/73.-SERGIO-JIMENEZ-PITONES.pdf\">73.-SERGIO JIMENEZ PITONES<\/a><\/p>\n<p><a href=\"https:\/\/www.fresnillo.gob.mx\/wp-content\/uploads\/2024\/07\/74.-ROSA-MARIA-JUAREZ-ALDABA.pdf\">74.- ROSA MAR\u00cdA JU\u00c1REZ ALDABA<\/a><\/p>\n<p><a href=\"https:\/\/www.fresnillo.gob.mx\/wp-content\/uploads\/2024\/07\/75.-JULIO-CESAR-LARA-RAYZOLA.pdf\">75.- JULIO CESAR LARA RAYZOLA<\/a><\/p>\n<p>&nbsp;<\/p>\n<p><a href=\"https:\/\/www.fresnillo.gob.mx\/wp-content\/uploads\/2024\/07\/76.-JUAN-CARLOS-LAREDO-RAMOS.pdf\">76.- JUAN CARLOS LAREDO RAMOS<\/a><\/p>\n<p><a href=\"https:\/\/www.fresnillo.gob.mx\/wp-content\/uploads\/2024\/07\/77.-MANUEL-LOMELI-MAGALLANES.pdf\">77.- MANUEL LOMEL\u00cd MAGALLANES<\/a><\/p>\n<p><a href=\"https:\/\/www.fresnillo.gob.mx\/wp-content\/uploads\/2024\/07\/78.-CAROLINA-LOPEZ-SANTOS.pdf\">78.- CAROLINA L\u00d3PEZ SANTOS<\/a><\/p>\n<p><a href=\"https:\/\/www.fresnillo.gob.mx\/wp-content\/uploads\/2024\/07\/79.-GABRIELA-LUNA-VASQUEZ.pdf\">79.- GABRIELA LUNA V\u00c1SQUEZ<\/a><\/p>\n<p><a href=\"https:\/\/www.fresnillo.gob.mx\/wp-content\/uploads\/2024\/07\/80.-JOSE-MACIAS-BARRIOS.pdf\">80.- JOS\u00c9 MAC\u00cdAS BARRIOS<\/a><\/p>\n<p><a href=\"https:\/\/www.fresnillo.gob.mx\/wp-content\/uploads\/2024\/07\/81.-CRISTINA-AURISTELA-MAGALLANES-AVILA.pdf\">81.- CRISTINA AURISTELA MAGALLANES AVILA<\/a><\/p>\n<p><a href=\"https:\/\/www.fresnillo.gob.mx\/wp-content\/uploads\/2024\/07\/82.-JORGE-DAVID-MALDONADO-DIAZ.pdf\">82.- JORGE DAVID MALDONADO D\u00cdAZ<\/a><\/p>\n<p><a href=\"https:\/\/www.fresnillo.gob.mx\/wp-content\/uploads\/2024\/07\/83.-ROSA-MARIA-MALDONADO-SANCHEZ.pdf\">83.- ROSA MAR\u00cdA MALDONADO S\u00c1NCHEZ<\/a><\/p>\n<p><a href=\"https:\/\/www.fresnillo.gob.mx\/wp-content\/uploads\/2024\/07\/84.-GABRIELA-MARQUEZ-ROCHA.pdf\">84.- GABRIELA M\u00c1RQUEZ ROCHA<\/a><\/p>\n<p><a href=\"https:\/\/www.fresnillo.gob.mx\/wp-content\/uploads\/2024\/07\/85.-RAFAEL-MARQUEZ-VALTIERRA.pdf\">85.- RAFAEL M\u00c1RQUEZ VALTIERRA<\/a><\/p>\n<p><a href=\"https:\/\/www.fresnillo.gob.mx\/wp-content\/uploads\/2024\/07\/86.-JUAN-JESUS-MARTINEZ-ARIAS.pdf\">86.- JUAN JESUS MARTINEZ ARIAS<\/a><\/p>\n<p><a href=\"https:\/\/www.fresnillo.gob.mx\/wp-content\/uploads\/2024\/07\/87.-JOAQUIN-MEDINA-RUIZ.pdf\">87.- JOAQU\u00cdN MEDINA RUIZ<\/a><\/p>\n<p><a href=\"https:\/\/www.fresnillo.gob.mx\/wp-content\/uploads\/2024\/07\/88.-GLORIA-MENCHACA-VAQUERA.pdf\">88.- GLORIA MENCHACA VAQUERA<\/a><\/p>\n<p><a href=\"https:\/\/www.fresnillo.gob.mx\/wp-content\/uploads\/2024\/07\/89.-KEVIN-EDUARDO-MENCHACA-VAQUERA.pdf\">89.- KEVIN EDUARDO MENCHACA VAQUERA<\/a><\/p>\n<p><a href=\"https:\/\/www.fresnillo.gob.mx\/wp-content\/uploads\/2024\/07\/90.-DULCE-DENISSE-MENDOZA-LEDESMA.pdf\">90.- DULCE DENISSE MENDOZA LEDESMA<\/a><\/p>\n<p><a href=\"https:\/\/www.fresnillo.gob.mx\/wp-content\/uploads\/2024\/07\/91.-ESTEBAN-MENDOZA-PERALES.pdf\">91.- ESTEBAN MENDOZA PERALES<\/a><\/p>\n<p><a href=\"https:\/\/www.fresnillo.gob.mx\/wp-content\/uploads\/2024\/07\/92.-DIANA-ODETTE-MEZA-MENCHACA.pdf\">92.- DIANA ODETTE MEZA MENCHACA<\/a><\/p>\n<p><a href=\"https:\/\/www.fresnillo.gob.mx\/wp-content\/uploads\/2024\/07\/93.-JOSE-DE-JESUS-MEZA-PINEDO.pdf\">93.- JOS\u00c9 DE JES\u00daS MEZA PINEDO<\/a><\/p>\n<p><a href=\"https:\/\/www.fresnillo.gob.mx\/wp-content\/uploads\/2024\/07\/94.-ANABEL-MEZA-TORRES.pdf\">94.- ANABEL MEZA TORRES<\/a><\/p>\n<p><a href=\"https:\/\/www.fresnillo.gob.mx\/wp-content\/uploads\/2024\/07\/95.-ARJERY-EMMANUEL-MONREAL-HERRERA.pdf\">95.- ARJERY EMMANUEL MONREAL HERRERA<\/a><\/p>\n<p><a href=\"https:\/\/www.fresnillo.gob.mx\/wp-content\/uploads\/2024\/07\/96.-RAUL-MONREAL-MORENO.pdf\">96.- RA\u00daL MONREAL MORENO<\/a><\/p>\n<p><a href=\"https:\/\/www.fresnillo.gob.mx\/wp-content\/uploads\/2024\/07\/97.-SAUL-MONREAL-MORENO.pdf\">97.- SA\u00daL MONREAL MORENO<\/a><\/p>\n<p><a href=\"https:\/\/www.fresnillo.gob.mx\/wp-content\/uploads\/2024\/07\/98.-BLANCA-ESTHELA-MORALES-AVILA.pdf\">98.- BLANCA ESTHELA MORALES AVILA<\/a><\/p>\n<p><a href=\"https:\/\/www.fresnillo.gob.mx\/wp-content\/uploads\/2024\/07\/99.-JUAN-MANUEL-MORALES-ZAVALA.pdf\">99.- JUAN MANUEL MORALES ZAVALA<\/a><\/p>\n<p><a href=\"https:\/\/www.fresnillo.gob.mx\/wp-content\/uploads\/2024\/07\/100.-MARIA-LILIANA-MUNOZ-MENA.pdf\">100.- MAR\u00cdA LILIANA MU\u00d1OZ MENA<\/a><\/p>\n<p><a href=\"https:\/\/www.fresnillo.gob.mx\/wp-content\/uploads\/2024\/07\/101.-MARICELA-MUNOZ-NIETO.pdf\">101.- MARICELA MU\u00d1OZ NIETO<\/a><\/p>\n<p><a href=\"https:\/\/www.fresnillo.gob.mx\/wp-content\/uploads\/2024\/07\/102.-MIGUEL-ANGEL-NAVARRETE-HENADEZ.pdf\">102.- MIGUEL ANGEL NAVARRETE H\u00c9NADEZ<\/a><\/p>\n<p><a href=\"https:\/\/www.fresnillo.gob.mx\/wp-content\/uploads\/2024\/07\/103.-ALMA-DANIELA-NAVARRO-ALVARADO.pdf\">103.- ALMA DANIELA NAVARRO ALVARADO<\/a><\/p>\n<p><a href=\"https:\/\/www.fresnillo.gob.mx\/wp-content\/uploads\/2024\/07\/104.-ELIZABETH-NICOLAT-GRACIA.pdf\">104.- ELIZABETH NICOLAT GRACIA<\/a><\/p>\n<p><a href=\"https:\/\/www.fresnillo.gob.mx\/wp-content\/uploads\/2024\/07\/105.-JORGE-OJEDA-CRUZ.pdf\">105.- JORGE OJEDA CRUZ<\/a><\/p>\n<p><a href=\"https:\/\/www.fresnillo.gob.mx\/wp-content\/uploads\/2024\/07\/106.-BIRIVIANA-ORTEGA-JUAREZ.pdf\">106.- BIRIVIANA ORTEGA JU\u00c1REZ<\/a><\/p>\n<p><a href=\"https:\/\/www.fresnillo.gob.mx\/wp-content\/uploads\/2024\/07\/107.-JULIO-CESAR-OVALLE-RODRIGUEZ.pdf\">107.- JULIO CESAR OVALLE RODR\u00cdGUEZ<\/a><\/p>\n<p><a href=\"https:\/\/www.fresnillo.gob.mx\/wp-content\/uploads\/2024\/07\/108.-FIDEL-PACHECO-LAZALDE.pdf\">108.- FIDEL PACHECO LAZALDE<\/a><\/p>\n<p><a href=\"https:\/\/www.fresnillo.gob.mx\/wp-content\/uploads\/2024\/07\/109.-CLAUDIA-ISABEL-PALACIOS-HERNANDEZ.pdf\">109.- CLAUDIA ISABEL PALACIOS HERN\u00c1NDEZ<\/a><\/p>\n<p><a href=\"https:\/\/www.fresnillo.gob.mx\/wp-content\/uploads\/2024\/07\/110-.-GABRIELA-PEREYRA-ESPARZA.pdf\">110 .- GABRIELA PEREYRA ESPARZA<\/a><\/p>\n<p><a href=\"https:\/\/www.fresnillo.gob.mx\/wp-content\/uploads\/2024\/07\/111.-ALEJANDRA-PEREZ-PEREZ.pdf\">111.- ALEJANDRA P\u00c9REZ P\u00c9REZ<\/a><\/p>\n<p><a href=\"https:\/\/www.fresnillo.gob.mx\/wp-content\/uploads\/2024\/07\/112.-DIEGO-PICHARDO-MARTINEZ.pdf\">112.- DIEGO PICHARDO MART\u00cdNEZ<\/a><\/p>\n<p><a href=\"https:\/\/www.fresnillo.gob.mx\/wp-content\/uploads\/2024\/07\/113.-CARLOS-QUINTANAR-LUNA.pdf\">113.- CARLOS QUINTANAR LUNA<\/a><\/p>\n<p><a href=\"https:\/\/www.fresnillo.gob.mx\/wp-content\/uploads\/2024\/07\/114.-OSCAR-ARTURO-QUINONEZ-CARRILLO.pdf\">114.- OSCAR ARTURO QUI\u00d1ONEZ CARRILLO<\/a><\/p>\n<p><a href=\"https:\/\/www.fresnillo.gob.mx\/wp-content\/uploads\/2024\/07\/115.-EDUARDO-MANUEL-RAMOS-GRACIA.pdf\">115.- EDUARDO MANUEL RAMOS GRACIA<\/a><\/p>\n<p><a href=\"https:\/\/www.fresnillo.gob.mx\/wp-content\/uploads\/2024\/07\/116.-DVID-RANGEL-PEREZ.pdf\">116.- DVID RANGEL PEREZ<\/a><\/p>\n<p><a href=\"https:\/\/www.fresnillo.gob.mx\/wp-content\/uploads\/2024\/07\/117.-M.-GUADALUPE-RIVERA-SOLIS.pdf\">117.- M. GUADALUPE RIVERA SOLIS<\/a><\/p>\n<p><a href=\"https:\/\/www.fresnillo.gob.mx\/wp-content\/uploads\/2024\/07\/118.-ANA-MARIA-RODARTE-GAMBOA.pdf\">118.- ANA MAR\u00cdA RODARTE GAMBOA<\/a><\/p>\n<p><a href=\"https:\/\/www.fresnillo.gob.mx\/wp-content\/uploads\/2024\/07\/119.-CLAUDIA-ISELA-RODARTE-RAMIREZ.pdf\">119.- CLAUDIA ISELA RODARTE RAM\u00cdREZ<\/a><\/p>\n<p><a href=\"https:\/\/www.fresnillo.gob.mx\/wp-content\/uploads\/2024\/07\/120.-FRANCISCO-JAVIER-RODRIGUEZ.pdf\">120.- FRANCISCO JAVIER RODR\u00cdGUEZ<\/a><\/p>\n<p><a href=\"https:\/\/www.fresnillo.gob.mx\/wp-content\/uploads\/2024\/07\/121.-RAMIRO-RODRIGUEZ.pdf\">121.- RAMIRO RODR\u00cdGUEZ<\/a><\/p>\n<p><a href=\"https:\/\/www.fresnillo.gob.mx\/wp-content\/uploads\/2024\/07\/122.-HECTOR-RODRIGUEZ-MARTINEZ.pdf\">122.- H\u00c9CTOR RODR\u00cdGUEZ MART\u00cdNEZ<\/a><\/p>\n<p><a href=\"https:\/\/www.fresnillo.gob.mx\/wp-content\/uploads\/2024\/07\/123.-CARLOS-ALEJANDRO-RODRIGUEZ-RAMIREZ.pdf\">123.- CARLOS ALEJANDRO RODR\u00cdGUEZ RAM\u00cdREZ<\/a><\/p>\n<p><a href=\"https:\/\/www.fresnillo.gob.mx\/wp-content\/uploads\/2024\/07\/124.-RAQUEL-RODRIGUEZ-RODRIGUEZ.pdf\">124.- RAQUEL RODR\u00cdGUEZ RODR\u00cdGUEZ<\/a><\/p>\n<p><a href=\"https:\/\/www.fresnillo.gob.mx\/wp-content\/uploads\/2024\/07\/125.-MA.-SANTOS-ROJAS-SANTACRUZ.pdf\">125.- MA. SANTOS ROJAS SANTACRUZ<\/a><\/p>\n<p><a href=\"https:\/\/www.fresnillo.gob.mx\/wp-content\/uploads\/2024\/07\/126.-TANIA-SELENE-ROMAN.pdf\">126.- TANIA SELENE ROM\u00c1N<\/a><\/p>\n<p><a href=\"https:\/\/www.fresnillo.gob.mx\/wp-content\/uploads\/2024\/07\/127.-ALAN-ADRIAN-ROMAN-TRONCOSO.pdf\">127.- ALAN ADRIAN ROMAN TRONCOSO<\/a><\/p>\n<p><a href=\"https:\/\/www.fresnillo.gob.mx\/wp-content\/uploads\/2024\/07\/128.-PEDRO-ANTONIO-ROSALES-GALVAN.pdf\">128.- PEDRO ANTONIO ROSALES GALV\u00c1N<\/a><\/p>\n<p><a href=\"https:\/\/www.fresnillo.gob.mx\/wp-content\/uploads\/2024\/07\/129.-HUMBERTO-MARIANO-SALAS-TORRES.pdf\">129.- HUMBERTO MARIANO SALAS TORRES<\/a><\/p>\n<p><a href=\"https:\/\/www.fresnillo.gob.mx\/wp-content\/uploads\/2024\/07\/130.-DAVID-SALAZAR-SILVA.pdf\">130.- DAVID SALAZAR SILVA<\/a><\/p>\n<p><a href=\"https:\/\/www.fresnillo.gob.mx\/wp-content\/uploads\/2024\/07\/131.-MARIO-SANCHEZ-RODRIGUEZ.pdf\">131.- MARIO S\u00c1NCHEZ RODR\u00cdGUEZ<\/a><\/p>\n<p><a href=\"https:\/\/www.fresnillo.gob.mx\/wp-content\/uploads\/2024\/07\/132.-ANA-ALICIA-SAUCEDA-DELGADO.pdf\">132.- ANA ALICIA SAUCEDA DELGADO<\/a><\/p>\n<p><a href=\"https:\/\/www.fresnillo.gob.mx\/wp-content\/uploads\/2024\/07\/133.-HILDA-GABRIELA-SAUCEDA-LOPEZ.pdf\">133.- HILDA GABRIELA SAUCEDA L\u00d3PEZ<\/a><\/p>\n<p><a href=\"https:\/\/www.fresnillo.gob.mx\/wp-content\/uploads\/2024\/07\/134.-MIGUEL-HUGO-SEGOVIA-PEDROZA.pdf\">134.- MIGUEL HUGO SEGOVIA PEDROZA<\/a><\/p>\n<p><a href=\"https:\/\/www.fresnillo.gob.mx\/wp-content\/uploads\/2024\/07\/135.-OSCAR-DANIEL-SEGOVIA-PEDROZA.pdf\">135.- OSCAR DANIEL SEGOVIA PEDROZA<\/a><\/p>\n<p><a href=\"https:\/\/www.fresnillo.gob.mx\/wp-content\/uploads\/2024\/07\/136.-RODRIGO-SOLIS-MORALES.pdf\">136.- RODRIGO SOL\u00cdS MORALES<\/a><\/p>\n<p><a href=\"https:\/\/www.fresnillo.gob.mx\/wp-content\/uploads\/2024\/07\/137.-MANUELA-SOSA-ROJAS.pdf\">137.- MANUELA SOSA ROJAS<\/a><\/p>\n<p><a href=\"https:\/\/www.fresnillo.gob.mx\/wp-content\/uploads\/2024\/07\/138.-CRUZ-SOTO-REYES.pdf\">138.- CRUZ SOTO REYES<\/a><\/p>\n<p><a href=\"https:\/\/www.fresnillo.gob.mx\/wp-content\/uploads\/2024\/07\/139.-GUADALUPE-TORRES-CERVANTES.pdf\">139.- GUADALUPE TORRES CERVANTES<\/a><\/p>\n<p><a href=\"https:\/\/www.fresnillo.gob.mx\/wp-content\/uploads\/2024\/07\/140.-ISMAEL-TORRES-RAMIREZ.pdf\">140.- ISMAEL TORRES RAM\u00cdREZ<\/a><\/p>\n<p><a href=\"https:\/\/www.fresnillo.gob.mx\/wp-content\/uploads\/2024\/07\/141.-J.-JESUS-TORRES-RAMIREZ.pdf\">141.- J. JES\u00daS TORRES RAM\u00cdREZ<\/a><\/p>\n<p><a href=\"https:\/\/www.fresnillo.gob.mx\/wp-content\/uploads\/2024\/07\/142.-RIGOBERTO-TRINIDAD-BOCANEGRA.pdf\">142.- RIGOBERTO TRINIDAD BOCANEGRA<\/a><\/p>\n<p><a href=\"https:\/\/www.fresnillo.gob.mx\/wp-content\/uploads\/2024\/07\/143.-GUADALUPE-DE-JESUS-URIBE-ROMERO.pdf\">143.- GUADALUPE DE JES\u00daS URIBE ROMERO<\/a><\/p>\n<p><a href=\"https:\/\/www.fresnillo.gob.mx\/wp-content\/uploads\/2024\/07\/144.-RAYMUNDO-JORGE-VALDEZ-CASTANEDA.pdf\">144.- RAYMUNDO JORGE VALDEZ CASTA\u00d1EDA<\/a><\/p>\n<p><a href=\"https:\/\/www.fresnillo.gob.mx\/wp-content\/uploads\/2024\/07\/145.-FRANCISCO-JAVIER-VALDEZ-REYES.pdf\">145.- FRANCISCO JAVIER VALDEZ REYES<\/a><\/p>\n<p><a href=\"https:\/\/www.fresnillo.gob.mx\/wp-content\/uploads\/2024\/07\/146.-BELEM-MARCELA-VANEGAS-MEZA.pdf\">146.- BELEM MARCELA VANEGAS MEZA<\/a><\/p>\n<p><a href=\"https:\/\/www.fresnillo.gob.mx\/wp-content\/uploads\/2024\/07\/147.-CLAUDIA-VERONICA-VAQUERA-MURILLO.pdf\">147.- CLAUDIA VER\u00d3NICA VAQUERA MURILLO<\/a><\/p>\n<p><a href=\"https:\/\/www.fresnillo.gob.mx\/wp-content\/uploads\/2024\/07\/148.-SONIA-LIBER-VARGAS-CRUZ.pdf\">148.- SONIA LIBER VARGAS CRUZ<\/a><\/p>\n<p><a href=\"https:\/\/www.fresnillo.gob.mx\/wp-content\/uploads\/2024\/07\/149.-DULCE-TERESA-VAZQUEZ-RAMOS.pdf\">149.- DULCE TERESA V\u00c1ZQUEZ RAMOS<\/a><\/p>\n<p><a href=\"https:\/\/www.fresnillo.gob.mx\/wp-content\/uploads\/2024\/07\/150.-BENITO-VAZQUEZ-URIBE.pdf\">150.- BENITO V\u00c1ZQUEZ URIBE<\/a><\/p>\n<p><a href=\"https:\/\/www.fresnillo.gob.mx\/wp-content\/uploads\/2024\/07\/151.-RICARDO-VELASCO-SANCHEZ.pdf\">151.- RICARDO VELASCO SANCHEZ<\/a><\/p>\n<p><a href=\"https:\/\/www.fresnillo.gob.mx\/wp-content\/uploads\/2024\/07\/152.-PAULINA-ALEJANDRA-VILLALOBOS-RIVAS.pdf\">152.- PAULINA ALEJANDRA VILLALOBOS RIVAS<\/a><\/p>\n<p><a href=\"https:\/\/www.fresnillo.gob.mx\/wp-content\/uploads\/2024\/07\/153.-ROBERTO-ZEPEDA-GOMEZ.pdf\">153.- ROBERTO ZEPEDA G\u00d3MEZ<\/a><\/p>\n<h2><strong>CUARTO TRIMESTRE 2024<\/strong><\/h2>\n<p><a href=\"https:\/\/www.fresnillo.gob.mx\/transparencia\/wp-content\/uploads\/2025\/01\/ALEXIS-LUCIANO-MORUA-GARAY.pdf\">ALEXIS LUCIANO MORUA GARAY<\/a><\/p>\n<p><a href=\"https:\/\/www.fresnillo.gob.mx\/transparencia\/wp-content\/uploads\/2025\/01\/BRENDA-KARINA-SANDOVAL-MAYORGA.pdf\">BRENDA KARINA SANDOVAL MAYORGA<\/a><\/p>\n<p><a href=\"https:\/\/www.fresnillo.gob.mx\/transparencia\/wp-content\/uploads\/2025\/01\/FELIPE-DE-JESUS-AGUILAR-VAZQUEZ.pdf\">FELIPE DE JESUS AGUILAR VAZQUEZ<\/a><\/p>\n<p><a href=\"https:\/\/www.fresnillo.gob.mx\/transparencia\/wp-content\/uploads\/2025\/01\/JOSE-ANTONIO-VELAZQUEZ-VARELA.pdf\">JOSE ANTONIO VELAZQUEZ VARELA<\/a><\/p>\n<p><a href=\"https:\/\/www.fresnillo.gob.mx\/transparencia\/wp-content\/uploads\/2025\/01\/JUAN-ANTONIO-DE-LA-ROSA-HERNANDEZ.pdf\">JUAN ANTONIO DE LA ROSA HERNANDEZ<\/a><\/p>\n<p><a href=\"https:\/\/www.fresnillo.gob.mx\/transparencia\/wp-content\/uploads\/2025\/01\/LUIS-JAIME-SEGOVIA-PEDROZA.pdf\">LUIS JAIME SEGOVIA PEDROZA<\/a><\/p>\n<p><a href=\"https:\/\/www.fresnillo.gob.mx\/transparencia\/wp-content\/uploads\/2025\/01\/LUIS-MARIO-SANTANA-MUNOZ.pdf\">LUIS MARIO SANTANA MU\u00d1OZ<\/a><\/p>\n<p><a href=\"https:\/\/www.fresnillo.gob.mx\/transparencia\/wp-content\/uploads\/2025\/01\/MA.-LILIANA-PEREZ-GUERRA.pdf\">MA. LILIANA PEREZ GUERRA<\/a><\/p>\n<p><a href=\"https:\/\/www.fresnillo.gob.mx\/transparencia\/wp-content\/uploads\/2025\/01\/MIGUEL-ALEJANDRO-ESPINOZA-SEGOVIA.pdf\">MIGUEL ALEJANDRO ESPINOZA SEGOVIA<\/a><\/p>\n<p><a href=\"https:\/\/www.fresnillo.gob.mx\/transparencia\/wp-content\/uploads\/2025\/01\/VICTOR-HUGO-CORREA-CASTANON.pdf\">VICTOR HUGO CORREA CASTA\u00d1ON<\/a><\/p>\n<p><a href=\"https:\/\/www.fresnillo.gob.mx\/transparencia\/wp-content\/uploads\/2025\/01\/CINDI-FLORES-ROMERO.pdf\">CINDI FLORES ROMERO<\/a><\/p>\n<p><a href=\"https:\/\/www.fresnillo.gob.mx\/transparencia\/wp-content\/uploads\/2025\/01\/CRSTINA-MARTINEZ-ROMERO.pdf\">CRSTINA MARTINEZ ROMERO<\/a><\/p>\n<p><a href=\"https:\/\/www.fresnillo.gob.mx\/transparencia\/wp-content\/uploads\/2025\/01\/HECTOR-FABIAN-VALDEZ-CASTANEDA.pdf\">HECTOR FABIAN VALDEZ CASTA\u00d1EDA<\/a><\/p>\n<p><a href=\"https:\/\/www.fresnillo.gob.mx\/transparencia\/wp-content\/uploads\/2025\/01\/IRVING-ALEJANDRO-GARAY-CAMPOS.pdf\">IRVING ALEJANDRO GARAY CAMPOS<\/a><\/p>\n<p><a href=\"https:\/\/www.fresnillo.gob.mx\/transparencia\/wp-content\/uploads\/2025\/01\/JAIME-VLADIMIR-ESPINOZA-HERRERA.pdf\">JAIME VLADIMIR ESPINOZA HERRERA<\/a><\/p>\n<p><a href=\"https:\/\/www.fresnillo.gob.mx\/transparencia\/wp-content\/uploads\/2025\/01\/JORGE-MANUEL-CRUZ-VEGA.pdf\">JORGE MANUEL CRUZ VEGA<\/a><\/p>\n<p><a href=\"https:\/\/www.fresnillo.gob.mx\/transparencia\/wp-content\/uploads\/2025\/01\/MARCO-ANTONIO-VALENZUELA-ESQUIVEL.pdf\">MARCO ANTONIO VALENZUELA ESQUIVEL<\/a><\/p>\n<p>[\/vc_column_text][\/vc_tta_section][\/vc_tta_tabs][\/vc_column][\/vc_row]<\/p>\n<\/div>","protected":false},"excerpt":{"rendered":"<p>[vc_row][vc_column][vc_tta_tabs style=\u00bbmodern\u00bb shape=\u00bbround\u00bb color=\u00bbblue\u00bb alignment=\u00bbcenter\u00bb active_section=\u00bb1&#8243; no_fill_content_area=\u00bbtrue\u00bb title=\u00bbDECLARACIONES PATRIMONIALES\u00bb][vc_tta_section i_icon_fontawesome=\u00bb\u00bb add_icon=\u00bbtrue\u00bb title=\u00bb2017&#8243; tab_id=\u00bb1560967736354-720cd55a-5a79&#8243;][vc_column_text] Dulce Mar\u00eda Alvarado Campa Gabriela_M\u00e1rquez_Rocha Gerardo Campos Nu\u00f1ez Humberto_Mariano Salas Torres Juan Carlos Laredo Ramos Juan Manuel Morales Zavala Laura Elena Luna Santacruz Luis Eduardo Pereyra Flores Luis Pereyra Esparza Ma. del Refugio Mota Gaeta Ma. del Refugio Galv\u00e1n Cervantes Manuel Lomel\u00ed [&hellip;]<\/p>\n","protected":false},"author":1,"featured_media":0,"parent":9759,"menu_order":38,"comment_status":"closed","ping_status":"closed","template":"page-templates\/template-articulos-siapasf.php","meta":{"_uag_custom_page_level_css":"","advgb_blocks_editor_width":"","advgb_blocks_columns_visual_guide":"","footnotes":""},"class_list":["post-9780","page","type-page","status-publish","hentry"],"uagb_featured_image_src":{"full":false,"thumbnail":false,"medium":false,"medium_large":false,"large":false,"1536x1536":false,"2048x2048":false},"uagb_author_info":{"display_name":"admin","author_link":"https:\/\/www.fresnillo.gob.mx\/transparencia\/author\/admin\/"},"uagb_comment_info":0,"uagb_excerpt":"[vc_row][vc_column][vc_tta_tabs style=\u00bbmodern\u00bb shape=\u00bbround\u00bb color=\u00bbblue\u00bb alignment=\u00bbcenter\u00bb active_section=\u00bb1&#8243; no_fill_content_area=\u00bbtrue\u00bb title=\u00bbDECLARACIONES PATRIMONIALES\u00bb][vc_tta_section i_icon_fontawesome=\u00bb\u00bb add_icon=\u00bbtrue\u00bb title=\u00bb2017&#8243; tab_id=\u00bb1560967736354-720cd55a-5a79&#8243;][vc_column_text] Dulce Mar\u00eda Alvarado Campa Gabriela_M\u00e1rquez_Rocha Gerardo Campos Nu\u00f1ez Humberto_Mariano Salas Torres Juan Carlos Laredo Ramos Juan Manuel Morales Zavala Laura Elena Luna Santacruz Luis Eduardo Pereyra Flores Luis Pereyra Esparza Ma. del Refugio Mota Gaeta Ma. del Refugio Galv\u00e1n Cervantes Manuel Lomel\u00ed&hellip;","coauthors":[],"author_meta":{"author_link":"https:\/\/www.fresnillo.gob.mx\/transparencia\/author\/admin\/","display_name":"admin"},"relative_dates":{"created":"Publicado 7 a\u00f1os hace","modified":"Actualizado 1 a\u00f1o hace"},"absolute_dates":{"created":"Publicado el diciembre 17, 2018","modified":"Actualizado el enero 29, 2025"},"absolute_dates_time":{"created":"Publicado el diciembre 17, 2018 4:49 pm","modified":"Actualizado el enero 29, 2025 10:08 pm"},"featured_img_caption":"","featured_img":false,"series_order":"","_links":{"self":[{"href":"https:\/\/www.fresnillo.gob.mx\/transparencia\/wp-json\/wp\/v2\/pages\/9780","targetHints":{"allow":["GET"]}}],"collection":[{"href":"https:\/\/www.fresnillo.gob.mx\/transparencia\/wp-json\/wp\/v2\/pages"}],"about":[{"href":"https:\/\/www.fresnillo.gob.mx\/transparencia\/wp-json\/wp\/v2\/types\/page"}],"author":[{"embeddable":true,"href":"https:\/\/www.fresnillo.gob.mx\/transparencia\/wp-json\/wp\/v2\/users\/1"}],"replies":[{"embeddable":true,"href":"https:\/\/www.fresnillo.gob.mx\/transparencia\/wp-json\/wp\/v2\/comments?post=9780"}],"version-history":[{"count":6,"href":"https:\/\/www.fresnillo.gob.mx\/transparencia\/wp-json\/wp\/v2\/pages\/9780\/revisions"}],"predecessor-version":[{"id":70935,"href":"https:\/\/www.fresnillo.gob.mx\/transparencia\/wp-json\/wp\/v2\/pages\/9780\/revisions\/70935"}],"up":[{"embeddable":true,"href":"https:\/\/www.fresnillo.gob.mx\/transparencia\/wp-json\/wp\/v2\/pages\/9759"}],"wp:attachment":[{"href":"https:\/\/www.fresnillo.gob.mx\/transparencia\/wp-json\/wp\/v2\/media?parent=9780"}],"curies":[{"name":"wp","href":"https:\/\/api.w.org\/{rel}","templated":true}]}}