{"id":9788,"date":"2018-12-17T16:53:03","date_gmt":"2018-12-17T16:53:03","guid":{"rendered":"https:\/\/www.seguiremoshaciendohistoria.gob.mx\/?page_id=9788"},"modified":"2025-01-27T21:19:47","modified_gmt":"2025-01-27T21:19:47","slug":"xvii-informacion-curricular","status":"publish","type":"page","link":"https:\/\/www.fresnillo.gob.mx\/transparencia\/siapasf\/articulo-39\/xvii-informacion-curricular\/","title":{"rendered":"XVII. Informaci\u00f3n Curricular"},"content":{"rendered":"<div class=\"wpb-content-wrapper\"><p>[vc_row][vc_column][vc_tta_tabs][vc_tta_section title=\u00bb2017&#8243; tab_id=\u00bb1613417327718-cc8d1fe2-2731&#8243;][vc_column_text]2017<\/p>\n<ol>\n<li><span style=\"color: #3366ff;\"><strong><a style=\"color: #3366ff;\" href=\"https:\/\/www.fresnillo.gob.mx\/wp-content\/uploads\/2019\/06\/ANGEL-GARCIA-HERNADEZ.pdf\">\u00c1ngel<\/a><a style=\"color: #3366ff;\" href=\"https:\/\/www.fresnillo.gob.mx\/wp-content\/uploads\/2019\/06\/ANGEL-GARCIA-HERNADEZ.pdf\"> Garc\u00eda Hern\u00e1ndez<\/a><\/strong><\/span><\/li>\n<li><span style=\"color: #3366ff;\"><strong><a style=\"color: #3366ff;\" href=\"https:\/\/www.fresnillo.gob.mx\/wp-content\/uploads\/2019\/06\/GERARDO-CAMPOS-NU\u00d1EZ.pdf\">Gerardo Campos N\u00fa\u00f1ez<\/a><\/strong><\/span><\/li>\n<li><span style=\"color: #3366ff;\"><strong><a style=\"color: #3366ff;\" href=\"https:\/\/www.fresnillo.gob.mx\/wp-content\/uploads\/2019\/06\/HUMBERTO-MARIANO-SALAS-TORRES.pdf\">Humberto Mariano Salas Torres<\/a><\/strong><\/span><\/li>\n<li><span style=\"color: #3366ff;\"><strong><a style=\"color: #3366ff;\" href=\"https:\/\/www.fresnillo.gob.mx\/wp-content\/uploads\/2019\/06\/DULCE-MARIA-ALVARADO-CAMPA.pdf\">Dulce Mar\u00eda Alvarado Campa<\/a><\/strong><\/span><\/li>\n<li><span style=\"color: #3366ff;\"><strong><a style=\"color: #3366ff;\" href=\"https:\/\/www.fresnillo.gob.mx\/wp-content\/uploads\/2019\/06\/ENRIQUE-ELIZALDE-TORRES.pdf\">Enrique Elizalde Torres<\/a><\/strong><\/span><\/li>\n<li><span style=\"color: #3366ff;\"><strong><a style=\"color: #3366ff;\" href=\"https:\/\/www.fresnillo.gob.mx\/wp-content\/uploads\/2019\/06\/GABRIELA-MARQUEZ-ROCHA.pdf\">Gabriela M\u00e1rquez Rocha<\/a><\/strong><\/span><\/li>\n<li><span style=\"color: #3366ff;\"><strong><a style=\"color: #3366ff;\" href=\"https:\/\/www.fresnillo.gob.mx\/wp-content\/uploads\/2019\/06\/LAURA-ANGELICA-HERRERA-MARQUEZ.pdf\">Laura Ang\u00e9lica Herrera M\u00e1rquez<\/a><\/strong><\/span><\/li>\n<li><span style=\"color: #3366ff;\"><strong><a style=\"color: #3366ff;\" href=\"https:\/\/www.fresnillo.gob.mx\/wp-content\/uploads\/2019\/06\/LUIS-EDUARDO-PEREYRA-FLORES.pdf\">Luis Eduardo Pereyra Flores<\/a><\/strong><\/span><\/li>\n<li><span style=\"color: #3366ff;\"><strong><a style=\"color: #3366ff;\" href=\"https:\/\/www.fresnillo.gob.mx\/wp-content\/uploads\/2019\/06\/LUIS-PEREYRA-ESPARZA.pdf\">Luis Pereyra Esparza<\/a><\/strong><\/span><\/li>\n<li><span style=\"color: #3366ff;\"><strong><a style=\"color: #3366ff;\" href=\"https:\/\/www.fresnillo.gob.mx\/wp-content\/uploads\/2019\/06\/MANUEL-LOMELI-MAGALLANES.pdf\">Manuel Lomel\u00ed Magallanes<\/a><\/strong><\/span><\/li>\n<li><span style=\"color: #3366ff;\"><strong><a style=\"color: #3366ff;\" href=\"https:\/\/www.fresnillo.gob.mx\/wp-content\/uploads\/2019\/06\/MARIA-DEL-REFUGIO-MOTA-GAETA.pdf\">Ma. del Refugio Mota Gaeta<\/a><\/strong><\/span><\/li>\n<li><span style=\"color: #3366ff;\"><strong><a style=\"color: #3366ff;\" href=\"https:\/\/www.fresnillo.gob.mx\/wp-content\/uploads\/2019\/06\/MARIA-ELENA-AVILA-GARCIA.pdf\">Ma. Elena Avila Garc\u00eda<\/a><\/strong><\/span><\/li>\n<li><span style=\"color: #3366ff;\"><strong><a style=\"color: #3366ff;\" href=\"https:\/\/www.fresnillo.gob.mx\/wp-content\/uploads\/2019\/06\/RAMIRO-RODRIGUEZ.pdf\">Ramiro Rodr\u00edguez<\/a><\/strong><\/span><\/li>\n<li><span style=\"color: #3366ff;\"><strong><a style=\"color: #3366ff;\" href=\"https:\/\/www.fresnillo.gob.mx\/wp-content\/uploads\/2019\/06\/RICARDO-VELASCO-SANCHEZ.pdf\">Ricardo Velasco S\u00e1nchez<\/a><\/strong><\/span><\/li>\n<li><span style=\"color: #3366ff;\"><strong><a style=\"color: #3366ff;\" href=\"https:\/\/www.fresnillo.gob.mx\/wp-content\/uploads\/2019\/06\/ROGELIO-BELTRAN-CAZARES.pdf\">Rogelio Beltr\u00e1n Cazares<\/a><\/strong><\/span><\/li>\n<li><span style=\"color: #3366ff;\"><strong><a style=\"color: #3366ff;\" href=\"https:\/\/www.fresnillo.gob.mx\/wp-content\/uploads\/2019\/06\/SOFIA-HERNANDEZ-NAVA.pdf\">Sof\u00eda Hern\u00e1ndez Nava<\/a><\/strong><\/span><\/li>\n<li><span style=\"color: #3366ff;\"><strong><a style=\"color: #3366ff;\" href=\"https:\/\/www.fresnillo.gob.mx\/wp-content\/uploads\/2019\/06\/Oscar-Arturo-Qui\u00f1ones-Carrillo.pdf\">Oscar Arturo Qui\u00f1ones Carrillo<\/a><\/strong><\/span><\/li>\n<li><a href=\"https:\/\/www.fresnillo.gob.mx\/wp-content\/uploads\/2019\/06\/Juan-Carlos-Laredo-Ramos.pdf\"><span style=\"color: #3366ff;\"><strong>Juan Carlos Laredo Ramos<\/strong><\/span><\/a><\/li>\n<li><a href=\"https:\/\/www.fresnillo.gob.mx\/wp-content\/uploads\/2019\/06\/Noe-Macias-Solis-1.pdf\"><span style=\"color: #3366ff;\"><strong>Noe Mac\u00edas Sol\u00eds<\/strong><\/span><\/a><\/li>\n<li><a href=\"https:\/\/www.fresnillo.gob.mx\/wp-content\/uploads\/2019\/06\/Juan-Manuel-Morales-Zavala.pdf\"><span style=\"color: #3366ff;\"><strong>Juan Manuel Morales Zavala<\/strong><\/span><\/a><\/li>\n<li><span style=\"color: #3366ff;\"><strong><a style=\"color: #3366ff;\" href=\"https:\/\/www.fresnillo.gob.mx\/wp-content\/uploads\/2019\/07\/LAURA-ELENA-LUNA-SANTACRUZ.pdf\">Laura Elena Luna Santacruz<\/a><\/strong><\/span><\/li>\n<\/ol>\n<p>[\/vc_column_text][\/vc_tta_section][\/vc_tta_tabs][vc_tta_tabs style=\u00bbmodern\u00bb shape=\u00bbround\u00bb color=\u00bbblue\u00bb alignment=\u00bbcenter\u00bb active_section=\u00bb1&#8243; no_fill_content_area=\u00bbtrue\u00bb title=\u00bb2018&#8243;][vc_tta_section i_icon_fontawesome=\u00bbfa fa-id-badge\u00bb add_icon=\u00bbtrue\u00bb title=\u00bb1er. Trimestre\u00bb tab_id=\u00bb1560540906895-60383c23-fd35&#8243;][vc_column_text]2018<\/p>\n<ol>\n<li><span style=\"color: #3366ff;\"><strong><a style=\"color: #3366ff;\" href=\"https:\/\/www.fresnillo.gob.mx\/wp-content\/uploads\/2019\/06\/ANGEL-GARCIA-HERNADEZ-1.pdf\">Angel Garc\u00eda Hern\u00e1ndez<\/a><\/strong><\/span><\/li>\n<li><span style=\"color: #3366ff;\"><strong><a style=\"color: #3366ff;\" href=\"https:\/\/www.fresnillo.gob.mx\/wp-content\/uploads\/2019\/06\/DULCE-MARIA-ALVARADO-CAMPA-1.pdf\">Dulce Mar\u00eda Alvarado Campa<\/a><\/strong><\/span><\/li>\n<li><span style=\"color: #3366ff;\"><strong><a style=\"color: #3366ff;\" href=\"https:\/\/www.fresnillo.gob.mx\/wp-content\/uploads\/2019\/06\/ENRIQUE-ELIZALDE-TORRES-1.pdf\">Enrique Elizalde Torres<\/a><\/strong><\/span><\/li>\n<li><span style=\"color: #3366ff;\"><strong><a style=\"color: #3366ff;\" href=\"https:\/\/www.fresnillo.gob.mx\/wp-content\/uploads\/2019\/06\/GABRIELA-MARQUEZ-ROCHA-1.pdf\">Gabriela M\u00e1rquez Rocha<\/a><\/strong><\/span><\/li>\n<li><span style=\"color: #3366ff;\"><strong><a style=\"color: #3366ff;\" href=\"https:\/\/www.fresnillo.gob.mx\/wp-content\/uploads\/2019\/06\/GERARDO-CAMPOS-NU\u00d1EZ-1.pdf\">Gerardo Campos Nu\u00f1ez<\/a><\/strong><\/span><\/li>\n<li><span style=\"color: #3366ff;\"><strong><a style=\"color: #3366ff;\" href=\"https:\/\/www.fresnillo.gob.mx\/wp-content\/uploads\/2019\/06\/HUMBERTO-MARIANO-SALAS-TORRES-1.pdf\">Humberto Mariano Salas Torres<\/a><\/strong><\/span><\/li>\n<li><span style=\"color: #3366ff;\"><strong><a style=\"color: #3366ff;\" href=\"https:\/\/www.fresnillo.gob.mx\/wp-content\/uploads\/2019\/06\/LAURA-ANGELICA-HERRERA-MARQUEZ-1.pdf\">Laura Ang\u00e9lica Herrera M\u00e1rquez<\/a><\/strong><\/span><\/li>\n<li><span style=\"color: #3366ff;\"><strong><a style=\"color: #3366ff;\" href=\"https:\/\/www.fresnillo.gob.mx\/wp-content\/uploads\/2019\/06\/LUIS-EDUARDO-PEREYRA-FLORES-1.pdf\">Luis Eduardo Pereyra Flores<\/a><\/strong><\/span><\/li>\n<li><span style=\"color: #3366ff;\"><strong><a style=\"color: #3366ff;\" href=\"https:\/\/www.fresnillo.gob.mx\/wp-content\/uploads\/2019\/06\/LUIS-PEREYRA-ESPARZA-1.pdf\">Luis Pereyra Esparza<\/a><\/strong><\/span><\/li>\n<li><span style=\"color: #3366ff;\"><strong><a style=\"color: #3366ff;\" href=\"https:\/\/www.fresnillo.gob.mx\/wp-content\/uploads\/2019\/06\/MANUEL-LOMELI-MAGALLANES-1.pdf\">Manuel Lomel\u00ed Magallanes<\/a><\/strong><\/span><\/li>\n<li><span style=\"color: #3366ff;\"><strong><a style=\"color: #3366ff;\" href=\"https:\/\/www.fresnillo.gob.mx\/wp-content\/uploads\/2019\/06\/MARIA-DEL-REFUGIO-MOTA-GAETA-1.pdf\">Ma. Del Refugio Mota Gaeta<\/a><\/strong><\/span><\/li>\n<li><span style=\"color: #3366ff;\"><strong><a style=\"color: #3366ff;\" href=\"https:\/\/www.fresnillo.gob.mx\/wp-content\/uploads\/2019\/06\/MARIA-ELENA-AVILA-GARCIA-1.pdf\">Mar\u00eda Elena Avila Garc\u00eda<\/a><\/strong><\/span><\/li>\n<li><span style=\"color: #3366ff;\"><strong><a style=\"color: #3366ff;\" href=\"https:\/\/www.fresnillo.gob.mx\/wp-content\/uploads\/2019\/06\/MAYRA-LOPEZ-GALVAN.pdf\">Mayra L\u00f3pez Galv\u00e1n<\/a><\/strong><\/span><\/li>\n<li><span style=\"color: #3366ff;\"><strong><a style=\"color: #3366ff;\" href=\"https:\/\/www.fresnillo.gob.mx\/wp-content\/uploads\/2019\/06\/RAFAEL-VALENZUELA-RODRIGUEZ.pdf\">Rafael Valenzuela Rodr\u00edguez<\/a><\/strong><\/span><\/li>\n<li><span style=\"color: #3366ff;\"><strong><a style=\"color: #3366ff;\" href=\"https:\/\/www.fresnillo.gob.mx\/wp-content\/uploads\/2019\/06\/RAMIRO-RODRIGUEZ-1.pdf\">Ramiro Rodr\u00edguez<\/a><\/strong><\/span><\/li>\n<li><span style=\"color: #3366ff;\"><strong><a style=\"color: #3366ff;\" href=\"https:\/\/www.fresnillo.gob.mx\/wp-content\/uploads\/2019\/06\/RICARDO-VELASCO-SANCHEZ-1.pdf\">Ricardo Velasco S\u00e1nchez<\/a><\/strong><\/span><\/li>\n<li><span style=\"color: #3366ff;\"><strong><a style=\"color: #3366ff;\" href=\"https:\/\/www.fresnillo.gob.mx\/wp-content\/uploads\/2019\/06\/ROGELIO-BELTRAN-CAZARES-1.pdf\">Rogelio Beltr\u00e1n Cazares<\/a><\/strong><\/span><\/li>\n<li><span style=\"color: #3366ff;\"><strong><a style=\"color: #3366ff;\" href=\"https:\/\/www.fresnillo.gob.mx\/wp-content\/uploads\/2019\/06\/SOFIA-HERNANDEZ-NAVA-1.pdf\">Sof\u00eda Hern\u00e1ndez Nava<\/a><\/strong><\/span><\/li>\n<li><span style=\"color: #3366ff;\"><strong><a style=\"color: #3366ff;\" href=\"https:\/\/www.fresnillo.gob.mx\/wp-content\/uploads\/2019\/06\/Ma.-del-Refugio-Galvan-Cervantes.pdf\">Ma. del Refugio Galv\u00e1n Cervantes<\/a><\/strong><\/span><\/li>\n<li><span style=\"color: #3366ff;\"><strong><a style=\"color: #3366ff;\" href=\"https:\/\/www.fresnillo.gob.mx\/wp-content\/uploads\/2019\/06\/Ma.-de-la-Luz-Galvan-Cervantes-anterior.pdf\">Ma. de la Luz Galv\u00e1n Cervantes<\/a><\/strong><\/span><\/li>\n<li><span style=\"color: #3366ff;\"><strong><a style=\"color: #3366ff;\" href=\"https:\/\/www.fresnillo.gob.mx\/wp-content\/uploads\/2019\/06\/Oscar-Arturo-Qui\u00f1ones-Carrillo.pdf\">Oscar Arturo Qui\u00f1ones Carrillo<\/a><\/strong><\/span><\/li>\n<li><a href=\"https:\/\/www.fresnillo.gob.mx\/wp-content\/uploads\/2019\/06\/Juan-Carlos-Laredo-Ramos.pdf\"><strong><span style=\"color: #3366ff;\">Juan Carlos Laredo Ramos<\/span><\/strong><\/a><\/li>\n<li><a href=\"https:\/\/www.fresnillo.gob.mx\/wp-content\/uploads\/2019\/06\/Noe-Macias-Solis-1.pdf\"><span style=\"color: #3366ff;\"><strong>Noe Mac\u00edas Sol\u00eds<\/strong><\/span><\/a><\/li>\n<li><a href=\"https:\/\/www.fresnillo.gob.mx\/wp-content\/uploads\/2019\/06\/Juan-Manuel-Morales-Zavala.pdf\"><span style=\"color: #3366ff;\"><strong>Juan Manuel Morales Zavala<\/strong><\/span><\/a><\/li>\n<li><span style=\"color: #3366ff;\"><strong><a style=\"color: #3366ff;\" href=\"https:\/\/www.fresnillo.gob.mx\/wp-content\/uploads\/2019\/07\/LAURA-ELENA-LUNA-SANTACRUZ.pdf\">Laura Elena Luna Santacruz<\/a><\/strong><\/span><\/li>\n<\/ol>\n<p>[\/vc_column_text][\/vc_tta_section][vc_tta_section i_icon_fontawesome=\u00bbfa fa-id-badge\u00bb add_icon=\u00bbtrue\u00bb title=\u00bb2do. Trimestre\u00bb tab_id=\u00bb1560540906918-db256176-c7d1&#8243;][vc_column_text]<\/p>\n<ol>\n<li><span style=\"color: #3366ff;\"><strong><a style=\"color: #3366ff;\" href=\"https:\/\/www.fresnillo.gob.mx\/wp-content\/uploads\/2019\/06\/ANGEL-GARCIA-HERNADEZ-1.pdf\">Angel Garc\u00eda Hern\u00e1ndez<\/a><\/strong><\/span><\/li>\n<li><span style=\"color: #3366ff;\"><strong><a style=\"color: #3366ff;\" href=\"https:\/\/www.fresnillo.gob.mx\/wp-content\/uploads\/2019\/06\/DULCE-MARIA-ALVARADO-CAMPA-1.pdf\">Dulce Mar\u00eda Alvarado Campa<\/a><\/strong><\/span><\/li>\n<li><span style=\"color: #3366ff;\"><strong><a style=\"color: #3366ff;\" href=\"https:\/\/www.fresnillo.gob.mx\/wp-content\/uploads\/2019\/06\/ENRIQUE-ELIZALDE-TORRES-1.pdf\">Enrique Elizalde Torres<\/a><\/strong><\/span><\/li>\n<li><span style=\"color: #3366ff;\"><strong><a style=\"color: #3366ff;\" href=\"https:\/\/www.fresnillo.gob.mx\/wp-content\/uploads\/2019\/06\/GABRIELA-MARQUEZ-ROCHA-1.pdf\">Gabriela M\u00e1rquez Rocha<\/a><\/strong><\/span><\/li>\n<li><span style=\"color: #3366ff;\"><strong><a style=\"color: #3366ff;\" href=\"https:\/\/www.fresnillo.gob.mx\/wp-content\/uploads\/2019\/06\/GERARDO-CAMPOS-NU\u00d1EZ-1.pdf\">Gerardo Campos Nu\u00f1ez<\/a><\/strong><\/span><\/li>\n<li><span style=\"color: #3366ff;\"><strong><a style=\"color: #3366ff;\" href=\"https:\/\/www.fresnillo.gob.mx\/wp-content\/uploads\/2019\/06\/HUMBERTO-MARIANO-SALAS-TORRES-1.pdf\">Humberto Mariano Salas Torres<\/a><\/strong><\/span><\/li>\n<li><span style=\"color: #3366ff;\"><strong><a style=\"color: #3366ff;\" href=\"https:\/\/www.fresnillo.gob.mx\/wp-content\/uploads\/2019\/06\/LAURA-ANGELICA-HERRERA-MARQUEZ-1.pdf\">Laura Ang\u00e9lica Herrera M\u00e1rquez<\/a><\/strong><\/span><\/li>\n<li><span style=\"color: #3366ff;\"><strong><a style=\"color: #3366ff;\" href=\"https:\/\/www.fresnillo.gob.mx\/wp-content\/uploads\/2019\/06\/LUIS-EDUARDO-PEREYRA-FLORES-1.pdf\">Luis Eduardo Pereyra Flores<\/a><\/strong><\/span><\/li>\n<li><span style=\"color: #3366ff;\"><strong><a style=\"color: #3366ff;\" href=\"https:\/\/www.fresnillo.gob.mx\/wp-content\/uploads\/2019\/06\/LUIS-PEREYRA-ESPARZA-1.pdf\">Luis Pereyra Esparza<\/a><\/strong><\/span><\/li>\n<li><span style=\"color: #3366ff;\"><strong><a style=\"color: #3366ff;\" href=\"https:\/\/www.fresnillo.gob.mx\/wp-content\/uploads\/2019\/06\/MANUEL-LOMELI-MAGALLANES-1.pdf\">Manuel Lomel\u00ed Magallanes<\/a><\/strong><\/span><\/li>\n<li><span style=\"color: #3366ff;\"><strong><a style=\"color: #3366ff;\" href=\"https:\/\/www.fresnillo.gob.mx\/wp-content\/uploads\/2019\/06\/MARIA-DEL-REFUGIO-MOTA-GAETA-1.pdf\">Ma. Del Refugio Mota Gaeta<\/a><\/strong><\/span><\/li>\n<li><span style=\"color: #3366ff;\"><strong><a style=\"color: #3366ff;\" href=\"https:\/\/www.fresnillo.gob.mx\/wp-content\/uploads\/2019\/06\/MARIA-ELENA-AVILA-GARCIA-1.pdf\">Mar\u00eda Elena Avila Garc\u00eda<\/a><\/strong><\/span><\/li>\n<li><span style=\"color: #3366ff;\"><strong><a style=\"color: #3366ff;\" href=\"https:\/\/www.fresnillo.gob.mx\/wp-content\/uploads\/2019\/06\/MAYRA-LOPEZ-GALVAN.pdf\">Mayra L\u00f3pez Galv\u00e1n<\/a><\/strong><\/span><\/li>\n<li><span style=\"color: #3366ff;\"><strong><a style=\"color: #3366ff;\" href=\"https:\/\/www.fresnillo.gob.mx\/wp-content\/uploads\/2019\/06\/RAFAEL-VALENZUELA-RODRIGUEZ.pdf\">Rafael Valenzuela Rodr\u00edguez<\/a><\/strong><\/span><\/li>\n<li><span style=\"color: #3366ff;\"><strong><a style=\"color: #3366ff;\" href=\"https:\/\/www.fresnillo.gob.mx\/wp-content\/uploads\/2019\/06\/RAMIRO-RODRIGUEZ-1.pdf\">Ramiro Rodr\u00edguez<\/a><\/strong><\/span><\/li>\n<li><span style=\"color: #3366ff;\"><strong><a style=\"color: #3366ff;\" href=\"https:\/\/www.fresnillo.gob.mx\/wp-content\/uploads\/2019\/06\/RICARDO-VELASCO-SANCHEZ-1.pdf\">Ricardo Velasco S\u00e1nchez<\/a><\/strong><\/span><\/li>\n<li><span style=\"color: #3366ff;\"><strong><a style=\"color: #3366ff;\" href=\"https:\/\/www.fresnillo.gob.mx\/wp-content\/uploads\/2019\/06\/ROGELIO-BELTRAN-CAZARES-1.pdf\">Rogelio Beltr\u00e1n Cazares<\/a><\/strong><\/span><\/li>\n<li><span style=\"color: #3366ff;\"><strong><a style=\"color: #3366ff;\" href=\"https:\/\/www.fresnillo.gob.mx\/wp-content\/uploads\/2019\/06\/SOFIA-HERNANDEZ-NAVA-1.pdf\">Sof\u00eda Hern\u00e1ndez Nava<\/a><\/strong><\/span><\/li>\n<li><span style=\"color: #3366ff;\"><strong><a style=\"color: #3366ff;\" href=\"https:\/\/www.fresnillo.gob.mx\/wp-content\/uploads\/2019\/06\/Ma.-del-Refugio-Galvan-Cervantes.pdf\">Ma. del Refugio Galv\u00e1n Cervantes<\/a><\/strong><\/span><\/li>\n<li><span style=\"color: #3366ff;\"><strong><a style=\"color: #3366ff;\" href=\"https:\/\/www.fresnillo.gob.mx\/wp-content\/uploads\/2019\/06\/Noe-Macias-Solis-1.pdf\">Noe Mac\u00edas Sol\u00eds<\/a><\/strong><\/span><\/li>\n<li><span style=\"color: #3366ff;\"><strong><a style=\"color: #3366ff;\" href=\"https:\/\/www.fresnillo.gob.mx\/wp-content\/uploads\/2019\/06\/Ma.-de-la-Luz-Galvan-Cervantes-anterior.pdf\">Ma. de la Luz Galv\u00e1n Cervantes<\/a><\/strong><\/span><\/li>\n<li><span style=\"color: #3366ff;\"><strong><a style=\"color: #3366ff;\" href=\"https:\/\/www.fresnillo.gob.mx\/wp-content\/uploads\/2019\/06\/Oscar-Arturo-Qui\u00f1ones-Carrillo.pdf\">Oscar Arturo Qui\u00f1ones Carrillo<\/a><\/strong><\/span><\/li>\n<li><a href=\"https:\/\/www.fresnillo.gob.mx\/wp-content\/uploads\/2019\/06\/Juan-Carlos-Laredo-Ramos.pdf\"><span style=\"color: #3366ff;\"><strong>Juan Carlos Laredo Ramos<\/strong><\/span><\/a><\/li>\n<li><a href=\"https:\/\/www.fresnillo.gob.mx\/wp-content\/uploads\/2019\/06\/Juan-Manuel-Morales-Zavala.pdf\"><span style=\"color: #3366ff;\"><strong>Juan Manuel Morales Zavala<\/strong><\/span><\/a><\/li>\n<li><span style=\"color: #3366ff;\"><strong><a style=\"color: #3366ff;\" href=\"https:\/\/www.fresnillo.gob.mx\/wp-content\/uploads\/2019\/07\/LAURA-ELENA-LUNA-SANTACRUZ.pdf\">Laura Elena Luna Santacruz<\/a><\/strong><\/span><\/li>\n<\/ol>\n<p>[\/vc_column_text][\/vc_tta_section][vc_tta_section i_icon_fontawesome=\u00bbfa fa-id-badge\u00bb add_icon=\u00bbtrue\u00bb title=\u00bb3er. Trimestre\u00bb tab_id=\u00bb1560541413604-3bee696b-93db\u00bb][vc_column_text]<\/p>\n<ol>\n<li><span style=\"color: #3366ff;\"><strong><a style=\"color: #3366ff;\" href=\"https:\/\/www.fresnillo.gob.mx\/wp-content\/uploads\/2019\/06\/ANGEL-GARCIA-HERNADEZ-1.pdf\">Angel Garc\u00eda Hern\u00e1ndez<\/a><\/strong><\/span><\/li>\n<li><span style=\"color: #3366ff;\"><strong><a style=\"color: #3366ff;\" href=\"https:\/\/www.fresnillo.gob.mx\/wp-content\/uploads\/2019\/06\/DULCE-MARIA-ALVARADO-CAMPA-1.pdf\">Dulce Mar\u00eda Alvarado Campa<\/a><\/strong><\/span><\/li>\n<li><span style=\"color: #3366ff;\"><strong><a style=\"color: #3366ff;\" href=\"https:\/\/www.fresnillo.gob.mx\/wp-content\/uploads\/2019\/06\/ENRIQUE-ELIZALDE-TORRES-1.pdf\">Enrique Elizalde Torres<\/a><\/strong><\/span><\/li>\n<li><span style=\"color: #3366ff;\"><strong><a style=\"color: #3366ff;\" href=\"https:\/\/www.fresnillo.gob.mx\/wp-content\/uploads\/2019\/06\/GABRIELA-MARQUEZ-ROCHA-1.pdf\">Gabriela M\u00e1rquez Rocha<\/a><\/strong><\/span><\/li>\n<li><span style=\"color: #3366ff;\"><strong><a style=\"color: #3366ff;\" href=\"https:\/\/www.fresnillo.gob.mx\/wp-content\/uploads\/2019\/06\/GERARDO-CAMPOS-NU\u00d1EZ-1.pdf\">Gerardo Campos Nu\u00f1ez<\/a><\/strong><\/span><\/li>\n<li><span style=\"color: #3366ff;\"><strong><a style=\"color: #3366ff;\" href=\"https:\/\/www.fresnillo.gob.mx\/wp-content\/uploads\/2019\/06\/HUMBERTO-MARIANO-SALAS-TORRES-1.pdf\">Humberto Mariano Salas Torres<\/a><\/strong><\/span><\/li>\n<li><span style=\"color: #3366ff;\"><strong><a style=\"color: #3366ff;\" href=\"https:\/\/www.fresnillo.gob.mx\/wp-content\/uploads\/2019\/06\/LAURA-ANGELICA-HERRERA-MARQUEZ-1.pdf\">Laura Ang\u00e9lica Herrera M\u00e1rquez<\/a><\/strong><\/span><\/li>\n<li><span style=\"color: #3366ff;\"><strong><a style=\"color: #3366ff;\" href=\"https:\/\/www.fresnillo.gob.mx\/wp-content\/uploads\/2019\/06\/LUIS-EDUARDO-PEREYRA-FLORES-1.pdf\">Luis Eduardo Pereyra Flores<\/a><\/strong><\/span><\/li>\n<li><span style=\"color: #3366ff;\"><strong><a style=\"color: #3366ff;\" href=\"https:\/\/www.fresnillo.gob.mx\/wp-content\/uploads\/2019\/06\/LUIS-PEREYRA-ESPARZA-1.pdf\">Luis Pereyra Esparza<\/a><\/strong><\/span><\/li>\n<li><span style=\"color: #3366ff;\"><strong><a style=\"color: #3366ff;\" href=\"https:\/\/www.fresnillo.gob.mx\/wp-content\/uploads\/2019\/06\/MANUEL-LOMELI-MAGALLANES-1.pdf\">Manuel Lomel\u00ed Magallanes<\/a><\/strong><\/span><\/li>\n<li><span style=\"color: #3366ff;\"><strong><a style=\"color: #3366ff;\" href=\"https:\/\/www.fresnillo.gob.mx\/wp-content\/uploads\/2019\/06\/MARIA-DEL-REFUGIO-MOTA-GAETA-1.pdf\">Ma. Del Refugio Mota Gaeta<\/a><\/strong><\/span><\/li>\n<li><span style=\"color: #3366ff;\"><strong><a style=\"color: #3366ff;\" href=\"https:\/\/www.fresnillo.gob.mx\/wp-content\/uploads\/2019\/06\/MARIA-ELENA-AVILA-GARCIA-1.pdf\">Mar\u00eda Elena Avila Garc\u00eda<\/a><\/strong><\/span><\/li>\n<li><span style=\"color: #3366ff;\"><strong><a style=\"color: #3366ff;\" href=\"https:\/\/www.fresnillo.gob.mx\/wp-content\/uploads\/2019\/06\/MAYRA-LOPEZ-GALVAN.pdf\">Mayra L\u00f3pez Galv\u00e1n<\/a><\/strong><\/span><\/li>\n<li><span style=\"color: #3366ff;\"><strong><a style=\"color: #3366ff;\" href=\"https:\/\/www.fresnillo.gob.mx\/wp-content\/uploads\/2019\/06\/RAFAEL-VALENZUELA-RODRIGUEZ.pdf\">Rafael Valenzuela Rodr\u00edguez<\/a><\/strong><\/span><\/li>\n<li><span style=\"color: #3366ff;\"><strong><a style=\"color: #3366ff;\" href=\"https:\/\/www.fresnillo.gob.mx\/wp-content\/uploads\/2019\/06\/RAMIRO-RODRIGUEZ-1.pdf\">Ramiro Rodr\u00edguez<\/a><\/strong><\/span><\/li>\n<li><span style=\"color: #3366ff;\"><strong><a style=\"color: #3366ff;\" href=\"https:\/\/www.fresnillo.gob.mx\/wp-content\/uploads\/2019\/06\/RICARDO-VELASCO-SANCHEZ-1.pdf\">Ricardo Velasco S\u00e1nchez<\/a><\/strong><\/span><\/li>\n<li><span style=\"color: #3366ff;\"><strong><a style=\"color: #3366ff;\" href=\"https:\/\/www.fresnillo.gob.mx\/wp-content\/uploads\/2019\/06\/ROGELIO-BELTRAN-CAZARES-1.pdf\">Rogelio Beltr\u00e1n Cazares<\/a><\/strong><\/span><\/li>\n<li><span style=\"color: #3366ff;\"><strong><a style=\"color: #3366ff;\" href=\"https:\/\/www.fresnillo.gob.mx\/wp-content\/uploads\/2019\/06\/SOFIA-HERNANDEZ-NAVA-1.pdf\">Sof\u00eda Hern\u00e1ndez Nava<\/a><\/strong><\/span><\/li>\n<li><span style=\"color: #3366ff;\"><strong><a style=\"color: #3366ff;\" href=\"https:\/\/www.fresnillo.gob.mx\/wp-content\/uploads\/2019\/06\/Ma.-del-Refugio-Galvan-Cervantes.pdf\">Ma. del Refugio Galv\u00e1n Cervantes<\/a><\/strong><\/span><\/li>\n<li><span style=\"color: #3366ff;\"><a style=\"color: #3366ff;\" href=\"https:\/\/www.fresnillo.gob.mx\/wp-content\/uploads\/2019\/06\/Noe-Macias-Solis-1.pdf\"><strong><span style=\"color: #3366ff;\">Noe Mac\u00edas Sol\u00eds<\/span><\/strong><\/a><\/span><\/li>\n<li><span style=\"color: #3366ff;\"><strong><a style=\"color: #3366ff;\" href=\"https:\/\/www.fresnillo.gob.mx\/wp-content\/uploads\/2019\/06\/Ma.-de-la-Luz-Galvan-Cervantes-anterior.pdf\">Ma. de la Luz Galv\u00e1n Cervantes<\/a><\/strong><\/span><\/li>\n<li><span style=\"color: #3366ff;\"><strong><a style=\"color: #3366ff;\" href=\"https:\/\/www.fresnillo.gob.mx\/wp-content\/uploads\/2019\/06\/Oscar-Arturo-Qui\u00f1ones-Carrillo.pdf\">Oscar Arturo Qui\u00f1ones Carrillo<\/a><\/strong><\/span><\/li>\n<li><a href=\"https:\/\/www.fresnillo.gob.mx\/wp-content\/uploads\/2019\/06\/Juan-Carlos-Laredo-Ramos.pdf\"><span style=\"color: #3366ff;\"><strong>Juan Carlos Laredo Ramos<\/strong><\/span><\/a><\/li>\n<li><a href=\"https:\/\/www.fresnillo.gob.mx\/wp-content\/uploads\/2019\/06\/Juan-Manuel-Morales-Zavala.pdf\"><span style=\"color: #3366ff;\"><strong>Juan Manuel Morales Zavala<\/strong><\/span><\/a><\/li>\n<li><a href=\"https:\/\/www.fresnillo.gob.mx\/wp-content\/uploads\/2019\/07\/LAURA-ELENA-LUNA-SANTACRUZ.pdf\"><span style=\"color: #3366ff;\"><strong>Laura Elena Luna Santacruz<\/strong><\/span><\/a><\/li>\n<li><span style=\"color: #3366ff;\"><strong><a style=\"color: #3366ff;\" href=\"https:\/\/www.fresnillo.gob.mx\/siapasf\/articulo-39\/ii-estructura-organica-complet\/\">Adriana Cid Garcia<\/a><\/strong><\/span><\/li>\n<\/ol>\n<p>[\/vc_column_text][\/vc_tta_section][vc_tta_section i_icon_fontawesome=\u00bbfa fa-id-badge\u00bb add_icon=\u00bbtrue\u00bb title=\u00bb4to. Trimestre\u00bb tab_id=\u00bb1560541416764-aa1edf7d-07a2&#8243;][vc_column_text]<\/p>\n<ol>\n<li><span style=\"color: #3366ff;\"><strong><a style=\"color: #3366ff;\" href=\"https:\/\/www.fresnillo.gob.mx\/wp-content\/uploads\/2019\/06\/ANGEL-GARCIA-HERNADEZ-1.pdf\">Angel Garc\u00eda Hern\u00e1ndez<\/a><\/strong><\/span><\/li>\n<li><span style=\"color: #3366ff;\"><strong><a style=\"color: #3366ff;\" href=\"https:\/\/www.fresnillo.gob.mx\/wp-content\/uploads\/2019\/06\/DULCE-MARIA-ALVARADO-CAMPA-1.pdf\">Dulce Mar\u00eda Alvarado Campa<\/a><\/strong><\/span><\/li>\n<li><span style=\"color: #3366ff;\"><strong><a style=\"color: #3366ff;\" href=\"https:\/\/www.fresnillo.gob.mx\/wp-content\/uploads\/2019\/06\/ENRIQUE-ELIZALDE-TORRES-1.pdf\">Enrique Elizalde Torres<\/a><\/strong><\/span><\/li>\n<li><span style=\"color: #3366ff;\"><strong><a style=\"color: #3366ff;\" href=\"https:\/\/www.fresnillo.gob.mx\/wp-content\/uploads\/2019\/06\/GABRIELA-MARQUEZ-ROCHA-1.pdf\">Gabriela M\u00e1rquez Rocha<\/a><\/strong><\/span><\/li>\n<li><span style=\"color: #3366ff;\"><strong><a style=\"color: #3366ff;\" href=\"https:\/\/www.fresnillo.gob.mx\/wp-content\/uploads\/2019\/06\/GERARDO-CAMPOS-NU\u00d1EZ-1.pdf\">Gerardo Campos Nu\u00f1ez<\/a><\/strong><\/span><\/li>\n<li><span style=\"color: #3366ff;\"><strong><a style=\"color: #3366ff;\" href=\"https:\/\/www.fresnillo.gob.mx\/wp-content\/uploads\/2019\/06\/HUMBERTO-MARIANO-SALAS-TORRES-1.pdf\">Humberto Mariano Salas Torres<\/a><\/strong><\/span><\/li>\n<li><span style=\"color: #3366ff;\"><strong><a style=\"color: #3366ff;\" href=\"https:\/\/www.fresnillo.gob.mx\/wp-content\/uploads\/2019\/06\/LAURA-ANGELICA-HERRERA-MARQUEZ-1.pdf\">Laura Ang\u00e9lica Herrera M\u00e1rquez<\/a><\/strong><\/span><\/li>\n<li><span style=\"color: #3366ff;\"><strong><a style=\"color: #3366ff;\" href=\"https:\/\/www.fresnillo.gob.mx\/wp-content\/uploads\/2019\/06\/LUIS-EDUARDO-PEREYRA-FLORES-1.pdf\">Luis Eduardo Pereyra Flores<\/a><\/strong><\/span><\/li>\n<li><span style=\"color: #3366ff;\"><strong><a style=\"color: #3366ff;\" href=\"https:\/\/www.fresnillo.gob.mx\/wp-content\/uploads\/2019\/06\/LUIS-PEREYRA-ESPARZA-1.pdf\">Luis Pereyra Esparza<\/a><\/strong><\/span><\/li>\n<li><span style=\"color: #3366ff;\"><strong><a style=\"color: #3366ff;\" href=\"https:\/\/www.fresnillo.gob.mx\/wp-content\/uploads\/2019\/06\/MANUEL-LOMELI-MAGALLANES-1.pdf\">Manuel Lomel\u00ed Magallanes<\/a><\/strong><\/span><\/li>\n<li><span style=\"color: #3366ff;\"><strong><a style=\"color: #3366ff;\" href=\"https:\/\/www.fresnillo.gob.mx\/wp-content\/uploads\/2019\/06\/MARIA-DEL-REFUGIO-MOTA-GAETA-1.pdf\">Ma. Del Refugio Mota Gaeta<\/a><\/strong><\/span><\/li>\n<li><span style=\"color: #3366ff;\"><strong><a style=\"color: #3366ff;\" href=\"https:\/\/www.fresnillo.gob.mx\/wp-content\/uploads\/2019\/06\/MARIA-ELENA-AVILA-GARCIA-1.pdf\">Mar\u00eda Elena Avila Garc\u00eda<\/a><\/strong><\/span><\/li>\n<li><span style=\"color: #3366ff;\"><strong><a style=\"color: #3366ff;\" href=\"https:\/\/www.fresnillo.gob.mx\/wp-content\/uploads\/2019\/06\/MAYRA-LOPEZ-GALVAN.pdf\">Mayra L\u00f3pez Galv\u00e1n<\/a><\/strong><\/span><\/li>\n<li><span style=\"color: #3366ff;\"><strong><a style=\"color: #3366ff;\" href=\"https:\/\/www.fresnillo.gob.mx\/wp-content\/uploads\/2019\/06\/RAFAEL-VALENZUELA-RODRIGUEZ.pdf\">Rafael Valenzuela Rodr\u00edguez<\/a><\/strong><\/span><\/li>\n<li><span style=\"color: #3366ff;\"><strong><a style=\"color: #3366ff;\" href=\"https:\/\/www.fresnillo.gob.mx\/wp-content\/uploads\/2019\/06\/RAMIRO-RODRIGUEZ-1.pdf\">Ramiro Rodr\u00edguez<\/a><\/strong><\/span><\/li>\n<li><span style=\"color: #3366ff;\"><strong><a style=\"color: #3366ff;\" href=\"https:\/\/www.fresnillo.gob.mx\/wp-content\/uploads\/2019\/06\/RICARDO-VELASCO-SANCHEZ-1.pdf\">Ricardo Velasco S\u00e1nchez<\/a><\/strong><\/span><\/li>\n<li><span style=\"color: #3366ff;\"><strong><a style=\"color: #3366ff;\" href=\"https:\/\/www.fresnillo.gob.mx\/wp-content\/uploads\/2019\/06\/ROGELIO-BELTRAN-CAZARES-1.pdf\">Rogelio Beltr\u00e1n Cazares<\/a><\/strong><\/span><\/li>\n<li><span style=\"color: #3366ff;\"><strong><a style=\"color: #3366ff;\" href=\"https:\/\/www.fresnillo.gob.mx\/wp-content\/uploads\/2019\/06\/SOFIA-HERNANDEZ-NAVA-1.pdf\">Sof\u00eda Hern\u00e1ndez Nava<\/a><\/strong><\/span><\/li>\n<li><span style=\"color: #3366ff;\"><strong><a style=\"color: #3366ff;\" href=\"https:\/\/www.fresnillo.gob.mx\/wp-content\/uploads\/2019\/06\/Ma.-del-Refugio-Galvan-Cervantes.pdf\">Ma. del Refugio Galv\u00e1n Cervantes<\/a><\/strong><\/span><\/li>\n<li><span style=\"color: #3366ff;\"><strong><a style=\"color: #3366ff;\" href=\"https:\/\/www.fresnillo.gob.mx\/wp-content\/uploads\/2019\/06\/Noe-Macias-Solis-1.pdf\">Noe Mac\u00edas Sol\u00eds<\/a><\/strong><\/span><\/li>\n<li><span style=\"color: #3366ff;\"><strong><a style=\"color: #3366ff;\" href=\"https:\/\/www.fresnillo.gob.mx\/wp-content\/uploads\/2019\/06\/Ma.-de-la-Luz-Galvan-Cervantes-anterior.pdf\">Ma. de la Luz Galv\u00e1n Cervantes<\/a><\/strong><\/span><\/li>\n<li><a href=\"https:\/\/www.fresnillo.gob.mx\/wp-content\/uploads\/2019\/06\/Ana-Ma.-Trinidad-Alvarado-Rodriguez.pdf\"><span style=\"color: #3366ff;\"><strong>Ana Ma. Trinidad Alvarado Rodr\u00edguez<\/strong><\/span><\/a><\/li>\n<li><span style=\"color: #3366ff;\"><strong><a style=\"color: #3366ff;\" href=\"https:\/\/www.fresnillo.gob.mx\/wp-content\/uploads\/2019\/06\/Oscar-Arturo-Qui\u00f1ones-Carrillo.pdf\">Oscar Arturo Qui\u00f1ones Carrillo<\/a><\/strong><\/span><\/li>\n<li><a href=\"https:\/\/www.fresnillo.gob.mx\/wp-content\/uploads\/2019\/06\/Juan-Carlos-Laredo-Ramos.pdf\"><span style=\"color: #3366ff;\"><strong>Juan Carlos Laredo Ramos<\/strong><\/span><\/a><\/li>\n<li><a href=\"https:\/\/www.fresnillo.gob.mx\/wp-content\/uploads\/2019\/06\/Juan-Manuel-Morales-Zavala.pdf\"><span style=\"color: #3366ff;\"><strong>Juan Manuel Morales Zavala<\/strong><\/span><\/a><\/li>\n<li><span style=\"color: #3366ff;\"><strong><a style=\"color: #3366ff;\" href=\"https:\/\/www.fresnillo.gob.mx\/wp-content\/uploads\/2019\/07\/LAURA-ELENA-LUNA-SANTACRUZ.pdf\">Laura Elena Luna Santacruz<\/a><\/strong><\/span><\/li>\n<li><span style=\"color: #3366ff;\"><strong><a style=\"color: #3366ff;\" href=\"https:\/\/www.fresnillo.gob.mx\/wp-content\/uploads\/2019\/07\/ADRIANA-CID-GARCIA.pdf\">Adriana Cid Garcia<\/a><\/strong><\/span><\/li>\n<\/ol>\n<p>[\/vc_column_text][\/vc_tta_section][\/vc_tta_tabs][vc_tta_tabs style=\u00bbmodern\u00bb shape=\u00bbround\u00bb color=\u00bbblue\u00bb alignment=\u00bbcenter\u00bb active_section=\u00bb1&#8243; no_fill_content_area=\u00bbtrue\u00bb title=\u00bb2019&#8243;][vc_tta_section i_icon_fontawesome=\u00bbfa fa-id-badge\u00bb add_icon=\u00bbtrue\u00bb title=\u00bb1er. Trimestre\u00bb tab_id=\u00bb1560541027393-ff922584-e93b\u00bb][vc_column_text]2019<\/p>\n<ol>\n<li><a href=\"https:\/\/www.fresnillo.gob.mx\/wp-content\/uploads\/2019\/06\/Ma.-del-Refugio-Galvan-Cervantes.pdf\"><span style=\"color: #3366ff;\"><strong>Ma. del Refugio Galv\u00e1n Cervantes<\/strong><\/span><\/a><\/li>\n<li><a href=\"https:\/\/www.fresnillo.gob.mx\/wp-content\/uploads\/2019\/06\/RICARDO-VELASCO-SANCHEZ-2.pdf\"><span style=\"color: #3366ff;\"><strong>Ricardo Velasco S\u00e1nchez<\/strong><\/span><\/a><\/li>\n<li><a href=\"https:\/\/www.fresnillo.gob.mx\/wp-content\/uploads\/2019\/06\/RAMIRO-RODRIGUEZ-2.pdf\"><span style=\"color: #3366ff;\"><strong>Ramiro Rodr\u00edguez<\/strong><\/span><\/a><\/li>\n<li><a href=\"https:\/\/www.fresnillo.gob.mx\/wp-content\/uploads\/2019\/06\/MANUEL-LOMELI-MAGALLANES-2.pdf\"><span style=\"color: #3366ff;\"><strong>Manuel Lomel\u00ed Magallanes<\/strong><\/span><\/a><\/li>\n<li><a href=\"https:\/\/www.fresnillo.gob.mx\/wp-content\/uploads\/2019\/06\/LUIS-EDUARDO-PEREYRA-FLORES-2.pdf\"><span style=\"color: #3366ff;\"><strong>Luis Eduardo Pereyra Flores<\/strong><\/span><\/a><\/li>\n<li><a href=\"https:\/\/www.fresnillo.gob.mx\/wp-content\/uploads\/2019\/06\/HUMBERTO-MARIANO-SALAS-TORRES-2.pdf\"><span style=\"color: #3366ff;\"><strong>Humberto Mariano Salas Torres<\/strong><\/span><\/a><\/li>\n<li><a href=\"https:\/\/www.fresnillo.gob.mx\/wp-content\/uploads\/2019\/06\/GABRIELA-MARQUEZ-ROCHA-1-1.pdf\"><span style=\"color: #3366ff;\"><strong>Gabriela M\u00e1rquez Rocha<\/strong><\/span><\/a><\/li>\n<li><a href=\"https:\/\/www.fresnillo.gob.mx\/wp-content\/uploads\/2019\/06\/Ma.-de-la-Luz-Galvan-Cervantes.pdf\"><strong><span style=\"color: #3366ff;\">Ma. de la Luz Galv\u00e1n Cervantes<\/span><\/strong><\/a><\/li>\n<li><a href=\"https:\/\/www.fresnillo.gob.mx\/wp-content\/uploads\/2019\/06\/Ana-Ma.-Trinidad-Alvarado-Rodriguez.pdf\"><span style=\"color: #3366ff;\"><strong>Ana Ma. Trinidad Alvarado Rodr\u00edguez<\/strong><\/span><\/a><\/li>\n<li><span style=\"color: #3366ff;\"><strong><a style=\"color: #3366ff;\" href=\"https:\/\/www.fresnillo.gob.mx\/wp-content\/uploads\/2019\/06\/Oscar-Arturo-Qui\u00f1ones-Carrillo.pdf\">Oscar Arturo Qui\u00f1ones Carrillo<\/a><\/strong><\/span><\/li>\n<li><a href=\"https:\/\/www.fresnillo.gob.mx\/wp-content\/uploads\/2019\/06\/Juan-Carlos-Laredo-Ramos.pdf\"><span style=\"color: #3366ff;\"><strong>Juan Carlos Laredo Ramos<\/strong><\/span><\/a><\/li>\n<li><a href=\"https:\/\/www.fresnillo.gob.mx\/wp-content\/uploads\/2019\/06\/Juan-Manuel-Morales-Zavala.pdf\"><span style=\"color: #3366ff;\"><strong>Juan Manuel Morales Zavala<\/strong><\/span><\/a><\/li>\n<li><span style=\"color: #3366ff;\"><strong><a style=\"color: #3366ff;\" href=\"https:\/\/www.fresnillo.gob.mx\/wp-content\/uploads\/2019\/07\/LAURA-ELENA-LUNA-SANTACRUZ.pdf\">Laura Elena Luna Santacruz<\/a><\/strong><\/span><\/li>\n<li><span style=\"color: #3366ff;\"><strong><a style=\"color: #3366ff;\" href=\"https:\/\/www.fresnillo.gob.mx\/wp-content\/uploads\/2019\/07\/ADRIANA-CID-GARCIA.pdf\">Adriana Cid Garcia<\/a><\/strong><\/span><\/li>\n<li><a href=\"https:\/\/www.fresnillo.gob.mx\/wp-content\/uploads\/2022\/11\/CARLOS-QUINTANAR-LUNA.pdf\">CARLOS QUINTANAR LUNA<\/a><\/li>\n<\/ol>\n<p>[\/vc_column_text][\/vc_tta_section][vc_tta_section i_icon_fontawesome=\u00bbfa fa-id-badge\u00bb add_icon=\u00bbtrue\u00bb title=\u00bb2do. Trimestre\u00bb tab_id=\u00bb1560541027418-aa0a770c-1a9a\u00bb][vc_column_text]<\/p>\n<ul>\n<li><a href=\"https:\/\/www.fresnillo.gob.mx\/wp-content\/uploads\/2019\/06\/Ma.-del-Refugio-Galvan-Cervantes.pdf\"><span style=\"color: #3366ff;\"><strong>Ma. del Refugio Galv\u00e1n Cervantes<\/strong><\/span><\/a><\/li>\n<li><a href=\"https:\/\/www.fresnillo.gob.mx\/wp-content\/uploads\/2019\/06\/RICARDO-VELASCO-SANCHEZ-2.pdf\"><span style=\"color: #3366ff;\"><strong>Ricardo Velasco S\u00e1nchez<\/strong><\/span><\/a><\/li>\n<li><a href=\"https:\/\/www.fresnillo.gob.mx\/wp-content\/uploads\/2019\/06\/RAMIRO-RODRIGUEZ-2.pdf\"><span style=\"color: #3366ff;\"><strong>Ramiro Rodr\u00edguez<\/strong><\/span><\/a><\/li>\n<li><a href=\"https:\/\/www.fresnillo.gob.mx\/wp-content\/uploads\/2019\/06\/MANUEL-LOMELI-MAGALLANES-2.pdf\"><span style=\"color: #3366ff;\"><strong>Manuel Lomel\u00ed Magallanes<\/strong><\/span><\/a><\/li>\n<li><a href=\"https:\/\/www.fresnillo.gob.mx\/wp-content\/uploads\/2019\/06\/LUIS-EDUARDO-PEREYRA-FLORES-2.pdf\"><span style=\"color: #3366ff;\"><strong>Luis Eduardo Pereyra Flores<\/strong><\/span><\/a><\/li>\n<li><a href=\"https:\/\/www.fresnillo.gob.mx\/wp-content\/uploads\/2019\/06\/HUMBERTO-MARIANO-SALAS-TORRES-2.pdf\"><span style=\"color: #3366ff;\"><strong>Humberto Mariano Salas Torres<\/strong><\/span><\/a><\/li>\n<li><a href=\"https:\/\/www.fresnillo.gob.mx\/wp-content\/uploads\/2019\/06\/GABRIELA-MARQUEZ-ROCHA-1-1.pdf\"><span style=\"color: #3366ff;\"><strong>Gabriela M\u00e1rquez Rocha<\/strong><\/span><\/a><\/li>\n<li><a href=\"https:\/\/www.fresnillo.gob.mx\/wp-content\/uploads\/2019\/06\/Ma.-de-la-Luz-Galvan-Cervantes.pdf\"><strong><span style=\"color: #3366ff;\">Ma. de la Luz Galv\u00e1n Cervantes<\/span><\/strong><\/a><\/li>\n<li><a href=\"https:\/\/www.fresnillo.gob.mx\/wp-content\/uploads\/2019\/06\/Ana-Ma.-Trinidad-Alvarado-Rodriguez.pdf\"><span style=\"color: #3366ff;\"><strong>Ana Ma. Trinidad Alvarado Rodr\u00edguez<\/strong><\/span><\/a><\/li>\n<li><span style=\"color: #3366ff;\"><strong><a style=\"color: #3366ff;\" href=\"https:\/\/www.fresnillo.gob.mx\/wp-content\/uploads\/2019\/06\/Oscar-Arturo-Qui\u00f1ones-Carrillo.pdf\">Oscar Arturo Qui\u00f1ones Carrillo<\/a><\/strong><\/span><\/li>\n<li><a href=\"https:\/\/www.fresnillo.gob.mx\/wp-content\/uploads\/2019\/06\/Juan-Carlos-Laredo-Ramos.pdf\"><span style=\"color: #3366ff;\"><strong>Juan Carlos Laredo Ramos<\/strong><\/span><\/a><\/li>\n<li><a href=\"https:\/\/www.fresnillo.gob.mx\/wp-content\/uploads\/2019\/06\/Juan-Manuel-Morales-Zavala.pdf\"><span style=\"color: #3366ff;\"><strong>Juan Manuel Morales Zavala<\/strong><\/span><\/a><\/li>\n<li><span style=\"color: #3366ff;\"><strong><a style=\"color: #3366ff;\" href=\"https:\/\/www.fresnillo.gob.mx\/wp-content\/uploads\/2019\/07\/LAURA-ELENA-LUNA-SANTACRUZ.pdf\">Laura Elena Luna Santacruz<\/a><\/strong><\/span><\/li>\n<li><span style=\"color: #3366ff;\"><strong><a style=\"color: #3366ff;\" href=\"https:\/\/www.fresnillo.gob.mx\/wp-content\/uploads\/2019\/07\/ADRIANA-CID-GARCIA.pdf\">Adriana Cid Garcia<\/a><\/strong><\/span><\/li>\n<li><span style=\"color: #3366ff;\"><strong><a href=\"https:\/\/www.fresnillo.gob.mx\/wp-content\/uploads\/2022\/11\/CARLOS-QUINTANAR-LUNA.pdf\">CARLOS QUINTANAR LUNA<\/a><\/strong><\/span><\/li>\n<\/ul>\n<p>[\/vc_column_text][\/vc_tta_section][vc_tta_section title=\u00bb3er. Trimestre\u00bb tab_id=\u00bb1571061570486-cf8ff7e4-9f92&#8243;][vc_column_text]<\/p>\n<ul>\n<li style=\"list-style-type: none;\">\n<ul>\n<li><a href=\"https:\/\/www.fresnillo.gob.mx\/wp-content\/uploads\/2019\/06\/Ma.-del-Refugio-Galvan-Cervantes.pdf\"><span style=\"color: #3366ff;\"><strong>Ma. del Refugio Galv\u00e1n Cervantes<\/strong><\/span><\/a><\/li>\n<li><a href=\"https:\/\/www.fresnillo.gob.mx\/wp-content\/uploads\/2019\/06\/RICARDO-VELASCO-SANCHEZ-2.pdf\"><span style=\"color: #3366ff;\"><strong>Ricardo Velasco S\u00e1nchez<\/strong><\/span><\/a><\/li>\n<li><a href=\"https:\/\/www.fresnillo.gob.mx\/wp-content\/uploads\/2019\/06\/RAMIRO-RODRIGUEZ-2.pdf\"><span style=\"color: #3366ff;\"><strong>Ramiro Rodr\u00edguez<\/strong><\/span><\/a><\/li>\n<li><a href=\"https:\/\/www.fresnillo.gob.mx\/wp-content\/uploads\/2019\/06\/MANUEL-LOMELI-MAGALLANES-2.pdf\"><span style=\"color: #3366ff;\"><strong>Manuel Lomel\u00ed Magallanes<\/strong><\/span><\/a><\/li>\n<li><a href=\"https:\/\/www.fresnillo.gob.mx\/wp-content\/uploads\/2019\/06\/LUIS-EDUARDO-PEREYRA-FLORES-2.pdf\"><span style=\"color: #3366ff;\"><strong>Luis Eduardo Pereyra Flores<\/strong><\/span><\/a><\/li>\n<li><a href=\"https:\/\/www.fresnillo.gob.mx\/wp-content\/uploads\/2019\/06\/HUMBERTO-MARIANO-SALAS-TORRES-2.pdf\"><span style=\"color: #3366ff;\"><strong>Humberto Mariano Salas Torres<\/strong><\/span><\/a><\/li>\n<li><a href=\"https:\/\/www.fresnillo.gob.mx\/wp-content\/uploads\/2019\/06\/GABRIELA-MARQUEZ-ROCHA-1-1.pdf\"><span style=\"color: #3366ff;\"><strong>Gabriela M\u00e1rquez Rocha<\/strong><\/span><\/a><\/li>\n<li><a href=\"https:\/\/www.fresnillo.gob.mx\/wp-content\/uploads\/2019\/06\/Ma.-de-la-Luz-Galvan-Cervantes.pdf\"><strong><span style=\"color: #3366ff;\">Ma. de la Luz Galv\u00e1n Cervantes<\/span><\/strong><\/a><\/li>\n<li><a href=\"https:\/\/www.fresnillo.gob.mx\/wp-content\/uploads\/2019\/06\/Ana-Ma.-Trinidad-Alvarado-Rodriguez.pdf\"><span style=\"color: #3366ff;\"><strong>Ana Ma. Trinidad Alvarado Rodr\u00edguez<\/strong><\/span><\/a><\/li>\n<li><span style=\"color: #3366ff;\"><strong><a style=\"color: #3366ff;\" href=\"https:\/\/www.fresnillo.gob.mx\/wp-content\/uploads\/2019\/06\/Oscar-Arturo-Qui\u00f1ones-Carrillo.pdf\">Oscar Arturo Qui\u00f1ones Carrillo<\/a><\/strong><\/span><\/li>\n<li><a href=\"https:\/\/www.fresnillo.gob.mx\/wp-content\/uploads\/2019\/06\/Juan-Carlos-Laredo-Ramos.pdf\"><span style=\"color: #3366ff;\"><strong>Juan Carlos Laredo Ramos<\/strong><\/span><\/a><\/li>\n<li><a href=\"https:\/\/www.fresnillo.gob.mx\/wp-content\/uploads\/2019\/06\/Juan-Manuel-Morales-Zavala.pdf\"><span style=\"color: #3366ff;\"><strong>Juan Manuel Morales Zavala<\/strong><\/span><\/a><\/li>\n<li><span style=\"color: #3366ff;\"><strong><a style=\"color: #3366ff;\" href=\"https:\/\/www.fresnillo.gob.mx\/wp-content\/uploads\/2019\/07\/LAURA-ELENA-LUNA-SANTACRUZ.pdf\">Laura Elena Luna Santacruz<\/a><\/strong><\/span><\/li>\n<li><span style=\"color: #3366ff;\"><strong><a style=\"color: #3366ff;\" href=\"https:\/\/www.fresnillo.gob.mx\/wp-content\/uploads\/2019\/10\/CurriculumGMZ.pdf\">Gerardo Morales Zavala<\/a><\/strong><\/span><\/li>\n<li><span style=\"color: #3366ff;\"><strong><a style=\"color: #3366ff;\" href=\"https:\/\/www.fresnillo.gob.mx\/wp-content\/uploads\/2019\/10\/CURRICULUM-MIo.pdf\">Mar\u00eda Guadalupe Elizalde Torres<\/a><\/strong><\/span><\/li>\n<li><span style=\"color: #3366ff;\"><strong><a style=\"color: #3366ff;\" href=\"https:\/\/www.fresnillo.gob.mx\/wp-content\/uploads\/2019\/10\/CURRICULUM-VITAE.pdf\">J. Guadalupe Mart\u00ednez Mart\u00ednez<\/a><\/strong><\/span><\/li>\n<li><span style=\"color: #3366ff;\"><strong><a href=\"https:\/\/www.fresnillo.gob.mx\/wp-content\/uploads\/2022\/11\/CARLOS-QUINTANAR-LUNA.pdf\">CARLOS QUINTANAR LUNA<\/a><\/strong><\/span><\/li>\n<\/ul>\n<\/li>\n<\/ul>\n<p>[\/vc_column_text][\/vc_tta_section][vc_tta_section title=\u00bb4to. Trimestre\u00bb tab_id=\u00bb1579200270448-3bfb99e1-9049&#8243;][vc_column_text]<\/p>\n<ul>\n<li style=\"list-style-type: none;\">\n<ul>\n<li style=\"list-style-type: none;\">\n<ul>\n<li><a href=\"https:\/\/www.fresnillo.gob.mx\/wp-content\/uploads\/2019\/06\/Ma.-del-Refugio-Galvan-Cervantes.pdf\"><span style=\"color: #3366ff;\"><strong>Ma. del Refugio Galv\u00e1n Cervantes<\/strong><\/span><\/a><\/li>\n<li><a href=\"https:\/\/www.fresnillo.gob.mx\/wp-content\/uploads\/2019\/06\/RICARDO-VELASCO-SANCHEZ-2.pdf\"><span style=\"color: #3366ff;\"><strong>Ricardo Velasco S\u00e1nchez<\/strong><\/span><\/a><\/li>\n<li><a href=\"https:\/\/www.fresnillo.gob.mx\/wp-content\/uploads\/2019\/06\/RAMIRO-RODRIGUEZ-2.pdf\"><span style=\"color: #3366ff;\"><strong>Ramiro Rodr\u00edguez<\/strong><\/span><\/a><\/li>\n<li><a href=\"https:\/\/www.fresnillo.gob.mx\/wp-content\/uploads\/2019\/06\/MANUEL-LOMELI-MAGALLANES-2.pdf\"><span style=\"color: #3366ff;\"><strong>Manuel Lomel\u00ed Magallanes<\/strong><\/span><\/a><\/li>\n<li><a href=\"https:\/\/www.fresnillo.gob.mx\/wp-content\/uploads\/2019\/06\/LUIS-EDUARDO-PEREYRA-FLORES-2.pdf\"><span style=\"color: #3366ff;\"><strong>Luis Eduardo Pereyra Flores<\/strong><\/span><\/a><\/li>\n<li><a href=\"https:\/\/www.fresnillo.gob.mx\/wp-content\/uploads\/2019\/06\/HUMBERTO-MARIANO-SALAS-TORRES-2.pdf\"><span style=\"color: #3366ff;\"><strong>Humberto Mariano Salas Torres<\/strong><\/span><\/a><\/li>\n<li><a href=\"https:\/\/www.fresnillo.gob.mx\/wp-content\/uploads\/2019\/06\/GABRIELA-MARQUEZ-ROCHA-1-1.pdf\"><span style=\"color: #3366ff;\"><strong>Gabriela M\u00e1rquez Rocha<\/strong><\/span><\/a><\/li>\n<li><a href=\"https:\/\/www.fresnillo.gob.mx\/wp-content\/uploads\/2019\/06\/Ma.-de-la-Luz-Galvan-Cervantes.pdf\"><strong><span style=\"color: #3366ff;\">Ma. de la Luz Galv\u00e1n Cervantes<\/span><\/strong><\/a><\/li>\n<li><a href=\"https:\/\/www.fresnillo.gob.mx\/wp-content\/uploads\/2019\/06\/Ana-Ma.-Trinidad-Alvarado-Rodriguez.pdf\"><span style=\"color: #3366ff;\"><strong>Ana Ma. Trinidad Alvarado Rodr\u00edguez<\/strong><\/span><\/a><\/li>\n<li><span style=\"color: #3366ff;\"><strong><a style=\"color: #3366ff;\" href=\"https:\/\/www.fresnillo.gob.mx\/wp-content\/uploads\/2019\/06\/Oscar-Arturo-Qui\u00f1ones-Carrillo.pdf\">Oscar Arturo Qui\u00f1ones Carrillo<\/a><\/strong><\/span><\/li>\n<li><a href=\"https:\/\/www.fresnillo.gob.mx\/wp-content\/uploads\/2019\/06\/Juan-Carlos-Laredo-Ramos.pdf\"><span style=\"color: #3366ff;\"><strong>Juan Carlos Laredo Ramos<\/strong><\/span><\/a><\/li>\n<li><a href=\"https:\/\/www.fresnillo.gob.mx\/wp-content\/uploads\/2019\/06\/Juan-Manuel-Morales-Zavala.pdf\"><span style=\"color: #3366ff;\"><strong>Juan Manuel Morales Zavala<\/strong><\/span><\/a><\/li>\n<li><span style=\"color: #3366ff;\"><strong><a style=\"color: #3366ff;\" href=\"https:\/\/www.fresnillo.gob.mx\/wp-content\/uploads\/2019\/07\/LAURA-ELENA-LUNA-SANTACRUZ.pdf\">Laura Elena Luna Santacruz<\/a><\/strong><\/span><\/li>\n<li><span style=\"color: #3366ff;\"><strong><a style=\"color: #3366ff;\" href=\"https:\/\/www.fresnillo.gob.mx\/wp-content\/uploads\/2019\/10\/CurriculumGMZ.pdf\">Gerardo Morales Zavala<\/a><\/strong><\/span><\/li>\n<li><span style=\"color: #3366ff;\"><strong><a style=\"color: #3366ff;\" href=\"https:\/\/www.fresnillo.gob.mx\/wp-content\/uploads\/2019\/10\/CURRICULUM-MIo.pdf\">Mar\u00eda Guadalupe Elizalde Torres<\/a><\/strong><\/span><\/li>\n<li><span style=\"color: #3366ff;\"><strong><a style=\"color: #3366ff;\" href=\"https:\/\/www.fresnillo.gob.mx\/wp-content\/uploads\/2020\/01\/J.-Guadalupe-Martinez-Martinez.pdf\">J. Guadalupe Martinez Martinez<\/a><\/strong><\/span><\/li>\n<li><strong style=\"color: #3366ff;\"><a style=\"color: #3366ff;\" href=\"https:\/\/www.fresnillo.gob.mx\/wp-content\/uploads\/2020\/01\/Dulce-Denisse-Mendoza-Ledesma-1.pdf\">Dulce Denisse Mendoza Ledesma<\/a><\/strong><\/li>\n<li><span style=\"color: #3366ff;\"><strong><a style=\"color: #3366ff;\" href=\"https:\/\/www.fresnillo.gob.mx\/wp-content\/uploads\/2020\/01\/LIC.-ERIK-RODARTE.pdf\">Erik Rodarte<\/a><\/strong><\/span><\/li>\n<li><span style=\"color: #3366ff;\"><strong><a href=\"https:\/\/www.fresnillo.gob.mx\/wp-content\/uploads\/2022\/11\/CARLOS-QUINTANAR-LUNA.pdf\">CARLOS QUINTANAR LUNA<\/a><\/strong><\/span><\/li>\n<\/ul>\n<\/li>\n<\/ul>\n<\/li>\n<\/ul>\n<p>[\/vc_column_text][\/vc_tta_section][\/vc_tta_tabs][vc_tta_tabs style=\u00bbmodern\u00bb shape=\u00bbround\u00bb color=\u00bbblue\u00bb alignment=\u00bbcenter\u00bb active_section=\u00bb1&#8243; no_fill_content_area=\u00bbtrue\u00bb title=\u00bb2020&#8243;][vc_tta_section title=\u00bb1er. Trimestre\u00bb tab_id=\u00bb1587054609866-5573591a-12a3&#8243;][vc_column_text]2020<\/p>\n<ol>\n<li><span style=\"color: #3366ff;\"><a style=\"color: #3366ff;\" href=\"https:\/\/www.fresnillo.gob.mx\/wp-content\/uploads\/2019\/06\/RICARDO-VELASCO-SANCHEZ-2.pdf\"><strong>Ricardo Velasco S\u00e1nchez<\/strong><\/a><\/span><\/li>\n<li><span style=\"color: #3366ff;\"><a style=\"color: #3366ff;\" href=\"https:\/\/www.fresnillo.gob.mx\/wp-content\/uploads\/2019\/06\/RAMIRO-RODRIGUEZ-2.pdf\"><strong>Ramiro Rodr\u00edguez<\/strong><\/a><\/span><\/li>\n<li><span style=\"color: #3366ff;\"><a style=\"color: #3366ff;\" href=\"https:\/\/www.fresnillo.gob.mx\/wp-content\/uploads\/2019\/06\/MANUEL-LOMELI-MAGALLANES-2.pdf\"><strong>Manuel Lomel\u00ed Magallanes<\/strong><\/a><\/span><\/li>\n<li><span style=\"color: #3366ff;\"><a style=\"color: #3366ff;\" href=\"https:\/\/www.fresnillo.gob.mx\/wp-content\/uploads\/2019\/06\/HUMBERTO-MARIANO-SALAS-TORRES-2.pdf\"><strong>Humberto Mariano Salas Torres<\/strong><\/a><\/span><\/li>\n<li><span style=\"color: #3366ff;\"><a style=\"color: #3366ff;\" href=\"https:\/\/www.fresnillo.gob.mx\/wp-content\/uploads\/2019\/06\/GABRIELA-MARQUEZ-ROCHA-1-1.pdf\"><strong>Gabriela M\u00e1rquez Rocha<\/strong><\/a><\/span><\/li>\n<li><span style=\"color: #3366ff;\"><a style=\"color: #3366ff;\" href=\"https:\/\/www.fresnillo.gob.mx\/wp-content\/uploads\/2019\/06\/Ma.-de-la-Luz-Galvan-Cervantes.pdf\"><strong>Ma. de la Luz Galv\u00e1n Cervantes<\/strong><\/a><\/span><\/li>\n<li><span style=\"color: #3366ff;\"><strong><a style=\"color: #3366ff;\" href=\"https:\/\/www.fresnillo.gob.mx\/wp-content\/uploads\/2019\/06\/Ana-Ma.-Trinidad-Alvarado-Rodriguez.pdf\">Ana Ma. Trinidad Alvarado Rodr\u00edguez<\/a><\/strong><\/span><\/li>\n<li><span style=\"color: #3366ff;\"><strong><a style=\"color: #3366ff;\" href=\"https:\/\/www.fresnillo.gob.mx\/wp-content\/uploads\/2019\/07\/LAURA-ELENA-LUNA-SANTACRUZ.pdf\">Laura Elena Luna Santacruz<\/a><\/strong><\/span><\/li>\n<li><span style=\"color: #3366ff;\"><strong><a style=\"color: #3366ff;\" href=\"https:\/\/www.fresnillo.gob.mx\/wp-content\/uploads\/2019\/10\/CURRICULUM-MIo.pdf\">Mar\u00eda Guadalupe Elizalde Torres<\/a><\/strong><\/span><\/li>\n<li><span style=\"color: #3366ff;\"><strong><a style=\"color: #3366ff;\" href=\"https:\/\/www.fresnillo.gob.mx\/wp-content\/uploads\/2020\/01\/J.-Guadalupe-Martinez-Martinez.pdf\">J. Guadalupe Martinez Martinez<\/a><\/strong><\/span><\/li>\n<li><strong style=\"color: #3366ff;\"><a style=\"color: #3366ff;\" href=\"https:\/\/www.fresnillo.gob.mx\/wp-content\/uploads\/2020\/01\/Dulce-Denisse-Mendoza-Ledesma-1.pdf\">Dulce Denisse Mendoza Ledesma<\/a><\/strong><\/li>\n<li><span style=\"color: #3366ff;\"><strong><a style=\"color: #3366ff;\" href=\"https:\/\/www.fresnillo.gob.mx\/wp-content\/uploads\/2020\/01\/LIC.-ERIK-RODARTE.pdf\">Erik Rodarte<\/a><\/strong><\/span><\/li>\n<li><span style=\"color: #3366ff;\"><strong><a style=\"color: #3366ff;\" href=\"https:\/\/www.fresnillo.gob.mx\/wp-content\/uploads\/2019\/06\/MARIA-ELENA-AVILA-GARCIA.pdf\">Ma. Elena Avila Garc\u00eda<\/a><\/strong><\/span><\/li>\n<li><span style=\"color: #3366ff;\"><strong><a style=\"color: #3366ff;\" href=\"https:\/\/www.fresnillo.gob.mx\/wp-content\/uploads\/2020\/05\/Juan-Carlos-Laredo-Ramos.pdf\">Juan Carlos Laredo Ramos<\/a><\/strong><\/span><\/li>\n<li><span style=\"color: #3366ff;\"><strong><a style=\"color: #3366ff;\" href=\"https:\/\/www.fresnillo.gob.mx\/wp-content\/uploads\/2020\/05\/Gerardo-Campos-Nu\u00f1ez.pdf\">Gerardo Campos Nu\u00f1ez<\/a><\/strong><\/span><\/li>\n<li><span style=\"color: #3366ff;\"><strong><a style=\"color: #3366ff;\" href=\"https:\/\/www.fresnillo.gob.mx\/wp-content\/uploads\/2020\/05\/Oscar-Qui\u00f1ones.pdf\">Oscar Qui\u00f1ones<\/a><\/strong><\/span><\/li>\n<li><span style=\"color: #3366ff;\"><strong><a style=\"color: #3366ff;\" href=\"https:\/\/www.fresnillo.gob.mx\/wp-content\/uploads\/2020\/05\/Juan-Manuel-Morales-Zavala.pdf\">Juan Manuel Morales Zavala<\/a><\/strong><\/span><\/li>\n<li><span style=\"color: #3366ff;\"><strong><a style=\"color: #3366ff;\" href=\"https:\/\/www.fresnillo.gob.mx\/wp-content\/uploads\/2020\/05\/MA.-DEL-REFUGIO-GALVAN-CERVANTES.pdf\">Ma. del Refugio Galv\u00e1n Cervantes<\/a><\/strong><\/span><\/li>\n<li><span style=\"color: #3366ff;\"><strong><a href=\"https:\/\/www.fresnillo.gob.mx\/wp-content\/uploads\/2022\/11\/CARLOS-QUINTANAR-LUNA.pdf\">CARLOS QUINTANAR LUNA<\/a><\/strong><\/span><\/li>\n<\/ol>\n<p>[\/vc_column_text][\/vc_tta_section][vc_tta_section title=\u00bb2do. Trimestre\u00bb tab_id=\u00bb1594658564071-903c9dfd-916d\u00bb][vc_column_text]<\/p>\n<ol>\n<li><span style=\"color: #3366ff;\"><a style=\"color: #3366ff;\" href=\"https:\/\/www.fresnillo.gob.mx\/wp-content\/uploads\/2019\/06\/RICARDO-VELASCO-SANCHEZ-2.pdf\"><strong>Ricardo Velasco S\u00e1nchez<\/strong><\/a><\/span><\/li>\n<li><span style=\"color: #3366ff;\"><a style=\"color: #3366ff;\" href=\"https:\/\/www.fresnillo.gob.mx\/wp-content\/uploads\/2019\/06\/RAMIRO-RODRIGUEZ-2.pdf\"><strong>Ramiro Rodr\u00edguez<\/strong><\/a><\/span><\/li>\n<li><span style=\"color: #3366ff;\"><a style=\"color: #3366ff;\" href=\"https:\/\/www.fresnillo.gob.mx\/wp-content\/uploads\/2019\/06\/MANUEL-LOMELI-MAGALLANES-2.pdf\"><strong>Manuel Lomel\u00ed Magallanes<\/strong><\/a><\/span><\/li>\n<li><span style=\"color: #3366ff;\"><a style=\"color: #3366ff;\" href=\"https:\/\/www.fresnillo.gob.mx\/wp-content\/uploads\/2019\/06\/HUMBERTO-MARIANO-SALAS-TORRES-2.pdf\"><strong>Humberto Mariano Salas Torres<\/strong><\/a><\/span><\/li>\n<li><span style=\"color: #3366ff;\"><a style=\"color: #3366ff;\" href=\"https:\/\/www.fresnillo.gob.mx\/wp-content\/uploads\/2019\/06\/GABRIELA-MARQUEZ-ROCHA-1-1.pdf\"><strong>Gabriela M\u00e1rquez Rocha<\/strong><\/a><\/span><\/li>\n<li><span style=\"color: #3366ff;\"><a style=\"color: #3366ff;\" href=\"https:\/\/www.fresnillo.gob.mx\/wp-content\/uploads\/2019\/06\/Ma.-de-la-Luz-Galvan-Cervantes.pdf\"><strong>Ma. de la Luz Galv\u00e1n Cervantes<\/strong><\/a><\/span><\/li>\n<li><span style=\"color: #3366ff;\"><strong><a style=\"color: #3366ff;\" href=\"https:\/\/www.fresnillo.gob.mx\/wp-content\/uploads\/2019\/06\/Ana-Ma.-Trinidad-Alvarado-Rodriguez.pdf\">Ana Ma. Trinidad Alvarado Rodr\u00edguez<\/a><\/strong><\/span><\/li>\n<li><span style=\"color: #3366ff;\"><strong><a style=\"color: #3366ff;\" href=\"https:\/\/www.fresnillo.gob.mx\/wp-content\/uploads\/2019\/07\/LAURA-ELENA-LUNA-SANTACRUZ.pdf\">Laura Elena Luna Santacruz<\/a><\/strong><\/span><\/li>\n<li><span style=\"color: #3366ff;\"><strong><a style=\"color: #3366ff;\" href=\"https:\/\/www.fresnillo.gob.mx\/wp-content\/uploads\/2019\/10\/CURRICULUM-MIo.pdf\">Mar\u00eda Guadalupe Elizalde Torres<\/a><\/strong><\/span><\/li>\n<li><span style=\"color: #3366ff;\"><strong><a style=\"color: #3366ff;\" href=\"https:\/\/www.fresnillo.gob.mx\/wp-content\/uploads\/2020\/01\/J.-Guadalupe-Martinez-Martinez.pdf\">J. Guadalupe Martinez Martinez<\/a><\/strong><\/span><\/li>\n<li><strong style=\"color: #3366ff;\"><a style=\"color: #3366ff;\" href=\"https:\/\/www.fresnillo.gob.mx\/wp-content\/uploads\/2020\/01\/Dulce-Denisse-Mendoza-Ledesma-1.pdf\">Dulce Denisse Mendoza Ledesma<\/a><\/strong><\/li>\n<li><span style=\"color: #3366ff;\"><strong><a style=\"color: #3366ff;\" href=\"https:\/\/www.fresnillo.gob.mx\/wp-content\/uploads\/2020\/01\/LIC.-ERIK-RODARTE.pdf\">Erik Rodarte<\/a><\/strong><\/span><\/li>\n<li><span style=\"color: #3366ff;\"><strong><a style=\"color: #3366ff;\" href=\"https:\/\/www.fresnillo.gob.mx\/wp-content\/uploads\/2019\/06\/MARIA-ELENA-AVILA-GARCIA.pdf\">Ma. Elena Avila Garc\u00eda<\/a><\/strong><\/span><\/li>\n<li><span style=\"color: #3366ff;\"><strong><a style=\"color: #3366ff;\" href=\"https:\/\/www.fresnillo.gob.mx\/wp-content\/uploads\/2020\/05\/Juan-Carlos-Laredo-Ramos.pdf\">Juan Carlos Laredo Ramos<\/a><\/strong><\/span><\/li>\n<li><span style=\"color: #3366ff;\"><strong><a style=\"color: #3366ff;\" href=\"https:\/\/www.fresnillo.gob.mx\/wp-content\/uploads\/2020\/05\/Gerardo-Campos-Nu\u00f1ez.pdf\">Gerardo Campos Nu\u00f1ez<\/a><\/strong><\/span><\/li>\n<li><span style=\"color: #3366ff;\"><strong><a style=\"color: #3366ff;\" href=\"https:\/\/www.fresnillo.gob.mx\/wp-content\/uploads\/2020\/05\/Oscar-Qui\u00f1ones.pdf\">Oscar Qui\u00f1ones<\/a><\/strong><\/span><\/li>\n<li><span style=\"color: #3366ff;\"><strong><a style=\"color: #3366ff;\" href=\"https:\/\/www.fresnillo.gob.mx\/wp-content\/uploads\/2020\/05\/Juan-Manuel-Morales-Zavala.pdf\">Juan Manuel Morales Zavala<\/a><\/strong><\/span><\/li>\n<li><span style=\"color: #3366ff;\"><strong><a style=\"color: #3366ff;\" href=\"https:\/\/www.fresnillo.gob.mx\/wp-content\/uploads\/2020\/05\/MA.-DEL-REFUGIO-GALVAN-CERVANTES.pdf\">Ma. del Refugio Galv\u00e1n Cervantes<\/a><\/strong><\/span><\/li>\n<li><a href=\"https:\/\/www.fresnillo.gob.mx\/wp-content\/uploads\/2022\/11\/CARLOS-QUINTANAR-LUNA.pdf\">CARLOS QUINTANAR LUNA<\/a><\/li>\n<\/ol>\n<p>[\/vc_column_text][\/vc_tta_section][vc_tta_section title=\u00bb3er. Trimestre\u00bb tab_id=\u00bb1602596365178-44a0d4bd-4bc3&#8243;][vc_column_text]<\/p>\n<ol>\n<li><span style=\"color: #3366ff;\"><a style=\"color: #3366ff;\" href=\"https:\/\/www.fresnillo.gob.mx\/wp-content\/uploads\/2019\/06\/RICARDO-VELASCO-SANCHEZ-2.pdf\"><strong>Ricardo Velasco S\u00e1nchez<\/strong><\/a><\/span><\/li>\n<li><span style=\"color: #3366ff;\"><a style=\"color: #3366ff;\" href=\"https:\/\/www.fresnillo.gob.mx\/wp-content\/uploads\/2019\/06\/RAMIRO-RODRIGUEZ-2.pdf\"><strong>Ramiro Rodr\u00edguez<\/strong><\/a><\/span><\/li>\n<li><span style=\"color: #3366ff;\"><a style=\"color: #3366ff;\" href=\"https:\/\/www.fresnillo.gob.mx\/wp-content\/uploads\/2019\/06\/MANUEL-LOMELI-MAGALLANES-2.pdf\"><strong>Manuel Lomel\u00ed Magallanes<\/strong><\/a><\/span><\/li>\n<li><span style=\"color: #3366ff;\"><a style=\"color: #3366ff;\" href=\"https:\/\/www.fresnillo.gob.mx\/wp-content\/uploads\/2019\/06\/HUMBERTO-MARIANO-SALAS-TORRES-2.pdf\"><strong>Humberto Mariano Salas Torres<\/strong><\/a><\/span><\/li>\n<li><span style=\"color: #3366ff;\"><a style=\"color: #3366ff;\" href=\"https:\/\/www.fresnillo.gob.mx\/wp-content\/uploads\/2019\/06\/GABRIELA-MARQUEZ-ROCHA-1-1.pdf\"><strong>Gabriela M\u00e1rquez Rocha<\/strong><\/a><\/span><\/li>\n<li><span style=\"color: #3366ff;\"><a style=\"color: #3366ff;\" href=\"https:\/\/www.fresnillo.gob.mx\/wp-content\/uploads\/2019\/06\/Ma.-de-la-Luz-Galvan-Cervantes.pdf\"><strong>Ma. de la Luz Galv\u00e1n Cervantes<\/strong><\/a><\/span><\/li>\n<li><span style=\"color: #3366ff;\"><strong><a style=\"color: #3366ff;\" href=\"https:\/\/www.fresnillo.gob.mx\/wp-content\/uploads\/2019\/06\/Ana-Ma.-Trinidad-Alvarado-Rodriguez.pdf\">Ana Ma. Trinidad Alvarado Rodr\u00edguez<\/a><\/strong><\/span><\/li>\n<li><span style=\"color: #3366ff;\"><strong><a style=\"color: #3366ff;\" href=\"https:\/\/www.fresnillo.gob.mx\/wp-content\/uploads\/2019\/07\/LAURA-ELENA-LUNA-SANTACRUZ.pdf\">Laura Elena Luna Santacruz<\/a><\/strong><\/span><\/li>\n<li><span style=\"color: #3366ff;\"><strong><a style=\"color: #3366ff;\" href=\"https:\/\/www.fresnillo.gob.mx\/wp-content\/uploads\/2019\/10\/CURRICULUM-MIo.pdf\">Mar\u00eda Guadalupe Elizalde Torres<\/a><\/strong><\/span><\/li>\n<li><span style=\"color: #3366ff;\"><strong><a style=\"color: #3366ff;\" href=\"https:\/\/www.fresnillo.gob.mx\/wp-content\/uploads\/2020\/01\/J.-Guadalupe-Martinez-Martinez.pdf\">J. Guadalupe Martinez Martinez<\/a><\/strong><\/span><\/li>\n<li><strong style=\"color: #3366ff;\"><a style=\"color: #3366ff;\" href=\"https:\/\/www.fresnillo.gob.mx\/wp-content\/uploads\/2020\/01\/Dulce-Denisse-Mendoza-Ledesma-1.pdf\">Dulce Denisse Mendoza Ledesma<\/a><\/strong><\/li>\n<li><span style=\"color: #3366ff;\"><strong><a style=\"color: #3366ff;\" href=\"https:\/\/www.fresnillo.gob.mx\/wp-content\/uploads\/2020\/01\/LIC.-ERIK-RODARTE.pdf\">Erik Rodarte<\/a><\/strong><\/span><\/li>\n<li><span style=\"color: #3366ff;\"><strong><a style=\"color: #3366ff;\" href=\"https:\/\/www.fresnillo.gob.mx\/wp-content\/uploads\/2019\/06\/MARIA-ELENA-AVILA-GARCIA.pdf\">Ma. Elena Avila Garc\u00eda<\/a><\/strong><\/span><\/li>\n<li><span style=\"color: #3366ff;\"><strong><a style=\"color: #3366ff;\" href=\"https:\/\/www.fresnillo.gob.mx\/wp-content\/uploads\/2020\/05\/Juan-Carlos-Laredo-Ramos.pdf\">Juan Carlos Laredo Ramos<\/a><\/strong><\/span><\/li>\n<li><span style=\"color: #3366ff;\"><strong><a style=\"color: #3366ff;\" href=\"https:\/\/www.fresnillo.gob.mx\/wp-content\/uploads\/2020\/05\/Gerardo-Campos-Nu\u00f1ez.pdf\">Gerardo Campos Nu\u00f1ez<\/a><\/strong><\/span><\/li>\n<li><span style=\"color: #3366ff;\"><strong><a style=\"color: #3366ff;\" href=\"https:\/\/www.fresnillo.gob.mx\/wp-content\/uploads\/2020\/05\/Oscar-Qui\u00f1ones.pdf\">Oscar Qui\u00f1ones<\/a><\/strong><\/span><\/li>\n<li><span style=\"color: #3366ff;\"><strong><a style=\"color: #3366ff;\" href=\"https:\/\/www.fresnillo.gob.mx\/wp-content\/uploads\/2020\/05\/Juan-Manuel-Morales-Zavala.pdf\">Juan Manuel Morales Zavala<\/a><\/strong><\/span><\/li>\n<li><span style=\"color: #3366ff;\"><strong><a style=\"color: #3366ff;\" href=\"https:\/\/www.fresnillo.gob.mx\/wp-content\/uploads\/2020\/05\/MA.-DEL-REFUGIO-GALVAN-CERVANTES.pdf\">Ma. del Refugio Galv\u00e1n Cervantes<\/a><\/strong><\/span><\/li>\n<li><span style=\"color: #3366ff;\"><strong><a href=\"https:\/\/www.fresnillo.gob.mx\/wp-content\/uploads\/2022\/11\/CARLOS-QUINTANAR-LUNA.pdf\">CARLOS QUINTANAR LUNA<\/a><\/strong><\/span><\/li>\n<\/ol>\n<p>[\/vc_column_text][\/vc_tta_section][vc_tta_section title=\u00bb4to. Trimestre\u00bb tab_id=\u00bb1610562782056-4b031d82-5000&#8243;][vc_column_text]<\/p>\n<ol>\n<li><span style=\"color: #3366ff;\"><a style=\"color: #3366ff;\" href=\"https:\/\/www.fresnillo.gob.mx\/wp-content\/uploads\/2019\/06\/RICARDO-VELASCO-SANCHEZ-2.pdf\"><strong>Ricardo Velasco S\u00e1nchez<\/strong><\/a><\/span><\/li>\n<li><span style=\"color: #3366ff;\"><a style=\"color: #3366ff;\" href=\"https:\/\/www.fresnillo.gob.mx\/wp-content\/uploads\/2019\/06\/RAMIRO-RODRIGUEZ-2.pdf\"><strong>Ramiro Rodr\u00edguez<\/strong><\/a><\/span><\/li>\n<li><span style=\"color: #3366ff;\"><a style=\"color: #3366ff;\" href=\"https:\/\/www.fresnillo.gob.mx\/wp-content\/uploads\/2019\/06\/MANUEL-LOMELI-MAGALLANES-2.pdf\"><strong>Manuel Lomel\u00ed Magallanes<\/strong><\/a><\/span><\/li>\n<li><span style=\"color: #3366ff;\"><a style=\"color: #3366ff;\" href=\"https:\/\/www.fresnillo.gob.mx\/wp-content\/uploads\/2019\/06\/HUMBERTO-MARIANO-SALAS-TORRES-2.pdf\"><strong>Humberto Mariano Salas Torres<\/strong><\/a><\/span><\/li>\n<li><span style=\"color: #3366ff;\"><a style=\"color: #3366ff;\" href=\"https:\/\/www.fresnillo.gob.mx\/wp-content\/uploads\/2019\/06\/GABRIELA-MARQUEZ-ROCHA-1-1.pdf\"><strong>Gabriela M\u00e1rquez Rocha<\/strong><\/a><\/span><\/li>\n<li><span style=\"color: #3366ff;\"><a style=\"color: #3366ff;\" href=\"https:\/\/www.fresnillo.gob.mx\/wp-content\/uploads\/2019\/06\/Ma.-de-la-Luz-Galvan-Cervantes.pdf\"><strong>Ma. de la Luz Galv\u00e1n Cervantes<\/strong><\/a><\/span><\/li>\n<li><span style=\"color: #3366ff;\"><strong><a style=\"color: #3366ff;\" href=\"https:\/\/www.fresnillo.gob.mx\/wp-content\/uploads\/2019\/06\/Ana-Ma.-Trinidad-Alvarado-Rodriguez.pdf\">Ana Ma. Trinidad Alvarado Rodr\u00edguez<\/a><\/strong><\/span><\/li>\n<li><span style=\"color: #3366ff;\"><strong><a style=\"color: #3366ff;\" href=\"https:\/\/www.fresnillo.gob.mx\/wp-content\/uploads\/2019\/07\/LAURA-ELENA-LUNA-SANTACRUZ.pdf\">Laura Elena Luna Santacruz<\/a><\/strong><\/span><\/li>\n<li><span style=\"color: #3366ff;\"><strong><a style=\"color: #3366ff;\" href=\"https:\/\/www.fresnillo.gob.mx\/wp-content\/uploads\/2019\/10\/CURRICULUM-MIo.pdf\">Mar\u00eda Guadalupe Elizalde Torres<\/a><\/strong><\/span><\/li>\n<li><span style=\"color: #3366ff;\"><strong><a style=\"color: #3366ff;\" href=\"https:\/\/www.fresnillo.gob.mx\/wp-content\/uploads\/2020\/01\/J.-Guadalupe-Martinez-Martinez.pdf\">J. Guadalupe Martinez Martinez<\/a><\/strong><\/span><\/li>\n<li><strong style=\"color: #3366ff;\"><a style=\"color: #3366ff;\" href=\"https:\/\/www.fresnillo.gob.mx\/wp-content\/uploads\/2020\/01\/Dulce-Denisse-Mendoza-Ledesma-1.pdf\">Dulce Denisse Mendoza Ledesma<\/a><\/strong><\/li>\n<li><span style=\"color: #3366ff;\"><strong><a style=\"color: #3366ff;\" href=\"https:\/\/www.fresnillo.gob.mx\/wp-content\/uploads\/2020\/01\/LIC.-ERIK-RODARTE.pdf\">Erik Rodarte<\/a><\/strong><\/span><\/li>\n<li><span style=\"color: #3366ff;\"><strong><a style=\"color: #3366ff;\" href=\"https:\/\/www.fresnillo.gob.mx\/wp-content\/uploads\/2019\/06\/MARIA-ELENA-AVILA-GARCIA.pdf\">Ma. Elena Avila Garc\u00eda<\/a><\/strong><\/span><\/li>\n<li><span style=\"color: #3366ff;\"><strong><a style=\"color: #3366ff;\" href=\"https:\/\/www.fresnillo.gob.mx\/wp-content\/uploads\/2020\/05\/Juan-Carlos-Laredo-Ramos.pdf\">Juan Carlos Laredo Ramos<\/a><\/strong><\/span><\/li>\n<li><span style=\"color: #3366ff;\"><strong><a style=\"color: #3366ff;\" href=\"https:\/\/www.fresnillo.gob.mx\/wp-content\/uploads\/2020\/05\/Gerardo-Campos-Nu\u00f1ez.pdf\">Gerardo Campos Nu\u00f1ez<\/a><\/strong><\/span><\/li>\n<li><span style=\"color: #3366ff;\"><strong><a style=\"color: #3366ff;\" href=\"https:\/\/www.fresnillo.gob.mx\/wp-content\/uploads\/2020\/05\/Oscar-Qui\u00f1ones.pdf\">Oscar Qui\u00f1ones<\/a><\/strong><\/span><span style=\"color: #3366ff;\"><strong><br \/>\n<\/strong><\/span><\/li>\n<li><span style=\"color: #3366ff;\"><strong><a style=\"color: #3366ff;\" href=\"https:\/\/www.fresnillo.gob.mx\/wp-content\/uploads\/2020\/05\/Juan-Manuel-Morales-Zavala.pdf\">Juan Manuel Morales Zavala<\/a><\/strong><\/span><\/li>\n<li><span style=\"color: #3366ff;\"><strong><a style=\"color: #3366ff;\" href=\"https:\/\/www.fresnillo.gob.mx\/wp-content\/uploads\/2020\/05\/MA.-DEL-REFUGIO-GALVAN-CERVANTES.pdf\">Ma. del Refugio Galv\u00e1n Cervantes<\/a><\/strong><\/span><\/li>\n<li><a href=\"https:\/\/www.fresnillo.gob.mx\/wp-content\/uploads\/2022\/11\/CARLOS-QUINTANAR-LUNA.pdf\">CARLOS QUINTANAR LUNA<\/a><\/li>\n<\/ol>\n<p>[\/vc_column_text][\/vc_tta_section][\/vc_tta_tabs][vc_tta_tabs style=\u00bbmodern\u00bb shape=\u00bbround\u00bb color=\u00bbblue\u00bb alignment=\u00bbcenter\u00bb active_section=\u00bb1&#8243; no_fill_content_area=\u00bbtrue\u00bb title=\u00bb2021&#8243;][vc_tta_section title=\u00bb1er. Trimestre\u00bb tab_id=\u00bb1613417486315-6aeb2757-a69d\u00bb][vc_column_text]2021<\/p>\n<ol>\n<li><span style=\"color: #3366ff;\"><a style=\"color: #3366ff;\" href=\"https:\/\/www.fresnillo.gob.mx\/wp-content\/uploads\/2019\/06\/RICARDO-VELASCO-SANCHEZ-2.pdf\"><strong>Ricardo Velasco S\u00e1nchez<\/strong><\/a><\/span><\/li>\n<li><span style=\"color: #3366ff;\"><a style=\"color: #3366ff;\" href=\"https:\/\/www.fresnillo.gob.mx\/wp-content\/uploads\/2019\/06\/RAMIRO-RODRIGUEZ-2.pdf\"><strong>Ramiro Rodr\u00edguez<\/strong><\/a><\/span><\/li>\n<li><span style=\"color: #3366ff;\"><a style=\"color: #3366ff;\" href=\"https:\/\/www.fresnillo.gob.mx\/wp-content\/uploads\/2019\/06\/MANUEL-LOMELI-MAGALLANES-2.pdf\"><strong>Manuel Lomel\u00ed Magallanes<\/strong><\/a><\/span><\/li>\n<li><span style=\"color: #3366ff;\"><a style=\"color: #3366ff;\" href=\"https:\/\/www.fresnillo.gob.mx\/wp-content\/uploads\/2019\/06\/HUMBERTO-MARIANO-SALAS-TORRES-2.pdf\"><strong>Humberto Mariano Salas Torres<\/strong><\/a><\/span><\/li>\n<li><span style=\"color: #3366ff;\"><a style=\"color: #3366ff;\" href=\"https:\/\/www.fresnillo.gob.mx\/wp-content\/uploads\/2019\/06\/GABRIELA-MARQUEZ-ROCHA-1-1.pdf\"><strong>Gabriela M\u00e1rquez Rocha<\/strong><\/a><\/span><\/li>\n<li><span style=\"color: #3366ff;\"><strong><a style=\"color: #3366ff;\" href=\"https:\/\/www.fresnillo.gob.mx\/wp-content\/uploads\/2019\/06\/Ana-Ma.-Trinidad-Alvarado-Rodriguez.pdf\">Ana Ma. Trinidad Alvarado Rodr\u00edguez<\/a><\/strong><\/span><\/li>\n<li><span style=\"color: #3366ff;\"><strong><a style=\"color: #3366ff;\" href=\"https:\/\/www.fresnillo.gob.mx\/wp-content\/uploads\/2019\/07\/LAURA-ELENA-LUNA-SANTACRUZ.pdf\">Laura Elena Luna Santacruz<\/a><\/strong><\/span><\/li>\n<li><span style=\"color: #3366ff;\"><strong><a style=\"color: #3366ff;\" href=\"https:\/\/www.fresnillo.gob.mx\/wp-content\/uploads\/2019\/10\/CURRICULUM-MIo.pdf\">Mar\u00eda Guadalupe Elizalde Torres<\/a><\/strong><\/span><\/li>\n<li><span style=\"color: #3366ff;\"><strong><a style=\"color: #3366ff;\" href=\"https:\/\/www.fresnillo.gob.mx\/wp-content\/uploads\/2020\/01\/J.-Guadalupe-Martinez-Martinez.pdf\">J. Guadalupe Martinez Martinez<\/a><\/strong><\/span><\/li>\n<li><strong style=\"color: #3366ff;\"><a style=\"color: #3366ff;\" href=\"https:\/\/www.fresnillo.gob.mx\/wp-content\/uploads\/2020\/01\/Dulce-Denisse-Mendoza-Ledesma-1.pdf\">Dulce Denisse Mendoza Ledesma<\/a><\/strong><\/li>\n<li><span style=\"color: #3366ff;\"><strong><a style=\"color: #3366ff;\" href=\"https:\/\/www.fresnillo.gob.mx\/wp-content\/uploads\/2020\/01\/LIC.-ERIK-RODARTE.pdf\">Erik Rodarte<\/a><\/strong><\/span><\/li>\n<li><span style=\"color: #3366ff;\"><a style=\"color: #3366ff;\" href=\"https:\/\/www.fresnillo.gob.mx\/wp-content\/uploads\/2021\/07\/Curriculum-de-Ing.-Maria-Elena-Avila-Garcxia.pdf\"><span style=\"color: #3366ff;\"><b>Ma. Elena <\/b><\/span><span style=\"color: #3366ff;\"><b>\u00c1vila<\/b><\/span><span style=\"color: #3366ff;\"><b style=\"color: #3366ff;\">\u00a0<\/b><b>Garc\u00eda<\/b><b style=\"color: #3366ff;\"><\/b><\/span><\/a><\/span><\/li>\n<li><span style=\"color: #3366ff;\"><strong><a style=\"color: #3366ff;\" href=\"https:\/\/www.fresnillo.gob.mx\/wp-content\/uploads\/2020\/05\/Juan-Carlos-Laredo-Ramos.pdf\">Juan Carlos Laredo Ramos<\/a><\/strong><\/span><\/li>\n<li><span style=\"color: #3366ff;\"><strong><a style=\"color: #3366ff;\" href=\"https:\/\/www.fresnillo.gob.mx\/wp-content\/uploads\/2020\/05\/Gerardo-Campos-Nu\u00f1ez.pdf\">Gerardo Campos Nu\u00f1ez<\/a><\/strong><\/span><\/li>\n<li><span style=\"color: #3366ff;\"><strong><a style=\"color: #3366ff;\" href=\"https:\/\/www.fresnillo.gob.mx\/wp-content\/uploads\/2020\/05\/Oscar-Qui\u00f1ones.pdf\">Oscar Qui\u00f1ones<\/a><\/strong><\/span><\/li>\n<li><span style=\"color: #3366ff;\"><strong><a style=\"color: #3366ff;\" href=\"https:\/\/www.fresnillo.gob.mx\/wp-content\/uploads\/2020\/05\/Juan-Manuel-Morales-Zavala.pdf\">Juan Manuel Morales Zavala<\/a><\/strong><\/span><\/li>\n<li><span style=\"color: #3366ff;\"><strong><a style=\"color: #3366ff;\" href=\"https:\/\/www.fresnillo.gob.mx\/wp-content\/uploads\/2020\/05\/MA.-DEL-REFUGIO-GALVAN-CERVANTES.pdf\">Ma. del Refugio Galv\u00e1n Cervantes<\/a><\/strong><\/span><\/li>\n<li><span style=\"color: #3366ff;\"><strong><a style=\"color: #3366ff;\" href=\"https:\/\/www.fresnillo.gob.mx\/wp-content\/uploads\/2021\/04\/CURRICULUM-MARTIN.pdf\">Mart\u00edn Gayt\u00e1n Morales<\/a><\/strong><\/span><\/li>\n<li><span style=\"color: #3366ff;\"><strong><a style=\"color: #3366ff;\" href=\"https:\/\/www.fresnillo.gob.mx\/wp-content\/uploads\/2021\/04\/Claudia-Isela-Rodarte-Ramirez.pdf\">Claudia Isela Rodarte Ram\u00edrez<\/a><\/strong><\/span><\/li>\n<li><a href=\"https:\/\/www.fresnillo.gob.mx\/wp-content\/uploads\/2022\/11\/CARLOS-QUINTANAR-LUNA.pdf\">CARLOS QUINTANAR LUNA<\/a><\/li>\n<\/ol>\n<p>[\/vc_column_text][\/vc_tta_section][vc_tta_section title=\u00bb2do. Trimestre\u00bb tab_id=\u00bb1625846624903-4b13c588-6f81&#8243;][vc_column_text]<\/p>\n<ol>\n<li><span style=\"color: #3366ff;\"><a style=\"color: #3366ff;\" href=\"https:\/\/www.fresnillo.gob.mx\/wp-content\/uploads\/2019\/06\/RICARDO-VELASCO-SANCHEZ-2.pdf\"><strong>Ricardo Velasco S\u00e1nchez<\/strong><\/a><\/span><\/li>\n<li><span style=\"color: #3366ff;\"><a style=\"color: #3366ff;\" href=\"https:\/\/www.fresnillo.gob.mx\/wp-content\/uploads\/2019\/06\/RAMIRO-RODRIGUEZ-2.pdf\"><strong>Ramiro Rodr\u00edguez<\/strong><\/a><\/span><\/li>\n<li><span style=\"color: #3366ff;\"><a style=\"color: #3366ff;\" href=\"https:\/\/www.fresnillo.gob.mx\/wp-content\/uploads\/2019\/06\/MANUEL-LOMELI-MAGALLANES-2.pdf\"><strong>Manuel Lomel\u00ed Magallanes<\/strong><\/a><\/span><\/li>\n<li><span style=\"color: #3366ff;\"><a style=\"color: #3366ff;\" href=\"https:\/\/www.fresnillo.gob.mx\/wp-content\/uploads\/2019\/06\/HUMBERTO-MARIANO-SALAS-TORRES-2.pdf\"><strong>Humberto Mariano Salas Torres<\/strong><\/a><\/span><\/li>\n<li><span style=\"color: #3366ff;\"><a style=\"color: #3366ff;\" href=\"https:\/\/www.fresnillo.gob.mx\/wp-content\/uploads\/2019\/06\/GABRIELA-MARQUEZ-ROCHA-1-1.pdf\"><strong>Gabriela M\u00e1rquez Rocha<\/strong><\/a><\/span><\/li>\n<li><span style=\"color: #3366ff;\"><strong><a style=\"color: #3366ff;\" href=\"https:\/\/www.fresnillo.gob.mx\/wp-content\/uploads\/2019\/06\/Ana-Ma.-Trinidad-Alvarado-Rodriguez.pdf\">Ana Ma. Trinidad Alvarado Rodr\u00edguez<\/a><\/strong><\/span><\/li>\n<li><span style=\"color: #3366ff;\"><strong><a style=\"color: #3366ff;\" href=\"https:\/\/www.fresnillo.gob.mx\/wp-content\/uploads\/2019\/07\/LAURA-ELENA-LUNA-SANTACRUZ.pdf\">Laura Elena Luna Santacruz<\/a><\/strong><\/span><\/li>\n<li><span style=\"color: #3366ff;\"><strong><a style=\"color: #3366ff;\" href=\"https:\/\/www.fresnillo.gob.mx\/wp-content\/uploads\/2019\/10\/CURRICULUM-MIo.pdf\">Mar\u00eda Guadalupe Elizalde Torres<\/a><\/strong><\/span><\/li>\n<li><span style=\"color: #3366ff;\"><strong><a style=\"color: #3366ff;\" href=\"https:\/\/www.fresnillo.gob.mx\/wp-content\/uploads\/2020\/01\/J.-Guadalupe-Martinez-Martinez.pdf\">J. Guadalupe Martinez Martinez<\/a><\/strong><\/span><\/li>\n<li><strong style=\"color: #3366ff;\"><a style=\"color: #3366ff;\" href=\"https:\/\/www.fresnillo.gob.mx\/wp-content\/uploads\/2020\/01\/Dulce-Denisse-Mendoza-Ledesma-1.pdf\">Dulce Denisse Mendoza Ledesma<\/a><\/strong><\/li>\n<li><span style=\"color: #3366ff;\"><strong><a style=\"color: #3366ff;\" href=\"https:\/\/www.fresnillo.gob.mx\/wp-content\/uploads\/2020\/01\/LIC.-ERIK-RODARTE.pdf\">Erik Rodarte<\/a><\/strong><\/span><\/li>\n<li><span style=\"color: #3366ff;\"><a style=\"color: #3366ff;\" href=\"https:\/\/www.fresnillo.gob.mx\/wp-content\/uploads\/2021\/07\/Curriculum-de-Ing.-Maria-Elena-Avila-Garcxia.pdf\"><b>Ma. Elena <\/b><b>\u00c1vila<\/b><b style=\"color: #3366ff;\">\u00a0<\/b><b>Garc\u00eda<\/b><b style=\"color: #3366ff;\"><\/b><\/a><\/span><\/li>\n<li><span style=\"color: #3366ff;\"><strong><a style=\"color: #3366ff;\" href=\"https:\/\/www.fresnillo.gob.mx\/wp-content\/uploads\/2020\/05\/Juan-Carlos-Laredo-Ramos.pdf\">Juan Carlos Laredo Ramos<\/a><\/strong><\/span><\/li>\n<li><span style=\"color: #3366ff;\"><strong><a style=\"color: #3366ff;\" href=\"https:\/\/www.fresnillo.gob.mx\/wp-content\/uploads\/2020\/05\/Gerardo-Campos-Nu\u00f1ez.pdf\">Gerardo Campos Nu\u00f1ez<\/a><\/strong><\/span><\/li>\n<li><span style=\"color: #3366ff;\"><strong><a style=\"color: #3366ff;\" href=\"https:\/\/www.fresnillo.gob.mx\/wp-content\/uploads\/2020\/05\/Oscar-Qui\u00f1ones.pdf\">Oscar Qui\u00f1ones<\/a><\/strong><\/span><\/li>\n<li><a href=\"https:\/\/www.fresnillo.gob.mx\/wp-content\/uploads\/2022\/11\/CARLOS-QUINTANAR-LUNA.pdf\">CARLOS QUINTANAR LUNA<\/a><\/li>\n<li><span style=\"color: #3366ff;\"><strong><a style=\"color: #3366ff;\" href=\"https:\/\/www.fresnillo.gob.mx\/wp-content\/uploads\/2020\/05\/Juan-Manuel-Morales-Zavala.pdf\">Juan Manuel Morales Zavala<\/a><\/strong><\/span><\/li>\n<li><span style=\"color: #3366ff;\"><strong><a style=\"color: #3366ff;\" href=\"https:\/\/www.fresnillo.gob.mx\/wp-content\/uploads\/2020\/05\/MA.-DEL-REFUGIO-GALVAN-CERVANTES.pdf\">Ma. del Refugio Galv\u00e1n Cervantes<\/a><\/strong><\/span><\/li>\n<li><span style=\"color: #3366ff;\"><strong><a style=\"color: #3366ff;\" href=\"https:\/\/www.fresnillo.gob.mx\/wp-content\/uploads\/2021\/04\/CURRICULUM-MARTIN.pdf\">Mart\u00edn Gayt\u00e1n Morales<\/a><\/strong><\/span><\/li>\n<li><span style=\"color: #3366ff;\"><strong><a style=\"color: #3366ff;\" href=\"https:\/\/www.fresnillo.gob.mx\/wp-content\/uploads\/2021\/04\/Claudia-Isela-Rodarte-Ramirez.pdf\">Claudia Isela Rodarte Ram\u00edrez<\/a><\/strong><\/span><\/li>\n<\/ol>\n<p>[\/vc_column_text][\/vc_tta_section][vc_tta_section title=\u00bb3er. Trimestre\u00bb tab_id=\u00bb1634048124510-42e539ac-8c38&#8243;][vc_column_text]<\/p>\n<ol>\n<li><span style=\"color: #3366ff;\"><a style=\"color: #3366ff;\" href=\"https:\/\/www.fresnillo.gob.mx\/wp-content\/uploads\/2019\/06\/RICARDO-VELASCO-SANCHEZ-2.pdf\"><strong>Ricardo Velasco S\u00e1nchez<\/strong><\/a><\/span><\/li>\n<li><span style=\"color: #3366ff;\"><a style=\"color: #3366ff;\" href=\"https:\/\/www.fresnillo.gob.mx\/wp-content\/uploads\/2019\/06\/RAMIRO-RODRIGUEZ-2.pdf\"><strong>Ramiro Rodr\u00edguez<\/strong><\/a><\/span><\/li>\n<li><span style=\"color: #3366ff;\"><a style=\"color: #3366ff;\" href=\"https:\/\/www.fresnillo.gob.mx\/wp-content\/uploads\/2019\/06\/MANUEL-LOMELI-MAGALLANES-2.pdf\"><strong>Manuel Lomel\u00ed Magallanes<\/strong><\/a><\/span><\/li>\n<li><span style=\"color: #3366ff;\"><a style=\"color: #3366ff;\" href=\"https:\/\/www.fresnillo.gob.mx\/wp-content\/uploads\/2019\/06\/HUMBERTO-MARIANO-SALAS-TORRES-2.pdf\"><strong>Humberto Mariano Salas Torres<\/strong><\/a><\/span><\/li>\n<li><span style=\"color: #3366ff;\"><a style=\"color: #3366ff;\" href=\"https:\/\/www.fresnillo.gob.mx\/wp-content\/uploads\/2019\/06\/GABRIELA-MARQUEZ-ROCHA-1-1.pdf\"><strong>Gabriela M\u00e1rquez Rocha<\/strong><\/a><\/span><\/li>\n<li><span style=\"color: #3366ff;\"><strong><a style=\"color: #3366ff;\" href=\"https:\/\/www.fresnillo.gob.mx\/wp-content\/uploads\/2019\/06\/Ana-Ma.-Trinidad-Alvarado-Rodriguez.pdf\">Ana Ma. Trinidad Alvarado Rodr\u00edguez<\/a><\/strong><\/span><\/li>\n<li><span style=\"color: #3366ff;\"><strong><a style=\"color: #3366ff;\" href=\"https:\/\/www.fresnillo.gob.mx\/wp-content\/uploads\/2019\/07\/LAURA-ELENA-LUNA-SANTACRUZ.pdf\">Laura Elena Luna Santacruz<\/a><\/strong><\/span><\/li>\n<li><span style=\"color: #3366ff;\"><strong><a style=\"color: #3366ff;\" href=\"https:\/\/www.fresnillo.gob.mx\/wp-content\/uploads\/2019\/10\/CURRICULUM-MIo.pdf\">Mar\u00eda Guadalupe Elizalde Torres<\/a><\/strong><\/span><\/li>\n<li><span style=\"color: #3366ff;\"><strong><a style=\"color: #3366ff;\" href=\"https:\/\/www.fresnillo.gob.mx\/wp-content\/uploads\/2020\/01\/J.-Guadalupe-Martinez-Martinez.pdf\">J. Guadalupe Martinez Martinez<\/a><\/strong><\/span><\/li>\n<li><strong style=\"color: #3366ff;\"><a style=\"color: #3366ff;\" href=\"https:\/\/www.fresnillo.gob.mx\/wp-content\/uploads\/2020\/01\/Dulce-Denisse-Mendoza-Ledesma-1.pdf\">Dulce Denisse Mendoza Ledesma<\/a><\/strong><\/li>\n<li><span style=\"color: #3366ff;\"><strong><a style=\"color: #3366ff;\" href=\"https:\/\/www.fresnillo.gob.mx\/wp-content\/uploads\/2020\/01\/LIC.-ERIK-RODARTE.pdf\">Erik Rodarte<\/a><\/strong><\/span><\/li>\n<li><span style=\"color: #3366ff;\"><a style=\"color: #3366ff;\" href=\"https:\/\/www.fresnillo.gob.mx\/wp-content\/uploads\/2021\/07\/Curriculum-de-Ing.-Maria-Elena-Avila-Garcxia.pdf\"><b>Ma. Elena <\/b><b>\u00c1vila<\/b><b style=\"color: #3366ff;\">\u00a0<\/b><b>Garc\u00eda<\/b><b style=\"color: #3366ff;\"><\/b><\/a><\/span><\/li>\n<li><span style=\"color: #3366ff;\"><strong><a style=\"color: #3366ff;\" href=\"https:\/\/www.fresnillo.gob.mx\/wp-content\/uploads\/2020\/05\/Juan-Carlos-Laredo-Ramos.pdf\">Juan Carlos Laredo Ramos<\/a><\/strong><\/span><\/li>\n<li><span style=\"color: #3366ff;\"><strong><a style=\"color: #3366ff;\" href=\"https:\/\/www.fresnillo.gob.mx\/wp-content\/uploads\/2020\/05\/Gerardo-Campos-Nu\u00f1ez.pdf\">Gerardo Campos Nu\u00f1ez<\/a><\/strong><\/span><\/li>\n<li><span style=\"color: #3366ff;\"><strong><a style=\"color: #3366ff;\" href=\"https:\/\/www.fresnillo.gob.mx\/wp-content\/uploads\/2020\/05\/Oscar-Qui\u00f1ones.pdf\">Oscar Qui\u00f1ones<\/a><\/strong><\/span><\/li>\n<li><a href=\"https:\/\/www.fresnillo.gob.mx\/wp-content\/uploads\/2022\/11\/CARLOS-QUINTANAR-LUNA.pdf\">CARLOS QUINTANAR LUNA<\/a><\/li>\n<li><span style=\"color: #3366ff;\"><strong><a style=\"color: #3366ff;\" href=\"https:\/\/www.fresnillo.gob.mx\/wp-content\/uploads\/2020\/05\/Juan-Manuel-Morales-Zavala.pdf\">Juan Manuel Morales Zavala<\/a><\/strong><\/span><\/li>\n<li><span style=\"color: #3366ff;\"><strong><a style=\"color: #3366ff;\" href=\"https:\/\/www.fresnillo.gob.mx\/wp-content\/uploads\/2020\/05\/MA.-DEL-REFUGIO-GALVAN-CERVANTES.pdf\">Ma. del Refugio Galv\u00e1n Cervantes<\/a><\/strong><\/span><\/li>\n<li><span style=\"color: #3366ff;\"><strong><a style=\"color: #3366ff;\" href=\"https:\/\/www.fresnillo.gob.mx\/wp-content\/uploads\/2021\/04\/CURRICULUM-MARTIN.pdf\">Mart\u00edn Gayt\u00e1n Morales<\/a><\/strong><\/span><\/li>\n<li><span style=\"color: #3366ff;\"><strong><a style=\"color: #3366ff;\" href=\"https:\/\/www.fresnillo.gob.mx\/wp-content\/uploads\/2021\/04\/Claudia-Isela-Rodarte-Ramirez.pdf\">Claudia Isela Rodarte Ram\u00edrez<\/a><\/strong><\/span><\/li>\n<\/ol>\n<p>[\/vc_column_text][\/vc_tta_section][vc_tta_section title=\u00bb4to. Trimestre\u00bb tab_id=\u00bb1641997968340-f7f256a6-68a4&#8243;][vc_column_text]<\/p>\n<ol>\n<li><span style=\"color: #3366ff;\"><a style=\"color: #3366ff;\" href=\"https:\/\/www.fresnillo.gob.mx\/wp-content\/uploads\/2019\/06\/RICARDO-VELASCO-SANCHEZ-2.pdf\"><strong>Ricardo Velasco S\u00e1nchez<\/strong><\/a><\/span><\/li>\n<li><span style=\"color: #3366ff;\"><a style=\"color: #3366ff;\" href=\"https:\/\/www.fresnillo.gob.mx\/wp-content\/uploads\/2019\/06\/RAMIRO-RODRIGUEZ-2.pdf\"><strong>Ramiro Rodr\u00edguez<\/strong><\/a><\/span><\/li>\n<li><span style=\"color: #3366ff;\"><a style=\"color: #3366ff;\" href=\"https:\/\/www.fresnillo.gob.mx\/wp-content\/uploads\/2019\/06\/MANUEL-LOMELI-MAGALLANES-2.pdf\"><strong>Manuel Lomel\u00ed Magallanes<\/strong><\/a><\/span><\/li>\n<li><span style=\"color: #3366ff;\"><a style=\"color: #3366ff;\" href=\"https:\/\/www.fresnillo.gob.mx\/wp-content\/uploads\/2019\/06\/HUMBERTO-MARIANO-SALAS-TORRES-2.pdf\"><strong>Humberto Mariano Salas Torres<\/strong><\/a><\/span><\/li>\n<li><span style=\"color: #3366ff;\"><a style=\"color: #3366ff;\" href=\"https:\/\/www.fresnillo.gob.mx\/wp-content\/uploads\/2019\/06\/GABRIELA-MARQUEZ-ROCHA-1-1.pdf\"><strong>Gabriela M\u00e1rquez Rocha<\/strong><\/a><\/span><\/li>\n<li><span style=\"color: #3366ff;\"><strong><a style=\"color: #3366ff;\" href=\"https:\/\/www.fresnillo.gob.mx\/wp-content\/uploads\/2019\/06\/Ana-Ma.-Trinidad-Alvarado-Rodriguez.pdf\">Ana Ma. Trinidad Alvarado Rodr\u00edguez<\/a><\/strong><\/span><\/li>\n<li><span style=\"color: #3366ff;\"><strong><a style=\"color: #3366ff;\" href=\"https:\/\/www.fresnillo.gob.mx\/wp-content\/uploads\/2019\/07\/LAURA-ELENA-LUNA-SANTACRUZ.pdf\">Laura Elena Luna Santacruz<\/a><\/strong><\/span><\/li>\n<li><span style=\"color: #3366ff;\"><strong><a style=\"color: #3366ff;\" href=\"https:\/\/www.fresnillo.gob.mx\/wp-content\/uploads\/2019\/10\/CURRICULUM-MIo.pdf\">Mar\u00eda Guadalupe Elizalde Torres<\/a><\/strong><\/span><\/li>\n<li><span style=\"color: #3366ff;\"><strong><a style=\"color: #3366ff;\" href=\"https:\/\/www.fresnillo.gob.mx\/wp-content\/uploads\/2020\/01\/J.-Guadalupe-Martinez-Martinez.pdf\">J. Guadalupe Martinez Martinez<\/a><\/strong><\/span><\/li>\n<li><strong style=\"color: #3366ff;\"><a style=\"color: #3366ff;\" href=\"https:\/\/www.fresnillo.gob.mx\/wp-content\/uploads\/2020\/01\/Dulce-Denisse-Mendoza-Ledesma-1.pdf\">Dulce Denisse Mendoza Ledesma<\/a><\/strong><\/li>\n<li><span style=\"color: #3366ff;\"><strong><a style=\"color: #3366ff;\" href=\"https:\/\/www.fresnillo.gob.mx\/wp-content\/uploads\/2020\/01\/LIC.-ERIK-RODARTE.pdf\">Erik Rodarte<\/a><\/strong><\/span><\/li>\n<li><span style=\"color: #3366ff;\"><a style=\"color: #3366ff;\" href=\"https:\/\/www.fresnillo.gob.mx\/wp-content\/uploads\/2021\/07\/Curriculum-de-Ing.-Maria-Elena-Avila-Garcxia.pdf\"><b>Ma. Elena <\/b><b>\u00c1vila<\/b><b style=\"color: #3366ff;\">\u00a0<\/b><b>Garc\u00eda<\/b><b style=\"color: #3366ff;\"><\/b><\/a><\/span><\/li>\n<li><span style=\"color: #3366ff;\"><strong><a style=\"color: #3366ff;\" href=\"https:\/\/www.fresnillo.gob.mx\/wp-content\/uploads\/2020\/05\/Juan-Carlos-Laredo-Ramos.pdf\">Juan Carlos Laredo Ramos<\/a><\/strong><\/span><\/li>\n<li><span style=\"color: #3366ff;\"><strong><a style=\"color: #3366ff;\" href=\"https:\/\/www.fresnillo.gob.mx\/wp-content\/uploads\/2020\/05\/Gerardo-Campos-Nu\u00f1ez.pdf\">Gerardo Campos Nu\u00f1ez<\/a><\/strong><\/span><\/li>\n<li><span style=\"color: #3366ff;\"><strong><a style=\"color: #3366ff;\" href=\"https:\/\/www.fresnillo.gob.mx\/wp-content\/uploads\/2020\/05\/Oscar-Qui\u00f1ones.pdf\">Oscar Qui\u00f1ones<\/a><\/strong><\/span><\/li>\n<li><a href=\"https:\/\/www.fresnillo.gob.mx\/wp-content\/uploads\/2022\/11\/CARLOS-QUINTANAR-LUNA.pdf\">CARLOS QUINTANAR LUNA<\/a><\/li>\n<li><span style=\"color: #3366ff;\"><strong><a style=\"color: #3366ff;\" href=\"https:\/\/www.fresnillo.gob.mx\/wp-content\/uploads\/2020\/05\/Juan-Manuel-Morales-Zavala.pdf\">Juan Manuel Morales Zavala<\/a><\/strong><\/span><\/li>\n<li><span style=\"color: #3366ff;\"><strong><a style=\"color: #3366ff;\" href=\"https:\/\/www.fresnillo.gob.mx\/wp-content\/uploads\/2020\/05\/MA.-DEL-REFUGIO-GALVAN-CERVANTES.pdf\">Ma. del Refugio Galv\u00e1n Cervantes<\/a><\/strong><\/span><\/li>\n<li><span style=\"color: #3366ff;\"><strong><a style=\"color: #3366ff;\" href=\"https:\/\/www.fresnillo.gob.mx\/wp-content\/uploads\/2022\/01\/Juan-Manuel-Loera-Lopez.pdf\">Juan Manuel Loera L\u00f3pez<\/a><\/strong><\/span><\/li>\n<\/ol>\n<p>[\/vc_column_text][\/vc_tta_section][\/vc_tta_tabs][vc_tta_tabs style=\u00bbmodern\u00bb shape=\u00bbround\u00bb color=\u00bbblue\u00bb alignment=\u00bbcenter\u00bb active_section=\u00bb1&#8243; no_fill_content_area=\u00bbtrue\u00bb title=\u00bb2022&#8243;][vc_tta_section title=\u00bb1er. Trimestre 2022&#8243; tab_id=\u00bb1649085644351-a1e85e5f-c4be\u00bb][vc_column_text]1er. Trimestre 2022<\/p>\n<ol>\n<li><span style=\"color: #3366ff;\"><a style=\"color: #3366ff;\" href=\"https:\/\/www.fresnillo.gob.mx\/wp-content\/uploads\/2019\/06\/RICARDO-VELASCO-SANCHEZ-2.pdf\"><strong>Ricardo Velasco S\u00e1nchez<\/strong><\/a><\/span><\/li>\n<li><span style=\"color: #3366ff;\"><a style=\"color: #3366ff;\" href=\"https:\/\/www.fresnillo.gob.mx\/wp-content\/uploads\/2019\/06\/RAMIRO-RODRIGUEZ-2.pdf\"><strong>Ramiro Rodr\u00edguez<\/strong><\/a><\/span><\/li>\n<li><span style=\"color: #3366ff;\"><a style=\"color: #3366ff;\" href=\"https:\/\/www.fresnillo.gob.mx\/wp-content\/uploads\/2019\/06\/MANUEL-LOMELI-MAGALLANES-2.pdf\"><strong>Manuel Lomel\u00ed Magallanes<\/strong><\/a><\/span><\/li>\n<li><span style=\"color: #3366ff;\"><a style=\"color: #3366ff;\" href=\"https:\/\/www.fresnillo.gob.mx\/wp-content\/uploads\/2019\/06\/HUMBERTO-MARIANO-SALAS-TORRES-2.pdf\"><strong>Humberto Mariano Salas Torres<\/strong><\/a><\/span><\/li>\n<li><span style=\"color: #3366ff;\"><a style=\"color: #3366ff;\" href=\"https:\/\/www.fresnillo.gob.mx\/wp-content\/uploads\/2019\/06\/GABRIELA-MARQUEZ-ROCHA-1-1.pdf\"><strong>Gabriela M\u00e1rquez Rocha<\/strong><\/a><\/span><\/li>\n<li><span style=\"color: #3366ff;\"><strong><a style=\"color: #3366ff;\" href=\"https:\/\/www.fresnillo.gob.mx\/wp-content\/uploads\/2019\/06\/Ana-Ma.-Trinidad-Alvarado-Rodriguez.pdf\">Ana Ma. Trinidad Alvarado Rodr\u00edguez<\/a><\/strong><\/span><\/li>\n<li><span style=\"color: #3366ff;\"><strong><a style=\"color: #3366ff;\" href=\"https:\/\/www.fresnillo.gob.mx\/wp-content\/uploads\/2019\/07\/LAURA-ELENA-LUNA-SANTACRUZ.pdf\">Laura Elena Luna Santacruz<\/a><\/strong><\/span><\/li>\n<li><span style=\"color: #3366ff;\"><strong><a style=\"color: #3366ff;\" href=\"https:\/\/www.fresnillo.gob.mx\/wp-content\/uploads\/2019\/10\/CURRICULUM-MIo.pdf\">Mar\u00eda Guadalupe Elizalde Torres<\/a><\/strong><\/span><\/li>\n<li><span style=\"color: #3366ff;\"><strong><a style=\"color: #3366ff;\" href=\"https:\/\/www.fresnillo.gob.mx\/wp-content\/uploads\/2020\/01\/J.-Guadalupe-Martinez-Martinez.pdf\">J. Guadalupe Martinez Martinez<\/a><\/strong><\/span><\/li>\n<li><strong style=\"color: #3366ff;\"><a style=\"color: #3366ff;\" href=\"https:\/\/www.fresnillo.gob.mx\/wp-content\/uploads\/2020\/01\/Dulce-Denisse-Mendoza-Ledesma-1.pdf\">Dulce Denisse Mendoza Ledesma<\/a><\/strong><\/li>\n<li><span style=\"color: #3366ff;\"><strong><a style=\"color: #3366ff;\" href=\"https:\/\/www.fresnillo.gob.mx\/wp-content\/uploads\/2020\/01\/LIC.-ERIK-RODARTE.pdf\">Erik Rodarte<\/a><\/strong><\/span><\/li>\n<li><span style=\"color: #3366ff;\"><a style=\"color: #3366ff;\" href=\"https:\/\/www.fresnillo.gob.mx\/wp-content\/uploads\/2021\/07\/Curriculum-de-Ing.-Maria-Elena-Avila-Garcxia.pdf\"><b>Ma. Elena <\/b><b>\u00c1vila<\/b><b style=\"color: #3366ff;\">\u00a0<\/b><b>Garc\u00eda<\/b><b style=\"color: #3366ff;\"><\/b><\/a><\/span><\/li>\n<li><span style=\"color: #3366ff;\"><strong><a style=\"color: #3366ff;\" href=\"https:\/\/www.fresnillo.gob.mx\/wp-content\/uploads\/2020\/05\/Juan-Carlos-Laredo-Ramos.pdf\">Juan Carlos Laredo Ramos<\/a><\/strong><\/span><\/li>\n<li><span style=\"color: #3366ff;\"><strong><a style=\"color: #3366ff;\" href=\"https:\/\/www.fresnillo.gob.mx\/wp-content\/uploads\/2020\/05\/Gerardo-Campos-Nu\u00f1ez.pdf\">Gerardo Campos Nu\u00f1ez<\/a><\/strong><\/span><\/li>\n<li><span style=\"color: #3366ff;\"><strong><a style=\"color: #3366ff;\" href=\"https:\/\/www.fresnillo.gob.mx\/wp-content\/uploads\/2020\/05\/Oscar-Qui\u00f1ones.pdf\">Oscar Qui\u00f1ones<\/a><\/strong><\/span><\/li>\n<li><span style=\"color: #3366ff;\"><strong><a href=\"https:\/\/www.fresnillo.gob.mx\/wp-content\/uploads\/2022\/11\/CARLOS-QUINTANAR-LUNA.pdf\">CARLOS QUINTANAR LUNA<\/a><\/strong><\/span><\/li>\n<li><span style=\"color: #3366ff;\"><strong><a style=\"color: #3366ff;\" href=\"https:\/\/www.fresnillo.gob.mx\/wp-content\/uploads\/2020\/05\/Juan-Manuel-Morales-Zavala.pdf\">Juan Manuel Morales Zavala<\/a><\/strong><\/span><\/li>\n<li><span style=\"color: #3366ff;\"><strong><a style=\"color: #3366ff;\" href=\"https:\/\/www.fresnillo.gob.mx\/wp-content\/uploads\/2020\/05\/MA.-DEL-REFUGIO-GALVAN-CERVANTES.pdf\">Ma. del Refugio Galv\u00e1n Cervantes<\/a><\/strong><\/span><\/li>\n<li><span style=\"color: #3366ff;\"><strong><a style=\"color: #3366ff;\" href=\"https:\/\/www.fresnillo.gob.mx\/wp-content\/uploads\/2022\/01\/Juan-Manuel-Loera-Lopez.pdf\">Juan Manuel Loera L\u00f3pez<\/a><\/strong><\/span><\/li>\n<\/ol>\n<p>[\/vc_column_text][\/vc_tta_section][vc_tta_section title=\u00bb2do Trimestre 2022&#8243; tab_id=\u00bb1657583563481-940ab256-2c12&#8243;][vc_column_text]CURRICULUM\u00a0 2do. Trimestre 2022<\/p>\n<p><a href=\"https:\/\/www.fresnillo.gob.mx\/wp-content\/uploads\/2022\/07\/Ana-Ma.-Trinidad-Alvarado-Rodriguez.pdf\">1.- Ana-Ma.-Trinidad-Alvarado-Rodriguez<\/a><\/p>\n<p><a href=\"https:\/\/www.fresnillo.gob.mx\/wp-content\/uploads\/2022\/11\/CARLOS-QUINTANAR-LUNA.pdf\">CARLOS QUINTANAR LUNA<\/a><\/p>\n<p><a href=\"https:\/\/www.fresnillo.gob.mx\/wp-content\/uploads\/2022\/07\/Dulce-Denisse-Mendoza-Ledesma-1.pdf\">3.- Dulce-Denisse-Mendoza-Ledesma<\/a><\/p>\n<p><a href=\"https:\/\/www.fresnillo.gob.mx\/wp-content\/uploads\/2022\/07\/GABRIELA-MARQUEZ-ROCHA-1-1.pdf\">4.- Gabriela M\u00e1rquez Rocha<\/a><\/p>\n<p><a href=\"https:\/\/www.fresnillo.gob.mx\/wp-content\/uploads\/2022\/07\/Gerardo-Campos-Nunez.pdf\">5.- Gerardo-Campos-N\u00fa\u00f1ez<\/a><\/p>\n<p><a href=\"https:\/\/www.fresnillo.gob.mx\/wp-content\/uploads\/2022\/07\/HUMBERTO-MARIANO-SALAS-TORRES-2.pdf\">6.- Humberto Mariano Salas Torres<\/a><\/p>\n<p><a href=\"https:\/\/www.fresnillo.gob.mx\/wp-content\/uploads\/2022\/07\/J.-Guadalupe-Martinez-Martinez.pdf\">7.- Guadalupe-Mart\u00ednez-Mart\u00ednez<\/a><\/p>\n<p><a href=\"https:\/\/www.fresnillo.gob.mx\/wp-content\/uploads\/2022\/07\/Juan-Carlos-Laredo-Ramos.pdf\">8.- Juan-Carlos-Laredo-Ramos<\/a><\/p>\n<p><a href=\"https:\/\/www.fresnillo.gob.mx\/wp-content\/uploads\/2022\/07\/LIC.-ERIK-RODARTE.pdf\">9.- Erik Rodarte<\/a><\/p>\n<p><a href=\"https:\/\/www.fresnillo.gob.mx\/wp-content\/uploads\/2022\/07\/MA.-DEL-REFUGIO-GALVAN-CERVANTES.pdf\">10.- Ma. del Refugio Galv\u00e1n Cervantes<\/a><\/p>\n<p><a href=\"https:\/\/www.fresnillo.gob.mx\/wp-content\/uploads\/2022\/07\/MANUEL-LOMELI-MAGALLANES-2.pdf\">11.- Manuel Lomel\u00ed Magallanes<\/a><\/p>\n<p><a href=\"https:\/\/www.fresnillo.gob.mx\/wp-content\/uploads\/2022\/07\/MARIA-GUADALUPE-ELIZALDE-TORRES.pdf\">12.- Mar\u00eda Guadalupe Elizalde Torres<\/a><\/p>\n<p><a href=\"https:\/\/www.fresnillo.gob.mx\/wp-content\/uploads\/2022\/07\/Oscar-Quinones.pdf\">13.- Oscar-Qui\u00f1ones<\/a><\/p>\n<p><a href=\"https:\/\/www.fresnillo.gob.mx\/wp-content\/uploads\/2022\/07\/RAMIRO-RODRIGUEZ-2.pdf\">14.- Ramiro Rodr\u00edguez<\/a><\/p>\n<p><a href=\"https:\/\/www.fresnillo.gob.mx\/wp-content\/uploads\/2022\/07\/RICARDO-VELASCO-SANCHEZ-2.pdf\">15.- Ricardo Velasco S\u00e1nchez<\/a><\/p>\n<p><a href=\"https:\/\/www.fresnillo.gob.mx\/wp-content\/uploads\/2022\/07\/Juan-Manuel-Loera-Lopez.pdf\">16.- Juan-Manuel-Loera-L\u00f3pez<\/a><\/p>\n<p><a href=\"https:\/\/www.fresnillo.gob.mx\/wp-content\/uploads\/2022\/07\/LAURA-ELENA-LUNA-SANTACRUZ-1.pdf\">17.- Laura Luna Santacruz<\/a><\/p>\n<p><a href=\"https:\/\/www.fresnillo.gob.mx\/wp-content\/uploads\/2022\/07\/Juan-Manuel-Morales-Zavala.pdf\">18.- Juan-Manuel-Morales-Zavala<\/a>[\/vc_column_text][\/vc_tta_section][vc_tta_section title=\u00bb3Ter Trimestre\u00bb tab_id=\u00bb1666021948715-515387aa-3a23&#8243;][vc_column_text]<a href=\"https:\/\/www.fresnillo.gob.mx\/wp-content\/uploads\/2022\/10\/CARLOS-QUINTANAR-LUNA.pdf\">CARLOS QUINTANAR LUNA<\/a>[\/vc_column_text][\/vc_tta_section][vc_tta_section title=\u00bb4to. Trimestre 2022&#8243; tab_id=\u00bb1673628684239-b63054f4-7bfc\u00bb][vc_column_text]<a href=\"https:\/\/www.fresnillo.gob.mx\/wp-content\/uploads\/2023\/01\/DULCE-TERESA-VAZQUEZ-RAMOS.pdf\">DULCE TERESA VAZQUEZ RAMOS<\/a>[\/vc_column_text][\/vc_tta_section][\/vc_tta_tabs][vc_column_text]EJERCICIO 2023<\/p>\n<p>1er. TRIMESTRE 2023<\/p>\n<p><a href=\"https:\/\/www.fresnillo.gob.mx\/wp-content\/uploads\/2023\/04\/CURRICULUM-VITAE-DIR.-GRAL.pdf\">CURRICULUM VITAE DIR. GRAL<\/a><\/p>\n<p>2do TRIMESTRE 2023<\/p>\n<p><a href=\"https:\/\/www.fresnillo.gob.mx\/wp-content\/uploads\/2023\/07\/FRACC-XVII-CURRICULUM-REC-HUM-1.pdf\">FRACC XVII CURRICULUM REC HUM<\/a>[\/vc_column_text][vc_column_text css=\u00bb\u00bb]<\/p>\n<h2><strong>EJERCICIO 2024<\/strong><\/h2>\n<p>SEGUNDO TRIMESTRE 2024<\/p>\n<p><a href=\"https:\/\/www.fresnillo.gob.mx\/wp-content\/uploads\/2024\/07\/LIC.-LEOPOLDO-MENDEZ-SIFUENTES-CURRICULUM.pdf\">LIC. LEOPOLDO MENDEZ SIFUENTES CURRICULUM<\/a><\/p>\n<p><a href=\"https:\/\/www.fresnillo.gob.mx\/wp-content\/uploads\/2024\/07\/L.C.-JORGE-VERA-ALVARADO-CURRICULUM.pdf\">L.C. JORGE VERA ALVARADO CURRICULUM<\/a><\/p>\n<p><strong>TERCER TRIMESTRE 2024<\/strong><\/p>\n<p><a href=\"https:\/\/www.fresnillo.gob.mx\/wp-content\/uploads\/2024\/10\/CURRICULUM-CINDI-FLORES-ROMERO.pdf\">CURRICULUM CINDI FLORES ROMERO<\/a><\/p>\n<p><a href=\"https:\/\/www.fresnillo.gob.mx\/wp-content\/uploads\/2024\/10\/CURRICULUM-IRVING-ALEJANDRO-GARAY-CAMPOS.pdf\">CURRICULUM IRVING ALEJANDRO GARAY CAMPOS<\/a><\/p>\n<p><a href=\"https:\/\/www.fresnillo.gob.mx\/wp-content\/uploads\/2024\/10\/CURRICULUM-MARCO-ANTONIO-VALENZUELA-ESQUIVEL.pdf\">CURRICULUM MARCO ANTONIO VALENZUELA ESQUIVEL<\/a><\/p>\n<p>CUARTO TRIMESTRE 2024<\/p>\n<p><a href=\"https:\/\/www.fresnillo.gob.mx\/transparencia\/wp-content\/uploads\/2025\/01\/FRACCION-XVII-ARQ.-ALFREDO-MARIN-LUNA-copia.pdf\">FRACCION XVII ARQ. ALFREDO MAR\u00cdN LUNA &#8211; copia<\/a><\/p>\n<p><a href=\"https:\/\/www.fresnillo.gob.mx\/transparencia\/wp-content\/uploads\/2025\/01\/FRACCION-XVII-HECTOR-FABIAN-VALDEZ-CASTANEDA-copia.pdf\">FRACCION XVII HECTOR FABIAN VALDEZ CASTA\u00d1EDA &#8211; copia<\/a><\/p>\n<p><a href=\"https:\/\/www.fresnillo.gob.mx\/transparencia\/wp-content\/uploads\/2025\/01\/FRACCION-XVII-JAIME-VLADIMIR-ESPINOSA-HERRERA-copia.pdf\">FRACCION XVII JAIME VLADIMIR ESPINOSA HERRERA &#8211; copia<\/a><\/p>\n<p><a href=\"https:\/\/www.fresnillo.gob.mx\/transparencia\/wp-content\/uploads\/2025\/01\/FRACCION-XVII-LCYTC.CRISTINA-MARTINEZ-ROMERO-copia.pdf\">FRACCION XVII LCYTC.CRISTINA MARTINEZ ROMERO &#8211; copia<\/a>[\/vc_column_text][\/vc_column][\/vc_row]<\/p>\n<\/div>","protected":false},"excerpt":{"rendered":"<p>[vc_row][vc_column][vc_tta_tabs][vc_tta_section title=\u00bb2017&#8243; tab_id=\u00bb1613417327718-cc8d1fe2-2731&#8243;][vc_column_text]2017 \u00c1ngel Garc\u00eda Hern\u00e1ndez Gerardo Campos N\u00fa\u00f1ez Humberto Mariano Salas Torres Dulce Mar\u00eda Alvarado Campa Enrique Elizalde Torres Gabriela M\u00e1rquez Rocha Laura Ang\u00e9lica Herrera M\u00e1rquez Luis Eduardo Pereyra Flores Luis Pereyra Esparza Manuel Lomel\u00ed Magallanes Ma. del Refugio Mota Gaeta Ma. Elena Avila Garc\u00eda Ramiro Rodr\u00edguez Ricardo Velasco S\u00e1nchez Rogelio Beltr\u00e1n Cazares Sof\u00eda [&hellip;]<\/p>\n","protected":false},"author":1,"featured_media":0,"parent":9759,"menu_order":50,"comment_status":"closed","ping_status":"closed","template":"page-templates\/template-articulos-siapasf.php","meta":{"_uag_custom_page_level_css":"","advgb_blocks_editor_width":"","advgb_blocks_columns_visual_guide":"","footnotes":""},"class_list":["post-9788","page","type-page","status-publish","hentry"],"uagb_featured_image_src":{"full":false,"thumbnail":false,"medium":false,"medium_large":false,"large":false,"1536x1536":false,"2048x2048":false},"uagb_author_info":{"display_name":"admin","author_link":"https:\/\/www.fresnillo.gob.mx\/transparencia\/author\/admin\/"},"uagb_comment_info":0,"uagb_excerpt":"[vc_row][vc_column][vc_tta_tabs][vc_tta_section title=\u00bb2017&#8243; tab_id=\u00bb1613417327718-cc8d1fe2-2731&#8243;][vc_column_text]2017 \u00c1ngel Garc\u00eda Hern\u00e1ndez Gerardo Campos N\u00fa\u00f1ez Humberto Mariano Salas Torres Dulce Mar\u00eda Alvarado Campa Enrique Elizalde Torres Gabriela M\u00e1rquez Rocha Laura Ang\u00e9lica Herrera M\u00e1rquez Luis Eduardo Pereyra Flores Luis Pereyra Esparza Manuel Lomel\u00ed Magallanes Ma. del Refugio Mota Gaeta Ma. Elena Avila Garc\u00eda Ramiro Rodr\u00edguez Ricardo Velasco S\u00e1nchez Rogelio Beltr\u00e1n Cazares Sof\u00eda&hellip;","coauthors":[],"author_meta":{"author_link":"https:\/\/www.fresnillo.gob.mx\/transparencia\/author\/admin\/","display_name":"admin"},"relative_dates":{"created":"Publicado 7 a\u00f1os hace","modified":"Actualizado 1 a\u00f1o hace"},"absolute_dates":{"created":"Publicado el diciembre 17, 2018","modified":"Actualizado el enero 27, 2025"},"absolute_dates_time":{"created":"Publicado el diciembre 17, 2018 4:53 pm","modified":"Actualizado el enero 27, 2025 9:19 pm"},"featured_img_caption":"","featured_img":false,"series_order":"","_links":{"self":[{"href":"https:\/\/www.fresnillo.gob.mx\/transparencia\/wp-json\/wp\/v2\/pages\/9788","targetHints":{"allow":["GET"]}}],"collection":[{"href":"https:\/\/www.fresnillo.gob.mx\/transparencia\/wp-json\/wp\/v2\/pages"}],"about":[{"href":"https:\/\/www.fresnillo.gob.mx\/transparencia\/wp-json\/wp\/v2\/types\/page"}],"author":[{"embeddable":true,"href":"https:\/\/www.fresnillo.gob.mx\/transparencia\/wp-json\/wp\/v2\/users\/1"}],"replies":[{"embeddable":true,"href":"https:\/\/www.fresnillo.gob.mx\/transparencia\/wp-json\/wp\/v2\/comments?post=9788"}],"version-history":[{"count":2,"href":"https:\/\/www.fresnillo.gob.mx\/transparencia\/wp-json\/wp\/v2\/pages\/9788\/revisions"}],"predecessor-version":[{"id":70768,"href":"https:\/\/www.fresnillo.gob.mx\/transparencia\/wp-json\/wp\/v2\/pages\/9788\/revisions\/70768"}],"up":[{"embeddable":true,"href":"https:\/\/www.fresnillo.gob.mx\/transparencia\/wp-json\/wp\/v2\/pages\/9759"}],"wp:attachment":[{"href":"https:\/\/www.fresnillo.gob.mx\/transparencia\/wp-json\/wp\/v2\/media?parent=9788"}],"curies":[{"name":"wp","href":"https:\/\/api.w.org\/{rel}","templated":true}]}}