{"id":9790,"date":"2018-12-17T16:54:27","date_gmt":"2018-12-17T16:54:27","guid":{"rendered":"https:\/\/www.seguiremoshaciendohistoria.gob.mx\/?page_id=9790"},"modified":"2025-01-22T16:48:03","modified_gmt":"2025-01-22T16:48:03","slug":"xviii-listado-de-servidores-publicos-con-sanciones-administrativas-definitivas","status":"publish","type":"page","link":"https:\/\/www.fresnillo.gob.mx\/transparencia\/siapasf\/articulo-39\/xviii-listado-de-servidores-publicos-con-sanciones-administrativas-definitivas\/","title":{"rendered":"XVIII. Listado de Servidores P\u00fablicos con sanciones Administrativas Definitivas"},"content":{"rendered":"<div class=\"wpb-content-wrapper\"><p>[vc_row][vc_column][vc_tta_tabs style=\u00bbmodern\u00bb shape=\u00bbround\u00bb color=\u00bbblue\u00bb alignment=\u00bbcenter\u00bb active_section=\u00bb1&#8243; no_fill_content_area=\u00bbtrue\u00bb title=\u00bb2017&#8243;][vc_tta_section title=\u00bb3er. Trimestre\u00bb tab_id=\u00bb1613417627838-03af1b67-e063&#8243;][vc_column_text]<\/p>\n<ul>\n<li><span style=\"color: #3366ff;\"><strong><a style=\"color: #3366ff;\" href=\"https:\/\/www.fresnillo.gob.mx\/wp-content\/uploads\/2019\/01\/apercibimiento_baudelio_rodriguez.pdf\">Apercibimiento a Baudelio Rodr\u00edguez<\/a><\/strong><\/span><\/li>\n<li><span style=\"color: #3366ff;\"><strong><a style=\"color: #3366ff;\" href=\"https:\/\/www.fresnillo.gob.mx\/wp-content\/uploads\/2019\/01\/apercibimiento_salvador_solis.pdf\">Apercibimiento a Salvador Sol\u00eds<\/a><\/strong><\/span><\/li>\n<li><span style=\"color: #3366ff;\"><strong><a style=\"color: #3366ff;\" href=\"https:\/\/www.fresnillo.gob.mx\/wp-content\/uploads\/2019\/05\/ACTA-ADMINISTRAVIVA-JOAN-SAMUEL-AVILA-REYES.pdf\">Acta Administrativa Joan Samuel Avila Reyes<\/a><\/strong><\/span><\/li>\n<li><span style=\"color: #3366ff;\"><strong><a style=\"color: #3366ff;\" href=\"https:\/\/www.fresnillo.gob.mx\/wp-content\/uploads\/2019\/05\/APERCIBIMIENTO-FCO.-FLORES-DORADO.pdf\">Apercibimiento Francisco Flores Dorado<\/a><\/strong><\/span><\/li>\n<li><span style=\"color: #3366ff;\"><strong><a style=\"color: #3366ff;\" href=\"https:\/\/www.fresnillo.gob.mx\/wp-content\/uploads\/2019\/05\/ACTA-ADMINISTRAVIDA-BIRIVIANA-1.pdf\">Acta Administrativa a Biriviana Ortega Ju\u00e1rez<\/a><\/strong><\/span><\/li>\n<li><span style=\"color: #3366ff;\"><strong><a style=\"color: #3366ff;\" href=\"https:\/\/www.fresnillo.gob.mx\/wp-content\/uploads\/2019\/05\/ACTA-ADMINISTRAVIDA-BIRIVIANA-2.pdf\">Acta Administrativa Biriviana Ortega Ju\u00e1rez<\/a><a href=\"https:\/\/www.fresnillo.gob.mx\/wp-content\/uploads\/2022\/04\/DIRECTORIO-DE-PROVEEDORES-1er-TRIM-2022.pdf\">DIRECTORIO DE PROVEEDORES 1er TRIM 2022<\/a><\/strong><\/span><\/li>\n<\/ul>\n<p>[\/vc_column_text][\/vc_tta_section][vc_tta_section title=\u00bb4to. Trimestre\u00bb tab_id=\u00bb1613417627859-59e5e107-469e\u00bb][vc_column_text]<\/p>\n<ul>\n<li><span style=\"color: #3366ff;\"><strong><a style=\"color: #3366ff;\" href=\"https:\/\/www.fresnillo.gob.mx\/wp-content\/uploads\/2019\/01\/recision_laboral_raul_monrreal_moreno.pdf\">Rescisi\u00f3n Laboral de Ra\u00fal Monreal Moreno<\/a><\/strong><\/span><\/li>\n<li><span style=\"color: #3366ff;\"><strong><a style=\"color: #3366ff;\" href=\"https:\/\/www.fresnillo.gob.mx\/wp-content\/uploads\/2019\/01\/apercibimiento_matilde_cruz_lopez.pdf\">Apercibimiento a Matilde Cruz L\u00f3pez<\/a><\/strong><\/span><\/li>\n<li><span style=\"color: #3366ff;\"><strong><a style=\"color: #3366ff;\" href=\"https:\/\/www.fresnillo.gob.mx\/wp-content\/uploads\/2019\/01\/apercibimiento_raul_monreal_moreno.pdf\">Apercibimiento a Ra\u00fal Monreal Moreno<\/a><\/strong><\/span><\/li>\n<li><span style=\"color: #3366ff;\"><strong><a style=\"color: #3366ff;\" href=\"https:\/\/www.fresnillo.gob.mx\/wp-content\/uploads\/2019\/01\/apercibimiento_ricardo_rodriguez_rodriguez.pdf\">Apercibimiento a Ricardo Rodr\u00edguez Rodriguez<\/a><\/strong><\/span><\/li>\n<\/ul>\n<p>[\/vc_column_text][\/vc_tta_section][\/vc_tta_tabs][vc_tta_tabs style=\u00bbmodern\u00bb shape=\u00bbround\u00bb color=\u00bbblue\u00bb alignment=\u00bbcenter\u00bb active_section=\u00bb1&#8243; no_fill_content_area=\u00bbtrue\u00bb title=\u00bb2018&#8243;][vc_tta_section i_icon_fontawesome=\u00bbfa fa-bell\u00bb add_icon=\u00bbtrue\u00bb title=\u00bb1er. Trimestre\u00bb tab_id=\u00bb1560541822856-e2a08941-fbe3&#8243;][vc_column_text]<\/p>\n<ul>\n<li><span style=\"color: #3366ff;\"><strong><a style=\"color: #3366ff;\" href=\"https:\/\/www.fresnillo.gob.mx\/wp-content\/uploads\/2019\/06\/rescision_jesus_zapata_1_.pdf\">Rescisi\u00f3n Laboral Jes\u00fas de la Trinidad Zapata<\/a><\/strong><\/span><\/li>\n<\/ul>\n<p>[\/vc_column_text][\/vc_tta_section][vc_tta_section i_icon_fontawesome=\u00bbfa fa-bell\u00bb add_icon=\u00bbtrue\u00bb title=\u00bb2do. Trimestre\u00bb tab_id=\u00bb1560541822871-de3480c1-ce22&#8243;][vc_column_text]<\/p>\n<ul>\n<li><span style=\"color: #3366ff;\"><strong><a style=\"color: #3366ff;\" href=\"https:\/\/www.fresnillo.gob.mx\/wp-content\/uploads\/2019\/01\/amonestacion_verbal_carolina_santos_2do_trimestre_2018.pdf\">Amonestaci\u00f3n Verbal a Carolina Santos<\/a><\/strong><\/span><\/li>\n<li><span style=\"color: #3366ff;\"><strong><a style=\"color: #3366ff;\" href=\"https:\/\/www.fresnillo.gob.mx\/wp-content\/uploads\/2019\/01\/amonestacion_verbal_fco_flores_2do_trimestre_2018.pdf\">Amonestaci\u00f3n Verbal a Francisco Flores Dorado<\/a><\/strong><\/span><\/li>\n<li><span style=\"color: #3366ff;\"><strong><a style=\"color: #3366ff;\" href=\"https:\/\/www.fresnillo.gob.mx\/wp-content\/uploads\/2019\/01\/rescision_lab_gilberto_trujillo.pdf\">Rescici\u00f3n Laboral de Gilberto Trujillo<\/a><\/strong><\/span><\/li>\n<\/ul>\n<p>[\/vc_column_text][\/vc_tta_section][vc_tta_section i_icon_fontawesome=\u00bbfa fa-bell\u00bb add_icon=\u00bbtrue\u00bb title=\u00bb3er. Trimestre\u00bb tab_id=\u00bb1560541824630-e98c6c70-9303&#8243;][vc_column_text]<\/p>\n<ul>\n<li><span style=\"color: #3366ff;\"><strong><a style=\"color: #3366ff;\" href=\"https:\/\/www.fresnillo.gob.mx\/wp-content\/uploads\/2019\/01\/apercibimiento_brenda.pdf\">Apercibimiento a Brenda Esmeralda Alvarado Camarillo<\/a><\/strong><\/span><\/li>\n<li><span style=\"color: #3366ff;\"><strong><a style=\"color: #3366ff;\" href=\"https:\/\/www.fresnillo.gob.mx\/wp-content\/uploads\/2019\/01\/apercibimiento_ivan.pdf\">Apercibimiento a Ivan Medrano<\/a><\/strong><\/span><\/li>\n<li><span style=\"color: #3366ff;\"><strong><a style=\"color: #3366ff;\" href=\"https:\/\/www.fresnillo.gob.mx\/wp-content\/uploads\/2019\/01\/apercibimiento_jorge_david.pdf\">Apercibimiento Jorge David Maldonado<\/a><\/strong><\/span><\/li>\n<li><span style=\"color: #3366ff;\"><strong><a style=\"color: #3366ff;\" href=\"https:\/\/www.fresnillo.gob.mx\/wp-content\/uploads\/2019\/01\/apercibimiento_prisciliano.pdf\">Apercibimiento a Prisciliano Casarez<\/a><\/strong><\/span><\/li>\n<li><span style=\"color: #3366ff;\"><strong><a style=\"color: #3366ff;\" href=\"https:\/\/www.fresnillo.gob.mx\/wp-content\/uploads\/2019\/01\/apercibimiento_said.pdf\">Apercibimiento Said Alejandro Trejo Alaniz<\/a><\/strong><\/span><\/li>\n<li><span style=\"color: #3366ff;\"><strong><a style=\"color: #3366ff;\" href=\"https:\/\/www.fresnillo.gob.mx\/wp-content\/uploads\/2019\/01\/rescision_angel_garcia_1.pdf\">Rescici\u00f3n laboral Angel Garcia<\/a><\/strong><\/span><\/li>\n<li><span style=\"color: #3366ff;\"><strong><a style=\"color: #3366ff;\" href=\"https:\/\/www.fresnillo.gob.mx\/wp-content\/uploads\/2019\/01\/rescision_ledesma.pdf\">Rescisi\u00f3n de Antonio Ledesma<\/a><\/strong><\/span><\/li>\n<li><span style=\"color: #3366ff;\"><strong><a style=\"color: #3366ff;\" href=\"https:\/\/www.fresnillo.gob.mx\/wp-content\/uploads\/2019\/01\/rescision_samuel_avila_1.pdf\">Rescici\u00f3n Laboral de Joan Samuel Avila<\/a><\/strong><\/span><\/li>\n<li><span style=\"color: #3366ff;\"><strong><a style=\"color: #3366ff;\" href=\"https:\/\/www.fresnillo.gob.mx\/wp-content\/uploads\/2019\/01\/rescision_angel_garcia_1.pdf\">Rescisi\u00f3n Laboral \u00c1ngel Garc\u00eda<\/a><\/strong><\/span><\/li>\n<li><span style=\"color: #3366ff;\"><strong><a style=\"color: #3366ff;\" href=\"https:\/\/www.fresnillo.gob.mx\/wp-content\/uploads\/2019\/01\/apercibimiento_said.pdf\">Apercibimiento de Said Alejandro Trejo<\/a><\/strong><\/span><\/li>\n<li><span style=\"color: #3366ff;\"><strong><a style=\"color: #3366ff;\" href=\"https:\/\/www.fresnillo.gob.mx\/wp-content\/uploads\/2019\/01\/apercibimiento_david.pdf\">Apercibimiento David Maldonado<\/a><\/strong><\/span><\/li>\n<li><span style=\"color: #3366ff;\"><strong><a style=\"color: #3366ff;\" href=\"https:\/\/www.fresnillo.gob.mx\/wp-content\/uploads\/2019\/01\/apercibimiento_hector.pdf\">Apercibimiento H\u00e9ctor Rodr\u00edguez Mart\u00ednez<\/a><\/strong><\/span><\/li>\n<\/ul>\n<p>[\/vc_column_text][\/vc_tta_section][vc_tta_section i_icon_fontawesome=\u00bbfa fa-bell\u00bb add_icon=\u00bbtrue\u00bb title=\u00bb4to. Trimestre\u00bb tab_id=\u00bb1560541825483-88d82955-56bb\u00bb][\/vc_tta_section][\/vc_tta_tabs][vc_tta_tabs style=\u00bbmodern\u00bb shape=\u00bbround\u00bb color=\u00bbblue\u00bb alignment=\u00bbcenter\u00bb active_section=\u00bb1&#8243; no_fill_content_area=\u00bbtrue\u00bb title=\u00bb2019&#8243;][vc_tta_section i_icon_fontawesome=\u00bbfa fa-bell\u00bb add_icon=\u00bbtrue\u00bb title=\u00bb1er. Trimestre\u00bb tab_id=\u00bb1560541992340-b7ddf9b1-061c\u00bb][\/vc_tta_section][vc_tta_section i_icon_fontawesome=\u00bbfa fa-bell\u00bb add_icon=\u00bbtrue\u00bb title=\u00bb2do. Trimestre\u00bb tab_id=\u00bb1560541992360-82c49758-9bdc\u00bb][\/vc_tta_section][vc_tta_section title=\u00bb3er. Trimestre\u00bb tab_id=\u00bb1613417754425-bc6acfe6-009a\u00bb][\/vc_tta_section][vc_tta_section title=\u00bb4to. Trimestre\u00bb tab_id=\u00bb1613417765623-d4118619-5049&#8243;][\/vc_tta_section][\/vc_tta_tabs][vc_tta_tabs style=\u00bbmodern\u00bb shape=\u00bbround\u00bb color=\u00bbblue\u00bb alignment=\u00bbcenter\u00bb active_section=\u00bb1&#8243; no_fill_content_area=\u00bbtrue\u00bb title=\u00bb2020&#8243;][vc_tta_section title=\u00bb1er. Trimestre\u00bb tab_id=\u00bb1587055295908-e4d9489e-bf5a\u00bb][vc_column_text][\/vc_column_text][\/vc_tta_section][vc_tta_section title=\u00bb2do. Trimestre\u00bb tab_id=\u00bb1613417865683-e48e3920-26fa\u00bb][\/vc_tta_section][vc_tta_section title=\u00bb3er. Trimestre\u00bb tab_id=\u00bb1613417855188-c0a95855-09f7&#8243;][\/vc_tta_section][vc_tta_section title=\u00bb4to. Trimestre\u00bb tab_id=\u00bb1613417876479-4cfcff53-c89a\u00bb][\/vc_tta_section][\/vc_tta_tabs][vc_tta_tabs style=\u00bbmodern\u00bb shape=\u00bbround\u00bb color=\u00bbblue\u00bb alignment=\u00bbcenter\u00bb active_section=\u00bb1&#8243; no_fill_content_area=\u00bbtrue\u00bb title=\u00bb2021&#8243;][vc_tta_section title=\u00bb1er. Trimestre\u00bb tab_id=\u00bb1613418011002-ad4c547a-ec78&#8243;][vc_column_text css=\u00bb\u00bb]TERCER TRIMESTRE 2024<\/p>\n<p>[\/vc_column_text][\/vc_tta_section][\/vc_tta_tabs][\/vc_column][\/vc_row]<\/p>\n<\/div>","protected":false},"excerpt":{"rendered":"<p>[vc_row][vc_column][vc_tta_tabs style=\u00bbmodern\u00bb shape=\u00bbround\u00bb color=\u00bbblue\u00bb alignment=\u00bbcenter\u00bb active_section=\u00bb1&#8243; no_fill_content_area=\u00bbtrue\u00bb title=\u00bb2017&#8243;][vc_tta_section title=\u00bb3er. Trimestre\u00bb tab_id=\u00bb1613417627838-03af1b67-e063&#8243;][vc_column_text] Apercibimiento a Baudelio Rodr\u00edguez Apercibimiento a Salvador Sol\u00eds Acta Administrativa Joan Samuel Avila Reyes Apercibimiento Francisco Flores Dorado Acta Administrativa a Biriviana Ortega Ju\u00e1rez Acta Administrativa Biriviana Ortega Ju\u00e1rezDIRECTORIO DE PROVEEDORES 1er TRIM 2022 [\/vc_column_text][\/vc_tta_section][vc_tta_section title=\u00bb4to. Trimestre\u00bb tab_id=\u00bb1613417627859-59e5e107-469e\u00bb][vc_column_text] Rescisi\u00f3n Laboral de Ra\u00fal Monreal Moreno [&hellip;]<\/p>\n","protected":false},"author":1,"featured_media":0,"parent":9759,"menu_order":50,"comment_status":"closed","ping_status":"closed","template":"page-templates\/template-articulos-siapasf.php","meta":{"_uag_custom_page_level_css":"","advgb_blocks_editor_width":"","advgb_blocks_columns_visual_guide":"","footnotes":""},"class_list":["post-9790","page","type-page","status-publish","hentry"],"uagb_featured_image_src":{"full":false,"thumbnail":false,"medium":false,"medium_large":false,"large":false,"1536x1536":false,"2048x2048":false},"uagb_author_info":{"display_name":"admin","author_link":"https:\/\/www.fresnillo.gob.mx\/transparencia\/author\/admin\/"},"uagb_comment_info":0,"uagb_excerpt":"[vc_row][vc_column][vc_tta_tabs style=\u00bbmodern\u00bb shape=\u00bbround\u00bb color=\u00bbblue\u00bb alignment=\u00bbcenter\u00bb active_section=\u00bb1&#8243; no_fill_content_area=\u00bbtrue\u00bb title=\u00bb2017&#8243;][vc_tta_section title=\u00bb3er. Trimestre\u00bb tab_id=\u00bb1613417627838-03af1b67-e063&#8243;][vc_column_text] Apercibimiento a Baudelio Rodr\u00edguez Apercibimiento a Salvador Sol\u00eds Acta Administrativa Joan Samuel Avila Reyes Apercibimiento Francisco Flores Dorado Acta Administrativa a Biriviana Ortega Ju\u00e1rez Acta Administrativa Biriviana Ortega Ju\u00e1rezDIRECTORIO DE PROVEEDORES 1er TRIM 2022 [\/vc_column_text][\/vc_tta_section][vc_tta_section title=\u00bb4to. Trimestre\u00bb tab_id=\u00bb1613417627859-59e5e107-469e\u00bb][vc_column_text] Rescisi\u00f3n Laboral de Ra\u00fal Monreal Moreno&hellip;","coauthors":[],"author_meta":{"author_link":"https:\/\/www.fresnillo.gob.mx\/transparencia\/author\/admin\/","display_name":"admin"},"relative_dates":{"created":"Publicado 7 a\u00f1os hace","modified":"Actualizado 1 a\u00f1o hace"},"absolute_dates":{"created":"Publicado el diciembre 17, 2018","modified":"Actualizado el enero 22, 2025"},"absolute_dates_time":{"created":"Publicado el diciembre 17, 2018 4:54 pm","modified":"Actualizado el enero 22, 2025 4:48 pm"},"featured_img_caption":"","featured_img":false,"series_order":"","_links":{"self":[{"href":"https:\/\/www.fresnillo.gob.mx\/transparencia\/wp-json\/wp\/v2\/pages\/9790","targetHints":{"allow":["GET"]}}],"collection":[{"href":"https:\/\/www.fresnillo.gob.mx\/transparencia\/wp-json\/wp\/v2\/pages"}],"about":[{"href":"https:\/\/www.fresnillo.gob.mx\/transparencia\/wp-json\/wp\/v2\/types\/page"}],"author":[{"embeddable":true,"href":"https:\/\/www.fresnillo.gob.mx\/transparencia\/wp-json\/wp\/v2\/users\/1"}],"replies":[{"embeddable":true,"href":"https:\/\/www.fresnillo.gob.mx\/transparencia\/wp-json\/wp\/v2\/comments?post=9790"}],"version-history":[{"count":2,"href":"https:\/\/www.fresnillo.gob.mx\/transparencia\/wp-json\/wp\/v2\/pages\/9790\/revisions"}],"predecessor-version":[{"id":70044,"href":"https:\/\/www.fresnillo.gob.mx\/transparencia\/wp-json\/wp\/v2\/pages\/9790\/revisions\/70044"}],"up":[{"embeddable":true,"href":"https:\/\/www.fresnillo.gob.mx\/transparencia\/wp-json\/wp\/v2\/pages\/9759"}],"wp:attachment":[{"href":"https:\/\/www.fresnillo.gob.mx\/transparencia\/wp-json\/wp\/v2\/media?parent=9790"}],"curies":[{"name":"wp","href":"https:\/\/api.w.org\/{rel}","templated":true}]}}